{"id":74,"date":"2019-12-29T18:20:20","date_gmt":"2019-12-29T18:20:20","guid":{"rendered":"http:\/\/www.katze-sucht-mensch.ch\/?page_id=74"},"modified":"2026-04-26T13:01:03","modified_gmt":"2026-04-26T13:01:03","slug":"gesucht-und-gefunden","status":"publish","type":"page","link":"https:\/\/www.katze-sucht-mensch.ch\/?page_id=74","title":{"rendered":"Gesucht und gefunden"},"content":{"rendered":"<p>Ich freu mich immer riesig, wenn es wieder einmal geklappt hat und sich zwei (oder mehr) gefunden haben. Lesen Sie hier die neuesten Erfolgsgeschichten.<\/p>\n<p style=\"text-align: center;\"><strong>Happy End\u00a0<\/strong><\/p>\n<p style=\"text-align: center;\"><strong>f\u00fcr<\/strong><\/p>\n<p>\u00a0<\/p>\n<div class=\"entry-content clearfix\">\n<p><strong>Mutzle <\/strong>war ganz allein zuhause, da ihre Besitzerin kurzfristig ins Heim \u00fcbersiedeln musste. Sie wurde zwar noch von Nachbarn gef\u00fcttert, aber F\u00fcttern allein gen\u00fcgt nicht. Erst meldete sich so gar niemand Passendes f\u00fcr die Freig\u00e4nger-Seniorin, dann pl\u00f6tzlich derer gleich zwei. Nur einer konnte das Rennen machen, aber Hauptsache ist doch, dass Mutzle wieder ihren Menschen und ein Zuhause hat!<\/p>\n<\/div>\n<p><img decoding=\"async\" loading=\"lazy\" class=\"alignnone  wp-image-5123\" src=\"https:\/\/www.katze-sucht-mensch.ch\/wp-content\/uploads\/2026\/04\/Mutzle-300x234.jpg\" alt=\"\" width=\"194\" height=\"151\" srcset=\"https:\/\/www.katze-sucht-mensch.ch\/wp-content\/uploads\/2026\/04\/Mutzle-300x234.jpg 300w, https:\/\/www.katze-sucht-mensch.ch\/wp-content\/uploads\/2026\/04\/Mutzle.jpg 524w\" sizes=\"(max-width: 194px) 100vw, 194px\" \/><\/p>\n<div class=\"entry-content clearfix\">\n<p>\u00a0<\/p>\n<p><strong>Amigo <\/strong>wurde gefunden, sein Besitzer zwar ausfindig gemacht, wollte ihn aber nicht zur\u00fcck. Also suchte er ein neues Zuhause mit und bei &#8222;Amigos&#8220;. Und fand sie \u00fcber Handicapcats: eine liebe geduldige Interessentin meldete sich, Amigo hat sie gleich in sein Herz geschlossen. Und das Beste: im neuen Zuhause wartet noch ein vierbeiniger Katzen-Amigo auf ihn, auch FIVpositiv. Gleich und gleich gesellt sich gern!<\/p>\n<p><img decoding=\"async\" loading=\"lazy\" class=\"alignnone  wp-image-4999\" src=\"https:\/\/www.katze-sucht-mensch.ch\/wp-content\/uploads\/2026\/03\/Amigo-1-243x300.jpg\" alt=\"\" width=\"167\" height=\"206\" srcset=\"https:\/\/www.katze-sucht-mensch.ch\/wp-content\/uploads\/2026\/03\/Amigo-1-243x300.jpg 243w, https:\/\/www.katze-sucht-mensch.ch\/wp-content\/uploads\/2026\/03\/Amigo-1.jpg 442w\" sizes=\"(max-width: 167px) 100vw, 167px\" \/><\/p>\n<p>\u00a0<\/p>\n<p><strong>Milo<\/strong> brauchte ein Zuhause, wo niemand auf Katzenhaare allergisch reagiert. Mit Freigang durchs T\u00f6rli, ohne Kind und andere Haustiere und m\u00f6glichst bald und sofort. Also gleich noch ausgeschrieben und inseriert. Und siehe da: der s\u00fcsse Milo hat ganz schnell was Passendes gefunden, sogar im n\u00e4heren Umfeld. Wenn&#8217;s nur immer so schnell ginge!<\/p>\n<p><img decoding=\"async\" loading=\"lazy\" class=\"alignnone  wp-image-5098\" src=\"https:\/\/www.katze-sucht-mensch.ch\/wp-content\/uploads\/2026\/04\/Milow-1.jpg\" alt=\"\" width=\"167\" height=\"226\" \/><\/p>\n<p>\u00a0<\/p>\n<p><strong>Tonja&amp;Morfeo <\/strong>sind best buddies und k\u00f6nnen nicht ohne einander. Daf\u00fcr verzichten sie aber liebend gern auf Kleinkind, Baby, Stress, Hektik und Unruhe, die die Kleinen logischerweise mit sich bringen. Ein liebes ruhiges Zuhause, das war ihr gr\u00f6sster Wunsch. Und schon erf\u00fcllt, in 2 Tagen geht&#8217;s nach Burgdorf zu einer lieben erfahrenen Katzenfreundin mit ganz viel Zeit f\u00fcr die beiden. Das wird toll, Ihr zwei!<\/p>\n<\/div>\n<p><img decoding=\"async\" loading=\"lazy\" class=\"alignnone  wp-image-5044\" src=\"https:\/\/www.katze-sucht-mensch.ch\/wp-content\/uploads\/2026\/03\/Tonja-Morfeo-1-224x300.jpg\" alt=\"\" width=\"126\" height=\"169\" srcset=\"https:\/\/www.katze-sucht-mensch.ch\/wp-content\/uploads\/2026\/03\/Tonja-Morfeo-1-224x300.jpg 224w, https:\/\/www.katze-sucht-mensch.ch\/wp-content\/uploads\/2026\/03\/Tonja-Morfeo-1.jpg 355w\" sizes=\"(max-width: 126px) 100vw, 126px\" \/>\u00a0 <img decoding=\"async\" loading=\"lazy\" class=\"alignnone  wp-image-5045\" src=\"https:\/\/www.katze-sucht-mensch.ch\/wp-content\/uploads\/2026\/03\/Tonja-Morfeo-2-238x300.jpg\" alt=\"\" width=\"136\" height=\"171\" srcset=\"https:\/\/www.katze-sucht-mensch.ch\/wp-content\/uploads\/2026\/03\/Tonja-Morfeo-2-238x300.jpg 238w, https:\/\/www.katze-sucht-mensch.ch\/wp-content\/uploads\/2026\/03\/Tonja-Morfeo-2.jpg 252w\" sizes=\"(max-width: 136px) 100vw, 136px\" \/><\/p>\n<p>\u00a0<\/p>\n<div class=\"entry-content clearfix\">\n<p><strong>K\u00fcd\u00e4li<\/strong> konnte nicht mit seinem Besitzer ins Heim mitkommen und wurde deswegen eine ganze Zeitlang von Nachbarn versorgt. Jetzt war&#8217;s aber dann doch Zeit f\u00fcr ein eigenes Zuhause. Und dann ging&#8217;s pl\u00f6tzlich ganz schnell: \u00fcber Ostern Besuch bekommen und gleich mit den Herrschaften zur\u00fcckgefahren. Endlich wieder eine eigene Familie!<\/p>\n<p><img decoding=\"async\" loading=\"lazy\" class=\"alignnone size-medium wp-image-5078\" src=\"https:\/\/www.katze-sucht-mensch.ch\/wp-content\/uploads\/2026\/04\/Kuedaeli-0a-201x300.jpg\" alt=\"\" width=\"201\" height=\"300\" srcset=\"https:\/\/www.katze-sucht-mensch.ch\/wp-content\/uploads\/2026\/04\/Kuedaeli-0a-201x300.jpg 201w, https:\/\/www.katze-sucht-mensch.ch\/wp-content\/uploads\/2026\/04\/Kuedaeli-0a.jpg 393w\" sizes=\"(max-width: 201px) 100vw, 201px\" \/><\/p>\n<p>\u00a0<\/p>\n<p><strong>Leil<\/strong><strong>i<\/strong> hatte Angst vor den quirligen Enkelkindern, die regelm\u00e4ssig in &#8222;ihrem&#8220; Zuhause auftauchten. Zu viel Trubel, zu viel Stress. Aber damit ist ab Montag Schluss: dann darf sie nach Z\u00fcrich z\u00fcgeln und wird in einem ruhigen Zuhause als Alleinprinzessin verw\u00f6hnt. Nur sie und ihre Dosen\u00f6ffnerin. Mit ihr zusammen wird sie dann die Aussicht vom Balkon geniessen. Das wird spannend werden, Leili!<\/p>\n<p><img decoding=\"async\" loading=\"lazy\" class=\"alignnone size-medium wp-image-5059\" src=\"https:\/\/www.katze-sucht-mensch.ch\/wp-content\/uploads\/2026\/03\/Leili-2-173x300.png\" alt=\"\" width=\"173\" height=\"300\" srcset=\"https:\/\/www.katze-sucht-mensch.ch\/wp-content\/uploads\/2026\/03\/Leili-2-173x300.png 173w, https:\/\/www.katze-sucht-mensch.ch\/wp-content\/uploads\/2026\/03\/Leili-2.png 325w\" sizes=\"(max-width: 173px) 100vw, 173px\" \/><\/p>\n<p>\u00a0<\/p>\n<p><strong>Milo<\/strong>, auch er hatte sich auf diese Seite &#8222;verirrt&#8220; und wollte es Lio nachmachen und auch sein Gl\u00fcck hier versuchen. Wir wurden \u00fcbersch\u00fcttet von Interessenten und Milo hatte die Qual der Wahl. Aber besser so als gar keine Anfragen. Inzwischen hat auch er sein neues Zuhause bezogen!<\/p>\n<p><img decoding=\"async\" loading=\"lazy\" class=\"alignnone  wp-image-5030\" src=\"https:\/\/www.katze-sucht-mensch.ch\/wp-content\/uploads\/2026\/03\/Milo-1-217x300.jpg\" alt=\"\" width=\"188\" height=\"260\" srcset=\"https:\/\/www.katze-sucht-mensch.ch\/wp-content\/uploads\/2026\/03\/Milo-1-217x300.jpg 217w, https:\/\/www.katze-sucht-mensch.ch\/wp-content\/uploads\/2026\/03\/Milo-1.jpg 237w\" sizes=\"(max-width: 188px) 100vw, 188px\" \/><\/p>\n<p>\u00a0<\/p>\n<p><strong>Lio <\/strong>hatte sich auf diese Katzen-Seite &#8222;verirrt&#8220;. Der willensstarke Cockerspaniel testete zuhause die Grenzen aus. Es passte einfach nicht mehr zwischen Mensch und Hund. Aber jetzt: ihn zog es in den Engadin zu einem Cocker-erfahrenen Paar, mit dem er nochmals ganz von vorne anfangen darf.\u00a0 Das kommt sicher gut jetzt, Lio!<\/p>\n<p><img decoding=\"async\" loading=\"lazy\" class=\"alignnone  wp-image-4987\" src=\"https:\/\/www.katze-sucht-mensch.ch\/wp-content\/uploads\/2026\/03\/Lio-1.jpg\" alt=\"\" width=\"177\" height=\"226\" \/><\/p>\n<p>\u00a0<\/p>\n<\/div>\n<p><strong>Moritz <\/strong>hat sich eine ganz tolle Familie ausgesucht. Seine jetzige Familie z\u00fcgelt und kann ihn nicht mitnehmen, resp. ihm dann seinen geliebten Freigang nicht mehr bieten. Deswegen will Moritz vom Kanton Bern in den Aargau z\u00fcgeln, ins &#8222;eigene&#8220; Haus mit T\u00f6rli, und lieben Menschen, von denen so gut wie immer jemand zuhause ist und Zeit f\u00fcr seine Spielrunden hat. Das wird ihm gefallen!<\/p>\n<p><img decoding=\"async\" loading=\"lazy\" class=\"alignnone  wp-image-4954\" src=\"https:\/\/www.katze-sucht-mensch.ch\/wp-content\/uploads\/2026\/02\/Moritz-0-221x300.jpg\" alt=\"\" width=\"152\" height=\"206\" srcset=\"https:\/\/www.katze-sucht-mensch.ch\/wp-content\/uploads\/2026\/02\/Moritz-0-221x300.jpg 221w, https:\/\/www.katze-sucht-mensch.ch\/wp-content\/uploads\/2026\/02\/Moritz-0.jpg 236w\" sizes=\"(max-width: 152px) 100vw, 152px\" \/><\/p>\n<p>\u00a0<\/p>\n<p><strong>Eddy <\/strong>will nicht mit Frauchen auswandern, viel zu heiss mit seinem Pelz, findet er. Deswegen suchte er hier ein Pl\u00e4tzli in &#8222;heimischem Klima&#8220;. Und wurde ganz schnell f\u00fcndig. Gleich die erste Interessentin wickelte er um die Pfote. Sie bietet aber auch wirklich alles von seiner Wunschliste: viel Zeit, Freigang in verkehrsarmer Umgebung, einen kleinen Perserfreund und sogar zwei Hundefreunde. Eddy ist parat!<\/p>\n<p><img decoding=\"async\" loading=\"lazy\" class=\"alignnone  wp-image-5021\" src=\"https:\/\/www.katze-sucht-mensch.ch\/wp-content\/uploads\/2026\/03\/Eddy-1-300x283.jpg\" alt=\"\" width=\"186\" height=\"175\" srcset=\"https:\/\/www.katze-sucht-mensch.ch\/wp-content\/uploads\/2026\/03\/Eddy-1-300x283.jpg 300w, https:\/\/www.katze-sucht-mensch.ch\/wp-content\/uploads\/2026\/03\/Eddy-1.jpg 553w\" sizes=\"(max-width: 186px) 100vw, 186px\" \/><\/p>\n<p>\u00a0<\/p>\n<p><strong>Marley<\/strong> suchte ganz lang nach seinem Traumzuhause, wo er endlich nicht mehr &#8222;stressbiseln&#8220; muss. Ohne Kinder, daf\u00fcr mit gesichertem Garten, mit lieben Menschen, die gaaaanz viel zuhause sind und bei denen er im Mittelpunkt steht. Aber was lange w\u00e4hrt, wird endlich gut: in Linthal &#8222;geh\u00f6rt&#8220; ihm jetzt ein grosses Haus mit gesichertem Garten und katzenerfahrenen Dosen\u00f6ffnern.<b>\u00a0<\/b>Das Warten hat sich gelohnt, Marley!<\/p>\n<p><img decoding=\"async\" loading=\"lazy\" class=\"alignnone  wp-image-4309\" src=\"https:\/\/www.katze-sucht-mensch.ch\/wp-content\/uploads\/2025\/06\/Marley-3.png\" alt=\"\" width=\"194\" height=\"167\" \/><\/p>\n<p>\u00a0<\/p>\n<p><strong>Balou <\/strong>hat in seiner Pr\u00e4gungsphase nicht viel mitbekommen, Menschen sind ihm einfach nur unheimlich. Nicht so leicht, f\u00fcr einen nicht zutraulichen und mausenden Freig\u00e4nger das passende Pl\u00e4tzli zu finden. Aber wie das Schicksal es will: er kann\/darf auf seiner Pflegestelle bleiben. Ein Gl\u00fccksfall f\u00fcr den verspielten Balou!<\/p>\n<p><img decoding=\"async\" loading=\"lazy\" class=\"alignnone  wp-image-4777\" src=\"https:\/\/www.katze-sucht-mensch.ch\/wp-content\/uploads\/2025\/11\/Balou-1-273x300.png\" alt=\"\" width=\"195\" height=\"214\" srcset=\"https:\/\/www.katze-sucht-mensch.ch\/wp-content\/uploads\/2025\/11\/Balou-1-273x300.png 273w, https:\/\/www.katze-sucht-mensch.ch\/wp-content\/uploads\/2025\/11\/Balou-1.png 526w\" sizes=\"(max-width: 195px) 100vw, 195px\" \/><\/p>\n<p>\u00a0<\/p>\n<p><strong>Chewie&amp;Fio<\/strong> wollten endlich ihren ersehnten Freigang. Die Lebenssituation ihrer Besitzer \u00e4ndert sich zum Sommer erheblich, Freigang w\u00e4r dann auf keinen Fall drin gewesen. Also dann eben z\u00fcgeln. Und sie fanden ihr Traumzuhause in Basel bei einem lieben Katzenfreund mit grossem Haus und noch gr\u00f6sserem Umschwung. Und Freigang gibt&#8217;s dann nach Eingew\u00f6hnung. Ein Traum f\u00fcr die zwei!<\/p>\n<p><img decoding=\"async\" loading=\"lazy\" class=\"alignnone  wp-image-4918\" src=\"https:\/\/www.katze-sucht-mensch.ch\/wp-content\/uploads\/2026\/01\/Chewie-Fio-1a-300x165.png\" alt=\"\" width=\"195\" height=\"107\" srcset=\"https:\/\/www.katze-sucht-mensch.ch\/wp-content\/uploads\/2026\/01\/Chewie-Fio-1a-300x165.png 300w, https:\/\/www.katze-sucht-mensch.ch\/wp-content\/uploads\/2026\/01\/Chewie-Fio-1a-768x421.png 768w, https:\/\/www.katze-sucht-mensch.ch\/wp-content\/uploads\/2026\/01\/Chewie-Fio-1a.png 926w\" sizes=\"(max-width: 195px) 100vw, 195px\" \/>\u00a0 \u00a0<img decoding=\"async\" loading=\"lazy\" class=\"alignnone  wp-image-4919\" src=\"https:\/\/www.katze-sucht-mensch.ch\/wp-content\/uploads\/2026\/01\/Chewie-Fio-1b-300x162.png\" alt=\"\" width=\"200\" height=\"108\" srcset=\"https:\/\/www.katze-sucht-mensch.ch\/wp-content\/uploads\/2026\/01\/Chewie-Fio-1b-300x162.png 300w, https:\/\/www.katze-sucht-mensch.ch\/wp-content\/uploads\/2026\/01\/Chewie-Fio-1b.png 651w\" sizes=\"(max-width: 200px) 100vw, 200px\" \/><\/p>\n<p>\u00a0<\/p>\n<p><strong>Sirin&amp;Gargamel<\/strong> fanden vor gut einem Jahr ihr neues Zuhause, jedoch war der Erstkater so gar nicht einverstanden. Auch ganz viel Geduld und Zeit \u00e4nderte nichts an der Situation, der Erstkater traute sich inzwischen fast nicht mehr nach Hause. Das \u00e4ndert sich aber jetzt: die beiden fanden ein Zuhause in Beinwil bei einer lieben Familie, wo sie allein zu zweit verw\u00f6hnt werden und nach Eingew\u00f6hnungszeit in Garten, Felder und Wiesen herumstreifen d\u00fcrfen &#8230; endlich angekommen!<\/p>\n<p><img decoding=\"async\" loading=\"lazy\" class=\"alignnone  wp-image-4603\" src=\"https:\/\/www.katze-sucht-mensch.ch\/wp-content\/uploads\/2025\/09\/Sirin-Gargamel-1-235x300.png\" alt=\"\" width=\"188\" height=\"240\" srcset=\"https:\/\/www.katze-sucht-mensch.ch\/wp-content\/uploads\/2025\/09\/Sirin-Gargamel-1-235x300.png 235w, https:\/\/www.katze-sucht-mensch.ch\/wp-content\/uploads\/2025\/09\/Sirin-Gargamel-1.png 321w\" sizes=\"(max-width: 188px) 100vw, 188px\" \/><\/p>\n<p>\u00a0<\/p>\n<p><strong>Nala&amp;Mo<\/strong> haben ihr Frauchen durch Todesfall verloren und wurden von den Nachbarn vor\u00fcbergehend versorgt. Aber wieder eine eigene Familie, das war ihr gr\u00f6sster Traum. Ist grad in Erf\u00fcllung gegangen. Sie z\u00fcgeln nach Wikon zu einer tollen katzenerfahrenen Familie mit grossem Haus und M\u00f6glichkeit zu sp\u00e4terem Freigang, Felder und Wiesen sind grad gegen\u00fcber. Das wird spannend, Ihr zwei!<\/p>\n<p><img decoding=\"async\" loading=\"lazy\" class=\"alignnone  wp-image-4897\" src=\"https:\/\/www.katze-sucht-mensch.ch\/wp-content\/uploads\/2026\/01\/Nala-Mo-2-239x300.png\" alt=\"\" width=\"129\" height=\"162\" srcset=\"https:\/\/www.katze-sucht-mensch.ch\/wp-content\/uploads\/2026\/01\/Nala-Mo-2-239x300.png 239w, https:\/\/www.katze-sucht-mensch.ch\/wp-content\/uploads\/2026\/01\/Nala-Mo-2.png 439w\" sizes=\"(max-width: 129px) 100vw, 129px\" \/> <img decoding=\"async\" loading=\"lazy\" class=\"alignnone  wp-image-4898\" src=\"https:\/\/www.katze-sucht-mensch.ch\/wp-content\/uploads\/2026\/01\/Nala-Mo-3-300x255.png\" alt=\"\" width=\"191\" height=\"162\" srcset=\"https:\/\/www.katze-sucht-mensch.ch\/wp-content\/uploads\/2026\/01\/Nala-Mo-3-300x255.png 300w, https:\/\/www.katze-sucht-mensch.ch\/wp-content\/uploads\/2026\/01\/Nala-Mo-3.png 664w\" sizes=\"(max-width: 191px) 100vw, 191px\" \/><\/p>\n<p>\u00a0<\/p>\n<p><strong>Moncha<\/strong> suchte ihr EIGENES Zuhause, nur sie und ihr Mensch. Leider klappte es auch nach Monaten und Abermonaten nicht mit der Erstkatze im Zuhause. Aber jetzt: Alleinprinzessin bei leiben Menschen mit viel Zeit zum Spielen. Und nach Eingew\u00f6hnungszeit geht&#8217;s auch wieder nach draussen, \u00fcber Feld und Wiese streifen. Das ist ihre Welt!<\/p>\n<p><img decoding=\"async\" loading=\"lazy\" class=\"alignnone  wp-image-4885\" src=\"https:\/\/www.katze-sucht-mensch.ch\/wp-content\/uploads\/2026\/01\/Moncha-1-223x300.png\" alt=\"\" width=\"178\" height=\"239\" srcset=\"https:\/\/www.katze-sucht-mensch.ch\/wp-content\/uploads\/2026\/01\/Moncha-1-223x300.png 223w, https:\/\/www.katze-sucht-mensch.ch\/wp-content\/uploads\/2026\/01\/Moncha-1.png 297w\" sizes=\"(max-width: 178px) 100vw, 178px\" \/><\/p>\n<p>\u00a0<\/p>\n<p><strong>Timmy<\/strong> suchte mit seinen 20 Jahren nochmal ein neues Zuhause, sein Frauchen konnte ihn leider aus gesundheitlichen Gr\u00fcnden nicht mehr versorgen. Man denkt, fast unm\u00f6glich, einen 20j\u00e4hrigen nochmal zu vermitteln? Aber nein, kaum ausgeschrieben, haben sich bereits die &#8222;Richtigen&#8220; gemeldet. Senior Timmy wird ab sofort in einem Seniorenhaushalt in Fahrwangen nach Strich und Faden verw\u00f6hnt. Hoffentlich noch ganz ganz lang!<\/p>\n<p><img decoding=\"async\" loading=\"lazy\" class=\"alignnone  wp-image-4902\" src=\"https:\/\/www.katze-sucht-mensch.ch\/wp-content\/uploads\/2026\/01\/Kater-20.png\" alt=\"\" width=\"194\" height=\"178\" \/><\/p>\n<p>\u00a0<\/p>\n<p><strong>Ruby <\/strong>wurde mit Beckenbruch gefunden und von niemandem vermisst. Sie wurde erfolgreich operiert und suchte jetzt ihr eigenes Zuhause. Da sie FIVpositiv ist, musste sie getrennt von den Katzen ihrer Finderin gehalten werden. Aber n\u00e4chste Woche wird nach Winterthur gez\u00fcgelt, Ruby hat sich gleich in ihre ersten Interessenten verliebt (und umgekehrt): Katzenerfahrung, grosse Wohnung und so gut wie immer jemand zuhause zum Schm\u00fcseln. Ruby tr\u00e4umt schon mal von ihrem neuen Zuhause!<\/p>\n<p><img decoding=\"async\" loading=\"lazy\" class=\"alignnone  wp-image-4874\" src=\"https:\/\/www.katze-sucht-mensch.ch\/wp-content\/uploads\/2026\/01\/Ruby-1-300x248.png\" alt=\"\" width=\"193\" height=\"160\" srcset=\"https:\/\/www.katze-sucht-mensch.ch\/wp-content\/uploads\/2026\/01\/Ruby-1-300x248.png 300w, https:\/\/www.katze-sucht-mensch.ch\/wp-content\/uploads\/2026\/01\/Ruby-1.png 367w\" sizes=\"(max-width: 193px) 100vw, 193px\" \/><\/p>\n<p>\u00a0<\/p>\n<p><strong>Quenny<\/strong> wohnte seit einiger Zeit mit Frauchen im Altersheim. Jetzt kann ihr Frauchen aus gesundheitlichen Gr\u00fcnden aber leider gar nicht mehr f\u00fcr sie sorgen und muss sie weiterziehen lassen. Quenny hat sich wieder ein \u00e4lteres Frauchen ausgesucht, ein ruhiges, gem\u00fctliches Zuhause &#8230; wo sie sich als Alleinprinzessin wieder auf dem Teppich r\u00e4keln kann und darf. So kennt und liebt das die kleine Quenny!<\/p>\n<p><img decoding=\"async\" loading=\"lazy\" class=\"alignnone size-full wp-image-4863\" src=\"https:\/\/www.katze-sucht-mensch.ch\/wp-content\/uploads\/2025\/12\/Quenny-1.png\" alt=\"\" width=\"185\" height=\"279\" \/><\/p>\n<p>\u00a0<\/p>\n<p><strong>Mia<\/strong> w\u00fcnschte sich ein neues Zuhause aufgrund von Ver\u00e4nderungen in der Familie (Zeitmangel, kein eigenst\u00e4ndiger Freigang mehr). Und ihr Weihnachtswunsch ging in Erf\u00fcllung: Anfang des neuen Jahres z\u00fcgelt sie nach Bern zu einem katzenerfahrenen Paar mit EG-Wohnung in verkehrsarmer Umgebung, Katzent\u00f6rli, Innenhof und einer lieben Nachbarin, die auch gern mal h\u00fctet. Wunsch erf\u00fcllt, liebe Mia!<\/p>\n<p><img decoding=\"async\" loading=\"lazy\" class=\"alignnone  wp-image-4838\" src=\"https:\/\/www.katze-sucht-mensch.ch\/wp-content\/uploads\/2025\/12\/Mia-1.png\" alt=\"\" width=\"173\" height=\"206\" \/><\/p>\n<p>\u00a0<\/p>\n<p><strong>Gl\u00f6ggli <\/strong>(auch <strong>Garfield <\/strong>genannt, warum wohl?) war ganz durcheinander. In seiner Familie gab&#8217;s eine Trennung, es ging drunter und dr\u00fcber, vom Zeitmangel gar nicht zu reden. Einfach etwas zu viel f\u00fcr den sensiblen Kater. Deswegen ging auch mal das kleine Gesch\u00e4ft daneben, Stress pur. Doch jetzt geht&#8217;s wieder aufw\u00e4rts. Nach einem kurzen Zwischenstopp im Tierheim hat er das grosse Los gezogen: ruhig mit verst\u00e4ndnisvollen Dosen\u00f6ffnern und bald dann auch wieder Freigang. Das wird, Gl\u00f6ggli!<\/p>\n<p><img decoding=\"async\" loading=\"lazy\" class=\"alignnone  wp-image-4711\" src=\"https:\/\/www.katze-sucht-mensch.ch\/wp-content\/uploads\/2025\/09\/Gloeggli-1-189x300.png\" alt=\"\" width=\"170\" height=\"270\" srcset=\"https:\/\/www.katze-sucht-mensch.ch\/wp-content\/uploads\/2025\/09\/Gloeggli-1-189x300.png 189w, https:\/\/www.katze-sucht-mensch.ch\/wp-content\/uploads\/2025\/09\/Gloeggli-1.png 278w\" sizes=\"(max-width: 170px) 100vw, 170px\" \/><\/p>\n<p>\u00a0<\/p>\n<p><strong>Josefine <\/strong>suchte ein neues Zuhause, da ihre Besitzerin ihr aus Zeitmangel nicht mehr gerecht werden konnte. Es ging ganz schnell mit dem Traumzuhause: Garten, Waldrand, liebe katzenerfahrene Menschen. Alles wie &#8222;bestellt&#8220;. Der Funke ist gleich beim ersten Besuch \u00fcbergesprungen. Und das will was heissen bei der w\u00e4hlerischen Josefine. Jetzt darf sie bald wieder ihren beiden Lieblingshobbies nachgehen: Mausen und Chillen!<\/p>\n<p><img decoding=\"async\" loading=\"lazy\" class=\"alignnone  wp-image-4837\" src=\"https:\/\/www.katze-sucht-mensch.ch\/wp-content\/uploads\/2025\/12\/Josefine-1-300x193.png\" alt=\"\" width=\"183\" height=\"118\" srcset=\"https:\/\/www.katze-sucht-mensch.ch\/wp-content\/uploads\/2025\/12\/Josefine-1-300x193.png 300w, https:\/\/www.katze-sucht-mensch.ch\/wp-content\/uploads\/2025\/12\/Josefine-1.png 307w\" sizes=\"(max-width: 183px) 100vw, 183px\" \/><\/p>\n<p>\u00a0<\/p>\n<p><strong>Colombo <\/strong>suchte wegen einer schweren Allergie der Kinder im Haushalt ein neues Zuhause. Und alle seine Weihnachtsw\u00fcnsche wurden jetzt erf\u00fcllt: eine liebe Familie mit vielen streichelnden H\u00e4nden, die ihn auch bei der Fellpflege unterst\u00fctzen, eigenes Haus mit T\u00f6rli in Spiez, am Waldrand, mit netten Nachbarn, viel Gr\u00fcn drum herum. Und das Wichtigste: keine Allergie in der Familie. Das ist Dein Forever-Home, Colombo, dort darfst Du die Welt entdecken!<\/p>\n<p><img decoding=\"async\" loading=\"lazy\" class=\"alignnone  wp-image-4792\" src=\"https:\/\/www.katze-sucht-mensch.ch\/wp-content\/uploads\/2025\/11\/Colombo-1-300x286.png\" alt=\"\" width=\"169\" height=\"161\" srcset=\"https:\/\/www.katze-sucht-mensch.ch\/wp-content\/uploads\/2025\/11\/Colombo-1-300x286.png 300w, https:\/\/www.katze-sucht-mensch.ch\/wp-content\/uploads\/2025\/11\/Colombo-1.png 396w\" sizes=\"(max-width: 169px) 100vw, 169px\" \/>\u00a0<\/p>\n<p>\u00a0<\/p>\n<p><strong>Silja <\/strong>ist mit ihren 6 Monaten ein richtiger Wirbelwind, vor ihr ist nichts sicher. Sie braucht unbedingt Freigang zum sich Austoben. Dies konnten ihr ihre bisherigen Besitzer leider nicht bieten. Aber im neuen Jahr \u00e4ndert sich das, Silja z\u00fcgelt nach Thun zu einem lieben Paar mit viel Zeit und Lust, sich mit der Kleinen zu besch\u00e4ftigen. Und Freigang in verkehrsarmer Umgebung gibt&#8217;s nach Eingew\u00f6hnungszeit auch. Da warten ganz viele neue Katzenfreunde in der Nachbarschaft auf Dich, Silja!<\/p>\n<p><img decoding=\"async\" loading=\"lazy\" class=\"alignnone  wp-image-4791\" src=\"https:\/\/www.katze-sucht-mensch.ch\/wp-content\/uploads\/2025\/11\/Silja-2-229x300.png\" alt=\"\" width=\"173\" height=\"227\" srcset=\"https:\/\/www.katze-sucht-mensch.ch\/wp-content\/uploads\/2025\/11\/Silja-2-229x300.png 229w, https:\/\/www.katze-sucht-mensch.ch\/wp-content\/uploads\/2025\/11\/Silja-2.png 234w\" sizes=\"(max-width: 173px) 100vw, 173px\" \/><\/p>\n<p>\u00a0<\/p>\n<p><strong>Biscotte <\/strong>suchte ebenfalls wegen anstehendem Umzug ihrer Familie ein neues Daheim. Zuk\u00fcnftig h\u00e4tt&#8217;s keinen Freigang mehr gegeben. Wo sollte sie da ihre M\u00e4use fangen, h\u00e4 bitte? Geht ja gar nicht. Und deswegen ist Biscotte jetzt gez\u00fcgelt, aufs Land, zu lieben katzenerfahrenen Menschen, die auch mit ihrem RSS umgehen k\u00f6nnen. Da darf sie auch mal ihre 5 Minuten haben. Volltreffer, Biscotte!<\/p>\n<p><img decoding=\"async\" loading=\"lazy\" class=\"alignnone  wp-image-4313\" src=\"https:\/\/www.katze-sucht-mensch.ch\/wp-content\/uploads\/2025\/06\/Biscotte-1.png\" alt=\"\" width=\"191\" height=\"165\" \/>\u00a0<\/p>\n<p>\u00a0<\/p>\n<p><strong>Rio &amp; Edy <\/strong>suchten auch sehr lange nach einem neuen Zuhause mit Freigang. Ihre Familie musste z\u00fcgeln und zuk\u00fcnftig h\u00e4tt&#8217;s keinen Freigang mehr gegeben. Die Zeit wurde knapp, so mussten die beiden einen Zwischenstopp im Tierheim hinlegen. Aber von dort aus hat&#8217;s geklappt. Eine liebe Katzenfreundin hat sich in die beiden verliebt. Und die beiden sich in sie! Endlich wieder Freigang!<\/p>\n<p><img decoding=\"async\" loading=\"lazy\" class=\"alignnone  wp-image-4587\" src=\"https:\/\/www.katze-sucht-mensch.ch\/wp-content\/uploads\/2025\/08\/Edy-Rio-1-300x288.png\" alt=\"\" width=\"211\" height=\"203\" srcset=\"https:\/\/www.katze-sucht-mensch.ch\/wp-content\/uploads\/2025\/08\/Edy-Rio-1-300x288.png 300w, https:\/\/www.katze-sucht-mensch.ch\/wp-content\/uploads\/2025\/08\/Edy-Rio-1.png 427w\" sizes=\"(max-width: 211px) 100vw, 211px\" \/><\/p>\n<p>\u00a0<\/p>\n<p><strong>Tigi &amp;<\/strong> <strong>Molly <\/strong>suchten lange ein neues Zuhause, da sie nach dem anstehenden Umzug ihrer Familie keinen Freigang mehr h\u00e4tten geniessen k\u00f6nnen. Ohne Freigang geht&#8217;s bei den beiden gar nicht. Die zutrauliche Molly fand schnell ihr Traumzuhause mit Freigang und Mause-M\u00f6glichkeit. Die sehr sch\u00fcchterne Tigi hat aber ebenfalls das grosse Los gezogen: sie wird von den Nachmietern &#8222;\u00fcbernommen&#8220; und darf im alten Zuhause bleiben. Ende gut, alles gut!<\/p>\n<p><img decoding=\"async\" loading=\"lazy\" class=\"alignnone  wp-image-4154\" src=\"https:\/\/www.katze-sucht-mensch.ch\/wp-content\/uploads\/2025\/04\/Tigi-Molly-1-300x155.png\" alt=\"\" width=\"207\" height=\"107\" srcset=\"https:\/\/www.katze-sucht-mensch.ch\/wp-content\/uploads\/2025\/04\/Tigi-Molly-1-300x155.png 300w, https:\/\/www.katze-sucht-mensch.ch\/wp-content\/uploads\/2025\/04\/Tigi-Molly-1-1024x530.png 1024w, https:\/\/www.katze-sucht-mensch.ch\/wp-content\/uploads\/2025\/04\/Tigi-Molly-1-768x398.png 768w, https:\/\/www.katze-sucht-mensch.ch\/wp-content\/uploads\/2025\/04\/Tigi-Molly-1.png 1027w\" sizes=\"(max-width: 207px) 100vw, 207px\" \/> <img decoding=\"async\" loading=\"lazy\" class=\"alignnone  wp-image-4157\" src=\"https:\/\/www.katze-sucht-mensch.ch\/wp-content\/uploads\/2025\/04\/Tigi-Molly-2-300x204.png\" alt=\"\" width=\"160\" height=\"109\" srcset=\"https:\/\/www.katze-sucht-mensch.ch\/wp-content\/uploads\/2025\/04\/Tigi-Molly-2-300x204.png 300w, https:\/\/www.katze-sucht-mensch.ch\/wp-content\/uploads\/2025\/04\/Tigi-Molly-2-1024x696.png 1024w, https:\/\/www.katze-sucht-mensch.ch\/wp-content\/uploads\/2025\/04\/Tigi-Molly-2-768x522.png 768w, https:\/\/www.katze-sucht-mensch.ch\/wp-content\/uploads\/2025\/04\/Tigi-Molly-2.png 1357w\" sizes=\"(max-width: 160px) 100vw, 160px\" \/><\/p>\n<p>\u00a0<\/p>\n<p><strong>Akira&amp;Luna <\/strong>suchten ein kinderloses Zuhause, mit viel Platz und mindestens Balkon. Seit der Ankunft des Babies waren die beiden gestresst und die Besitzer hatten auch kaum noch Zeit f\u00fcr sie. Und jetzt gab es ein Happy End: im November durften die beiden in ein tolles kinderloses Zuhause z\u00fcgeln und das Beste: sogar mit Freigang in l\u00e4ndlicher Umgebung. Endlich kann Akira wieder mausen!<\/p>\n<p><img decoding=\"async\" loading=\"lazy\" class=\"alignnone  wp-image-4649\" src=\"https:\/\/www.katze-sucht-mensch.ch\/wp-content\/uploads\/2025\/09\/Akira-Luna-1.png\" alt=\"\" width=\"192\" height=\"152\" srcset=\"https:\/\/www.katze-sucht-mensch.ch\/wp-content\/uploads\/2025\/09\/Akira-Luna-1.png 227w, https:\/\/www.katze-sucht-mensch.ch\/wp-content\/uploads\/2025\/09\/Akira-Luna-1-100x80.png 100w\" sizes=\"(max-width: 192px) 100vw, 192px\" \/><\/p>\n<p>\u00a0<\/p>\n<p><strong>Kira&amp;Mimi <\/strong>kamen zuhause einfach zu kurz, aus beruflichen und privaten Gr\u00fcnden. Ein neues Zuhause sollte es sein: nur zusammen, mit Balkon und spannender Aussicht und mit viel Zeit zum Spielen. Haben die beiden alles bekommen wie &#8222;bestellt&#8220; und sind bereits gez\u00fcgelt und endlich wieder happy!<\/p>\n<p><img decoding=\"async\" loading=\"lazy\" class=\"alignnone  wp-image-4678\" src=\"https:\/\/www.katze-sucht-mensch.ch\/wp-content\/uploads\/2025\/09\/Kira-Mimi-1-300x218.png\" alt=\"\" width=\"193\" height=\"140\" srcset=\"https:\/\/www.katze-sucht-mensch.ch\/wp-content\/uploads\/2025\/09\/Kira-Mimi-1-300x218.png 300w, https:\/\/www.katze-sucht-mensch.ch\/wp-content\/uploads\/2025\/09\/Kira-Mimi-1.png 342w\" sizes=\"(max-width: 193px) 100vw, 193px\" \/><\/p>\n<p>\u00a0<\/p>\n<p><strong>B\u00fcsi&amp;Moritz<\/strong> suchten ein neues Zuhause, da die Allergie ihrer Besitzerin kaum noch in Schach zu halten war. Zusammenbleiben und Gras unter den Pfoten, das waren die W\u00fcnsche der beiden BKH. Und das wurde erf\u00fcllt. B\u00fcsi, die Sch\u00fcchternere von beiden, muss noch etwas auftauen, aber auch das wird noch!<\/p>\n<p><img decoding=\"async\" loading=\"lazy\" class=\"alignnone  wp-image-4643\" src=\"https:\/\/www.katze-sucht-mensch.ch\/wp-content\/uploads\/2025\/09\/Moritz-Buesi-1a.png\" alt=\"\" width=\"140\" height=\"145\" \/> <img decoding=\"async\" loading=\"lazy\" class=\"alignnone  wp-image-4644\" src=\"https:\/\/www.katze-sucht-mensch.ch\/wp-content\/uploads\/2025\/09\/Moritz-Buesi-1b.png\" alt=\"\" width=\"171\" height=\"95\" \/><\/p>\n<p>\u00a0<\/p>\n<p><strong>Monti<\/strong>\u00a0ist der geborene Alleinprinz, er duldet keine anderen G\u00f6tter neben sich und versucht daher, sein Katzengsp\u00e4nli wegzumobben. Jetzt hat er SEIN K\u00f6nigreich (mit Personal gefunden): im Fribourgischen, ohne Autoverkehr, ganz im Gr\u00fcnen mit Wiesen, Wald und M\u00e4usen, bei einem lieben Paar ohne Konkurrenz in Form von Kind und Katz. Endlich darf Monti Chef sein!<\/p>\n<p><img decoding=\"async\" loading=\"lazy\" class=\"alignnone size-full wp-image-4645\" src=\"https:\/\/www.katze-sucht-mensch.ch\/wp-content\/uploads\/2025\/09\/Monti-1.png\" alt=\"\" width=\"192\" height=\"159\" \/><\/p>\n<p>\u00a0<\/p>\n<p><strong>Pipolino<\/strong> hat viel Stress mit seinem Katzengsp\u00e4nli, was seinem Gesundheitszustand, er ist herzkrank, nicht wirklich zugute kommt. Eigentlich sollte er als Einzelkater in ein neues entspanntes Zuhause vermittelt werden. Seine Herzerkrankung hat sich jetzt aber so sehr verschlechtert, dass ihm ein Umzug nicht mehr zugemutet werden sollte. Er darf daher zuhause bleiben und sein Katzengsp\u00e4nli sucht jetzt ein eigenes Zuhause.<\/p>\n<p><img decoding=\"async\" loading=\"lazy\" class=\"alignnone  wp-image-4511\" src=\"https:\/\/www.katze-sucht-mensch.ch\/wp-content\/uploads\/2025\/07\/Pipolino-2-229x300.png\" alt=\"\" width=\"188\" height=\"246\" srcset=\"https:\/\/www.katze-sucht-mensch.ch\/wp-content\/uploads\/2025\/07\/Pipolino-2-229x300.png 229w, https:\/\/www.katze-sucht-mensch.ch\/wp-content\/uploads\/2025\/07\/Pipolino-2.png 416w\" sizes=\"(max-width: 188px) 100vw, 188px\" \/>\u00a0<\/p>\n<p>\u00a0<\/p>\n<p><strong>Rio,Tokio&amp;Nairobi<\/strong>\u00a0besprechen hier schon mal, was sie Ende Oktober im neuen Zuhause alles unternehmen wollen. Sie suchten ein neues Zuhause, weil im alten wegen Baby einfach viel zu wenig Zeit f\u00fcr sie blieb. Daf\u00fcr aber umso mehr Stress und L\u00e4rm. Sie d\u00fcrfen zusammen in den Aargau z\u00fcgeln, zu einer tollen Katzenfreundin (von meiner Warteliste, manchmal muss man gar nicht ausschreiben): grosse Wohnung, gesicherter Balkon, viel Zeit, kein Kinderl\u00e4rm. Die 3 sind begeistert und der sonst so sch\u00fcchterne Rio w\u00e4r am liebsten schon beim ersten Besuchstermin mitgegangen!<\/p>\n<p><img decoding=\"async\" loading=\"lazy\" class=\"alignnone  wp-image-4704\" src=\"https:\/\/www.katze-sucht-mensch.ch\/wp-content\/uploads\/2025\/09\/RTN.png\" alt=\"\" width=\"201\" height=\"142\" \/><\/p>\n<p>\u00a0<\/p>\n<p><strong>Melody&amp;Merlin <\/strong>suchten dringend ein neues Zuhause, da ihr Frauchen sie aus gesundheitlichen Gr\u00fcnden nicht mehr versorgen konnte. Leider fand sich auch innerhalb der Familie keine M\u00f6glichkeit f\u00fcr die beiden Seniorenb\u00fcsis. Daf\u00fcr aber ganz in der N\u00e4he 2 Pl\u00e4tzli in einer &#8222;Senioren-Katzen-WG&#8220;, bei lieben Katzenfreunden: grosses Haus mit Umschwung und angrenzenden Wiesen. Und einige Katzengsp\u00e4ndli warten schon ganz neugierig auf den &#8222;Neuzugang&#8220;. Ein Paradies f\u00fcr die beiden! Ein ganz grosses MERCI an die beiden Katzenfreunde, sich den Oldies anzunehmen!<\/p>\n<p><img decoding=\"async\" loading=\"lazy\" class=\"alignnone  wp-image-4630\" src=\"https:\/\/www.katze-sucht-mensch.ch\/wp-content\/uploads\/2025\/09\/Melody-Merlin-3.png\" alt=\"\" width=\"162\" height=\"143\" \/>\u00a0 <img decoding=\"async\" loading=\"lazy\" class=\"alignnone  wp-image-4623\" src=\"https:\/\/www.katze-sucht-mensch.ch\/wp-content\/uploads\/2025\/09\/Melody-Merlin-2-214x300.png\" alt=\"\" width=\"103\" height=\"144\" srcset=\"https:\/\/www.katze-sucht-mensch.ch\/wp-content\/uploads\/2025\/09\/Melody-Merlin-2-214x300.png 214w, https:\/\/www.katze-sucht-mensch.ch\/wp-content\/uploads\/2025\/09\/Melody-Merlin-2.png 312w\" sizes=\"(max-width: 103px) 100vw, 103px\" \/><\/p>\n<p>\u00a0<\/p>\n<p><strong>Noha&amp;Levi daVinci<\/strong> waren gestresst von der neuen Familiensituation: Umzug in eine kleinere Wohnung, jetzt mit Hund, Zeitmangel und ein Baby ist auch noch unterwegs. Einfach f\u00fcr alle zu viel. Die Besitzerin wandte sich an mich, da sie kein Pl\u00e4tzli f\u00fcr die beiden pflegeleichten B\u00fcsis fand. Kaum ausgeschrieben wendete sich das Blatt und es ergab sich eine Gelegenheit im Bekanntenkreis, sie zu platzieren. Daumen sind gedr\u00fcckt, dass es passt und gut kommt!<\/p>\n<p><img decoding=\"async\" loading=\"lazy\" class=\"alignnone  wp-image-4606\" src=\"https:\/\/www.katze-sucht-mensch.ch\/wp-content\/uploads\/2025\/09\/Noha-Levi-1-300x222.png\" alt=\"\" width=\"172\" height=\"127\" srcset=\"https:\/\/www.katze-sucht-mensch.ch\/wp-content\/uploads\/2025\/09\/Noha-Levi-1-300x222.png 300w, https:\/\/www.katze-sucht-mensch.ch\/wp-content\/uploads\/2025\/09\/Noha-Levi-1-768x568.png 768w, https:\/\/www.katze-sucht-mensch.ch\/wp-content\/uploads\/2025\/09\/Noha-Levi-1.png 778w\" sizes=\"(max-width: 172px) 100vw, 172px\" \/><\/p>\n<p>\u00a0<\/p>\n<p><strong>Aras&amp;Runa<\/strong> sind auch nach langer Zeit nicht kompatibel mit den Hunden im Haus. Sie haben einfach Angst. Und die Hunde sp\u00fcren das und nutzen das auch noch aus. Seit dem Wochenende brauchen die beiden aber keine Angst mehr zu haben, weit und breit kein Hund in Sicht im neuen Zuhause in der N\u00e4he von Murten. Ein ganzen Haus f\u00fcr sie alleine, mit katzen- (und hundesicher!) eingenetztem Balkon und ganz lieben Menschen, die auch bei der Fellpflege mithelfen. Endlich kein Hunde-Stress mehr!<\/p>\n<p><img decoding=\"async\" loading=\"lazy\" class=\"alignnone  wp-image-4594\" src=\"https:\/\/www.katze-sucht-mensch.ch\/wp-content\/uploads\/2025\/08\/Aras-Runa-4-300x199.png\" alt=\"\" width=\"193\" height=\"128\" srcset=\"https:\/\/www.katze-sucht-mensch.ch\/wp-content\/uploads\/2025\/08\/Aras-Runa-4-300x199.png 300w, https:\/\/www.katze-sucht-mensch.ch\/wp-content\/uploads\/2025\/08\/Aras-Runa-4.png 680w\" sizes=\"(max-width: 193px) 100vw, 193px\" \/><\/p>\n<p>\u00a0<\/p>\n<p><strong>Joshi<\/strong> ist leider auch ein Trennungsopfer, er konnte nicht mit z\u00fcgeln, da in der neuen Wohnung keine Katzen erlaubt waren. Da es sehr schnell (zu schnell) gehen musste, machte er &#8222;Zwischenstation&#8220; im Tierheim ProAnimali in Marfeldingen. Aber jetzt: jetzt hat er endlich sein Forever-Daheim gefunden, wo er Chef sein darf, mit ganz liebem &#8222;Personal&#8220;. Nur f\u00fcr ihn ganz allein! Genau so hatte er sich das gew\u00fcnscht.<\/p>\n<p><img decoding=\"async\" loading=\"lazy\" class=\"alignnone  wp-image-4321\" src=\"https:\/\/www.katze-sucht-mensch.ch\/wp-content\/uploads\/2025\/06\/Joshi-2-281x300.png\" alt=\"\" width=\"195\" height=\"208\" srcset=\"https:\/\/www.katze-sucht-mensch.ch\/wp-content\/uploads\/2025\/06\/Joshi-2-281x300.png 281w, https:\/\/www.katze-sucht-mensch.ch\/wp-content\/uploads\/2025\/06\/Joshi-2.png 416w\" sizes=\"(max-width: 195px) 100vw, 195px\" \/><\/p>\n<p>\u00a0<\/p>\n<p><strong>Tigi <\/strong>war von einem Tag auf den anderen Waise, ihre Besitzer mussten kurzfristig ins Heim \u00fcbersiedeln und Tigi durften sie nicht mitnehmen. Aber f\u00fcr so ein liebes B\u00fcsis wie Tigi war das mit dem neuen Zuhause kein Problem: gleich die ersten Interessenten waren ein Volltreffer. Tigi darf sich ab sofort von einem katzenerfahrenen Paar verw\u00f6hnen lassen. Sogar im gleichen Kanton und fast immer jemand zuhause. Fast so wie bislang!<\/p>\n<p><img decoding=\"async\" loading=\"lazy\" class=\"alignnone  wp-image-4583\" src=\"https:\/\/www.katze-sucht-mensch.ch\/wp-content\/uploads\/2025\/08\/Tigi.png\" alt=\"\" width=\"173\" height=\"160\" \/><\/p>\n<p>\u00a0<\/p>\n<p><strong>Mau<\/strong> wurde an seinem bisherigen Zuhause fremdgef\u00fcttert, mit &#8222;schlechtem&#8220; Futter und mit zu viel Futter. Leider haben es weder er noch die Nachbarin eingesehen, dass ihm das gesundheitlich \u00fcberhaupt nicht bekommt. Schweren Herzens wurde er daher umplatziert und hat jetzt das Paradies gefunden: bei einer lieben Familie mit zwei Teenagern in Fraubrunnen, mit Haus und eigenem Garten und vern\u00fcnftigen Nachbarn. Fast immer ist jemand zuhause f\u00fcr eine Schmuse- und Spielrunde und feste F\u00fctterungszeiten (und -rationen) gibt&#8217;s jetzt auch wieder.Da macht sogar Di\u00e4t Spass!<\/p>\n<p><img decoding=\"async\" loading=\"lazy\" class=\"alignnone  wp-image-3784\" src=\"https:\/\/www.katze-sucht-mensch.ch\/wp-content\/uploads\/2025\/01\/Mau-2-225x300.jpg\" alt=\"\" width=\"167\" height=\"223\" srcset=\"https:\/\/www.katze-sucht-mensch.ch\/wp-content\/uploads\/2025\/01\/Mau-2-225x300.jpg 225w, https:\/\/www.katze-sucht-mensch.ch\/wp-content\/uploads\/2025\/01\/Mau-2-768x1024.jpg 768w, https:\/\/www.katze-sucht-mensch.ch\/wp-content\/uploads\/2025\/01\/Mau-2-1152x1536.jpg 1152w, https:\/\/www.katze-sucht-mensch.ch\/wp-content\/uploads\/2025\/01\/Mau-2.jpg 1536w\" sizes=\"(max-width: 167px) 100vw, 167px\" \/><\/p>\n<p>\u00a0<\/p>\n<p><strong>Miro&amp;Sina <\/strong>waren schlicht und einfach nicht mehr gewollt, man muss es leider so sagen. Und dabei sind die beiden doch so lieb und brav und pflegeleicht. Aber egal: seit dem Wochenende sind sie in Basel-Land gewollt! Und bekommen ganz viele &#8222;Geschenke&#8220; von ihren neuen Dosen\u00f6ffnern: ein grosses Haus mit toller Aussicht und ganz viele Streicheleinheiten. Und fast immer jemand zuhause, der zu einem Spielchen aufgelegt ist. Endlich angekommen, alles wird gut, Ihr 2!<\/p>\n<p><img decoding=\"async\" loading=\"lazy\" class=\"alignnone size-full wp-image-4534\" src=\"https:\/\/www.katze-sucht-mensch.ch\/wp-content\/uploads\/2025\/08\/Miro-Sina-1.png\" alt=\"\" width=\"159\" height=\"148\" \/> <img decoding=\"async\" loading=\"lazy\" class=\"alignnone  wp-image-4535\" src=\"https:\/\/www.katze-sucht-mensch.ch\/wp-content\/uploads\/2025\/08\/Miro-Sina-2-258x300.png\" alt=\"\" width=\"126\" height=\"147\" srcset=\"https:\/\/www.katze-sucht-mensch.ch\/wp-content\/uploads\/2025\/08\/Miro-Sina-2-258x300.png 258w, https:\/\/www.katze-sucht-mensch.ch\/wp-content\/uploads\/2025\/08\/Miro-Sina-2.png 317w\" sizes=\"(max-width: 126px) 100vw, 126px\" \/><\/p>\n<p>\u00a0<\/p>\n<p><strong>Yari <\/strong>wurde angefahren aufgefunden und zum Tierarzt gebracht. Sein Besitzer konnte ausfindig gemacht werden, wollte den lieben Kater jedoch nicht mehr zur\u00fcck! Also suchte die behandelnde Tier\u00e4rztin, bei der er wohnen durfte, ihm ein neues Zuhause. Und es fand sich ganz schnell eine liebe Katzenfreundin, bei der er Nr. 1 sein und zuk\u00fcnftig wieder Freigang geniessen darf. Aber diesmal aufpassen, gell Yari?!<\/p>\n<p><img decoding=\"async\" loading=\"lazy\" class=\"alignnone  wp-image-4559\" src=\"https:\/\/www.katze-sucht-mensch.ch\/wp-content\/uploads\/2025\/08\/Yari-1.png\" alt=\"\" width=\"163\" height=\"134\" \/><\/p>\n<p>\u00a0<\/p>\n<p><strong>Zola&amp;Evita <\/strong>sollten wegen Allergie und Zeitmangel abgegeben werden.\u00a0 Es fanden sich auch schnell geeignete Interessenten. Und da wurde es der Familie pl\u00f6tzlich erst richtig bewusst, was es heisst, sie endg\u00fcltig abgeben zu m\u00fcssen. Nach einigen Telefonaten fand sich dann doch noch ein passendes Pl\u00e4tzli im Familienkreis. So sind die beiden nicht ganz aus der Welt und trotzdem gut versorgt!<\/p>\n<p><img decoding=\"async\" loading=\"lazy\" class=\"alignnone  wp-image-4482\" src=\"https:\/\/www.katze-sucht-mensch.ch\/wp-content\/uploads\/2025\/07\/Zola-Evita-0-239x300.png\" alt=\"\" width=\"146\" height=\"183\" srcset=\"https:\/\/www.katze-sucht-mensch.ch\/wp-content\/uploads\/2025\/07\/Zola-Evita-0-239x300.png 239w, https:\/\/www.katze-sucht-mensch.ch\/wp-content\/uploads\/2025\/07\/Zola-Evita-0.png 285w\" sizes=\"(max-width: 146px) 100vw, 146px\" \/> <img decoding=\"async\" loading=\"lazy\" class=\"alignnone  wp-image-4481\" src=\"https:\/\/www.katze-sucht-mensch.ch\/wp-content\/uploads\/2025\/07\/Zola-Evita-00.png\" alt=\"\" width=\"155\" height=\"183\" \/><\/p>\n<p>\u00a0<\/p>\n<p><strong>Nico&amp;Bella<\/strong> suchten wegen Zeitmangels Ihrer Besitzerin wieder ein Zuhause, wo sie im Mittelpunkt stehen und verw\u00f6hnt werden. Und das gibt&#8217;s Anfang September, dann sind ihre beiden neuen Dosen\u00f6ffner umgezogen in die neue EG-Wohnung am Ortsrand von Bolligen. Und nach Eingew\u00f6hnungszeit wird auch das T\u00f6rli ge\u00f6ffnet und dann d\u00fcrfen die Wiesen erkundet werden. Wenn die zwei nicht grad im Homeoffice mithelfen. Dabeisein ist alles f\u00fcr Nico&amp;Bella!<\/p>\n<p><img decoding=\"async\" loading=\"lazy\" class=\"alignnone  wp-image-4494\" src=\"https:\/\/www.katze-sucht-mensch.ch\/wp-content\/uploads\/2025\/07\/Bella-Nico-0-300x218.png\" alt=\"\" width=\"209\" height=\"152\" srcset=\"https:\/\/www.katze-sucht-mensch.ch\/wp-content\/uploads\/2025\/07\/Bella-Nico-0-300x218.png 300w, https:\/\/www.katze-sucht-mensch.ch\/wp-content\/uploads\/2025\/07\/Bella-Nico-0-768x559.png 768w, https:\/\/www.katze-sucht-mensch.ch\/wp-content\/uploads\/2025\/07\/Bella-Nico-0.png 834w\" sizes=\"(max-width: 209px) 100vw, 209px\" \/><\/p>\n<p>\u00a0<\/p>\n<p><strong>Cosmo&amp;M\u00fcnggeli <\/strong>h\u00e4tten nach dem trennungsbedingten Umzug auf ihren heissgeliebten Freigang verzichten m\u00fcssen. Damit waren die beiden lieben Kater so gar nicht einverstanden. Wenn schon\u00a0 z\u00fcgeln, dann muss es wieder Freigang geben, fanden sie. Also lieber in ein ganz neues Zuhause. Und das haben sie jetzt gefunden, bei lieben Katzenfreunden, die ihnen nach Eingew\u00f6hnungszeit wieder den heissgeliebten Freigang durchs Katzent\u00f6rli bieten k\u00f6nnen. Endlich wieder happy!<\/p>\n<p><img decoding=\"async\" loading=\"lazy\" class=\"alignnone  wp-image-4527\" src=\"https:\/\/www.katze-sucht-mensch.ch\/wp-content\/uploads\/2025\/08\/Cosmo-Muenggeli-1-260x300.png\" alt=\"\" width=\"201\" height=\"232\" srcset=\"https:\/\/www.katze-sucht-mensch.ch\/wp-content\/uploads\/2025\/08\/Cosmo-Muenggeli-1-260x300.png 260w, https:\/\/www.katze-sucht-mensch.ch\/wp-content\/uploads\/2025\/08\/Cosmo-Muenggeli-1.png 323w\" sizes=\"(max-width: 201px) 100vw, 201px\" \/><\/p>\n<p>\u00a0<\/p>\n<p><strong>Luna&amp;Mimi <\/strong>\u00a0sind beste Freundinnen, untereinander! Aber nicht mit dem Katerkollegen! Der geht gar nicht, finden sie und mobben ihn fleissig. Um des lieben Friedens willen, suchte die Besitzerin daher f\u00fcr die beiden ein eigenes, konkurrenzfreies Zuhause. Luna&amp;Mimi residieren demn\u00e4chst in Rothrist bei lieben Katzenfreunden, die sie nach allen Regeln der Kunst verw\u00f6hnen werden. Ein kleines K\u00f6niginnenreich, garantiert ohne vierbeinige Konkurrenz!<\/p>\n<p><img decoding=\"async\" loading=\"lazy\" class=\"alignnone  wp-image-4536\" src=\"https:\/\/www.katze-sucht-mensch.ch\/wp-content\/uploads\/2025\/08\/Luna-Mimi-1.png\" alt=\"\" width=\"178\" height=\"199\" \/><\/p>\n<p>\u00a0<\/p>\n<p><strong>Zira <\/strong>&#8222;drohte&#8220; nach dem Umzug ihrer Familie reine Wohnungshaltung. Nie wieder Freigang! Geht gar nicht, findet sie und erstellte ihren Wunschzettel. Und siehe da, Wunsch erf\u00fcllt: sie ist grad gez\u00fcgelt zu einem lieben katzenerfahrenen Ehepaar mit Bauernhaus in R\u00fcschegg-Heubach. Und nach Eingew\u00f6hnungszeit geht&#8217;s endlich wieder raus, endlich wieder Gras unter den Pfoten!<\/p>\n<p><img decoding=\"async\" loading=\"lazy\" class=\"alignnone size-medium wp-image-4222\" src=\"https:\/\/www.katze-sucht-mensch.ch\/wp-content\/uploads\/2025\/04\/Zira-1-198x300.png\" alt=\"\" width=\"198\" height=\"300\" srcset=\"https:\/\/www.katze-sucht-mensch.ch\/wp-content\/uploads\/2025\/04\/Zira-1-198x300.png 198w, https:\/\/www.katze-sucht-mensch.ch\/wp-content\/uploads\/2025\/04\/Zira-1.png 290w\" sizes=\"(max-width: 198px) 100vw, 198px\" \/><\/p>\n<p>\u00a0<\/p>\n<p><strong>Tango&amp;Cash<\/strong> wohnten kurzfristig in einer Katzenpension, ihre Besitzerin ist schwer erkrankt und konnte sie nicht mehr versorgen. Gar nicht so einfach, ein Zuhause zu finden, Tango ist an FIP erkrankt und ben\u00f6tigt noch eine Weile seine Medis. Aber es sieht gut aus, er ist auf bestem Weg. Umso sch\u00f6ner, dass es auch liebe Menschen wie ihr neues Frauchen gibt, die sich durch eine Erkrankung nicht abschrecken lassen. Zumal aussieht, als ob Tango wieder ganz gesund wird. Danke f\u00fcr solch ein Pl\u00e4tzli!<\/p>\n<p><img decoding=\"async\" loading=\"lazy\" class=\"alignnone  wp-image-4464\" src=\"https:\/\/www.katze-sucht-mensch.ch\/wp-content\/uploads\/2025\/07\/Tango-Cash-1-300x201.png\" alt=\"\" width=\"260\" height=\"174\" srcset=\"https:\/\/www.katze-sucht-mensch.ch\/wp-content\/uploads\/2025\/07\/Tango-Cash-1-300x201.png 300w, https:\/\/www.katze-sucht-mensch.ch\/wp-content\/uploads\/2025\/07\/Tango-Cash-1.png 672w\" sizes=\"(max-width: 260px) 100vw, 260px\" \/>\u00a0 \u00a0 <img decoding=\"async\" loading=\"lazy\" class=\"alignnone  wp-image-4465\" src=\"https:\/\/www.katze-sucht-mensch.ch\/wp-content\/uploads\/2025\/07\/Tango-Cash-2-205x300.png\" alt=\"\" width=\"167\" height=\"245\" srcset=\"https:\/\/www.katze-sucht-mensch.ch\/wp-content\/uploads\/2025\/07\/Tango-Cash-2-205x300.png 205w, https:\/\/www.katze-sucht-mensch.ch\/wp-content\/uploads\/2025\/07\/Tango-Cash-2.png 294w\" sizes=\"(max-width: 167px) 100vw, 167px\" \/><\/p>\n<p>\u00a0<\/p>\n<p><strong>Jack&amp;John<\/strong> treten grad ihren neuen Job an, als Hauskater und &#8222;Arbeitgeber&#8220; in Volken. Im bisherigen Zuhause kamen sie einfach etwas zu kurz: Baby, Umzug und dann noch der frisch diagnostizierte\u00a0 \u00a0Diabetes bei Jack, alles etwas zu viel f\u00fcr alle. Aber jetzt: eigenes Haus, fast immer jemand zuhause, diabeteserfahrene Dosen\u00f6ffner, B\u00fcchlichr\u00e4bbeler und Chistliputzer sowie professionelle Haustierbetreuung w\u00e4ren deren Ferien. Das perfekte Zuhause (finden nicht nur Jack&amp;John) !<\/p>\n<p><img decoding=\"async\" loading=\"lazy\" class=\"alignnone  wp-image-4508\" src=\"https:\/\/www.katze-sucht-mensch.ch\/wp-content\/uploads\/2025\/07\/John-Jack-1-238x300.png\" alt=\"\" width=\"182\" height=\"229\" srcset=\"https:\/\/www.katze-sucht-mensch.ch\/wp-content\/uploads\/2025\/07\/John-Jack-1-238x300.png 238w, https:\/\/www.katze-sucht-mensch.ch\/wp-content\/uploads\/2025\/07\/John-Jack-1.png 495w\" sizes=\"(max-width: 182px) 100vw, 182px\" \/> \u00a0<\/p>\n<p>\u00a0<\/p>\n<p><strong>Lilo <\/strong>wurde wegen Allergie in einer WG zwischenplatziert, Freigang gibt&#8217;s da leider nicht und es ist auch nur befristet. Also musste ein neues Zuhause her: als Alleinprinzessin mit Freigangm\u00f6glichkeit und bei lieben Menschen, die sie wieder verw\u00f6hnen.\u00a0 Gibt&#8217;s jetzt dann alles bei einem katzenerfahrenen Paar in Turbenthal. In der Eingew\u00f6hnungszeit drinnen wird eben mehr geschm\u00fcselt und dann geht&#8217;s endlich wieder raus, endlich Gras unter den Pfoten!<\/p>\n<p><img decoding=\"async\" loading=\"lazy\" class=\"alignnone size-full wp-image-4432\" src=\"https:\/\/www.katze-sucht-mensch.ch\/wp-content\/uploads\/2025\/06\/Lilo-0.png\" alt=\"\" width=\"189\" height=\"230\" \/><\/p>\n<p>\u00a0<\/p>\n<p><strong>Nourie <\/strong>musste nach der Trennung ihrer Familie weiterhin mit dem (von ihr gar nicht geliebten) Hund zusammenleben. Viel lieber h\u00e4tte sie ein Katzengsp\u00e4nli gehabt. Hat sie demn\u00e4chst! Ein liebes 12j. B\u00fcsis wartet schon sehns\u00fcchtig in Oberburg auf eine neue Freundin, ist doch sein Gsp\u00e4nli k\u00fcrzlich verstorben.\u00a0 Nur noch aneinander gew\u00f6hnen und dann kann&#8217;s losgehen. Zu zweit macht doch alles doppelt Spass!<\/p>\n<p><img decoding=\"async\" loading=\"lazy\" class=\"alignnone  wp-image-4424\" src=\"https:\/\/www.katze-sucht-mensch.ch\/wp-content\/uploads\/2025\/06\/Nouri-0-300x288.png\" alt=\"\" width=\"180\" height=\"172\" srcset=\"https:\/\/www.katze-sucht-mensch.ch\/wp-content\/uploads\/2025\/06\/Nouri-0-300x288.png 300w, https:\/\/www.katze-sucht-mensch.ch\/wp-content\/uploads\/2025\/06\/Nouri-0.png 651w\" sizes=\"(max-width: 180px) 100vw, 180px\" \/><\/p>\n<p>\u00a0<\/p>\n<p><strong>Malu<\/strong> wohnt grad auf einer Pflegestelle, da ihre Besitzerin erkrankt ist und sie nicht mehr versorgen kann. Sie w\u00fcnschte sich so sehr wieder ein eigenes Zuhause, auf Dauer. Und das gibt&#8217;s jetzt in R\u00fcti in einem 3-Personen-Haushalt, wo fast immer jemand zuhause ist, der Lust auf eine Kuschelrunde oder ein Spielchen (oder 2) hat. Ganz viel Platz und ein gesicherter Balkon mit spannender Aussicht inklusive. So sch\u00f6n, dass auch Seniorenb\u00fcsis ihre Chance bekommen!<\/p>\n<p><img decoding=\"async\" loading=\"lazy\" class=\"alignnone size-medium wp-image-4441\" src=\"https:\/\/www.katze-sucht-mensch.ch\/wp-content\/uploads\/2025\/07\/Malu-1-174x300.png\" alt=\"\" width=\"174\" height=\"300\" srcset=\"https:\/\/www.katze-sucht-mensch.ch\/wp-content\/uploads\/2025\/07\/Malu-1-174x300.png 174w, https:\/\/www.katze-sucht-mensch.ch\/wp-content\/uploads\/2025\/07\/Malu-1.png 335w\" sizes=\"(max-width: 174px) 100vw, 174px\" \/><\/p>\n<p>\u00a0<\/p>\n<p><strong>Rocky&amp;Koi <\/strong>verlieren ihr Zuhause, es wird verkauft, die Familie hat sich getrennt Und leider h\u00e4tt&#8217;s keinen Freigang mehr gegeben, daf\u00fcr aber Zeitmangel. Da z\u00fcgeln die beiden doch lieber dahin, wo sie wieder Frischluft geniessen d\u00fcrfen. Eine liebe Katzenfreundin hat sich in die beiden Senioren verguckt. Und das Beste: sie hat ein Haus und Garten und viele Sonnenpl\u00e4tzli. Ganz nach dem Geschmack der beiden!<\/p>\n<p><img decoding=\"async\" loading=\"lazy\" class=\"alignnone  wp-image-4337\" src=\"https:\/\/www.katze-sucht-mensch.ch\/wp-content\/uploads\/2025\/06\/Rocky-Koi-1-290x300.png\" alt=\"\" width=\"153\" height=\"158\" srcset=\"https:\/\/www.katze-sucht-mensch.ch\/wp-content\/uploads\/2025\/06\/Rocky-Koi-1-290x300.png 290w, https:\/\/www.katze-sucht-mensch.ch\/wp-content\/uploads\/2025\/06\/Rocky-Koi-1.png 310w\" sizes=\"(max-width: 153px) 100vw, 153px\" \/> <img decoding=\"async\" loading=\"lazy\" class=\"alignnone  wp-image-4338\" src=\"https:\/\/www.katze-sucht-mensch.ch\/wp-content\/uploads\/2025\/06\/Rocky-Koi-2.png\" alt=\"\" width=\"135\" height=\"159\" \/> \u00a0<\/p>\n<p>\u00a0<\/p>\n<p><strong>Artemis&amp;Aragon<\/strong>\u00a0reagierten mega eifers\u00fcchtig auf den Familienzuwachs und jetzt hat sich Baby Nr. 2 angek\u00fcndigt. Noch mehr &#8222;Konkurrenz&#8220; dachten sich die beiden und biselten gleich nochmals aufs Kinderbett. Das alles ist ab sofort aber ein Fremdwort f\u00fcr die beiden, stehen sie jetzt doch im\u00a0 Mittelpunkt in einem Pension\u00e4rshaushalt in Z\u00fcrich und werden dort nach Strich und Faden verw\u00f6hnt. Da klappt das auch mit dem Kistli wieder !<\/p>\n<p><img decoding=\"async\" loading=\"lazy\" class=\"alignnone  wp-image-4334\" src=\"https:\/\/www.katze-sucht-mensch.ch\/wp-content\/uploads\/2025\/06\/Artemis-Aragon-2-225x300.png\" alt=\"\" width=\"136\" height=\"181\" srcset=\"https:\/\/www.katze-sucht-mensch.ch\/wp-content\/uploads\/2025\/06\/Artemis-Aragon-2-225x300.png 225w, https:\/\/www.katze-sucht-mensch.ch\/wp-content\/uploads\/2025\/06\/Artemis-Aragon-2.png 255w\" sizes=\"(max-width: 136px) 100vw, 136px\" \/>\u00a0 <img decoding=\"async\" loading=\"lazy\" class=\"alignnone  wp-image-4335\" src=\"https:\/\/www.katze-sucht-mensch.ch\/wp-content\/uploads\/2025\/06\/Artemis-Aragon-3-300x265.png\" alt=\"\" width=\"207\" height=\"183\" srcset=\"https:\/\/www.katze-sucht-mensch.ch\/wp-content\/uploads\/2025\/06\/Artemis-Aragon-3-300x265.png 300w, https:\/\/www.katze-sucht-mensch.ch\/wp-content\/uploads\/2025\/06\/Artemis-Aragon-3.png 456w\" sizes=\"(max-width: 207px) 100vw, 207px\" \/><\/p>\n<p>\u00a0<\/p>\n<p><strong>Lucy<\/strong> (ex-Trixie) war gar nicht mehr gl\u00fccklich zuhause, nach dem Z\u00fcgeltermin konnte sie ihren geliebten Freigang nicht mehr geniessen. Das tat sie auch mal lautstark kund. Kurzerhand wurde sie einfach beim Tierarzt abgegeben! MERCI an die Tierlihilfe in H\u00e4usernmoos, die spontan ein Pflegepl\u00e4tzli f\u00fcr die liebe Lucy bereit gestellt hat. Und dank der Tierlihilfe durfte Lucy jetzt auch in ihr neues Zuhause z\u00fcgeln. Dort bist Du willkommen, liebe Lucy, Dein neues Frauchen gibt Dich ganz bestimmt nirgends einfach so ab!<\/p>\n<p><img decoding=\"async\" loading=\"lazy\" class=\"alignnone size-full wp-image-4456\" src=\"https:\/\/www.katze-sucht-mensch.ch\/wp-content\/uploads\/2025\/07\/Trixie-1.png\" alt=\"\" width=\"152\" height=\"197\" \/><\/p>\n<p>\u00a0<\/p>\n<p><strong>Cent&amp;Snack <\/strong>wurde immer wieder vom (H\u00fcte)Hund des Hauses angegangen, das ging so weit, dass Hund und Katz immer getrennt voneinander gehalten werden mussten. Keine Zust\u00e4nde, f\u00fcr beide Seiten nicht. Daher d\u00fcrfen die beiden jetzt demn\u00e4chst nach Einsiedeln z\u00fcgeln zu einem lieben Katzenfreund: EFH mit viel Umschwung, fast immer jemand zuhause und vor allem: hundefrei!\u00a0<\/p>\n<p><img decoding=\"async\" loading=\"lazy\" class=\"alignnone  wp-image-4393\" src=\"https:\/\/www.katze-sucht-mensch.ch\/wp-content\/uploads\/2025\/06\/Cent-Snack-2.png\" alt=\"\" width=\"158\" height=\"190\" \/>\u00a0 <img decoding=\"async\" loading=\"lazy\" class=\"alignnone  wp-image-4394\" src=\"https:\/\/www.katze-sucht-mensch.ch\/wp-content\/uploads\/2025\/06\/Cent-Snack-4.png\" alt=\"\" width=\"284\" height=\"189\" \/><\/p>\n<p>\u00a0<\/p>\n<p><strong>Azur <\/strong>wurde in einer Tierklinik abgegeben zum Einschl\u00e4fern, da die Kosten nicht mehr getragen werden konnten. Gl\u00fccklicherweise weigerte sich die Klinik und \u00fcbernahm Azur als Verzichtskatze. &#8222;Nur&#8220; Blasensteine ist kein Grund f\u00fcr Euthanasie! Kaum ausgeschrieben tat sich auch schon ein Pl\u00e4tzli auf: bei einem ehemaligen Kollegen einer Tier\u00e4rztin. Da bist Du gut aufgehoben Azur wirst bestens versorgt!<\/p>\n<p><img decoding=\"async\" loading=\"lazy\" class=\"alignnone  wp-image-4391\" src=\"https:\/\/www.katze-sucht-mensch.ch\/wp-content\/uploads\/2025\/06\/Azur-0.png\" alt=\"\" width=\"207\" height=\"162\" \/><\/p>\n<p>\u00a0<\/p>\n<p><strong>Nyla\u00a0<\/strong>suchte ein neues Zuhause, da sie in ihrer Umgebung nicht mehr sicher war, sie wurde angelockt und dann geplagt und kam mehrmals nach Wochen traumatisiert zur\u00fcck. Jetzt hat sie weiters weg ein tolles Zuhause gefunden in einer lieben Familie und vor allem in katzenfreundlicher Umgebung, wo es sich genauso gut aber sicher mausen l\u00e4sst!<\/p>\n<p><img decoding=\"async\" loading=\"lazy\" class=\"alignnone  wp-image-4364\" src=\"https:\/\/www.katze-sucht-mensch.ch\/wp-content\/uploads\/2025\/06\/Nyla-1-225x300.jpg\" alt=\"\" width=\"194\" height=\"259\" srcset=\"https:\/\/www.katze-sucht-mensch.ch\/wp-content\/uploads\/2025\/06\/Nyla-1-225x300.jpg 225w, https:\/\/www.katze-sucht-mensch.ch\/wp-content\/uploads\/2025\/06\/Nyla-1-768x1024.jpg 768w, https:\/\/www.katze-sucht-mensch.ch\/wp-content\/uploads\/2025\/06\/Nyla-1-1152x1536.jpg 1152w, https:\/\/www.katze-sucht-mensch.ch\/wp-content\/uploads\/2025\/06\/Nyla-1.jpg 1536w\" sizes=\"(max-width: 194px) 100vw, 194px\" \/><\/p>\n<p>\u00a0<\/p>\n<p><strong>Leo <\/strong>konnte leider nicht mit seinem Frauchen ins Pflegeheim \u00fcbersiedeln, Katzen nicht erlaubt, hiess es. Also mussten Frauchen und Leo notgedrungen getrennt z\u00fcgeln. Es hat geklappt, am gleichen Tag z\u00fcgelte Leo zu einem katzenerfahrenen Ehepaar in Kaiseraugst. Und siehe da: der sonst so sch\u00fcchterne und gern fremdelnde Leo zeigte sich schon bei Ankunft gar nicht so sch\u00fcchtern, sondern erkundete ganz tapfer und stolz sein neues Reich. Als Kater muss man ja wissen, wo man gelandet ist!<\/p>\n<p><img decoding=\"async\" loading=\"lazy\" class=\"alignnone size-full wp-image-4403\" src=\"https:\/\/www.katze-sucht-mensch.ch\/wp-content\/uploads\/2025\/06\/Leo-A.png\" alt=\"\" width=\"203\" height=\"291\" \/><\/p>\n<p>\u00a0<\/p>\n<p><strong>Gino<\/strong>, der Handicapkater ohne Handicap, ja, genau, der mit dem gr\u00fcnen Lieblingsnapf. Er war dem Verein Handicapcats zugelaufen, wurde dort aufgep\u00e4ppelt und durfte jetzt endlich in sein Traumzuhause z\u00fcgeln: ruhig, mit Katzengsp\u00e4nli namens Gina (wenn das kein Zeichen ist), ohne Kind und ohne Hund, aber daf\u00fcr mit T\u00f6rli. Nur noch die Eingew\u00f6hnungszeit abwarten und dann kanns losgehen mit der Erkundung der Umgebung. Und nat\u00fcrlich kam der gr\u00fcne Lieblingsnapf mit!<\/p>\n<p><img decoding=\"async\" loading=\"lazy\" class=\"alignnone size-full wp-image-4279\" src=\"https:\/\/www.katze-sucht-mensch.ch\/wp-content\/uploads\/2025\/05\/Gino-3.png\" alt=\"\" width=\"210\" height=\"188\" \/><\/p>\n<p>\u00a0<\/p>\n<p><strong>Nino<\/strong> wurde aus schlechter Haltung gerettet und hat jetzt sein Traumzuhause gefunden, er durfte zu Smokey, einem ehemaligen Vermittlungskandidaten, und dessen Katzenfreundin z\u00fcgeln. Beide hat er gleich mal um seine Pfoten gewickelt hat, genauso wie seine neuen Dosen\u00f6ffner. Er hat gleich bei Ankunft alles inspiziert, jedes Zimmer und vor allem den Balkon. Den besten Platz dort hat er sich auch schon reserviert. Da will er bleiben, der Nino!<\/p>\n<p><img decoding=\"async\" loading=\"lazy\" class=\"alignnone  wp-image-4301\" src=\"https:\/\/www.katze-sucht-mensch.ch\/wp-content\/uploads\/2025\/06\/Nino-2-300x205.png\" alt=\"\" width=\"202\" height=\"138\" srcset=\"https:\/\/www.katze-sucht-mensch.ch\/wp-content\/uploads\/2025\/06\/Nino-2-300x205.png 300w, https:\/\/www.katze-sucht-mensch.ch\/wp-content\/uploads\/2025\/06\/Nino-2-768x526.png 768w, https:\/\/www.katze-sucht-mensch.ch\/wp-content\/uploads\/2025\/06\/Nino-2.png 834w\" sizes=\"(max-width: 202px) 100vw, 202px\" \/><\/p>\n<p>\u00a0<\/p>\n<p><strong>Leo<\/strong> suchte ein Zuhause, da seine Besitzerin erkrankt ist. Er ist ein lieber aber sehr sch\u00fcchterner Kater. Seine Eingew\u00f6hnung erfordert etwas Fingerspitzengef\u00fchl und Geduld. Alle Zeit der Welt bekommt er jetzt bei einem lieben Ehepaar in Lachen. Und siehe da: es klappt mit jedem Tag besser und er f\u00fchlt sich schon richtig zuhause. Siehst Du, Leo, einfach mal sich ein bisschen trauen, dann kommt das gut!<\/p>\n<p><img decoding=\"async\" loading=\"lazy\" class=\"alignnone size-full wp-image-4260\" src=\"https:\/\/www.katze-sucht-mensch.ch\/wp-content\/uploads\/2025\/05\/Leo-1.png\" alt=\"\" width=\"219\" height=\"150\" \/><\/p>\n<p>\u00a0<\/p>\n<p><strong>Siena<\/strong> ist ein Trennungsopfer und suchte einfach wieder einen Menschen, zu dem sie geh\u00f6rt und der zu ihr geh\u00f6rt. Und Freigang in verkehrsarmer Umgebung sollte er ihr bieten k\u00f6nnen. Und Zeit haben. Gibt es alles in Wabern: T\u00f6rli zu Terrasse und Garten, ganz viel Zeit und eine liebe Katzenfreundin, bei der Siena nach Strich und Faden verw\u00f6hnt wird. Hier stehst Du als Alleinprinzessin im Mittelpunkt, Siena!<\/p>\n<p><img decoding=\"async\" loading=\"lazy\" class=\"alignnone  wp-image-4073\" src=\"https:\/\/www.katze-sucht-mensch.ch\/wp-content\/uploads\/2025\/03\/Siena-2-300x206.png\" alt=\"\" width=\"179\" height=\"123\" srcset=\"https:\/\/www.katze-sucht-mensch.ch\/wp-content\/uploads\/2025\/03\/Siena-2-300x206.png 300w, https:\/\/www.katze-sucht-mensch.ch\/wp-content\/uploads\/2025\/03\/Siena-2-768x529.png 768w, https:\/\/www.katze-sucht-mensch.ch\/wp-content\/uploads\/2025\/03\/Siena-2.png 895w\" sizes=\"(max-width: 179px) 100vw, 179px\" \/><\/p>\n<p>\u00a0<\/p>\n<p><strong>Max&amp;Moritz<\/strong> waren von einem Tag auf den anderen ganz allein in der Wohnung. Ihr Frauchen musste ins Pflegeheim und konnte sie nicht mitnehmen. Aber jetzt kommt&#8217;s gut: in der neuen Familie in Lyss ist fast immer jemand zuhause und dann gibt es da auch noch einen grossen Balkon zum S\u00fcnnele. Nur noch ein paar Tage warten, bis er eingenetzt ist und dann kann&#8217;s losgehen!<\/p>\n<p><img decoding=\"async\" loading=\"lazy\" class=\"alignnone  wp-image-4138\" src=\"https:\/\/www.katze-sucht-mensch.ch\/wp-content\/uploads\/2025\/04\/Max-Moritz-3-224x300.png\" alt=\"\" width=\"152\" height=\"204\" srcset=\"https:\/\/www.katze-sucht-mensch.ch\/wp-content\/uploads\/2025\/04\/Max-Moritz-3-224x300.png 224w, https:\/\/www.katze-sucht-mensch.ch\/wp-content\/uploads\/2025\/04\/Max-Moritz-3.png 394w\" sizes=\"(max-width: 152px) 100vw, 152px\" \/><\/p>\n<p>\u00a0<\/p>\n<p><strong>Gounod&amp;Musetta<\/strong> wurden aus schlechter Haltung \u00fcbernommen und zwischenplatziert. Nun d\u00fcrfen die beiden ins Forever-Home z\u00fcgeln. Es geht an den Bielersee in ein Generationenhaus. Alle W\u00fcnsche erf\u00fcllt: grosses haus, viel Platz, immer offene T\u00fcren, Freigang in Garten und verkehrsarmer Umgebung, viele streichelnde H\u00e4nde, fast immer jemand zuhause. Und auf&#8217;s Futter wird auch geachtet, gell, kleiner\u00a0 Gounod? Du weisst, warum?<\/p>\n<p><img decoding=\"async\" loading=\"lazy\" class=\"alignnone  wp-image-4218\" src=\"https:\/\/www.katze-sucht-mensch.ch\/wp-content\/uploads\/2025\/04\/Gounod-Musetta-3-151x300.png\" alt=\"\" width=\"101\" height=\"201\" srcset=\"https:\/\/www.katze-sucht-mensch.ch\/wp-content\/uploads\/2025\/04\/Gounod-Musetta-3-151x300.png 151w, https:\/\/www.katze-sucht-mensch.ch\/wp-content\/uploads\/2025\/04\/Gounod-Musetta-3.png 262w\" sizes=\"(max-width: 101px) 100vw, 101px\" \/> <img decoding=\"async\" loading=\"lazy\" class=\"alignnone  wp-image-4217\" src=\"https:\/\/www.katze-sucht-mensch.ch\/wp-content\/uploads\/2025\/04\/Gounod-Musetta-2-182x300.png\" alt=\"\" width=\"120\" height=\"198\" srcset=\"https:\/\/www.katze-sucht-mensch.ch\/wp-content\/uploads\/2025\/04\/Gounod-Musetta-2-182x300.png 182w, https:\/\/www.katze-sucht-mensch.ch\/wp-content\/uploads\/2025\/04\/Gounod-Musetta-2.png 351w\" sizes=\"(max-width: 120px) 100vw, 120px\" \/><\/p>\n<p>\u00a0<\/p>\n<p><strong>Elvis <\/strong>ist 17 und gefrustet: seit dem Umzug mit seiner Familie gez\u00fcgelt kann er nicht mehr nach draussen. Damit ist der Senior so gar nicht einverstanden und kommentiert das regelm\u00e4ssig mit &#8222;Innebisle&#8220;. Auch sein Katzengsp\u00e4nli muss unter seiner schlechten Laune leiden. Aber mit schlechter Laune ist im Juni Schluss: da geht&#8217;s zu einem seniorenerprobten Paar auf seinen &#8222;Alterssitz&#8220; in Affoltern a.A., dort wird er als Alleinprinz verw\u00f6hnt werden. Und Freigang gibt&#8217;s nat\u00fcrlich auch wieder!<\/p>\n<p><img decoding=\"async\" loading=\"lazy\" class=\"alignnone  wp-image-4182\" src=\"https:\/\/www.katze-sucht-mensch.ch\/wp-content\/uploads\/2025\/04\/Elvis-3-283x300.png\" alt=\"\" width=\"197\" height=\"209\" srcset=\"https:\/\/www.katze-sucht-mensch.ch\/wp-content\/uploads\/2025\/04\/Elvis-3-283x300.png 283w, https:\/\/www.katze-sucht-mensch.ch\/wp-content\/uploads\/2025\/04\/Elvis-3.png 453w\" sizes=\"(max-width: 197px) 100vw, 197px\" \/><\/p>\n<p>\u00a0<\/p>\n<p><strong>Pipo<\/strong> verliert sein Zuhause in Graub\u00fcnden, das Haus wird abgerissen, die Besitzer k\u00f6nnen ihm zuk\u00fcnftig keinen Freigang mehr bieten. Dann lieber weiters weg z\u00fcgeln, fand der Schmusekater und suchte sich seine Dosen\u00f6ffner in Stans aus: Haus ausserhalb vom Dorf, am Waldrand, frisch pensionierte Dosen\u00f6ffner mit viel Zeit f\u00fcr seine Schmuseeinheiten. Und Schm\u00fcselen, das k\u00f6nnen sie dort, hat er gleich bei Ankunft ausprobiert und genossen!<\/p>\n<p><img decoding=\"async\" loading=\"lazy\" class=\"alignnone  wp-image-4022\" src=\"https:\/\/www.katze-sucht-mensch.ch\/wp-content\/uploads\/2025\/03\/Pipo-B.png\" alt=\"\" width=\"167\" height=\"222\" \/><\/p>\n<p>\u00a0<\/p>\n<p><strong>Balu&amp;Baghira<\/strong> waren nur noch gestresst vom Kleinkind der Familie und dann stand da noch ein Umzug an und danach w\u00e4r das Kleinkind &#8222;immer noch da&#8220;. Da geht gar nicht, fanden die beiden. Wenn schon z\u00fcgeln, dann in ein ruhiges Zuhause ohne Kleinkind, nur die beiden und ihr Dosen\u00f6ffner. Gibt es: in Schaffhausen bei einer lieben Katzenfreundin mit Erfahrung, Geduld und das Wichtigste: wieder gesichertem Balkon zum S\u00fcnnele. Endlich happy!<\/p>\n<p><img decoding=\"async\" loading=\"lazy\" class=\"alignnone  wp-image-4167\" src=\"https:\/\/www.katze-sucht-mensch.ch\/wp-content\/uploads\/2025\/04\/Balu-Baghira-1-300x227.png\" alt=\"\" width=\"210\" height=\"159\" srcset=\"https:\/\/www.katze-sucht-mensch.ch\/wp-content\/uploads\/2025\/04\/Balu-Baghira-1-300x227.png 300w, https:\/\/www.katze-sucht-mensch.ch\/wp-content\/uploads\/2025\/04\/Balu-Baghira-1.png 437w\" sizes=\"(max-width: 210px) 100vw, 210px\" \/> \u00a0 \u00a0 \u00a0<\/p>\n<p>\u00a0<\/p>\n<p><strong>Shayla&amp;Mabelle<\/strong> suchten aus gesundheitlichen Gr\u00fcnden ihrer Besitzerin ein neues Zuhause. Und das fand sich relativ schnell bei einem jungen P\u00e4rli. Wohnung mit gesichertem Balkon, viel Zeit f\u00fcr Schmuseeinheiten , Ruhe, mehr forderten sie gar nicht, sind sooo pflegeleicht! Hauptsache \u00fcberall dabei sein und keine geschlossenen T\u00fcren. Gibt&#8217;s jetzt ab sofort alles!<\/p>\n<p><img decoding=\"async\" loading=\"lazy\" class=\"alignnone  wp-image-4162\" src=\"https:\/\/www.katze-sucht-mensch.ch\/wp-content\/uploads\/2025\/04\/Shayla-Mabelle-1.png\" alt=\"\" width=\"172\" height=\"129\" \/>\u00a0 <img decoding=\"async\" loading=\"lazy\" class=\"alignnone  wp-image-4161\" src=\"https:\/\/www.katze-sucht-mensch.ch\/wp-content\/uploads\/2025\/04\/Shayla-Mabelle-2.png\" alt=\"\" width=\"132\" height=\"126\" \/><\/p>\n<p>\u00a0<\/p>\n<p><strong>Elvis&amp;Mitch<\/strong> &#8222;drohte&#8220; die Wohnungshaltung, nach dem Umzug ihrer Familie, h\u00e4tt&#8217;s keinen Freigang mehr gegeben f\u00fcr die beiden Senioren. Aber besonders Mitch ist ein kleiner Freigeist, er muss immer sehen, was draussen so vor sich geht. Nur drinnen, geht nicht. Jetzt haben die beiden zusammen ein Pl\u00e4tzli auf einem Lebenshof f\u00fcr Seniorenkatzen ergattert, Freigang und liebevolle Betreuung inklusive.<\/p>\n<p><img decoding=\"async\" loading=\"lazy\" class=\"alignnone  wp-image-4177\" src=\"https:\/\/www.katze-sucht-mensch.ch\/wp-content\/uploads\/2025\/04\/Elvis-Mitch-1-300x294.png\" alt=\"\" width=\"173\" height=\"170\" srcset=\"https:\/\/www.katze-sucht-mensch.ch\/wp-content\/uploads\/2025\/04\/Elvis-Mitch-1-300x294.png 300w, https:\/\/www.katze-sucht-mensch.ch\/wp-content\/uploads\/2025\/04\/Elvis-Mitch-1.png 347w\" sizes=\"(max-width: 173px) 100vw, 173px\" \/><\/p>\n<p>\u00a0<\/p>\n<p><strong>Nela <\/strong>suchte ein Zuhause, wo sie wieder mehr im Mittelpunkt stehen darf und nicht aus Zeitmangel zu kurz kommt, nur F\u00fcttern und Kistlimachen reich ihr einfach nicht. Und ein liebes Katzengsp\u00e4nli w\u00fcnschte sie sich auch. Bekommt sie alles nach den Osterferien: tolle Familie mit vielen streichelnden H\u00e4nden, eine liebesgleichaltrige Katzenfreundin, grosses Haus mit noch gr\u00f6sserem Garten. Was will eine Nela mehr?<\/p>\n<p><img decoding=\"async\" loading=\"lazy\" class=\"alignnone  wp-image-4122\" src=\"https:\/\/www.katze-sucht-mensch.ch\/wp-content\/uploads\/2025\/03\/Nela-2-271x300.png\" alt=\"\" width=\"202\" height=\"224\" srcset=\"https:\/\/www.katze-sucht-mensch.ch\/wp-content\/uploads\/2025\/03\/Nela-2-271x300.png 271w, https:\/\/www.katze-sucht-mensch.ch\/wp-content\/uploads\/2025\/03\/Nela-2.png 478w\" sizes=\"(max-width: 202px) 100vw, 202px\" \/><\/p>\n<p>\u00a0<\/p>\n<p><strong>Juni&amp;Cheeky <\/strong>sind endlich wieder entspannt, kein Baby- und Kleinkinder-Stress. Endlich wieder im Mittelpunkt, nur die beiden und ihre Dosen\u00f6ffnerin im Aargau. Und nat\u00fcrlich Aussicht vom gesicherten Balkon, man ist ja neugierig und will die Umgebung beobachten. Und ganz wichtig: keine Zimmerpflanzen zum Anknabbern. Der fehlende gr\u00fcne Daumen ist bei den beiden Gold wert!<\/p>\n<p><strong> <img decoding=\"async\" loading=\"lazy\" class=\"alignnone  wp-image-4058\" src=\"https:\/\/www.katze-sucht-mensch.ch\/wp-content\/uploads\/2025\/03\/Juni-Cheeky-1-300x210.png\" alt=\"\" width=\"189\" height=\"132\" srcset=\"https:\/\/www.katze-sucht-mensch.ch\/wp-content\/uploads\/2025\/03\/Juni-Cheeky-1-300x210.png 300w, https:\/\/www.katze-sucht-mensch.ch\/wp-content\/uploads\/2025\/03\/Juni-Cheeky-1.png 592w\" sizes=\"(max-width: 189px) 100vw, 189px\" \/>\u00a0 <img decoding=\"async\" loading=\"lazy\" class=\"alignnone  wp-image-4059\" src=\"https:\/\/www.katze-sucht-mensch.ch\/wp-content\/uploads\/2025\/03\/Juni-Cheeky-2-300x208.png\" alt=\"\" width=\"192\" height=\"133\" srcset=\"https:\/\/www.katze-sucht-mensch.ch\/wp-content\/uploads\/2025\/03\/Juni-Cheeky-2-300x208.png 300w, https:\/\/www.katze-sucht-mensch.ch\/wp-content\/uploads\/2025\/03\/Juni-Cheeky-2.png 435w\" sizes=\"(max-width: 192px) 100vw, 192px\" \/><\/strong><\/p>\n<p>\u00a0<\/p>\n<p><strong>Jaimie<\/strong> suchte ein neues Zuhause, weil er wegen dem Baby und den Hunden in der Familie f\u00fcr seinen Geschmack viel zu kurz kam. Einfach Menschen mit viel Zeit zum Kuscheln, das w\u00fcnschte er sich so sehr. Und fand es bei einem lieben P\u00e4rchen in Reinach. Eine soziale 17j. Katzenfreundin, die ihr Gsp\u00e4ndli verloren hat, gibt&#8217;s gleich noch dazu. Und das Allerbeste: Jaimie darf seine beiden Freundinnen <strong>Chanel&amp;Loretta\u00a0<\/strong>gleich mitbringen. Drei auf einen Streich, die Erstkatze wird sich wundern!<\/p>\n<p><img decoding=\"async\" loading=\"lazy\" class=\"alignnone  wp-image-4091\" src=\"https:\/\/www.katze-sucht-mensch.ch\/wp-content\/uploads\/2025\/03\/Jaimie-1-300x224.png\" alt=\"\" width=\"187\" height=\"139\" srcset=\"https:\/\/www.katze-sucht-mensch.ch\/wp-content\/uploads\/2025\/03\/Jaimie-1-300x224.png 300w, https:\/\/www.katze-sucht-mensch.ch\/wp-content\/uploads\/2025\/03\/Jaimie-1.png 310w\" sizes=\"(max-width: 187px) 100vw, 187px\" \/>\u00a0 \u00a0<img decoding=\"async\" loading=\"lazy\" class=\"alignnone  wp-image-4090\" src=\"https:\/\/www.katze-sucht-mensch.ch\/wp-content\/uploads\/2025\/03\/Chanel-Loretta-1.png\" alt=\"\" width=\"199\" height=\"140\" \/>\u00a0 \u00a0<img decoding=\"async\" loading=\"lazy\" class=\"alignnone  wp-image-4089\" src=\"https:\/\/www.katze-sucht-mensch.ch\/wp-content\/uploads\/2025\/03\/Chanel-Loretta-0.png\" alt=\"\" width=\"193\" height=\"143\" \/><\/p>\n<p>\u00a0<\/p>\n<p><strong>Johnny <\/strong>war gar nicht mehr happy: erst das Kleinkind, dann eine Trennung, vermehrte Berufst\u00e4tigkeit, Zeitmangel und dann noch der anstehende Umzug in eine Wohnung ohne Freigangm\u00f6glichkeit. Nein, danke, nichts f\u00fcr Johnny. Er wollte wieder einen stabilen, ruhigen Haushalt, mit der M\u00f6glichkeit, nach draussen zu gehen (also bei Sch\u00f6nwetter wohlgemerkt. Gibt&#8217;s jetzt alles und er darf sogar im Kanton Z\u00fcrich bleiben. Endlich dreht sich wieder alles nur um ihn!<\/p>\n<p><img decoding=\"async\" loading=\"lazy\" class=\"alignnone  wp-image-4054\" src=\"https:\/\/www.katze-sucht-mensch.ch\/wp-content\/uploads\/2025\/03\/Johnny-1-247x300.png\" alt=\"\" width=\"158\" height=\"192\" srcset=\"https:\/\/www.katze-sucht-mensch.ch\/wp-content\/uploads\/2025\/03\/Johnny-1-247x300.png 247w, https:\/\/www.katze-sucht-mensch.ch\/wp-content\/uploads\/2025\/03\/Johnny-1.png 305w\" sizes=\"(max-width: 158px) 100vw, 158px\" \/><\/p>\n<p>\u00a0<\/p>\n<p><strong>Charly&amp;Finettli <\/strong>sind Waisen, ihr Frauchen ist verstorben. Die Familie h\u00e4tt sie so gern aufgenommen, aber sie f\u00fchlten sich dort \u00fcberhaupt nicht wohl, der Trubel durch kleine Kinder und der Hund, das war ihnen definitiv zu viel. Aber jetzt gibt&#8217;s ein Happy End, ganz allein zu zweit bei einer lieben, geduldigen u katzenerfahrenen Pension\u00e4rin in V\u00e4ttis. Auf der gesicherten Veranda den Ausblick geniessen, etwas im Gew\u00fcrzgarten schnuppern und einfach geniessen. So macht das Leben wieder Spass, Ihr 2!<\/p>\n<p><img decoding=\"async\" loading=\"lazy\" class=\"alignnone  wp-image-4108\" src=\"https:\/\/www.katze-sucht-mensch.ch\/wp-content\/uploads\/2025\/03\/Charly-Finettli-1-300x250.png\" alt=\"\" width=\"208\" height=\"173\" srcset=\"https:\/\/www.katze-sucht-mensch.ch\/wp-content\/uploads\/2025\/03\/Charly-Finettli-1-300x250.png 300w, https:\/\/www.katze-sucht-mensch.ch\/wp-content\/uploads\/2025\/03\/Charly-Finettli-1.png 446w\" sizes=\"(max-width: 208px) 100vw, 208px\" \/>\u00a0<\/p>\n<p>\u00a0<\/p>\n<p><strong>Luna&amp;Lio<\/strong> sind Trennungsopfer und suchten ein ganz spezielles Zuhause, sind sie doch anfangs sehr \u00e4ngstlich und schreckhaft: ruhig, verst\u00e4ndnisvoll und geduldig sollten die neuen Menschen sein. Und Freigang auf dem Land. Und genau das gibt&#8217;s jetzt noch vor Ostern, bei einem katzenerfahrenen Paar, Haus mit Terrasse, am Rand einer Landwirtschaftszone. Und fast immer jemand da, der die beiden Angsthasen&#8220; besch\u00fctzt!<\/p>\n<p><img decoding=\"async\" loading=\"lazy\" class=\"alignnone  wp-image-3995\" src=\"https:\/\/www.katze-sucht-mensch.ch\/wp-content\/uploads\/2025\/02\/Luna-Lio-3-300x258.png\" alt=\"\" width=\"151\" height=\"130\" srcset=\"https:\/\/www.katze-sucht-mensch.ch\/wp-content\/uploads\/2025\/02\/Luna-Lio-3-300x258.png 300w, https:\/\/www.katze-sucht-mensch.ch\/wp-content\/uploads\/2025\/02\/Luna-Lio-3.png 506w\" sizes=\"(max-width: 151px) 100vw, 151px\" \/> <img decoding=\"async\" loading=\"lazy\" class=\"alignnone  wp-image-3994\" src=\"https:\/\/www.katze-sucht-mensch.ch\/wp-content\/uploads\/2025\/02\/Luna-Lio-2.png\" alt=\"\" width=\"186\" height=\"129\" \/><\/p>\n<p>\u00a0<\/p>\n<p><strong>Felix<\/strong> will und kann nicht mit seinem Frauchen auswandern, also musste ein neues Zuhause in der\u00a0 Schweiz her. Ein ruhiges Zuhause mit Freigangm\u00f6glichkeit und geduldigen Menschen mit viel Zeit f\u00fcr seine Clicker-Trainingseinheiten, das hat sich der sch\u00fcchterne Felix so sehr gew\u00fcnscht. Und es hat geklappt, grad noch rechtzeitig vor Wohnungsaufl\u00f6sung durfte er zu einem pensionierten Ehepaar nach M\u00f6riken z\u00fcgeln. Kommt gut, Felix!<\/p>\n<p><img decoding=\"async\" loading=\"lazy\" class=\"alignnone  wp-image-4009\" src=\"https:\/\/www.katze-sucht-mensch.ch\/wp-content\/uploads\/2025\/03\/Felix-2.png\" alt=\"\" width=\"178\" height=\"238\" \/><\/p>\n<p>\u00a0<\/p>\n<p><strong>Pomie <\/strong>hat die erste Nacht im neuen Zuhause bereits im Menschenbett\u00a0 (statt Tomatenbeet, wie er&#8217;s so liebt, daher auch sein Name) verbracht. Endlich wieder Menschen, die ihn liebhaben und zu denen er geh\u00f6ren darf. Er ist mit 15 Jahren unverschuldet Trennungswaise geworden und ward nicht mehr gewollt, aber das ist jetzt Vergangenheit. Erst mal sich drinnen angew\u00f6hnen und im Fr\u00fchjahr hilft er dann gern wieder draussen mit beim G\u00e4rtnern im Tomatenbeet. Pomie&#8217;s neues Paradies in Rubigen!<\/p>\n<p><img decoding=\"async\" loading=\"lazy\" class=\"alignnone  wp-image-3984\" src=\"https:\/\/www.katze-sucht-mensch.ch\/wp-content\/uploads\/2025\/02\/Pommy-0-224x300.png\" alt=\"\" width=\"177\" height=\"237\" srcset=\"https:\/\/www.katze-sucht-mensch.ch\/wp-content\/uploads\/2025\/02\/Pommy-0-224x300.png 224w, https:\/\/www.katze-sucht-mensch.ch\/wp-content\/uploads\/2025\/02\/Pommy-0.png 234w\" sizes=\"(max-width: 177px) 100vw, 177px\" \/><\/p>\n<p>\u00a0<\/p>\n<p><strong>Winnie <\/strong>hat sich&#8217;s schon in seiner Z\u00fcgelkiste bequem gemacht. Endlich geht&#8217;s los in sein neues Zuhause. Endlich Alleinprinz und kein Hund und keine Katze, die ihn nur stressen. Nur er und seine neue Dosen\u00f6ffnerin. Nie wieder eifers\u00fcchtig sein. Immer jemand da zu Unterhaltung. Und nat\u00fcrlich Freigang. Das alles hat er sich so gew\u00fcnscht, der Winnie!<\/p>\n<p><img decoding=\"async\" loading=\"lazy\" class=\"alignnone  wp-image-3913\" src=\"https:\/\/www.katze-sucht-mensch.ch\/wp-content\/uploads\/2025\/01\/Winnie-5-217x300.png\" alt=\"\" width=\"188\" height=\"260\" srcset=\"https:\/\/www.katze-sucht-mensch.ch\/wp-content\/uploads\/2025\/01\/Winnie-5-217x300.png 217w, https:\/\/www.katze-sucht-mensch.ch\/wp-content\/uploads\/2025\/01\/Winnie-5.png 361w\" sizes=\"(max-width: 188px) 100vw, 188px\" \/><\/p>\n<p>\u00a0<\/p>\n<p><strong>Lenny&amp;Henry<\/strong> wurden aus schlechter Haltung gerettet und aufgep\u00e4ppelt. Und jetzt waren sie bereit f\u00fcr den gemeinsamen Start ins Leben. Bei lieben Katzenfreunden mit viel Zeit f\u00fcr die geliebten Streicheleinheiten. Und nat\u00fcrlich Freigang zum die Welt-Erkunden! Nur noch die Eingew\u00f6hnungszeit aussitzen und dann kann&#8217;s losgehen. Rechtzeitig zum Fr\u00fchling!<\/p>\n<p><img decoding=\"async\" loading=\"lazy\" class=\"alignnone  wp-image-3816\" src=\"https:\/\/www.katze-sucht-mensch.ch\/wp-content\/uploads\/2025\/01\/Lenny-Henry-2.png\" alt=\"\" width=\"178\" height=\"135\" \/> <img decoding=\"async\" loading=\"lazy\" class=\"alignnone  wp-image-3817\" src=\"https:\/\/www.katze-sucht-mensch.ch\/wp-content\/uploads\/2025\/01\/Lenny-Henry-3.png\" alt=\"\" width=\"198\" height=\"135\" \/><\/p>\n<p>\u00a0<\/p>\n<p><strong>Lana<\/strong>\u00a0wurde von einem Auto angefahren und von einer lieben Tierfreundin aufgep\u00e4ppelt. Leider kann sie nicht alle Fundtiere aufnehmen, also suchte Lana ein eigenes Zuhause. Und das hat sie k\u00fcrzlich gefunden: bei lieben Katzenfreunden auf dem Land. Ihr geliebter Freigang ist gesichert. Den auf den m\u00f6chte sie trotz der unliebsamen Begegnung mit dem Auto nicht verzichten. Muss sie auch nicht!<\/p>\n<p><img decoding=\"async\" loading=\"lazy\" class=\"alignnone  wp-image-3813\" src=\"https:\/\/www.katze-sucht-mensch.ch\/wp-content\/uploads\/2025\/01\/Lana-1.png\" alt=\"\" width=\"177\" height=\"200\" \/><\/p>\n<p>\u00a0<\/p>\n<p><strong>Charly&#8217;s\u00a0<\/strong>Frauchen ist ganz unerwartet verstorben und so suchte der sch\u00fcchterne Schwarze ganz dringend wieder ein eigenes Zuhause. Leider fand sich das auf die Schnelle nicht und er musste noch kurzfristig in die Katzenauffangstation des Tierschutzes Thun z\u00fcgeln. Aber kaum angekommen, ging&#8217;s auch schon in sein neues &#8222;massgeschneidertes&#8220; Zuhause mit Freigang. Alles Gute, lieber Charly!\u00a0<\/p>\n<p><img decoding=\"async\" loading=\"lazy\" class=\"alignnone  wp-image-3938\" src=\"https:\/\/www.katze-sucht-mensch.ch\/wp-content\/uploads\/2025\/02\/Charly.png\" alt=\"\" width=\"178\" height=\"179\" srcset=\"https:\/\/www.katze-sucht-mensch.ch\/wp-content\/uploads\/2025\/02\/Charly.png 275w, https:\/\/www.katze-sucht-mensch.ch\/wp-content\/uploads\/2025\/02\/Charly-150x150.png 150w\" sizes=\"(max-width: 178px) 100vw, 178px\" \/><\/p>\n<p>\u00a0<\/p>\n<p><strong>Simba<\/strong> w\u00fcrde nach dem Hausverkauf keinen Freigang mehr geniessen k\u00f6nnen, da wollte er doch lieber z\u00fcgeln. Freigang ist ein Muss f\u00fcr ihn, zwar nicht weit, aber immer mal wieder raus. Und das darf er jetzt dann auch wieder (nach Eingew\u00f6hnungszeit), er ist nach B\u00e4rau gez\u00fcgelt zu einer lieben \u00e4lteren Dame mit viel Zeit f\u00fcr ihn und seine Schmuse- und Plauderstunden. Und das wird der Sch\u00f6nwetterfreig\u00e4nger sicher gern geniessen, vor allem bei schlechtem Wetter \ud83d\ude09 !\u00a0<\/p>\n<p><img decoding=\"async\" loading=\"lazy\" class=\"alignnone  wp-image-3960\" src=\"https:\/\/www.katze-sucht-mensch.ch\/wp-content\/uploads\/2025\/02\/Simba-0-300x205.png\" alt=\"\" width=\"220\" height=\"150\" srcset=\"https:\/\/www.katze-sucht-mensch.ch\/wp-content\/uploads\/2025\/02\/Simba-0-300x205.png 300w, https:\/\/www.katze-sucht-mensch.ch\/wp-content\/uploads\/2025\/02\/Simba-0.png 615w\" sizes=\"(max-width: 220px) 100vw, 220px\" \/><\/p>\n<p>\u00a0<\/p>\n<p><strong>Plume&#8217;s <\/strong>Frauchen ist verstorben, seitdem lebt sie bei der Familie, f\u00fchlt sich dort aber so gar nicht wohl. Jeder geht arbeiten, keiner hat Zeit f\u00fcr ihre Schmuseeinheiten. Sie w\u00fcnschte sich so sehr wieder jemanden, der tags\u00fcber zuhause ist, mit ihr schm\u00fcselt und spielt und einfach f\u00fcr sie da ist. Gibt&#8217;s seit dem Wochenende in Ittigen: ein pensioniertes Ehepaar mit viel Zeit, zwei Enkelt\u00f6chter mit vielen Spielideen, ein gesicherter Balkon mit viel Aussicht. Genau das hatte sich Plume gew\u00fcnscht!<\/p>\n<p><img decoding=\"async\" loading=\"lazy\" class=\"alignnone  wp-image-3959\" src=\"https:\/\/www.katze-sucht-mensch.ch\/wp-content\/uploads\/2025\/02\/Plume-0.png\" alt=\"\" width=\"183\" height=\"233\" \/><\/p>\n<p>\u00a0<\/p>\n<p><strong>S\u00e4mi <\/strong>protestierte mit gelegentlicher Unsauberkeit gegen den Trubel, den die Enkelkinder des Hauses mit sich brachten. Er ist&#8217;s ruhig und gem\u00fctlich gewohnt. Alleinprinz, das wollte er wieder sein. Und das darf er auch schon in ein paar Tagen: bei einer lieben Katzenfreundin im Aargau. Auf dem Schoss h\u00f6ckeln und schm\u00fcseln und nach Eingew\u00f6hnungszeit den grossen Garten erkunden, das werden bald wieder seine Lieblingsbesch\u00e4ftigungen sein. Viel Spass, S\u00e4mi, Du wirst schon sehnlichst erwartet!<\/p>\n<p>.<img decoding=\"async\" loading=\"lazy\" class=\"alignnone  wp-image-3956\" src=\"https:\/\/www.katze-sucht-mensch.ch\/wp-content\/uploads\/2025\/02\/Saemi-0-300x174.png\" alt=\"\" width=\"216\" height=\"125\" srcset=\"https:\/\/www.katze-sucht-mensch.ch\/wp-content\/uploads\/2025\/02\/Saemi-0-300x174.png 300w, https:\/\/www.katze-sucht-mensch.ch\/wp-content\/uploads\/2025\/02\/Saemi-0.png 322w\" sizes=\"(max-width: 216px) 100vw, 216px\" \/><\/p>\n<p>\u00a0<\/p>\n<p><strong>George<\/strong> ist ein Diabetiker, muss aber noch eingestellt werden. Ein ganz lustiger Kater, der alles brav mitmacht. Leider konnte sein Frauchen das aus Altersgr\u00fcnden nicht leisten. Es fand sich schnell jemand, der sich darum k\u00fcmmern wollte, jedoch leider nicht die n\u00f6tige Geduld aufbrachte und nach 2 (!) Tagen bereits aufgab. Schade f\u00fcr den lieben George, aber jetzt darf er erst mal beim Verein handicapcats wohnen, wird dort eingestellt und startet danach einen 2. Versuch. Das klappt ganz bestimmt, George!<\/p>\n<p><img decoding=\"async\" loading=\"lazy\" class=\"alignnone  wp-image-3942\" src=\"https:\/\/www.katze-sucht-mensch.ch\/wp-content\/uploads\/2025\/02\/George-237x300.png\" alt=\"\" width=\"184\" height=\"233\" srcset=\"https:\/\/www.katze-sucht-mensch.ch\/wp-content\/uploads\/2025\/02\/George-237x300.png 237w, https:\/\/www.katze-sucht-mensch.ch\/wp-content\/uploads\/2025\/02\/George.png 486w\" sizes=\"(max-width: 184px) 100vw, 184px\" \/><\/p>\n<p>\u00a0<\/p>\n<p><strong>Gwendolina&#8217;s<\/strong> Besitzer musste ins Altersheim \u00fcbersiedeln, er konnte sie nicht mehr versorgen und leider auch nicht mitnehmen. So z\u00fcgelte sie vor\u00fcbergehend in ein Katzenheim. Aber nicht lange, kaum ausgeschrieben hat sie auch schon die ersten Interessenten um die schwarze Pfote gewickelt. Ab sofort &#8222;regiert&#8220; sie als Alleinprinzessin \u00fcber ihre neue Wohnung und ihren neuen Balkon &#8230; und ihre neuen Dosen\u00f6ffner nat\u00fcrlich!<\/p>\n<p><img decoding=\"async\" loading=\"lazy\" class=\"alignnone  wp-image-3933\" src=\"https:\/\/www.katze-sucht-mensch.ch\/wp-content\/uploads\/2025\/02\/Gwendolina-2-300x186.png\" alt=\"\" width=\"187\" height=\"116\" srcset=\"https:\/\/www.katze-sucht-mensch.ch\/wp-content\/uploads\/2025\/02\/Gwendolina-2-300x186.png 300w, https:\/\/www.katze-sucht-mensch.ch\/wp-content\/uploads\/2025\/02\/Gwendolina-2.png 408w\" sizes=\"(max-width: 187px) 100vw, 187px\" \/><\/p>\n<p>\u00a0<\/p>\n<p><strong>Linus&#8216; <\/strong>Frauchen ist verstorben und der Kleine seitdem allein auf dieser Welt. Er wurde zwar noch versorgt, aber er w\u00fcnschte sich doch so gern wieder ein eigenes Zuhause mit einem eigenen Dosen\u00f6ffner. Einer, der ein Fan von roten Charakterkatern ist und sich nicht an dem fehlenden Auge st\u00f6rt, genauso wie Linus sich nicht dran st\u00f6rt. Gab&#8217;s jetzt grad k\u00fcrzlich, mit Freigang in verkehrsarmer Umgebung, durch T\u00f6rli (nach Eingew\u00f6hnungszeit nat\u00fcrlich. Alles wird wieder gut, Linus!<\/p>\n<p><img decoding=\"async\" loading=\"lazy\" class=\"alignnone  wp-image-3878\" src=\"https:\/\/www.katze-sucht-mensch.ch\/wp-content\/uploads\/2025\/01\/Linus-1-300x268.png\" alt=\"\" width=\"187\" height=\"167\" srcset=\"https:\/\/www.katze-sucht-mensch.ch\/wp-content\/uploads\/2025\/01\/Linus-1-300x268.png 300w, https:\/\/www.katze-sucht-mensch.ch\/wp-content\/uploads\/2025\/01\/Linus-1.png 419w\" sizes=\"(max-width: 187px) 100vw, 187px\" \/><\/p>\n<p>\u00a0<\/p>\n<p><strong>Tigi<\/strong> war ganz traurig: Frauchen ins Spital und danach ins Heim, Tigi allein zuhause. Sie h\u00e4tt doch so gern wieder jemanden genau so Liebes wie ihr Frauchen. Jemanden, der sie genauso lieb hat und mit ihr kuschelt. Und es ging ganz schnell: morgens gemeldet, mittags schon die ersten Interessenten und abends wird gez\u00fcgelt, ganz in die N\u00e4he zu einem lieben pensionierten Paar mit viel Katzenerfahrung und Zeit f\u00fcr die scheue Tigerin. Tigi, das ist der 6er im (Katzen)-Lotto!<\/p>\n<p><img decoding=\"async\" loading=\"lazy\" class=\"alignnone  wp-image-3919\" src=\"https:\/\/www.katze-sucht-mensch.ch\/wp-content\/uploads\/2025\/01\/Tigi-300x273.png\" alt=\"\" width=\"188\" height=\"171\" srcset=\"https:\/\/www.katze-sucht-mensch.ch\/wp-content\/uploads\/2025\/01\/Tigi-300x273.png 300w, https:\/\/www.katze-sucht-mensch.ch\/wp-content\/uploads\/2025\/01\/Tigi.png 597w\" sizes=\"(max-width: 188px) 100vw, 188px\" \/><\/p>\n<p>\u00a0<\/p>\n<p><strong>Syndi<\/strong> h\u00e4tte nach dem Umzug ihrer Besitzerin auf den heissgeliebten Freigang verzichten m\u00fcssen. Geht gar nicht, fand sie, und schrieb einen (versp\u00e4teten) Weihnachts-Wunschzettel. Liebe Menschen mit viel Zeit f\u00fcr sie und eben Freigang, mehr wollte sie gar nicht. Gibt&#8217;s jetzt in Bremgarten: grosses Haus mit T\u00f6rli in den spannenden Garten mit Obstb\u00e4umen und Gem\u00fcsegarten und &#8230; und einem pensionierten Paar, das sie nach Strich und Faden verw\u00f6hnen wird. W\u00fcnsche werden wahr, Syndi!<\/p>\n<p><img decoding=\"async\" loading=\"lazy\" class=\"alignnone  wp-image-3848\" src=\"https:\/\/www.katze-sucht-mensch.ch\/wp-content\/uploads\/2025\/01\/Syndi-1.jpg\" alt=\"\" width=\"186\" height=\"233\" \/><\/p>\n<p>\u00a0<\/p>\n<p><strong>Chnoque&amp;Tedy<\/strong> suchten wegen gesundheitlicher Probleme ihrer Besitzerin ein neues Zuhause. Wieder liebe Menschen, viel Platz und Freigang standen ganz oben auf ihrer Wunschliste. Gibt es alles ab sofort in Adelboden. Und zwei liebe Katzengsp\u00e4nli noch als Zusatzgabe. Zu viert haben sie dann definitiv die Oberhand, \u00e4h Oberpfote im Haus!<\/p>\n<p><img decoding=\"async\" loading=\"lazy\" class=\"alignnone  wp-image-3832\" src=\"https:\/\/www.katze-sucht-mensch.ch\/wp-content\/uploads\/2025\/01\/Chnoque-Tedy-3-1.png\" alt=\"\" width=\"142\" height=\"166\" \/>\u00a0 \u00a0 <img decoding=\"async\" loading=\"lazy\" class=\"alignnone  wp-image-3827\" src=\"https:\/\/www.katze-sucht-mensch.ch\/wp-content\/uploads\/2025\/01\/Chnoque-Tedy-4.png\" alt=\"\" width=\"125\" height=\"168\" \/><\/p>\n<p>\u00a0<\/p>\n<p><strong>Leon <\/strong>ist von heute auf morgen Waise geworden, sein Frauchen ist verstorben. Er konnte von der Familie zwar platziert werden, Leon und seine neue Besitzerin waren aber so gar nicht gl\u00fccklich miteinander. Also startet Leon jetzt einen 2. Versuch bei lieben Katzenfreunden, die dem scheuen Kater alle Zeit der Welt geben um anzukommen. Das wird schon wieder, Leon, Du wirst sehen, diesmal klappt&#8217;s!<\/p>\n<p><img decoding=\"async\" loading=\"lazy\" class=\"alignnone size-full wp-image-3866\" src=\"https:\/\/www.katze-sucht-mensch.ch\/wp-content\/uploads\/2025\/01\/Leon-2.png\" alt=\"\" width=\"197\" height=\"170\" \/><\/p>\n<p>\u00a0<\/p>\n<p><strong>Fluffy&amp;Fenja<\/strong> wurden aus schlechter Haltung gerettet und aufgep\u00e4ppelt. Jetzt sind sie bereit f\u00fcr die grosse weite Welt. Und die liegt f\u00fcr sie in Basel-Land, bei einem katzenerfahrenen Ehepaar mit Haus, angrenzend zu Wiesen, Wald und Rebbergen. Ein kleines Paradies f\u00fcr die beiden. Jetzt erst noch die Eingew\u00f6hnungszeit &#8222;absitzen&#8220; und die Kastration \u00fcber sich ergehen lassen &#8230; und dann kann&#8217;s losgehen mit ihren Entdeckungstouren!<\/p>\n<p><img decoding=\"async\" loading=\"lazy\" class=\"alignnone  wp-image-3821\" src=\"https:\/\/www.katze-sucht-mensch.ch\/wp-content\/uploads\/2025\/01\/Fenja-Fluffy-1.png\" alt=\"\" width=\"186\" height=\"153\" \/>\u00a0 \u00a0 <img decoding=\"async\" loading=\"lazy\" class=\"alignnone  wp-image-3822\" src=\"https:\/\/www.katze-sucht-mensch.ch\/wp-content\/uploads\/2025\/01\/Fenja-Fluffy-2-268x300.png\" alt=\"\" width=\"138\" height=\"154\" srcset=\"https:\/\/www.katze-sucht-mensch.ch\/wp-content\/uploads\/2025\/01\/Fenja-Fluffy-2-268x300.png 268w, https:\/\/www.katze-sucht-mensch.ch\/wp-content\/uploads\/2025\/01\/Fenja-Fluffy-2.png 289w\" sizes=\"(max-width: 138px) 100vw, 138px\" \/><\/p>\n<p>\u00a0<\/p>\n<p><strong>Lio<\/strong> ist ein kleiner, dominanter Macho, der sogar den Hund des Hauses schwer einsch\u00fcchterte. Er will definitiv Herr des Hauses sein. Und das darf er jetzt auch, in Winterthur bei einer lieben Familie mit vielen streichelnden H\u00e4nden und viel Zeit und Lust auf das eine oder andere Spielchen. 4 &#8222;Bedienstete&#8220;, ganz nach Lio&#8217;s Geschmack!<\/p>\n<p><img decoding=\"async\" loading=\"lazy\" class=\"alignnone  wp-image-3856\" src=\"https:\/\/www.katze-sucht-mensch.ch\/wp-content\/uploads\/2025\/01\/Lio-1-212x300.png\" alt=\"\" width=\"186\" height=\"263\" srcset=\"https:\/\/www.katze-sucht-mensch.ch\/wp-content\/uploads\/2025\/01\/Lio-1-212x300.png 212w, https:\/\/www.katze-sucht-mensch.ch\/wp-content\/uploads\/2025\/01\/Lio-1.png 317w\" sizes=\"(max-width: 186px) 100vw, 186px\" \/><\/p>\n<p>\u00a0<\/p>\n<p><strong>Micky&amp;Nala <\/strong>wurden vor Kurzem zu Waisen, ihr Frauchen ist verstorben. Sie hatten nur einen Wunsch: wieder so ein tolles Zuhause wie bislang. Kein Problem, das konnten wir &#8222;liefern&#8220;: am Wochenende wird nach Schmerikon gez\u00fcgelt, in die Attikawohnung einer lieben Katzenfreundin, wo ein riesiger Balkon auf die beiden wartet. Von dort aus sieht man alles, wirklich alles, das wird spannend werden!<\/p>\n<p><img decoding=\"async\" loading=\"lazy\" class=\"alignnone  wp-image-3766\" src=\"https:\/\/www.katze-sucht-mensch.ch\/wp-content\/uploads\/2024\/12\/Micky-Nala-0-300x256.png\" alt=\"\" width=\"209\" height=\"178\" srcset=\"https:\/\/www.katze-sucht-mensch.ch\/wp-content\/uploads\/2024\/12\/Micky-Nala-0-300x256.png 300w, https:\/\/www.katze-sucht-mensch.ch\/wp-content\/uploads\/2024\/12\/Micky-Nala-0.png 338w\" sizes=\"(max-width: 209px) 100vw, 209px\" \/><\/p>\n<p>\u00a0<\/p>\n<p><strong>Amari<\/strong> ist zur gut f\u00fcr diese Welt, immer wieder kam sie mit Blessuren, die wohl von anderen Katzen stammten, nach Hause. Und dann stand auch noch ein Umzug in eine Wohnung ohne M\u00f6glichkeit zum Freigang an. Grund genug f\u00fcr die Karth\u00e4userin, heute zu einer tollen Familie nach L\u00fcscherz zu z\u00fcgeln. Bald gibt&#8217;s Freigang in katzenarmer Umgebung. Und bis dahin ist Schm\u00fcsele angesagt. Hat sie gleich bei Ankunft mit dem Hausherrn ausprobiert. Passt perfekt, findet Amari!<\/p>\n<p><img decoding=\"async\" loading=\"lazy\" class=\"alignnone  wp-image-3770\" src=\"https:\/\/www.katze-sucht-mensch.ch\/wp-content\/uploads\/2024\/12\/Amari-2.png\" alt=\"\" width=\"186\" height=\"183\" \/><\/p>\n<p>\u00a0<\/p>\n<p><strong>Hazel<\/strong> ist endlich wieder happy. Famili\u00e4re Ver\u00e4nderungen und &#8222;b\u00f6se&#8220; Katzen in ihrem Revier hatten ihr so sehr zu schaffen gemacht, dass sie sich fast nur noch zum Essen nach Hause traute. Damit ist jetzt Schluss: sie wohnt seit ein paar Tagen bei einer lieben Katzenfreundin in Kaufdorf, nur sie und Hazel und keine &#8222;b\u00f6sen&#8220; Katzen in der Umgebung. Sie darf dort in ihrem Tempo ankommen und nach einigen Wochen auch wieder nach draussen. Kommt gut, Hazel!<\/p>\n<p><img decoding=\"async\" loading=\"lazy\" class=\"alignnone  wp-image-3554\" src=\"https:\/\/www.katze-sucht-mensch.ch\/wp-content\/uploads\/2024\/10\/Hazel-2.png\" alt=\"\" width=\"224\" height=\"116\" \/><\/p>\n<p>\u00a0<\/p>\n<p><strong>DaVinci&amp;Vajana<\/strong> suchten ein neues Zuhause, da ihre Familie auf eine gr\u00f6ssere Reise geht und sie nicht mitk\u00f6nnen. Ihre W\u00fcnsche: Zusammenbleiben, Freigang, liebe Dosen\u00f6ffner, keine Weltreise. Alles erf\u00fcllt, heute wurde gez\u00fcgelt. Nur noch die Eingew\u00f6hnungszeit &#8222;absitzen&#8220; und dann geht&#8217;s wieder raus in die Natur. Die Wartezeit ist kein Problem, ist ja grad kalt und eisig, dann lieber erst mal das Zuhause drinnen erkunden!<\/p>\n<p><img decoding=\"async\" loading=\"lazy\" class=\"alignnone size-full wp-image-3776\" src=\"https:\/\/www.katze-sucht-mensch.ch\/wp-content\/uploads\/2024\/12\/DaVinci-Vajana-4.png\" alt=\"\" width=\"215\" height=\"153\" \/> <img decoding=\"async\" loading=\"lazy\" class=\"alignnone  wp-image-3777\" src=\"https:\/\/www.katze-sucht-mensch.ch\/wp-content\/uploads\/2024\/12\/DaVinci-Vajana-1.png\" alt=\"\" width=\"143\" height=\"154\" \/><\/p>\n<p>\u00a0<\/p>\n<p><strong>Pitschi\u00a0<\/strong>h\u00e4tte nach dem Umzug ihrer Familie keinen Freigang mehr geniessen k\u00f6nnen. Geht gar nicht fand sie. Dann lieber ein neues Zuhause! und das gibt&#8217;s jetzt noch im Januar, bei einer lieben Katzenfreundin, die sogar noch Gsp\u00e4nli f\u00fcr Pitschi bietet. Und vor allem: Freigang ins Gr\u00fcne. So hat sich Pitschi das gew\u00fcnscht!<\/p>\n<p><img decoding=\"async\" loading=\"lazy\" class=\"alignnone  wp-image-3611\" src=\"https:\/\/www.katze-sucht-mensch.ch\/wp-content\/uploads\/2024\/10\/Pitschi-0-225x300.jpeg\" alt=\"\" width=\"171\" height=\"228\" srcset=\"https:\/\/www.katze-sucht-mensch.ch\/wp-content\/uploads\/2024\/10\/Pitschi-0-225x300.jpeg 225w, https:\/\/www.katze-sucht-mensch.ch\/wp-content\/uploads\/2024\/10\/Pitschi-0-rotated.jpeg 240w\" sizes=\"(max-width: 171px) 100vw, 171px\" \/><\/p>\n<p>\u00a0<\/p>\n<p><strong>Maya <\/strong>hat ganz lang warten m\u00fcssen auf ihr Traumzuhause, aber ein Tag nach Weihnachten hat&#8217;s dann geklappt. Sie darf wie sehnlichst gew\u00fcnscht (nach Eingew\u00f6hnungszeit) durchs T\u00f6rli nach draussen in den eigenen Garten. Ein liebes pensioniertes Ehepaar aus dem Aargau wird sie jetzt nach Strich und Faden verw\u00f6hnen. Das Warten hat sich gelohnt, Maya!<\/p>\n<p><img decoding=\"async\" loading=\"lazy\" class=\"alignnone size-medium wp-image-3605\" src=\"https:\/\/www.katze-sucht-mensch.ch\/wp-content\/uploads\/2024\/10\/Maya-A-169x300.jpg\" alt=\"\" width=\"169\" height=\"300\" srcset=\"https:\/\/www.katze-sucht-mensch.ch\/wp-content\/uploads\/2024\/10\/Maya-A-169x300.jpg 169w, https:\/\/www.katze-sucht-mensch.ch\/wp-content\/uploads\/2024\/10\/Maya-A-576x1024.jpg 576w, https:\/\/www.katze-sucht-mensch.ch\/wp-content\/uploads\/2024\/10\/Maya-A-768x1365.jpg 768w, https:\/\/www.katze-sucht-mensch.ch\/wp-content\/uploads\/2024\/10\/Maya-A-864x1536.jpg 864w, https:\/\/www.katze-sucht-mensch.ch\/wp-content\/uploads\/2024\/10\/Maya-A.jpg 1125w\" sizes=\"(max-width: 169px) 100vw, 169px\" \/><\/p>\n<p>\u00a0<\/p>\n<p><strong>Mize <\/strong>ist ganz allein auf der Welt, jetzt, wo ihr Frauchen verstorben ist. Sie hatte trotz ihrer 13+ Jahre viele gute Anfragen, es fand sich aber erst mal innerhalb der Familie eine L\u00f6sung. Es hatte sich im Nachhinein herausgestellt, dass Mize nicht so gesund ist, wie es erschien. Einen kompletten Wechsel von Wohnung und Mensch w\u00e4r wahrscheinlich doch zu viel geworden f\u00fcr sie. Danke an ihre Familie, die es ihr erm\u00f6glicht, ihren Lebensabend noch gut versorgt bei bekannten Menschen zu verbringen!<\/p>\n<p><img decoding=\"async\" loading=\"lazy\" class=\"alignnone size-full wp-image-3734\" src=\"https:\/\/www.katze-sucht-mensch.ch\/wp-content\/uploads\/2024\/12\/Mize.png\" alt=\"\" width=\"276\" height=\"201\" \/><\/p>\n<p>\u00a0<\/p>\n<p><strong>Gris-Gris <\/strong>ist eine kleine Gernegross und wollte eigentlich Alleinprinzessin, Cheffin, K\u00f6nigin sein. Am besten alles auf einmal. Und auf keinen Fall teilen mit den vorhandenen Katzen oder sich wom\u00f6glich unterordnen, NIEMALS! Ja, und mit der Zeit hat sie sich doch eingew\u00f6hnt und angepasst und jetzt will sie keiner mehr hergeben. Und sie will ja eigentlich auch nicht weg von Zuhause. Also bleibt sie einfach, Ende gut, alles gut!<\/p>\n<p><img decoding=\"async\" loading=\"lazy\" class=\"alignnone  wp-image-3526\" src=\"https:\/\/www.katze-sucht-mensch.ch\/wp-content\/uploads\/2024\/10\/Gris-Gris-1-300x219.png\" alt=\"\" width=\"227\" height=\"166\" srcset=\"https:\/\/www.katze-sucht-mensch.ch\/wp-content\/uploads\/2024\/10\/Gris-Gris-1-300x219.png 300w, https:\/\/www.katze-sucht-mensch.ch\/wp-content\/uploads\/2024\/10\/Gris-Gris-1.png 551w\" sizes=\"(max-width: 227px) 100vw, 227px\" \/><\/p>\n<p>\u00a0<\/p>\n<p><strong>Bonnie&amp;Clyde<\/strong> sind Trennungsopfer und daher notgedrungen wieder auf &#8222;Raubzug&#8220; gegangen und haben gleich zwei Herzen gestohlen: die eines lieben katzenerfahrenen Paares aus D\u00fcdingen. Und sie sind als &#8222;Wohnungsbesetzer&#8220; t\u00e4tig: 170qm plus verglasten Balkon haben sie einfach so okkupiert. Ihre neuen Besitzer sind einfach nur happy mit den kleinen s\u00fcssen Schwerverbrechern!\u00a0<\/p>\n<p><img decoding=\"async\" loading=\"lazy\" class=\"alignnone  wp-image-3727\" src=\"https:\/\/www.katze-sucht-mensch.ch\/wp-content\/uploads\/2024\/12\/Bonnie-Clyde-1.png\" alt=\"\" width=\"195\" height=\"225\" \/><\/p>\n<p>\u00a0<\/p>\n<p><strong>Rudi <\/strong>ist der geborene Chefkater und das bekommt grad sein Bruder zu sp\u00fcren. Es geht inzwischen gar nicht mehr mit den beiden: einer unterdr\u00fcckt, der andere wird unterdr\u00fcckt. Rudi will sein eigenes Reich haben und das bekommt er jetzt als vorzeitiges Weihnachtsgeschenk: Haus mit Garten und zwei katzenerfahrenen Dosen\u00f6ffnern in Obwalden. Nur f\u00fcr ihn ganz allein, endlich Herr im Haus! Und sein Bruder kann endlich wieder aufatmen!<\/p>\n<p><img decoding=\"async\" loading=\"lazy\" class=\"alignnone  wp-image-3704\" src=\"https:\/\/www.katze-sucht-mensch.ch\/wp-content\/uploads\/2024\/12\/Rudi-2.png\" alt=\"\" width=\"187\" height=\"204\" \/><\/p>\n<p>\u00a0<\/p>\n<p><strong>Lucy<\/strong> ist grad richtig gestresst: seit neuestem ist ihre Familie zur Patchworkfamilie mit 3 Kindern geworden! Eindeutig zu viel f\u00fcr die 16j\u00e4hrige, die erst wieder hervorkommt, wenn alle im Bett sind und damit Ruhe ist. Aber der Stress hate ein Ende: in ein paar Tagen z\u00fcgelt sie nach Utzenstorf zu einer lieben Katzenfreundin, in ein St\u00f6ckli mit gesichertem Balkon. Ganz viel Ruhe und Zeit f\u00fcr Schmuseeinheiten garantiert!<\/p>\n<p><img decoding=\"async\" loading=\"lazy\" class=\"alignnone  wp-image-3721\" src=\"https:\/\/www.katze-sucht-mensch.ch\/wp-content\/uploads\/2024\/12\/Lucy-2-300x286.png\" alt=\"\" width=\"181\" height=\"173\" srcset=\"https:\/\/www.katze-sucht-mensch.ch\/wp-content\/uploads\/2024\/12\/Lucy-2-300x286.png 300w, https:\/\/www.katze-sucht-mensch.ch\/wp-content\/uploads\/2024\/12\/Lucy-2.png 668w\" sizes=\"(max-width: 181px) 100vw, 181px\" \/><\/p>\n<p>\u00a0<\/p>\n<p><strong>Kara <\/strong>ist eine kleine Seniorin und suchte auf ihre &#8222;alten Tage&#8220; nochmal ein neues Zuhause. Die Kleinkinder in der Familie stressen sie so sehr, dass sie sich nur noch mit Pfotengreiflichkeiten zu wehren weiss. Ein ruhiges gem\u00fctliches Zuhause, das war ihr Weihnachtswunsch. Und der ist heute in Erf\u00fcllung gegangen: bei einem pensionierten Ehepaar mit Haus und Garten. Das wird gem\u00fctlich, Kara!<\/p>\n<p><img decoding=\"async\" loading=\"lazy\" class=\"alignnone size-medium wp-image-3709\" src=\"https:\/\/www.katze-sucht-mensch.ch\/wp-content\/uploads\/2024\/12\/Kara-2-300x123.png\" alt=\"\" width=\"300\" height=\"123\" srcset=\"https:\/\/www.katze-sucht-mensch.ch\/wp-content\/uploads\/2024\/12\/Kara-2-300x123.png 300w, https:\/\/www.katze-sucht-mensch.ch\/wp-content\/uploads\/2024\/12\/Kara-2.png 751w\" sizes=\"(max-width: 300px) 100vw, 300px\" \/><\/p>\n<p>\u00a0<\/p>\n<p><strong>Sirin&amp;Gargamel<\/strong> durften gem. Hausverwaltung per sofort keinen Freigang mehr geniessen, offenbar\u00a0 gab&#8217;s Probleme mit anderen Katzen und dann kam die &#8222;Kollektivstrafe&#8220; f\u00fcr alle Katzen im Haus. Aber die zwei bestehen auf Gras unter den Pfoten und das gibt&#8217;s jetzt auch bald wieder, nach Eingew\u00f6hnungszeit. Chipgesteuertes T\u00f6rli im Hochparterre und sogar noch ein liebes Katzengsp\u00e4nli warten auf sie. Zu dritt macht&#8217;s draussen (und drinnen) noch viel mehr Spass als zu zweit!<\/p>\n<p>\u00a0 <img decoding=\"async\" loading=\"lazy\" class=\"alignnone  wp-image-3681\" src=\"https:\/\/www.katze-sucht-mensch.ch\/wp-content\/uploads\/2024\/11\/Shirin-Gargamel-1-207x300.png\" alt=\"\" width=\"141\" height=\"204\" srcset=\"https:\/\/www.katze-sucht-mensch.ch\/wp-content\/uploads\/2024\/11\/Shirin-Gargamel-1-207x300.png 207w, https:\/\/www.katze-sucht-mensch.ch\/wp-content\/uploads\/2024\/11\/Shirin-Gargamel-1.png 382w\" sizes=\"(max-width: 141px) 100vw, 141px\" \/>\u00a0 \u00a0 <img decoding=\"async\" loading=\"lazy\" class=\"alignnone  wp-image-3682\" src=\"https:\/\/www.katze-sucht-mensch.ch\/wp-content\/uploads\/2024\/11\/Shirin-Gargamel-2-209x300.png\" alt=\"\" width=\"144\" height=\"207\" srcset=\"https:\/\/www.katze-sucht-mensch.ch\/wp-content\/uploads\/2024\/11\/Shirin-Gargamel-2-209x300.png 209w, https:\/\/www.katze-sucht-mensch.ch\/wp-content\/uploads\/2024\/11\/Shirin-Gargamel-2.png 416w\" sizes=\"(max-width: 144px) 100vw, 144px\" \/><\/p>\n<p>\u00a0<\/p>\n<p><strong>Flicka<\/strong>&#8217;s Wunschzettel war ganz lang: endlich Freigang, ein Gsp\u00e4nli zum die Welt Entdecken, eine Familie zum Spielen und Streicheln. Und das alles bitte ganz bald. Das Luusmeitli war wohl ganz besonders brav, sonst w\u00e4r&#8217;s ja nicht in Erf\u00fcllung gegangen in Form von einer tollen Familie mit vielen streichelnden H\u00e4nden und einem gleichaltrigen Gsp\u00e4nli, EFH mit T\u00f6rli und Garten und l\u00e4ndlicher Umgebung in der N\u00e4he von Utzenstorf. Alle W\u00fcnsche ausnahmslos erf\u00fcllt!<\/p>\n<p><img decoding=\"async\" loading=\"lazy\" class=\"alignnone  wp-image-3693\" src=\"https:\/\/www.katze-sucht-mensch.ch\/wp-content\/uploads\/2024\/12\/Flicka-0-215x300.png\" alt=\"\" width=\"186\" height=\"260\" srcset=\"https:\/\/www.katze-sucht-mensch.ch\/wp-content\/uploads\/2024\/12\/Flicka-0-215x300.png 215w, https:\/\/www.katze-sucht-mensch.ch\/wp-content\/uploads\/2024\/12\/Flicka-0.png 406w\" sizes=\"(max-width: 186px) 100vw, 186px\" \/><\/p>\n<p>\u00a0<\/p>\n<p><strong>Kiko&amp;Mayjola<\/strong> sind &#8222;Allergieopfer&#8220;, das Kleinkind der Familie reagiert extrem auf die beiden Langhaar-Coonies. Schweren Herzen suchten die Besitzer daher ein neues Zuhause f\u00fcr die beiden. Und es sollte ein Traumzuhause werden: grosses Haus mit eigenemT\u00f6rli, Terrasse und gesichertem Garten, bei einem lieben, katzenerfahrenen Ehepaar in Hintwangen, bei denen sie &#8222;alles d\u00fcrfen&#8220;. Das ist der Hauptgewinn!<\/p>\n<p><img decoding=\"async\" loading=\"lazy\" class=\"alignnone size-medium wp-image-3671\" src=\"https:\/\/www.katze-sucht-mensch.ch\/wp-content\/uploads\/2024\/11\/Kiko-Mayola-4.JPG.png-139x300.jpg\" alt=\"\" width=\"139\" height=\"300\" srcset=\"https:\/\/www.katze-sucht-mensch.ch\/wp-content\/uploads\/2024\/11\/Kiko-Mayola-4.JPG.png-139x300.jpg 139w, https:\/\/www.katze-sucht-mensch.ch\/wp-content\/uploads\/2024\/11\/Kiko-Mayola-4.JPG.png-473x1024.jpg 473w, https:\/\/www.katze-sucht-mensch.ch\/wp-content\/uploads\/2024\/11\/Kiko-Mayola-4.JPG.png-709x1536.jpg 709w, https:\/\/www.katze-sucht-mensch.ch\/wp-content\/uploads\/2024\/11\/Kiko-Mayola-4.JPG.png.jpg 739w\" sizes=\"(max-width: 139px) 100vw, 139px\" \/> <img decoding=\"async\" loading=\"lazy\" class=\"alignnone size-medium wp-image-3670\" src=\"https:\/\/www.katze-sucht-mensch.ch\/wp-content\/uploads\/2024\/11\/Kiko-Mayola-3.JPG.png-139x300.jpg\" alt=\"\" width=\"139\" height=\"300\" srcset=\"https:\/\/www.katze-sucht-mensch.ch\/wp-content\/uploads\/2024\/11\/Kiko-Mayola-3.JPG.png-139x300.jpg 139w, https:\/\/www.katze-sucht-mensch.ch\/wp-content\/uploads\/2024\/11\/Kiko-Mayola-3.JPG.png-473x1024.jpg 473w, https:\/\/www.katze-sucht-mensch.ch\/wp-content\/uploads\/2024\/11\/Kiko-Mayola-3.JPG.png-768x1663.jpg 768w, https:\/\/www.katze-sucht-mensch.ch\/wp-content\/uploads\/2024\/11\/Kiko-Mayola-3.JPG.png-710x1536.jpg 710w, https:\/\/www.katze-sucht-mensch.ch\/wp-content\/uploads\/2024\/11\/Kiko-Mayola-3.JPG.png.jpg 946w\" sizes=\"(max-width: 139px) 100vw, 139px\" \/><\/p>\n<p>\u00a0<\/p>\n<p><strong>Micin&amp;Cicin<\/strong> wurden von heute auf morgen Waisen, ihr Frauchen musste unfallbedingt per sofort ins Altersheim umsiedeln und durfte sie nicht mitnehmen. F\u00fcr die beiden brach eine Welt zusammen, sie waren so auf ihr Frauchen fixiert. Aber jetzt geht&#8217;s aufw\u00e4rts: noch im November treten sie ihre grosse Reise von Graub\u00fcnden nach Z\u00fcrich an. Eine liebes Ehepaar mit viel Zeit und Geduld wird ihnen zeigen, wie sch\u00f6n das Leben doch sein kann. Alles wird gut, Micin &amp;Cicin!<\/p>\n<p><img decoding=\"async\" loading=\"lazy\" class=\"alignnone size-full wp-image-3655\" src=\"https:\/\/www.katze-sucht-mensch.ch\/wp-content\/uploads\/2024\/11\/Micin-Cicin-4.png\" alt=\"\" width=\"249\" height=\"127\" \/> <img decoding=\"async\" loading=\"lazy\" class=\"alignnone  wp-image-3654\" src=\"https:\/\/www.katze-sucht-mensch.ch\/wp-content\/uploads\/2024\/11\/Micin-3.png\" alt=\"\" width=\"165\" height=\"126\" \/><\/p>\n<p>\u00a0<\/p>\n<p><strong>Lucy <\/strong>ist einer Tierfreundin zugelaufen und einfach geblieben, offensichtlich war es ihr da wohler als auf dem Hof, wo sie herkam. Sie wurde kastriert und geimpft und wollte immer noch bleiben. Leider klappt&#8217;s aber so gar nicht mit den beiden Erstkatzen, also galt es, ein neues Zuhause f\u00fcr Lucy zu finden. Und das gibt&#8217;s demn\u00e4chst, in Wattenwil wird sie im St\u00f6ckli bei einem lieben Paar als Alleinprinzessin residieren, inmitten von Wiesen und Weiden. Ein Paradies zum Mausen!<\/p>\n<p><img decoding=\"async\" loading=\"lazy\" class=\"alignnone size-medium wp-image-3663\" src=\"https:\/\/www.katze-sucht-mensch.ch\/wp-content\/uploads\/2024\/11\/Lucy-2-202x300.png\" alt=\"\" width=\"202\" height=\"300\" srcset=\"https:\/\/www.katze-sucht-mensch.ch\/wp-content\/uploads\/2024\/11\/Lucy-2-202x300.png 202w, https:\/\/www.katze-sucht-mensch.ch\/wp-content\/uploads\/2024\/11\/Lucy-2.png 255w\" sizes=\"(max-width: 202px) 100vw, 202px\" \/><\/p>\n<p>\u00a0<\/p>\n<p><strong>Amina <\/strong>ist ein Jungspund, wie man sich das so vorstellt, und daher leider viel zu wild f\u00fcr die Erstkatze. Deswegen suchte sie ihre &#8222;eigene&#8220; Familie, die sie auf Trag halten darf. Gesucht und gefunden: ganz viele H\u00e4nde zum Streicheln und Spielen, keine k\u00e4tzische Konkurrenz und dann auch noch Freigang in l\u00e4ndlicher Umgebung. Was will Amina mehr? Na gut, jetzt steht erst noch die Kastration und die Eingew\u00f6hnungsphase zuhause an. ABER DANN !<\/p>\n<p><img decoding=\"async\" loading=\"lazy\" class=\"alignnone  wp-image-3640\" src=\"https:\/\/www.katze-sucht-mensch.ch\/wp-content\/uploads\/2024\/11\/Amina-2-292x300.png\" alt=\"\" width=\"183\" height=\"188\" srcset=\"https:\/\/www.katze-sucht-mensch.ch\/wp-content\/uploads\/2024\/11\/Amina-2-292x300.png 292w, https:\/\/www.katze-sucht-mensch.ch\/wp-content\/uploads\/2024\/11\/Amina-2.png 407w\" sizes=\"(max-width: 183px) 100vw, 183px\" \/><\/p>\n<p>\u00a0<\/p>\n<p><strong>Annika <\/strong>ist ja eine Gl\u00fcckskatze und doch hat sie so lang auf ihr Traumzuhause warten m\u00fcssen. Aber es hat geklappt, endlich Alleinprinzessin und nach Eingew\u00f6hnung auch wieder Freigang in Feldern und Wiesen. Aber erst im Fr\u00fchling, wenn&#8217;s warm ist. In der kalten Jahreszeit kuschelt sie doch lieber drinnen mit ihrem Menschen!<\/p>\n<p><img decoding=\"async\" loading=\"lazy\" class=\"alignnone  wp-image-3499\" src=\"https:\/\/www.katze-sucht-mensch.ch\/wp-content\/uploads\/2024\/09\/Annika-1.png\" alt=\"\" width=\"174\" height=\"264\" \/><\/p>\n<p>\u00a0<\/p>\n<p><strong>Amur <\/strong>wollte sein Reich f\u00fcr sich alleine und hat das auch durchgesetzt: die Gsp\u00e4nlis gejagt und dann auch noch mal protest-markiert. Irgendwann m\u00fcssen sie&#8217;s doch merken. Haben sie auch und ihn schweren Herzens &#8222;ziehen&#8220; lassen, in eine tolle Familie, wo fast immer jemand zuhause ist und Zeit f\u00fcr ein Spielchen mit dem Prinzen hat. Endlich geschafft, eine EIGENE Familie und nicht mehr teilen!<\/p>\n<p><img decoding=\"async\" loading=\"lazy\" class=\"alignnone  wp-image-3508\" src=\"https:\/\/www.katze-sucht-mensch.ch\/wp-content\/uploads\/2024\/09\/Amur-2-214x300.png\" alt=\"\" width=\"194\" height=\"272\" srcset=\"https:\/\/www.katze-sucht-mensch.ch\/wp-content\/uploads\/2024\/09\/Amur-2-214x300.png 214w, https:\/\/www.katze-sucht-mensch.ch\/wp-content\/uploads\/2024\/09\/Amur-2.png 441w\" sizes=\"(max-width: 194px) 100vw, 194px\" \/><\/p>\n<p>\u00a0<\/p>\n<p><strong>Lulu&amp;Laila <\/strong>suchten mit 14\/15 Jahren nochmal ein neues Zuhause, ihr Frauchen war erkrankt und konnte sie nicht mit ins Heim nehmen. Aber auch f\u00fcr Seniorenkatzen findet sich das Passende: in einer Woche d\u00fcrfen sie nach Liestal z\u00fcgeln und bald auch wieder Freigang im eigenen Garten geniessen. Das T\u00f6rli wird noch eingebaut und zum Schm\u00fcseln ist auch fast immer jemand zuhause. Ihr werdet&#8217;s geniessen, Ihr zwei!<\/p>\n<p><img decoding=\"async\" loading=\"lazy\" class=\"alignnone  wp-image-3578\" src=\"https:\/\/www.katze-sucht-mensch.ch\/wp-content\/uploads\/2024\/10\/Laila-Lulu-1-300x163.png\" alt=\"\" width=\"248\" height=\"135\" srcset=\"https:\/\/www.katze-sucht-mensch.ch\/wp-content\/uploads\/2024\/10\/Laila-Lulu-1-300x163.png 300w, https:\/\/www.katze-sucht-mensch.ch\/wp-content\/uploads\/2024\/10\/Laila-Lulu-1.png 318w\" sizes=\"(max-width: 248px) 100vw, 248px\" \/><\/p>\n<p>\u00a0<\/p>\n<p><strong>Blacky <\/strong>ist die Eifersucht in Katerform, er duldet keine G\u00f6tter neben sich, dann schmollt er und kommt zum Trotz nur noch sporadisch nach Hause. Und jetzt musste sein Frauchen auch noch z\u00fcgeln, Freigang war nicht mehr. Zuviel f\u00fcr den so verschmusten Kater, ein neues Zuhause musste her. Und das fand er im Luzernischen, bei einem lieben P\u00e4rchen mit Garten, Naturwiese und Waldrand. Alles nur f\u00fcr ihn!<\/p>\n<p><img decoding=\"async\" loading=\"lazy\" class=\"alignnone size-medium wp-image-3363\" src=\"https:\/\/www.katze-sucht-mensch.ch\/wp-content\/uploads\/2024\/08\/Blacky-0-196x300.png\" alt=\"\" width=\"196\" height=\"300\" srcset=\"https:\/\/www.katze-sucht-mensch.ch\/wp-content\/uploads\/2024\/08\/Blacky-0-196x300.png 196w, https:\/\/www.katze-sucht-mensch.ch\/wp-content\/uploads\/2024\/08\/Blacky-0.png 386w\" sizes=\"(max-width: 196px) 100vw, 196px\" \/><\/p>\n<p>\u00a0<\/p>\n<p><strong>Tariq <\/strong>ist genervt von seinen Katzengsp\u00e4nlis, er f\u00fchlt sich als geborener Alleinprinz und hat dies auch schon mit Protestmarkieren kundgetan. Kaum getrennt von der &#8222;Konkurrenz&#8220; klappt&#8217;s auch mit dem Kistli. Deswegen darf er jetzt (zuerst mal auf Probe) in einer lieben Familie regieren: er mittendrin und seine Bediensteten um ihn herum. Genau so hat er sich das vorgestellt, der Prinz Tariq!<\/p>\n<p><img decoding=\"async\" loading=\"lazy\" class=\"alignnone size-full wp-image-3433\" src=\"https:\/\/www.katze-sucht-mensch.ch\/wp-content\/uploads\/2024\/08\/Tariq-2.png\" alt=\"\" width=\"177\" height=\"216\" \/><\/p>\n<p>\u00a0<\/p>\n<p><strong>Salim<\/strong> hatte schon Pech in seinem 4j. Leben, schon 2 Besitzer wollten ihn einfach nach ein paar Wochen nicht mehr. Aber jetzt hat er die Richtigen um seine schwarzen Pfoten gewickelt: eine tolle Familie, die sich sofort in den Schwarzen verliebt hat, darf er jetzt sein Eigen nennen. Und 2 H\u00e4user weiter beginnen die Felder, nach Eingew\u00f6hnungszeit wird dort dann nach Herzenslust gemaust. Und da sag noch einer, die Schwarzen sind nicht erw\u00fcnscht!<\/p>\n<p><img decoding=\"async\" loading=\"lazy\" class=\"alignnone size-medium wp-image-3586\" src=\"https:\/\/www.katze-sucht-mensch.ch\/wp-content\/uploads\/2024\/10\/Salim-2-225x300.jpg\" alt=\"\" width=\"225\" height=\"300\" srcset=\"https:\/\/www.katze-sucht-mensch.ch\/wp-content\/uploads\/2024\/10\/Salim-2-225x300.jpg 225w, https:\/\/www.katze-sucht-mensch.ch\/wp-content\/uploads\/2024\/10\/Salim-2-768x1024.jpg 768w, https:\/\/www.katze-sucht-mensch.ch\/wp-content\/uploads\/2024\/10\/Salim-2.jpg 1125w\" sizes=\"(max-width: 225px) 100vw, 225px\" \/><\/p>\n<p>\u00a0<\/p>\n<p><strong>Mimi<\/strong> ist ein Findelk\u00e4tzchen, das einfach niemand vermisste. Lange ausgeschrieben, aber keiner hat sich gemeldet. Sie wurde von einer Katzenliebhaberin gehegt und gepflegt, aber leider fehlte die Zeit f\u00fcr die kleine, aber sch\u00fcchterne Schmusebacke. Also gab&#8217;s jetzt ein neues Zuhause im Baselbiet, bei junggebliebenen, katzenerfahrenen Pension\u00e4ren mit viel Zeit und Geduld. Am ersten Tag noch etwas sch\u00fcchtern, traut sich Mimi doch schon in der ersten Nacht ins Bett ihrer Dosen\u00f6ffner. Das kommt richtig gut, Mimi!<\/p>\n<p><img decoding=\"async\" loading=\"lazy\" class=\"alignnone  wp-image-3521\" src=\"https:\/\/www.katze-sucht-mensch.ch\/wp-content\/uploads\/2024\/10\/Mimmi-2-263x300.png\" alt=\"\" width=\"188\" height=\"214\" srcset=\"https:\/\/www.katze-sucht-mensch.ch\/wp-content\/uploads\/2024\/10\/Mimmi-2-263x300.png 263w, https:\/\/www.katze-sucht-mensch.ch\/wp-content\/uploads\/2024\/10\/Mimmi-2.png 292w\" sizes=\"(max-width: 188px) 100vw, 188px\" \/><\/p>\n<p>\u00a0<\/p>\n<p><strong>Fix&amp;Foxi <\/strong>sind zwei unkomplizierte seeeehr verspielte Jungspunde, aber so leider gar nicht gl\u00fccklich mit den anderen Katzen im Haus. Sie gen\u00fcgen sich vollkommen und wollten ein eigenes Reich und einen eigenen Menschen zum Spielen, bis er selbst fix und foxi ist. Gibt&#8217;s ab sofort in der N\u00e4he von Sigriswil: mit grosser Wohnung, gesichertem Balkon, Designerkratzbaum und viel, viel Zeit und Geduld und Spiellaune. Das wird ein Fest! F\u00fcr alle!<\/p>\n<p><img decoding=\"async\" loading=\"lazy\" class=\"alignnone  wp-image-3513\" src=\"https:\/\/www.katze-sucht-mensch.ch\/wp-content\/uploads\/2024\/09\/Fix-Foxi-5-250x300.png\" alt=\"\" width=\"196\" height=\"235\" srcset=\"https:\/\/www.katze-sucht-mensch.ch\/wp-content\/uploads\/2024\/09\/Fix-Foxi-5-250x300.png 250w, https:\/\/www.katze-sucht-mensch.ch\/wp-content\/uploads\/2024\/09\/Fix-Foxi-5.png 284w\" sizes=\"(max-width: 196px) 100vw, 196px\" \/><\/p>\n<p>\u00a0<\/p>\n<p><strong>Simba&amp;Nala<\/strong> suchten aus gesundheitlichen Gr\u00fcnden ihrer Besitzerin ein neues Zuhause, auf jeden Fall zusammen und mit viel Platz zum Spielen und viel Zeit zum Kuscheln und viel Aussicht auf dem Balkon. Gibt es ab Oktober alles in Thun, bei einem katzenerfahrenen Paar, wo fast immer jemand zuhause ist. Von welchem der 3 gesicherten Balkone ist die Aussicht wohl am interessantesten?<\/p>\n<p><img decoding=\"async\" loading=\"lazy\" class=\"alignnone  wp-image-3488\" src=\"https:\/\/www.katze-sucht-mensch.ch\/wp-content\/uploads\/2024\/09\/Simba-Nala-1.png\" alt=\"\" width=\"190\" height=\"228\" \/><\/p>\n<p>\u00a0<\/p>\n<p><strong>Luna&amp;Simba <\/strong>haben ganz lange warten m\u00fcssen. Aber jetzt hat&#8217;s geklappt mit dem neuen Zuhause. F\u00fcr die beiden geht&#8217;s an den Wahlensee, weit draussen auf dem Land d\u00fcrfen sie dann endlich ihren ersehnten Freigang geniessen. Nur noch die Eingew\u00f6hnungszeit drinnen \u00fcberstehen. Aber das klappt schon, in ihrem neuen &#8222;alten&#8220; Bauernhaus gibt&#8217;s ja sooo viel zu entdecken!<\/p>\n<p><img decoding=\"async\" loading=\"lazy\" class=\"alignnone  wp-image-3394\" src=\"https:\/\/www.katze-sucht-mensch.ch\/wp-content\/uploads\/2024\/08\/SL-1-242x300.png\" alt=\"\" width=\"151\" height=\"187\" srcset=\"https:\/\/www.katze-sucht-mensch.ch\/wp-content\/uploads\/2024\/08\/SL-1-242x300.png 242w, https:\/\/www.katze-sucht-mensch.ch\/wp-content\/uploads\/2024\/08\/SL-1.png 446w\" sizes=\"(max-width: 151px) 100vw, 151px\" \/>\u00a0 \u00a0 <img decoding=\"async\" loading=\"lazy\" class=\"alignnone  wp-image-3395\" src=\"https:\/\/www.katze-sucht-mensch.ch\/wp-content\/uploads\/2024\/08\/SL-2-300x300.png\" alt=\"\" width=\"186\" height=\"186\" srcset=\"https:\/\/www.katze-sucht-mensch.ch\/wp-content\/uploads\/2024\/08\/SL-2-300x300.png 300w, https:\/\/www.katze-sucht-mensch.ch\/wp-content\/uploads\/2024\/08\/SL-2-150x150.png 150w, https:\/\/www.katze-sucht-mensch.ch\/wp-content\/uploads\/2024\/08\/SL-2.png 455w\" sizes=\"(max-width: 186px) 100vw, 186px\" \/><\/p>\n<p>\u00a0<\/p>\n<p><strong>Jason <\/strong>darf auch n\u00e4chstes Wochenende z\u00fcgeln, endlich Alleinprinz und keine Katzen mehr in seinem Haushalt. Daf\u00fcr eine ganz liebe neue Dosen\u00f6ffnerin mit viel Homeoffice und auch sonst viel Zeit zum Spielen und Kuscheln. Und Zimmerpflanzen gibt es auch keine zum Anknabbern, kann gar nichts passieren!\u00a0<\/p>\n<p><img decoding=\"async\" loading=\"lazy\" class=\"alignnone  wp-image-3410\" src=\"https:\/\/www.katze-sucht-mensch.ch\/wp-content\/uploads\/2024\/08\/Jason-1-259x300.png\" alt=\"\" width=\"177\" height=\"205\" srcset=\"https:\/\/www.katze-sucht-mensch.ch\/wp-content\/uploads\/2024\/08\/Jason-1-259x300.png 259w, https:\/\/www.katze-sucht-mensch.ch\/wp-content\/uploads\/2024\/08\/Jason-1.png 307w\" sizes=\"(max-width: 177px) 100vw, 177px\" \/><\/p>\n<p>\u00a0<\/p>\n<p><strong>Hera, Izumi und Mia <\/strong>sind Oma-Mami-Tochter und suchten zusammen ein Zuhause. Und das Wunder wurde wahr: ein \u00e4lteres Ehepaar mit gaaaaanz viel Zeit zum Schm\u00fcsele und Spielen hat sich in das Trio verliebt. Und da Hera gar nicht so sehr auf Schmusekurs steht, kommt auch keiner zu kurz!<\/p>\n<p><img decoding=\"async\" loading=\"lazy\" class=\"alignnone  wp-image-3446\" src=\"https:\/\/www.katze-sucht-mensch.ch\/wp-content\/uploads\/2024\/09\/Hera-1-1-300x206.png\" alt=\"\" width=\"189\" height=\"130\" srcset=\"https:\/\/www.katze-sucht-mensch.ch\/wp-content\/uploads\/2024\/09\/Hera-1-1-300x206.png 300w, https:\/\/www.katze-sucht-mensch.ch\/wp-content\/uploads\/2024\/09\/Hera-1-1.png 556w\" sizes=\"(max-width: 189px) 100vw, 189px\" \/> <img decoding=\"async\" loading=\"lazy\" class=\"alignnone  wp-image-3451\" src=\"https:\/\/www.katze-sucht-mensch.ch\/wp-content\/uploads\/2024\/09\/Mia-1-300x233.png\" alt=\"\" width=\"166\" height=\"129\" srcset=\"https:\/\/www.katze-sucht-mensch.ch\/wp-content\/uploads\/2024\/09\/Mia-1-300x233.png 300w, https:\/\/www.katze-sucht-mensch.ch\/wp-content\/uploads\/2024\/09\/Mia-1.png 377w\" sizes=\"(max-width: 166px) 100vw, 166px\" \/> <img decoding=\"async\" loading=\"lazy\" class=\"alignnone  wp-image-3447\" src=\"https:\/\/www.katze-sucht-mensch.ch\/wp-content\/uploads\/2024\/09\/Izumi-300x293.png\" alt=\"\" width=\"131\" height=\"128\" srcset=\"https:\/\/www.katze-sucht-mensch.ch\/wp-content\/uploads\/2024\/09\/Izumi-300x293.png 300w, https:\/\/www.katze-sucht-mensch.ch\/wp-content\/uploads\/2024\/09\/Izumi.png 330w\" sizes=\"(max-width: 131px) 100vw, 131px\" \/><\/p>\n<p>\u00a0<\/p>\n<p><strong>S\u00e4mi&amp;Filou <\/strong>suchten dringend ein neues Zuhause: Frauchen verstorben, Interessenten ganz kurzfristig abgesprungen, Wohnung in 10 Tagen aufgel\u00f6st. Aufgrund von div. Aufrufen bei Tierschutzvereinen, im Internet und bei Tier\u00e4rzten fanden sich relativ schnell einige passende Interessenten. Jetzt stehen am Wochenende ein paar Besuche an und dann d\u00fcrfen die beiden &#8222;w\u00e4hlen&#8220;. Kommt gut, Ihr 2!<\/p>\n<p><img decoding=\"async\" loading=\"lazy\" class=\"alignnone size-medium wp-image-3466\" src=\"https:\/\/www.katze-sucht-mensch.ch\/wp-content\/uploads\/2024\/09\/Saemi-Nala-300x156.png\" alt=\"\" width=\"300\" height=\"156\" srcset=\"https:\/\/www.katze-sucht-mensch.ch\/wp-content\/uploads\/2024\/09\/Saemi-Nala-300x156.png 300w, https:\/\/www.katze-sucht-mensch.ch\/wp-content\/uploads\/2024\/09\/Saemi-Nala.png 509w\" sizes=\"(max-width: 300px) 100vw, 300px\" \/><\/p>\n<p>\u00a0<\/p>\n<p><strong>Karamell&amp;Beyaz<\/strong> sind typische Jungspunde, bei ihnen muss immer etwas los sein, auch nachts, sie k\u00f6nnten ja etwas verpassen. Das war den Besitzern, besonders der Tochter, doch etwas zu viel. Sie suchten ein Pl\u00e4tzli, wo die beiden auch mal etwas zur Ruhe kommen k\u00f6nnen. Und fanden es in Luzern bei einem katzenliebenden Paar, das den beiden auch noch etwas Erziehung &#8222;g\u00f6nnt&#8220;. Alles wird gut!<\/p>\n<p><img decoding=\"async\" loading=\"lazy\" class=\"alignnone  wp-image-3405\" src=\"https:\/\/www.katze-sucht-mensch.ch\/wp-content\/uploads\/2024\/08\/Karamell-Beyaz-0.png\" alt=\"\" width=\"196\" height=\"214\" \/><\/p>\n<p>\u00a0<\/p>\n<p><strong>Joschi <\/strong>ist ein waschechter Charakterkater und alles andere als eine Schmusebacke. Er schmust, wann ER es will, und ist gern Chef im Haus. Deswegen sollte er eigentlich abgegeben werden, ein Schmusekater war gew\u00fcnscht. Aber kaum wurde es ernst mit der Abgabe, mutierte Joschi zum Schmusekater, so dass die Familie ihn SO liebend gern behalten m\u00f6chte. Happy End der anderen Art!<\/p>\n<p><img decoding=\"async\" loading=\"lazy\" class=\"alignnone size-medium wp-image-3160\" src=\"https:\/\/www.katze-sucht-mensch.ch\/wp-content\/uploads\/2024\/07\/Joschi-1-300x150.png\" alt=\"\" width=\"300\" height=\"150\" srcset=\"https:\/\/www.katze-sucht-mensch.ch\/wp-content\/uploads\/2024\/07\/Joschi-1-300x150.png 300w, https:\/\/www.katze-sucht-mensch.ch\/wp-content\/uploads\/2024\/07\/Joschi-1-768x385.png 768w, https:\/\/www.katze-sucht-mensch.ch\/wp-content\/uploads\/2024\/07\/Joschi-1.png 816w\" sizes=\"(max-width: 300px) 100vw, 300px\" \/><\/p>\n<p>\u00a0<\/p>\n<p><strong>Filou&amp;Sammy <\/strong>waren so gestresst von den Kleinkindern der Familie, dass sie sich nur noch abends hervortrauten, wenn die Kinder Schliefen. Ein neues ruhiges Zuhause, das w\u00fcnschten sich die beiden so sehr. Sie mussten lange warten, warum auch immer, aber es hat geklappt: demn\u00e4chst wird nach Mooslerau gez\u00fcgelt in einen ruhigen, kinderfreien Haushalt. Und ein tolles gesichertes Aussengehege gibt&#8217;s noch dazu. Das wird spannend, Ihr zwei!<\/p>\n<p><img decoding=\"async\" loading=\"lazy\" class=\"alignnone  wp-image-3202\" src=\"https:\/\/www.katze-sucht-mensch.ch\/wp-content\/uploads\/2024\/07\/Filou-Sammy-1-219x300.png\" alt=\"\" width=\"194\" height=\"266\" srcset=\"https:\/\/www.katze-sucht-mensch.ch\/wp-content\/uploads\/2024\/07\/Filou-Sammy-1-219x300.png 219w, https:\/\/www.katze-sucht-mensch.ch\/wp-content\/uploads\/2024\/07\/Filou-Sammy-1.png 243w\" sizes=\"(max-width: 194px) 100vw, 194px\" \/><\/p>\n<p>\u00a0<\/p>\n<p><strong>Akane&amp;Yoshi <\/strong>sind Oma und Enkel und von der schnellen Truppe: gleich die ersten Interessenten sollten&#8217;s f\u00fcr die beiden sein. Fanden sie. Und die Interessenten auch! Nur noch deren Ferien abwarten und dann wird nach D\u00fcbendorf gez\u00fcgelt, wo endlich niemand mehr allergisch auf die beiden reagiert. und dann wird geschm\u00fcselt, auf Teufel komm raus!<\/p>\n<p><img decoding=\"async\" loading=\"lazy\" class=\"alignnone  wp-image-3438\" src=\"https:\/\/www.katze-sucht-mensch.ch\/wp-content\/uploads\/2024\/09\/Akane-300x182.png\" alt=\"\" width=\"264\" height=\"160\" srcset=\"https:\/\/www.katze-sucht-mensch.ch\/wp-content\/uploads\/2024\/09\/Akane-300x182.png 300w, https:\/\/www.katze-sucht-mensch.ch\/wp-content\/uploads\/2024\/09\/Akane.png 676w\" sizes=\"(max-width: 264px) 100vw, 264px\" \/>\u00a0 <img decoding=\"async\" loading=\"lazy\" class=\"alignnone  wp-image-3440\" src=\"https:\/\/www.katze-sucht-mensch.ch\/wp-content\/uploads\/2024\/09\/Yoshi-1.png\" alt=\"\" width=\"126\" height=\"161\" \/><\/p>\n<p>\u00a0<\/p>\n<p><strong>Nala<\/strong> ist von Beruf Alleinprinzessin, sie mag keine Katzen-G\u00f6tter neben sich. Ansonsten geht das kleine\u00a0 Gesch\u00e4ft eben daneben. Also hiess es, ein eigenes K\u00f6nigreich f\u00fcr sie zu finden. Und das liegt jetzt im Kanton Bern, mit einer lieben Familie mit zwei Teenagern als Personal, die all ihre W\u00fcnsche erf\u00fcllen. Und das Beste: es ist fast immer jemand zuhause zum Kuscheln und Spielen!<\/p>\n<p><img decoding=\"async\" loading=\"lazy\" class=\"alignnone size-medium wp-image-3428\" src=\"https:\/\/www.katze-sucht-mensch.ch\/wp-content\/uploads\/2024\/08\/Nala-B-210x300.png\" alt=\"\" width=\"210\" height=\"300\" srcset=\"https:\/\/www.katze-sucht-mensch.ch\/wp-content\/uploads\/2024\/08\/Nala-B-210x300.png 210w, https:\/\/www.katze-sucht-mensch.ch\/wp-content\/uploads\/2024\/08\/Nala-B.png 398w\" sizes=\"(max-width: 210px) 100vw, 210px\" \/><\/p>\n<p>\u00a0<\/p>\n<p><strong>Zara<\/strong> musste mit 15 J. noch mal z\u00fcgeln, ihr Frauchen liegt im Spital und wird wohl ins Heim ziehen m\u00fcssen, Zara darf dort leider nicht mit. Aber wir haben f\u00fcr sie ein liebes, katzenerfahrenes\u00a0 Frauchen gefunden, so lieb wie ihr bisheriges, mit genauso viel Zeit zum Schm\u00fcselen und gemeinsamem Fernsehen. Zara ist bereits gez\u00fcgelt und taut schon langsam auf. Endlich wieder ein eigener Mensch und nicht mehr allein im Haus!<\/p>\n<p><img decoding=\"async\" loading=\"lazy\" class=\"alignnone  wp-image-3388\" src=\"https:\/\/www.katze-sucht-mensch.ch\/wp-content\/uploads\/2024\/08\/Zara-2-300x187.png\" alt=\"\" width=\"210\" height=\"131\" srcset=\"https:\/\/www.katze-sucht-mensch.ch\/wp-content\/uploads\/2024\/08\/Zara-2-300x187.png 300w, https:\/\/www.katze-sucht-mensch.ch\/wp-content\/uploads\/2024\/08\/Zara-2.png 504w\" sizes=\"(max-width: 210px) 100vw, 210px\" \/><\/p>\n<p>\u00a0<\/p>\n<p><strong>M\u00f6rli <\/strong>wurde von ihrem Gsp\u00e4nli geplagt und auch die vielen Katzen in der Umgebung waren nicht ihr Ding. Sie traute sich schon fast nicht mehr nach Hause. Alleinprinzessin, das wollte sie sein! Gern mit Familie und Hund, aber ohne Katze. Und nicht so weit weg, Autofahren ist auch nicht ihre Welt. Alle W\u00fcnsche erf\u00fcllt, jetzt bist Du Alleinprinzessin und kannst wieder unbesorgt (nach Eingew\u00f6hnungszeit nat\u00fcrlich) ein- und ausgehen, M\u00f6rli!<\/p>\n<p><img decoding=\"async\" loading=\"lazy\" class=\"alignnone  wp-image-3383\" src=\"https:\/\/www.katze-sucht-mensch.ch\/wp-content\/uploads\/2024\/08\/Moerli-1-300x300.png\" alt=\"\" width=\"202\" height=\"202\" srcset=\"https:\/\/www.katze-sucht-mensch.ch\/wp-content\/uploads\/2024\/08\/Moerli-1-300x300.png 300w, https:\/\/www.katze-sucht-mensch.ch\/wp-content\/uploads\/2024\/08\/Moerli-1-150x150.png 150w, https:\/\/www.katze-sucht-mensch.ch\/wp-content\/uploads\/2024\/08\/Moerli-1.png 459w\" sizes=\"(max-width: 202px) 100vw, 202px\" \/><\/p>\n<p>\u00a0<\/p>\n<p><strong>Findus<\/strong> &amp;<strong>\u00a0Maya<\/strong> wollte so gern Freigang. Geht nicht im alten Zuhause, ausserdem kann die Besitzerin ihnen aufgrund gesundheitlicher Einschr\u00e4nkungen nicht mehr gerecht werden. Es heisst z\u00fcgeln f\u00fcr die beiden: vom Kanton St. Gallen in den Kanton Thurgau. Dort freut sich ein katzenerfahrenes Paar auf die zwei verschmusten B\u00fcsis. Freigang in der Natur gibt&#8217;s aber erst nach der Eingew\u00f6hnungszeit!<\/p>\n<p><img decoding=\"async\" loading=\"lazy\" class=\"alignnone  wp-image-3295\" src=\"https:\/\/www.katze-sucht-mensch.ch\/wp-content\/uploads\/2024\/07\/Findus-Maya-0.png\" alt=\"\" width=\"176\" height=\"160\" \/> <img decoding=\"async\" loading=\"lazy\" class=\"alignnone  wp-image-3296\" src=\"https:\/\/www.katze-sucht-mensch.ch\/wp-content\/uploads\/2024\/07\/Findus-Maya-1.png\" alt=\"\" width=\"108\" height=\"201\" \/><\/p>\n<p>\u00a0<\/p>\n<p><strong>Gamine<\/strong> &amp; <strong>Louis<\/strong> haben sich bei einer Tiersch\u00fctzerin kennen- und liebengelernt. Sie ist zugelaufen, hat ihre Jungen dort geboren und ist einfach geblieben. Er wurde vom Nachbar beim Auszug einfach zur\u00fcckgelassen. Gamine f\u00e4ngt inzwischen f\u00fcr ihren Freund Louis die M\u00e4use. Bislang die Jurassischen, demn\u00e4chst aber die Aargauer, denn beide d\u00fcrfen zusammen nach Niederwil z\u00fcgeln, an den Rand einer Landwirtschaftszone. Maus ist Maus! Oder gibt&#8217;s da kantonale Unterschiede? Sie werden&#8217;s herausfinden.<\/p>\n<p><img decoding=\"async\" loading=\"lazy\" class=\"alignnone  wp-image-3340\" src=\"https:\/\/www.katze-sucht-mensch.ch\/wp-content\/uploads\/2024\/08\/Gamine-1.png\" alt=\"\" width=\"180\" height=\"154\" \/> <img decoding=\"async\" loading=\"lazy\" class=\"alignnone  wp-image-3338\" src=\"https:\/\/www.katze-sucht-mensch.ch\/wp-content\/uploads\/2024\/08\/Louis-6-287x300.png\" alt=\"\" width=\"148\" height=\"155\" srcset=\"https:\/\/www.katze-sucht-mensch.ch\/wp-content\/uploads\/2024\/08\/Louis-6-287x300.png 287w, https:\/\/www.katze-sucht-mensch.ch\/wp-content\/uploads\/2024\/08\/Louis-6.png 343w\" sizes=\"(max-width: 148px) 100vw, 148px\" \/><\/p>\n<p>\u00a0<\/p>\n<p><strong>Popcorn<\/strong> h\u00e4lt hier schon Ausschau nach einem neuen Katzenfreund. Er kam wegen gesundheitlicher Probleme seiner Besitzerin ziemlich zu kurz und w\u00fcnschte sich ausserdem einen kleinen lieben Katzenkumpel zum Spielen. Der wartet schon in D\u00fcdingen auf ihn, bei einem lieben Paar, in einer grossen Wohnung mit gesichertem Balkon und vielen Kratzb\u00e4umen und Spielm\u00f6glichkeiten. Party, Party, Party!<\/p>\n<p><img decoding=\"async\" loading=\"lazy\" class=\"alignnone size-full wp-image-3350\" src=\"https:\/\/www.katze-sucht-mensch.ch\/wp-content\/uploads\/2024\/08\/Popcorn-1.png\" alt=\"\" width=\"172\" height=\"234\" \/><\/p>\n<p>\u00a0<\/p>\n<p><strong>Fl\u00e4ckli<\/strong> w\u00fcnschte sich aus 2 Gr\u00fcnden ein neues Zuhause: der dominante streitlustige Bruder und dann auch noch der fehlende Freigang, der ihr nach dem Z\u00fcgeltermin von Frauchen drohte. Jetzt geht&#8217;s nach Uttigen mit Freigang \u00fcber Wiesen und Felder, in eine 3er-Katzen-WG. Drei friedfertige B\u00fcsis, Fl\u00e4ckli kann&#8217;s noch gar nicht glauben!<\/p>\n<p><img decoding=\"async\" loading=\"lazy\" class=\"alignnone size-medium wp-image-3357\" src=\"https:\/\/www.katze-sucht-mensch.ch\/wp-content\/uploads\/2024\/08\/Flaeckli-0-185x300.png\" alt=\"\" width=\"185\" height=\"300\" srcset=\"https:\/\/www.katze-sucht-mensch.ch\/wp-content\/uploads\/2024\/08\/Flaeckli-0-185x300.png 185w, https:\/\/www.katze-sucht-mensch.ch\/wp-content\/uploads\/2024\/08\/Flaeckli-0.png 385w\" sizes=\"(max-width: 185px) 100vw, 185px\" \/><\/p>\n<p>\u00a0<\/p>\n<p><strong>Mickey<\/strong> war aus gesundheitlichen Gr\u00fcnden seiner Besitzerin umplatziert, allerdings hatte der Erstkater schreckliche Angst vor dem lieben Mickey. Dabei ist er wirklich ein ganz ein Lieber, er will ja nur spielen. Egal, es gab also nochmal ein neues Zuhause, bei einem Katzengsp\u00e4nli ohne Angst vor ihn und nat\u00fcrlich mit Freigang. Wie bestellt, so geliefert, alles Gute Mickey!<\/p>\n<p><img decoding=\"async\" loading=\"lazy\" class=\"alignnone  wp-image-3278\" src=\"https:\/\/www.katze-sucht-mensch.ch\/wp-content\/uploads\/2024\/07\/Mickey-2.png\" alt=\"\" width=\"192\" height=\"192\" srcset=\"https:\/\/www.katze-sucht-mensch.ch\/wp-content\/uploads\/2024\/07\/Mickey-2.png 216w, https:\/\/www.katze-sucht-mensch.ch\/wp-content\/uploads\/2024\/07\/Mickey-2-150x150.png 150w\" sizes=\"(max-width: 192px) 100vw, 192px\" \/><\/p>\n<p>\u00a0<\/p>\n<p><strong>Lilu<\/strong> h\u00e4tte in eine Wohnung ohne Freigangm\u00f6glickeit z\u00fcgeln m\u00fcssen, da ihr Haus kurzfristig verkauft wird. Das ist so gar nicht nach dem Geschmack der pflegeleichten Katzendame. Freigang ist gesetzt, meint sie. Also geht&#8217;s heute zu einem lieben Paar ins Simmental, wo&#8217;s nach Eingew\u00f6hnungszeit wieder Freigang gibt, ganz weit draussen. Das wird spannend!<\/p>\n<p><img decoding=\"async\" loading=\"lazy\" class=\"alignnone  wp-image-3332\" src=\"https:\/\/www.katze-sucht-mensch.ch\/wp-content\/uploads\/2024\/08\/Lilu-1-300x172.png\" alt=\"\" width=\"225\" height=\"129\" srcset=\"https:\/\/www.katze-sucht-mensch.ch\/wp-content\/uploads\/2024\/08\/Lilu-1-300x172.png 300w, https:\/\/www.katze-sucht-mensch.ch\/wp-content\/uploads\/2024\/08\/Lilu-1.png 707w\" sizes=\"(max-width: 225px) 100vw, 225px\" \/><\/p>\n<p>\u00a0<\/p>\n<p><strong>Sky <\/strong>ist jetzt grad mit ihren neuen Dosen\u00f6ffnern auf dem Weg ins neue Zuhause in Ostermundigen. Ihre Besitzer durften sie leider nicht mit ins Altersheim nehmen und suchten schweren Herzens dringend ein neues Pl\u00e4tzli. Da passte grad die Anfrage eines pensionierten, katzenerfahrenen Ehepaars. Und das Beste: der Balkon sieht fast identisch aus wie der, den Du bislang kennst, wie Zuhause, Sky!<\/p>\n<p><img decoding=\"async\" loading=\"lazy\" class=\"alignnone  wp-image-3319\" src=\"https:\/\/www.katze-sucht-mensch.ch\/wp-content\/uploads\/2024\/08\/Sky-1-300x176.png\" alt=\"\" width=\"234\" height=\"137\" srcset=\"https:\/\/www.katze-sucht-mensch.ch\/wp-content\/uploads\/2024\/08\/Sky-1-300x176.png 300w, https:\/\/www.katze-sucht-mensch.ch\/wp-content\/uploads\/2024\/08\/Sky-1.png 304w\" sizes=\"(max-width: 234px) 100vw, 234px\" \/><\/p>\n<p>\u00a0<\/p>\n<p><strong>Stella &amp; Abby <\/strong>sind erst k\u00fcrzlich gez\u00fcgelt, da ihr Frauchen verstorben ist. Leider hat aber die Erstkatze schreckliche Angst vor den beiden lieben B\u00fcsis. Also blieb nichts anderes \u00fcbrig als ein neues Zuhause zu suchen, nur f\u00fcr die beiden. Und sie haben&#8217;s gefunden, eins, wo viel gekuschelt und gespielt (und gefuttert) wird. Da k\u00f6nnen die beiden wieder ihren Lieblingshobbies nachgehen!<\/p>\n<p><img decoding=\"async\" loading=\"lazy\" class=\"alignnone  wp-image-3315\" src=\"https:\/\/www.katze-sucht-mensch.ch\/wp-content\/uploads\/2024\/08\/Abby-Stella-4.png\" alt=\"\" width=\"233\" height=\"169\" \/><\/p>\n<p>\u00a0<\/p>\n<p><strong>Mimi<\/strong> war ganz ungl\u00fccklich mit der k\u00e4tzischen Konkurrenz zuhause, sie will doch lieber Alleinprinzessin sein. Und tat dies auch kund durch &#8222;Innebisle&#8220;. Ist jetzt nicht mehr n\u00f6tig, Mimi. In einer Woche wirst Du in Neuenegg als Alleinprinzessin von einer erfahrenen Katzenhalterin verw\u00f6hnt. Schnell noch die Terrasse ausbruchsicher machen und dann darfst Du in Dein neues Reich z\u00fcgeln!<\/p>\n<p><img decoding=\"async\" loading=\"lazy\" class=\"alignnone  wp-image-3289\" src=\"https:\/\/www.katze-sucht-mensch.ch\/wp-content\/uploads\/2024\/07\/Mimi-1-263x300.png\" alt=\"\" width=\"207\" height=\"236\" srcset=\"https:\/\/www.katze-sucht-mensch.ch\/wp-content\/uploads\/2024\/07\/Mimi-1-263x300.png 263w, https:\/\/www.katze-sucht-mensch.ch\/wp-content\/uploads\/2024\/07\/Mimi-1.png 393w\" sizes=\"(max-width: 207px) 100vw, 207px\" \/><\/p>\n<p>\u00a0<\/p>\n<p><strong>Sissi <\/strong>wurde 14j\u00e4hrig beim Verein handicapcats abgegeben, weil sie unsauber war. Auf der Pflegestelle war das mit dem Kistchen aber gar kein Problem, auch der Untersuch beim Doc blieb ergebnislos, ausser ein wenig Zahnstein kerngesund! Sissi hat lange warten m\u00fcssen, aber es hat sich gelohnt, es geht zu einer pensionierten Katzenfreundin in F\u00e4llanden. Sissi bekommt ein &#8222;eigenes&#8220; Einfamilienhaus und darf sogar nach Eingew\u00f6hnungszeit auf die Terrasse und in den Garten. Sie wird&#8217;s geniessen!<\/p>\n<p><img decoding=\"async\" loading=\"lazy\" class=\"alignnone  wp-image-3245\" src=\"https:\/\/www.katze-sucht-mensch.ch\/wp-content\/uploads\/2024\/07\/Sissi-300x218.jpg\" alt=\"\" width=\"219\" height=\"159\" srcset=\"https:\/\/www.katze-sucht-mensch.ch\/wp-content\/uploads\/2024\/07\/Sissi-300x218.jpg 300w, https:\/\/www.katze-sucht-mensch.ch\/wp-content\/uploads\/2024\/07\/Sissi.jpg 393w\" sizes=\"(max-width: 219px) 100vw, 219px\" \/><\/p>\n<p>\u00a0<\/p>\n<p><strong>Frank&amp;Sophie<\/strong> kamen zusammen \u00fcber den grossen Teich, ihr Frauchchen pflegt ab sofort hier ihre Mutter. Leider war die Belastung f\u00fcr die Familie zu gross und die beiden litten unter dem Stress und der Unruhe. Zudem reagiert die kranke Mutter auch noch allergisch auf Katzen. Die beiden d\u00fcrfen ab sofort zusammen ihr neues, ruhiges Zuhause in Erlinsbach bei einer lieben und erfahrenen Katzenfreundin geniessen. Und Freigang im Garten gibt&#8217;s dann auch noch dazu!<\/p>\n<p><img decoding=\"async\" loading=\"lazy\" class=\"alignnone  wp-image-3189\" src=\"https:\/\/www.katze-sucht-mensch.ch\/wp-content\/uploads\/2024\/07\/Frank-Sophie-1.png\" alt=\"\" width=\"200\" height=\"219\" \/><\/p>\n<p>\u00a0<\/p>\n<p><strong>Freddy<\/strong> wurde von einer wilden Mutter bei einer Tierfreundin geboren und dort aufgezogen. Das Mami ging wieder seiner Wege, Freddy blieb. Jetzt mit gut 3 Monaten war es an der Zeit f\u00fcr ein eigenes Zuhause, zumal seine beiden Schwestern bereits ausgezogen sind. F\u00fcr ihn fand sich ganz in der N\u00e4he ein Pl\u00e4tzli bei einem erfahrenen &#8222;Katzenmami&#8220; und einem gleichaltrigen Gsp\u00e4nli. Dort ist jetzt Leben in der Bude!<\/p>\n<p><img decoding=\"async\" loading=\"lazy\" class=\"alignnone  wp-image-3253\" src=\"https:\/\/www.katze-sucht-mensch.ch\/wp-content\/uploads\/2024\/07\/Freddy-0-300x243.jpg\" alt=\"\" width=\"206\" height=\"167\" srcset=\"https:\/\/www.katze-sucht-mensch.ch\/wp-content\/uploads\/2024\/07\/Freddy-0-300x243.jpg 300w, https:\/\/www.katze-sucht-mensch.ch\/wp-content\/uploads\/2024\/07\/Freddy-0-100x80.jpg 100w, https:\/\/www.katze-sucht-mensch.ch\/wp-content\/uploads\/2024\/07\/Freddy-0.jpg 501w\" sizes=\"(max-width: 206px) 100vw, 206px\" \/><\/p>\n<p>\u00a0<\/p>\n<p><strong>Louie<\/strong> &#8222;drohte&#8220; aufgrund einer Eigenbedarfsk\u00fcndigung der Umzug in ein Zuhause ohne Freigang. Gar nicht im Sinne des pflegeleichten Dreibeiners! Also erstellte er seinen Wunschzettel: Freigang in Garten und Wiesen und Felder, das stand ganz oben auf der Liste. Und das gibt&#8217;s in ein paar Tagen bei einem katzenerfahrenen Paar mit Einfamilienhaus, Garten und angrenzenden Feldern. Sieht dort fast so aus, wie in seinem bisherigen Daheim, da wirst Du Dich wohlf\u00fchlen, Louie!<\/p>\n<p><img decoding=\"async\" loading=\"lazy\" class=\"alignnone  wp-image-3265\" src=\"https:\/\/www.katze-sucht-mensch.ch\/wp-content\/uploads\/2024\/07\/Louie-2-300x290.jpg\" alt=\"\" width=\"186\" height=\"180\" srcset=\"https:\/\/www.katze-sucht-mensch.ch\/wp-content\/uploads\/2024\/07\/Louie-2-300x290.jpg 300w, https:\/\/www.katze-sucht-mensch.ch\/wp-content\/uploads\/2024\/07\/Louie-2-1024x991.jpg 1024w, https:\/\/www.katze-sucht-mensch.ch\/wp-content\/uploads\/2024\/07\/Louie-2-768x743.jpg 768w, https:\/\/www.katze-sucht-mensch.ch\/wp-content\/uploads\/2024\/07\/Louie-2-1536x1486.jpg 1536w, https:\/\/www.katze-sucht-mensch.ch\/wp-content\/uploads\/2024\/07\/Louie-2.jpg 2048w\" sizes=\"(max-width: 186px) 100vw, 186px\" \/><\/p>\n<p>\u00a0<\/p>\n<p><strong>Link&amp;Raya<\/strong> hatten schon so viel Pech in ihrem erst einj\u00e4hrigen Leben: mutterlos aufgefunden, von einer Ammenkatze aufgezogen, vermittelt und wegen Allergie zur\u00fcckgegeben. Jetzt soll&#8217;s im 2. Anlauf aber definitiv klappen. Gleich beim ersten Besuch ist der Funke \u00fcbergesprungen, diesmal steht alles auf Gr\u00fcn f\u00fcr die beiden unkomplizierten und pflegeleichten Geschwister. Daumen dr\u00fccken, dass es so bleibt!<\/p>\n<p><img decoding=\"async\" loading=\"lazy\" class=\"alignnone  wp-image-3217\" src=\"https:\/\/www.katze-sucht-mensch.ch\/wp-content\/uploads\/2024\/07\/Link-Raya-3-218x300.png\" alt=\"\" width=\"140\" height=\"193\" srcset=\"https:\/\/www.katze-sucht-mensch.ch\/wp-content\/uploads\/2024\/07\/Link-Raya-3-218x300.png 218w, https:\/\/www.katze-sucht-mensch.ch\/wp-content\/uploads\/2024\/07\/Link-Raya-3.png 226w\" sizes=\"(max-width: 140px) 100vw, 140px\" \/> <img decoding=\"async\" loading=\"lazy\" class=\"alignnone  wp-image-3218\" src=\"https:\/\/www.katze-sucht-mensch.ch\/wp-content\/uploads\/2024\/07\/Link-Raya-4-300x294.png\" alt=\"\" width=\"194\" height=\"190\" srcset=\"https:\/\/www.katze-sucht-mensch.ch\/wp-content\/uploads\/2024\/07\/Link-Raya-4-300x294.png 300w, https:\/\/www.katze-sucht-mensch.ch\/wp-content\/uploads\/2024\/07\/Link-Raya-4.png 313w\" sizes=\"(max-width: 194px) 100vw, 194px\" \/><\/p>\n<p>\u00a0<\/p>\n<p><strong>Kiira&amp;Ashika<\/strong> drohte das Tierheim, da ihre Besitzerin nach \u00dcbersee auswandert und die neuen Besitzer ganz kurzfristig abgesagt haben. Aber just in diesem Moment kam die Anfrage eines katzenerfahrenen Pension\u00e4rs, der wieder ein B\u00fcsi suchte, gern auch ein sch\u00fcchternes, Zeit und Geduld hat er zuhauf. Ja, ob 1 oder 2, das spielt doch keine Rolle, wenn sie die zwei verstehen! Auch hier: <strong>ein ganz grosses MERCI an den neuen Dosen\u00f6ffner f\u00fcr die Flexibilit\u00e4t und Spontaneit\u00e4t! <\/strong>Von solchen Interessenten sollte es noch viel mehr geben. <strong>Danke, danke, danke im Namen der B\u00fcsis!<\/strong><\/p>\n<p><img decoding=\"async\" loading=\"lazy\" class=\"alignnone  wp-image-3223\" src=\"https:\/\/www.katze-sucht-mensch.ch\/wp-content\/uploads\/2024\/07\/Kiira-Akisha-1-300x271.png\" alt=\"\" width=\"189\" height=\"171\" srcset=\"https:\/\/www.katze-sucht-mensch.ch\/wp-content\/uploads\/2024\/07\/Kiira-Akisha-1-300x271.png 300w, https:\/\/www.katze-sucht-mensch.ch\/wp-content\/uploads\/2024\/07\/Kiira-Akisha-1.png 440w\" sizes=\"(max-width: 189px) 100vw, 189px\" \/><\/p>\n<p>\u00a0<\/p>\n<p><strong>Milo <\/strong>sollte eingeschl\u00e4fert werden wegen: kratzt an den M\u00f6beln, Umplatzierung ist geplatzt, Ferien stehen an! Geht ja gar nicht! Da musste inn. weniger Tage eine GUTE L\u00f6sung her. In Form eines lieben, geduldigen P\u00e4rchen, bei denen ein eigener riesiger Kratzbaum darauf wartet, von ihm bearbeitet zu werden. Und wo fast immer jemand daheim ist, der die M\u00f6bel besch\u00fctzt! <em><strong>DANKE an die Bekannte, die nicht weggeschaut und mir den Fall gemeldet hat! DANKE an die beiden, die Milo so spontan und flexibel aufgenommen haben!<\/strong><\/em><\/p>\n<p><img decoding=\"async\" loading=\"lazy\" class=\"alignnone  wp-image-3233\" src=\"https:\/\/www.katze-sucht-mensch.ch\/wp-content\/uploads\/2024\/07\/Nilo-1-240x300.png\" alt=\"\" width=\"192\" height=\"240\" srcset=\"https:\/\/www.katze-sucht-mensch.ch\/wp-content\/uploads\/2024\/07\/Nilo-1-240x300.png 240w, https:\/\/www.katze-sucht-mensch.ch\/wp-content\/uploads\/2024\/07\/Nilo-1.png 307w\" sizes=\"(max-width: 192px) 100vw, 192px\" \/><\/p>\n<p>\u00a0<\/p>\n<p><strong>Ghadanfar<\/strong> (zu deutsch: K\u00f6nig) suchte ein neues K\u00f6nigreich mit viel Hofstaat in Form von Katzen und einem Dosen\u00f6ffner, der ihm dient und dem er am Herzen liegt. Und dieses K\u00f6nigreich liegt im Aargau: Hofstaat mit 7 Katzen und 3 Seniorhunden in einem Rebengebiet und ein Paar als Dosen\u00f6ffner mit ganz viel Zeit. Das ist ein wahres K\u00f6nigreich!<\/p>\n<p><img decoding=\"async\" loading=\"lazy\" class=\"alignnone size-medium wp-image-3164\" src=\"https:\/\/www.katze-sucht-mensch.ch\/wp-content\/uploads\/2024\/07\/Ghadanfar-3-179x300.png\" alt=\"\" width=\"179\" height=\"300\" srcset=\"https:\/\/www.katze-sucht-mensch.ch\/wp-content\/uploads\/2024\/07\/Ghadanfar-3-179x300.png 179w, https:\/\/www.katze-sucht-mensch.ch\/wp-content\/uploads\/2024\/07\/Ghadanfar-3.png 207w\" sizes=\"(max-width: 179px) 100vw, 179px\" \/><\/p>\n<p>\u00a0<\/p>\n<p><strong>Katzina<\/strong> wurde der ganze Trubel zuhause zu viel, die Kinder kommen und gehen im Wochenrhythmus, der Umzug ins Haus war auch nicht so ihr Ding und, vor M\u00e4nnern hat sie sowieso nur Angst. Einfach nur Ruhe, klare Strukturen und Geborgenheit, das w\u00fcnschte sie sich. Und das bekommt sie gleich von ihrer ersten Interessentin: Haus mit eingez\u00e4untem Garten und viel Ruhe und Katzenerfahrung. Beidseitig sofort verliebt!<\/p>\n<p><img decoding=\"async\" loading=\"lazy\" class=\"alignnone  wp-image-3206\" src=\"https:\/\/www.katze-sucht-mensch.ch\/wp-content\/uploads\/2024\/07\/Katzina-0.png\" alt=\"\" width=\"194\" height=\"252\" \/>\u00a0<\/p>\n<p>\u00a0<\/p>\n<p><strong>LeChat<\/strong>, die 16j. KatzenDAME, war auch nicht mehr happy zuhause: anstehender Z\u00fcgeltermin mit anschliessendem dauerhaftem Freigangverbot, Konkurrenz in Form eines Baby&#8217;s unterwegs, Zeitmangel. Aber bald ist sie wieder happy: bei einem katzenerfahrenen Paar, das ihr den geliebten Freigang (nach Eingew\u00f6hnungszeit) bieten kann und wo sie wieder als Einzelprinzessin verw\u00f6hnt wird. Der Umzug wird sich auch in ihrem Alter noch lohnen!<\/p>\n<p><img decoding=\"async\" loading=\"lazy\" class=\"alignnone size-medium wp-image-3136\" src=\"https:\/\/www.katze-sucht-mensch.ch\/wp-content\/uploads\/2024\/06\/LeChat-1-168x300.png\" alt=\"\" width=\"168\" height=\"300\" srcset=\"https:\/\/www.katze-sucht-mensch.ch\/wp-content\/uploads\/2024\/06\/LeChat-1-168x300.png 168w, https:\/\/www.katze-sucht-mensch.ch\/wp-content\/uploads\/2024\/06\/LeChat-1.png 177w\" sizes=\"(max-width: 168px) 100vw, 168px\" \/><\/p>\n<p>\u00a0<\/p>\n<p><strong>Ramses<\/strong> verstand sich schon seit einiger Zeit nicht mehr mit seinem Bruder und h\u00e4ngte den Macho raus. Und vor allem: er markierte pl\u00f6tzlich, obwohl er nachweislich gesund ist. Also sollte er sein eigenes K\u00f6nigreich bekommen, ganz allein im Mittelpunkt stehen. Und was passiert seit den ersten Interessentenbesuchen? Pl\u00f6tzlich verstehen sich die beiden Br\u00fcder bestens und Markieren ist Vergangenheit, von heute auf morgen &#8222;geheilt&#8220;. Jetzt darf (und will) er bleiben!<\/p>\n<p><img decoding=\"async\" loading=\"lazy\" class=\"alignnone size-full wp-image-3146\" src=\"https:\/\/www.katze-sucht-mensch.ch\/wp-content\/uploads\/2024\/06\/Ramses-5.png\" alt=\"\" width=\"198\" height=\"144\" \/><\/p>\n<p>\u00a0<\/p>\n<p><strong>Tequila<\/strong> war gar nicht gl\u00fccklich \u00fcber die in seiner Familie anstehenden Ver\u00e4nderungen: keiner mehr daheim, keine Zeit, Z\u00fcgeltermin, wom\u00f6glich kein Freigang mehr. Da hat sich der &#8222;Sch\u00f6nwetterfreig\u00e4nger&#8220; ganz schnell f\u00fcr eine erfahrene Katzenfreundin aus Oetwil entschieden. Dort wartet der Garten schon darauf, von ihm in Beschlag genommen zu werden!<\/p>\n<p><img decoding=\"async\" loading=\"lazy\" class=\"alignnone  wp-image-3142\" src=\"https:\/\/www.katze-sucht-mensch.ch\/wp-content\/uploads\/2024\/06\/Tequila-2.png\" alt=\"\" width=\"182\" height=\"180\" \/><\/p>\n<p>\u00a0<\/p>\n<p><strong>Leon&amp;Lilly\u00a0<\/strong>wollten nicht mit ihrer Familie ins Ausland z\u00fcgeln, und schon gar nicht an unterschiedlichen Orten wohnen. Viel lieber z\u00fcgeln sie jetzt demn\u00e4chst nach Ebikon, wo ihre beiden neuen Dosen\u00f6ffnerinnen schon sehns\u00fcchtig auf sie warten. Sie d\u00fcrfen dann ein Bauernhaus mit T\u00f6rli zum Garten ihr eigen nennen. Und das Wichtigste: sie k\u00f6nnen zusammenbleiben!<\/p>\n<p><img decoding=\"async\" loading=\"lazy\" class=\"alignnone  wp-image-3174\" src=\"https:\/\/www.katze-sucht-mensch.ch\/wp-content\/uploads\/2024\/07\/Leon-Lilly-0-300x287.png\" alt=\"\" width=\"203\" height=\"194\" srcset=\"https:\/\/www.katze-sucht-mensch.ch\/wp-content\/uploads\/2024\/07\/Leon-Lilly-0-300x287.png 300w, https:\/\/www.katze-sucht-mensch.ch\/wp-content\/uploads\/2024\/07\/Leon-Lilly-0.png 324w\" sizes=\"(max-width: 203px) 100vw, 203px\" \/><\/p>\n<p>\u00a0<\/p>\n<p><strong>Charly<\/strong> ist herzkrank und braucht zwingend ein ruhiges, entspanntes Zuhause. Davon kann derzeit dank Kleinkind und Katzenwelpen nicht die Rede sein. Aber das wird jetzt anders: in einem tollen ruhigen Pension\u00e4rshaushalt in Luzern wird Charly demn\u00e4chst auf dem gesicherten Balkon ganz relaxed s\u00fcnnele und die Nachbarn beobachten, ohne Kind und andere Haustiere, daf\u00fcr aber mit ganz lieben Dosen\u00f6ffnern an seiner Seite. In der Ruhe liegt die Kraft!<\/p>\n<p><img decoding=\"async\" loading=\"lazy\" class=\"alignnone  wp-image-3074\" src=\"https:\/\/www.katze-sucht-mensch.ch\/wp-content\/uploads\/2024\/06\/Charly-3-300x149.png\" alt=\"\" width=\"226\" height=\"112\" srcset=\"https:\/\/www.katze-sucht-mensch.ch\/wp-content\/uploads\/2024\/06\/Charly-3-300x149.png 300w, https:\/\/www.katze-sucht-mensch.ch\/wp-content\/uploads\/2024\/06\/Charly-3-768x381.png 768w, https:\/\/www.katze-sucht-mensch.ch\/wp-content\/uploads\/2024\/06\/Charly-3.png 792w\" sizes=\"(max-width: 226px) 100vw, 226px\" \/>\u00a0<\/p>\n<p>\u00a0<\/p>\n<p><strong>Timmy<\/strong> nimmt&#8217;s ganz gem\u00fctlich, Hauptsache sein Mensch ist immer in der N\u00e4he. Er wurde aus schlechter Haltung gerettet und suchte jetzt einen eigenen Menschen nur f\u00fcr sich ganz alleine. Einer, der ihn verw\u00f6hnt. Gibt&#8217;s: in Graub\u00fcnden suchte ein \u00e4lterer Herr einen eigenen Kater nur f\u00fcr sich ganz alleine. Einen, den er verw\u00f6hnen darf. Passt doch!<\/p>\n<p><img decoding=\"async\" loading=\"lazy\" class=\"alignnone  wp-image-3130\" src=\"https:\/\/www.katze-sucht-mensch.ch\/wp-content\/uploads\/2024\/06\/Timmy-1-300x285.png\" alt=\"\" width=\"211\" height=\"200\" srcset=\"https:\/\/www.katze-sucht-mensch.ch\/wp-content\/uploads\/2024\/06\/Timmy-1-300x285.png 300w, https:\/\/www.katze-sucht-mensch.ch\/wp-content\/uploads\/2024\/06\/Timmy-1.png 424w\" sizes=\"(max-width: 211px) 100vw, 211px\" \/><\/p>\n<p>\u00a0<\/p>\n<p><strong>Tigra<\/strong> hatte ihr Gsp\u00e4nli verloren und war ganz traurig, besonders weil sie Katzengesellschaft so viel mehr sch\u00e4tzt als Menschengesellschaft. Ein lieber Katzenkumpel, das stand ganz oben auf ihrer Wunschliste. Gew\u00fcnscht und geliefert: am Wochenende darf sie bei einem genauso alten, genauso sozialen, genauso sch\u00fcchternen &#8222;verwitweten&#8220; Kater einziehen. Und das Beste, er heisst Tigro. Na, wenn das kein gutes Omen ist: TIGRA &amp; TIGRO!<\/p>\n<p><img decoding=\"async\" loading=\"lazy\" class=\"alignnone  wp-image-3170\" src=\"https:\/\/www.katze-sucht-mensch.ch\/wp-content\/uploads\/2024\/07\/Tigra-1-300x164.png\" alt=\"\" width=\"240\" height=\"131\" srcset=\"https:\/\/www.katze-sucht-mensch.ch\/wp-content\/uploads\/2024\/07\/Tigra-1-300x164.png 300w, https:\/\/www.katze-sucht-mensch.ch\/wp-content\/uploads\/2024\/07\/Tigra-1.png 488w\" sizes=\"(max-width: 240px) 100vw, 240px\" \/><\/p>\n<p>\u00a0<\/p>\n<p><strong>Charly&amp;Luke<\/strong> sind sehr gestresst vom Familiennachwuchs, zu unruhig alles inzwischen. Und Nr. 2 wollen sie auf keinen Fall sein. Also wird protestiert und markiert. Ein neues Zuhause wollten die beiden, wieder im Mittelpunkt stehen. Das d\u00fcrfen sie demn\u00e4chst in einem kinderlosen Haushalt mit einem riesigen Balkon zum S\u00fcnnele und V\u00f6geli kucken. Nur die beiden und ihr Dosen\u00f6ffner!<\/p>\n<p><img decoding=\"async\" loading=\"lazy\" class=\"alignnone  wp-image-3124\" src=\"https:\/\/www.katze-sucht-mensch.ch\/wp-content\/uploads\/2024\/06\/Charly-Luke-4-272x300.png\" alt=\"\" width=\"175\" height=\"193\" srcset=\"https:\/\/www.katze-sucht-mensch.ch\/wp-content\/uploads\/2024\/06\/Charly-Luke-4-272x300.png 272w, https:\/\/www.katze-sucht-mensch.ch\/wp-content\/uploads\/2024\/06\/Charly-Luke-4.png 456w\" sizes=\"(max-width: 175px) 100vw, 175px\" \/><\/p>\n<p>\u00a0<\/p>\n<p><strong>Simba<\/strong> wurde mit einigen anderen Katzen einfach zur\u00fcckgelassen, Mensch ist ausgezogen, Haus wird abgerissen. Zum Gl\u00fcck k\u00fcmmert sich eine Tiersch\u00fctzerin um die Gruppe, l\u00e4sst sie kastrieren, impfen und durchchecken und f\u00fcttert sie bis zur Vermittlung. Simba hat&#8217;s schon geschafft und darf zuk\u00fcnftig in Klosters die M\u00e4usepopulation beeinflussen. Ein kleines Paradies f\u00fcr den Charakterkater!<\/p>\n<p><img decoding=\"async\" loading=\"lazy\" class=\"alignnone  wp-image-3092\" src=\"https:\/\/www.katze-sucht-mensch.ch\/wp-content\/uploads\/2024\/06\/Simba-Rohrer-1-212x300.png\" alt=\"\" width=\"178\" height=\"252\" srcset=\"https:\/\/www.katze-sucht-mensch.ch\/wp-content\/uploads\/2024\/06\/Simba-Rohrer-1-212x300.png 212w, https:\/\/www.katze-sucht-mensch.ch\/wp-content\/uploads\/2024\/06\/Simba-Rohrer-1.png 246w\" sizes=\"(max-width: 178px) 100vw, 178px\" \/><\/p>\n<p>\u00a0<\/p>\n<p><strong>Felix<\/strong> war einfach nur noch ungl\u00fccklich, die anderen Katzen im Haushalt stressten ihn sehr, der Hund auch, Felix wollte einfach nur noch seine Ruhe. Vor lauter Aufregung fing er schon an, sich das Fell kahl zu schlecken. Rettung naht in Form eines ruhigen Zwei-Personen-Haushalts in Z\u00fcrich, fast immer jemand da zum Schm\u00fcselen. Und vor allem: Felix ist und bleibt dort Alleinprinz!<\/p>\n<p><img decoding=\"async\" loading=\"lazy\" class=\"alignnone size-full wp-image-3083\" src=\"https:\/\/www.katze-sucht-mensch.ch\/wp-content\/uploads\/2024\/06\/Felix-2.png\" alt=\"\" width=\"151\" height=\"173\" \/><\/p>\n<p>\u00a0<\/p>\n<p><strong>Moritz<\/strong> kann aus gesundheitlichen Gr\u00fcnden der Besitzerin wohl nicht mehr so lange versorgt werden, darum war er (wieder mal) auf der Suche nach einem neuen Zuhause. &#8222;Wieder&#8220;, weil der Charakterkater ein kleiner Wanderpokal ist, auf den Pl\u00e4tzlis zuvor hatte es wegen der Kinder nicht geklappt. Aber diesmal hat der das grosse Los gezogen: l\u00e4ndlich gelegen mit viel Gelegenheiten zum Mausen, bei einem lieben Paar, wo er einfach Moritz sein darf. Er hat sie schon beim ersten Besuch ins Herz geschlossen!<\/p>\n<p><img decoding=\"async\" loading=\"lazy\" class=\"alignnone  wp-image-3039\" src=\"https:\/\/www.katze-sucht-mensch.ch\/wp-content\/uploads\/2024\/06\/Moritz-300x286.jpg\" alt=\"\" width=\"196\" height=\"187\" srcset=\"https:\/\/www.katze-sucht-mensch.ch\/wp-content\/uploads\/2024\/06\/Moritz-300x286.jpg 300w, https:\/\/www.katze-sucht-mensch.ch\/wp-content\/uploads\/2024\/06\/Moritz-768x733.jpg 768w, https:\/\/www.katze-sucht-mensch.ch\/wp-content\/uploads\/2024\/06\/Moritz.jpg 847w\" sizes=\"(max-width: 196px) 100vw, 196px\" \/><\/p>\n<p>\u00a0<\/p>\n<p><strong>H\u00e4mpfeli<\/strong> wurde vom Besitzer am Z\u00fcgeltermin einfach zur\u00fcckgelassen. Sie w\u00fcnschte sich einfach ein tolles Pl\u00e4tzli bei anderen Katzen. Und das ging ganz schnell f\u00fcr die kleine liebe Katzendame: ausgeschrieben, gelesen, jemandem weitererz\u00e4hlt und schon darf sie demn\u00e4chst (gar nicht weit so weg) in eine tolle Familie mit &#8222;verwitwetem&#8220; Kater ziehen. 2 auf 1 Streich (gl\u00fccklich gemacht)!<\/p>\n<p><img decoding=\"async\" loading=\"lazy\" class=\"alignnone  wp-image-3099\" src=\"https:\/\/www.katze-sucht-mensch.ch\/wp-content\/uploads\/2024\/06\/Haempfel-3-226x300.png\" alt=\"\" width=\"174\" height=\"231\" srcset=\"https:\/\/www.katze-sucht-mensch.ch\/wp-content\/uploads\/2024\/06\/Haempfel-3-226x300.png 226w, https:\/\/www.katze-sucht-mensch.ch\/wp-content\/uploads\/2024\/06\/Haempfel-3.png 252w\" sizes=\"(max-width: 174px) 100vw, 174px\" \/><\/p>\n<p>\u00a0<\/p>\n<p><strong>Rachiv&amp;Bindi<\/strong> sind Waisen, Ihr Frauchen ist verstorben. Die beiden w\u00fcnschten sich jetzt wieder liebe Menschen mit viel Zeit, einen Hundekumpel, etwas Freigang und die Genehmigung, mit ins Bett zu d\u00fcrfen. Alle W\u00fcnsche erf\u00fcllt: bei einem bengalerfahrenen pensionierten Paar, in einem ehemaligen Bauernhof mit Riesenumschwung und einem katzenfreundlichen Hundekumpel. Schon am ersten Abend wurde das Bett ausprobiert. Und f\u00fcr gut befunden!<\/p>\n<p><img decoding=\"async\" loading=\"lazy\" class=\"alignnone  wp-image-3044\" src=\"https:\/\/www.katze-sucht-mensch.ch\/wp-content\/uploads\/2024\/06\/Rachif-Bindi.png\" alt=\"\" width=\"186\" height=\"135\" \/><\/p>\n<p>\u00a0<\/p>\n<p><strong>Angie<\/strong> ist &#8222;Ersatzspielerin&#8220;. Ihre neuen Besitzer hatten sich in Lee verguckt, nur hatte der sich schon entschieden, nach Z\u00fcrich zu z\u00fcgeln. Die Chance f\u00fcr Angie: sie wickelte die Interessenten von Lee in Null-Komma-Nichts um ihre 4 Pfoten und hat sich damit ein tolles Pl\u00e4tzli bei einem lieben Ehepaar in Langnau a. Albis gesichert. Der sonnige Balkon wartet bereits auf sie. Muss nur noch die Sonne rauskommen, dann ist&#8217;s perfekt!<\/p>\n<p><img decoding=\"async\" loading=\"lazy\" class=\"alignnone  wp-image-3075\" src=\"https:\/\/www.katze-sucht-mensch.ch\/wp-content\/uploads\/2024\/06\/Angie-.png\" alt=\"\" width=\"179\" height=\"163\" \/><\/p>\n<p>\u00a0<\/p>\n<p>Kater <strong>Lee<\/strong> (ausgesprochen: Katerli) war nur noch gestresst von den beiden Kleinkindern in der Familie. Und er zeigte das deutlich mit Protestmarkieren, wenn er seiner Meinung nach zu kurz kam und hinten anstehen musste. Er wollte doch einfach nur Einzelprinz sein! Darf er jetzt wieder: in Z\u00fcrich, nur er und seine Dosen\u00f6ffner. Ein 3-M\u00e4nner-Haushalt par Excellence, ganz nach Lee&#8217;s Geschmack!<\/p>\n<p><img decoding=\"async\" loading=\"lazy\" class=\"alignnone  wp-image-3028\" src=\"https:\/\/www.katze-sucht-mensch.ch\/wp-content\/uploads\/2024\/05\/Lee-2-225x300.jpg\" alt=\"\" width=\"180\" height=\"240\" srcset=\"https:\/\/www.katze-sucht-mensch.ch\/wp-content\/uploads\/2024\/05\/Lee-2-225x300.jpg 225w, https:\/\/www.katze-sucht-mensch.ch\/wp-content\/uploads\/2024\/05\/Lee-2-768x1024.jpg 768w, https:\/\/www.katze-sucht-mensch.ch\/wp-content\/uploads\/2024\/05\/Lee-2-1152x1536.jpg 1152w, https:\/\/www.katze-sucht-mensch.ch\/wp-content\/uploads\/2024\/05\/Lee-2.jpg 1512w\" sizes=\"(max-width: 180px) 100vw, 180px\" \/><\/p>\n<p>\u00a0<\/p>\n<p><strong>Sansa<\/strong> ist ein Mobbingopfer: von Nachbarskatzen und Nachbarshund und Nachbarskindern. Dabei ist sie einfach nur lieb und m\u00f6chte ihre Leben draussen in Frieden geniessen. Das darf sie jetzt auch: bei einem lieben frisch pensionierten Ehepaar in katzenfreundlicher und ruhiger Umgebung in Zufikon. Ein eigener Garten mit Zutritt durchs eigene Katzent\u00f6rli gibt ihr zudem Sicherheit. Jetzt wird alles gut, Sansa!<\/p>\n<p><img decoding=\"async\" loading=\"lazy\" class=\"alignnone  wp-image-3036\" src=\"https:\/\/www.katze-sucht-mensch.ch\/wp-content\/uploads\/2024\/06\/Sansa-1-300x229.png\" alt=\"\" width=\"181\" height=\"138\" srcset=\"https:\/\/www.katze-sucht-mensch.ch\/wp-content\/uploads\/2024\/06\/Sansa-1-300x229.png 300w, https:\/\/www.katze-sucht-mensch.ch\/wp-content\/uploads\/2024\/06\/Sansa-1.png 316w\" sizes=\"(max-width: 181px) 100vw, 181px\" \/>\u00a0<\/p>\n<p>\u00a0<\/p>\n<p><strong>M\u00fcsi<\/strong>&#8217;s Frauchen ist schwer erkrankt, weshalb er in einer tollen Familie platziert wurde. Leider hatte der Erstkater extrem Angst vor dem lieben M\u00fcsi und traute sich kaum noch nach Hause. Kaum war M\u00fcsi\u00a0 ausgeschrieben, hat sich&#8217;s der Erstkater \u00fcberlegt und findet M\u00fcsi gar nicht mehr sooo furchterregend. Da scheint sich eine Katerfreundschaft anzubahnen. Kurz: M\u00fcsi darf bleiben, Erstkater hat&#8217;s genehmigt. Auch sch\u00f6n, solch eine &#8222;Vermittlung&#8220;!<\/p>\n<p><img decoding=\"async\" loading=\"lazy\" class=\"alignnone  wp-image-2979\" src=\"https:\/\/www.katze-sucht-mensch.ch\/wp-content\/uploads\/2024\/05\/Muesi-1-300x195.png\" alt=\"\" width=\"185\" height=\"120\" srcset=\"https:\/\/www.katze-sucht-mensch.ch\/wp-content\/uploads\/2024\/05\/Muesi-1-300x195.png 300w, https:\/\/www.katze-sucht-mensch.ch\/wp-content\/uploads\/2024\/05\/Muesi-1.png 703w\" sizes=\"(max-width: 185px) 100vw, 185px\" \/><\/p>\n<p>\u00a0<\/p>\n<p><strong>Simba <\/strong>konnte nach dem Umzug seiner Familie keinen Freigang mehr geniessen. F\u00fcr ihn Stress pur! Dazu kamen noch die Kleinkinder der Familie. Noch mehr Stress! Ein neues \u00a0Zuhause wollte er haben: liebe, &#8222;grosse&#8220; Menschen mit Zeit zum Schm\u00fcsele mit dem Alleinprinzen und Freigang in l\u00e4ndlicher Umgebung. Das hat Simba seit dem Wochenende bei einer tollen Familie in einem kleinen Weiler in Obwalden. Na gut, der Freigang muss noch etwas warten. Eingew\u00f6hnungszeit, aber dann!<\/p>\n<p><img decoding=\"async\" loading=\"lazy\" class=\"alignnone  wp-image-2920\" src=\"https:\/\/www.katze-sucht-mensch.ch\/wp-content\/uploads\/2024\/04\/Simba-2-225x300.jpg\" alt=\"\" width=\"175\" height=\"233\" srcset=\"https:\/\/www.katze-sucht-mensch.ch\/wp-content\/uploads\/2024\/04\/Simba-2-225x300.jpg 225w, https:\/\/www.katze-sucht-mensch.ch\/wp-content\/uploads\/2024\/04\/Simba-2.jpg 240w\" sizes=\"(max-width: 175px) 100vw, 175px\" \/><\/p>\n<p>\u00a0<\/p>\n<p><strong>Susi<\/strong> konnte nicht mir ihrem geliebten Frauchen ins Pflegeheim z\u00fcgeln und fand ein Pl\u00e4tzli in einer befreundeten Familie. Zu viel Mensch, zu viel Mann, zu viel Kind, befand die kaprizi\u00f6se 14j. Katzen-Seniorin. Nur sie, ein Frauchen, Schmuseeinheiten und Freigang, mehr wollte sie nicht. Und das bekam sie am Wochenende im Z\u00fcrcher Unterland. Endlich wieder nur sie und ihr neues Frauchen zusammen auf dem Sofa. Und ab und zu ums Haus herumstreichen!<\/p>\n<p><img decoding=\"async\" loading=\"lazy\" class=\"alignnone  wp-image-2969\" src=\"https:\/\/www.katze-sucht-mensch.ch\/wp-content\/uploads\/2024\/05\/Susi-C-300x281.png\" alt=\"\" width=\"181\" height=\"170\" srcset=\"https:\/\/www.katze-sucht-mensch.ch\/wp-content\/uploads\/2024\/05\/Susi-C-300x281.png 300w, https:\/\/www.katze-sucht-mensch.ch\/wp-content\/uploads\/2024\/05\/Susi-C.png 478w\" sizes=\"(max-width: 181px) 100vw, 181px\" \/><\/p>\n<p>\u00a0<\/p>\n<p><strong>Caramel <\/strong>ist auch ein Trennungsopfer, zudem kommt er mit dem Trubel in seiner Katzentruppe so gar nicht zurecht. Katzen: ja! Aber bittesch\u00f6n ruhige, gem\u00fctliche und solche in seiner Gewichtsklasse, immerhin bringt er 7kg auf die Waage. Sein Wunsch war Befehl: ein neues Zuhause im EFH mit Umschwung, bei einem katzenerfahrenen Paar und gleich 3 ruhige, gem\u00fctliche Gsp\u00e4nli. Der Z\u00fcrcher wird jetzt Berner!<\/p>\n<p><img decoding=\"async\" loading=\"lazy\" class=\"alignnone  wp-image-2937\" src=\"https:\/\/www.katze-sucht-mensch.ch\/wp-content\/uploads\/2024\/05\/Gracie-Caramel-1-225x300.jpeg\" alt=\"\" width=\"152\" height=\"203\" srcset=\"https:\/\/www.katze-sucht-mensch.ch\/wp-content\/uploads\/2024\/05\/Gracie-Caramel-1-225x300.jpeg 225w, https:\/\/www.katze-sucht-mensch.ch\/wp-content\/uploads\/2024\/05\/Gracie-Caramel-1.jpeg 240w\" sizes=\"(max-width: 152px) 100vw, 152px\" \/><\/p>\n<p>\u00a0<\/p>\n<p><strong>Gracie<\/strong> ist eine zierliche aber quirlige MaineCoon. Nach Trennung ihrer Familie suchte sie ein neues Pl\u00e4tzli bei einem genauso zarten Gsp\u00e4nli. Bei ihren 7kg-MainCoone-Gsp\u00e4nli kam sie immer unter die R\u00e4der. Jetzt bekommt sie sogar 2 liebe Gsp\u00e4nli und noch etwas Freigang im gesicherten Garten als Extra dazu. Was will eine Gracie mehr?<\/p>\n<p><img decoding=\"async\" loading=\"lazy\" class=\"alignnone size-full wp-image-2939\" src=\"https:\/\/www.katze-sucht-mensch.ch\/wp-content\/uploads\/2024\/05\/Gracie-Caramel-3.JPEG.png\" alt=\"\" width=\"158\" height=\"194\" \/><\/p>\n<p>\u00a0<\/p>\n<p><strong>Luna&amp;Nino<\/strong> waren zusammen dringend auf der Suche nach einem neuen Zuhause. Ihr Besitzer war gez\u00fcgelt und Katzen sind in der neuen Wohnung nicht erlaubt. Aber Wohnungsb\u00fcsis sind gesucht. Eine tolle Familie aus Port mit vielen streichelnden H\u00e4nden darf nun f\u00fcr die beiden Dosen \u00f6ffnen. Luna fand sofort nach Ankunft den Platz auf dem Sofa toll, Nino zog am 1. Tag noch den Platz unterm Bett vor. Aber das wird, Tag 1 nach Ankunft naht!<\/p>\n<p><img decoding=\"async\" loading=\"lazy\" class=\"alignnone  wp-image-2975\" src=\"https:\/\/www.katze-sucht-mensch.ch\/wp-content\/uploads\/2024\/05\/Nino-Luna-1-300x204.jpg\" alt=\"\" width=\"196\" height=\"133\" srcset=\"https:\/\/www.katze-sucht-mensch.ch\/wp-content\/uploads\/2024\/05\/Nino-Luna-1-300x204.jpg 300w, https:\/\/www.katze-sucht-mensch.ch\/wp-content\/uploads\/2024\/05\/Nino-Luna-1-1024x695.jpg 1024w, https:\/\/www.katze-sucht-mensch.ch\/wp-content\/uploads\/2024\/05\/Nino-Luna-1-768x521.jpg 768w, https:\/\/www.katze-sucht-mensch.ch\/wp-content\/uploads\/2024\/05\/Nino-Luna-1.jpg 1040w\" sizes=\"(max-width: 196px) 100vw, 196px\" \/> <img decoding=\"async\" loading=\"lazy\" class=\"alignnone  wp-image-2976\" src=\"https:\/\/www.katze-sucht-mensch.ch\/wp-content\/uploads\/2024\/05\/Nino-Luna-2-182x300.jpg\" alt=\"\" width=\"121\" height=\"199\" srcset=\"https:\/\/www.katze-sucht-mensch.ch\/wp-content\/uploads\/2024\/05\/Nino-Luna-2-182x300.jpg 182w, https:\/\/www.katze-sucht-mensch.ch\/wp-content\/uploads\/2024\/05\/Nino-Luna-2-620x1024.jpg 620w, https:\/\/www.katze-sucht-mensch.ch\/wp-content\/uploads\/2024\/05\/Nino-Luna-2.jpg 654w\" sizes=\"(max-width: 121px) 100vw, 121px\" \/><\/p>\n<p>\u00a0<\/p>\n<p><strong>Jacky&amp;Juno<\/strong> waren pl\u00f6tzlich nicht mehr vom Vermieter geduldet, wohl weil sie ab und zu auch mal in seinem Garten nebenan ihr Gesch\u00e4ft verrichtet hatten. Also wurde f\u00fcr die beiden ein Zuhause in katzenfreundlicherer Umgebung gesucht. Und als es &#8222;ernst&#8220; wurde, konnten sich die Besitzer doch nicht trennen. Aber es gibt ja noch eine andere L\u00f6sung: eine neue Wohnung soll&#8217;s sein. J&amp;J d\u00fcrfen bleiben!<\/p>\n<p><img decoding=\"async\" loading=\"lazy\" class=\"alignnone  wp-image-2999\" src=\"https:\/\/www.katze-sucht-mensch.ch\/wp-content\/uploads\/2024\/05\/Jacky-Juno-1.png\" alt=\"\" width=\"166\" height=\"166\" srcset=\"https:\/\/www.katze-sucht-mensch.ch\/wp-content\/uploads\/2024\/05\/Jacky-Juno-1.png 288w, https:\/\/www.katze-sucht-mensch.ch\/wp-content\/uploads\/2024\/05\/Jacky-Juno-1-150x150.png 150w\" sizes=\"(max-width: 166px) 100vw, 166px\" \/><\/p>\n<p>\u00a0<\/p>\n<p><strong>Kimi&amp;Lui<\/strong> waren pl\u00f6tzlich von der Hausverwaltung nicht mehr geduldet, obwohl die Verunreinigungen nicht von ihnen sondern\u00a0 von Nachbarskatzen stammten. Ein neues Zuhause in einer katzenfreundlicheren Umgebung musste her. Und wurde gefunden: bei lieben Menschen mit viel Zeit zum Kuscheln und Spielen. Und nat\u00fcrlich bald wieder Freigang!<\/p>\n<p><img decoding=\"async\" loading=\"lazy\" class=\"alignnone  wp-image-2950\" src=\"https:\/\/www.katze-sucht-mensch.ch\/wp-content\/uploads\/2024\/05\/Kimi-Lui-3.png\" alt=\"\" width=\"141\" height=\"158\" \/>\u00a0 <img decoding=\"async\" loading=\"lazy\" class=\"alignnone  wp-image-2949\" src=\"https:\/\/www.katze-sucht-mensch.ch\/wp-content\/uploads\/2024\/05\/Kimi-Lui-2.png\" alt=\"\" width=\"239\" height=\"156\" \/><\/p>\n<p>\u00a0<\/p>\n<p><strong>Simba<\/strong> ist eifers\u00fcchtig auf alles und jeden, er duldet keine G\u00f6tter neben sich. Deswegen neigt er auch zu \u00dcbersprungshandlungen und kann kratzen und beissen. Nach einer gr\u00f6ssere Attacke suchte seine Besitzerin einen neuen Platz, wo er als Alleinprinz im Mittelpunkt stehen darf. Gesucht und gefunden, alle seine W\u00fcnsche erf\u00fcllt. Wir dr\u00fccken die Daumen, dass Du Dich da endlich wohlf\u00fchlst, Simba!<\/p>\n<p><img decoding=\"async\" loading=\"lazy\" class=\"alignnone size-full wp-image-2929\" src=\"https:\/\/www.katze-sucht-mensch.ch\/wp-content\/uploads\/2024\/04\/Simba-weiss-2.png\" alt=\"\" width=\"166\" height=\"201\" \/><\/p>\n<p>\u00a0<\/p>\n<p><strong>Niki<\/strong> aus Bern suchte wieder ein Zuhause in Wohnungshaltung, da sich seine Familie getrennt hat. Sollte einfach sein f\u00fcr einen 4j\u00e4hrigen lieben, verschmusten Kater. Na, nicht so ganz, Niki leidet unter Epilepsie, was nicht jeder handeln kann oder will. Aber auch hier gibt&#8217;s Katzenfreunde, sogar mit Epi-Erfahrung und gleich auch noch in Bern. Erst mal 4 Wochen Probewohnen und dann: Forever!<\/p>\n<p><img decoding=\"async\" loading=\"lazy\" class=\"alignnone  wp-image-2847\" src=\"https:\/\/www.katze-sucht-mensch.ch\/wp-content\/uploads\/2024\/04\/Niki-1-225x300.jpg\" alt=\"\" width=\"190\" height=\"253\" srcset=\"https:\/\/www.katze-sucht-mensch.ch\/wp-content\/uploads\/2024\/04\/Niki-1-225x300.jpg 225w, https:\/\/www.katze-sucht-mensch.ch\/wp-content\/uploads\/2024\/04\/Niki-1-768x1024.jpg 768w, https:\/\/www.katze-sucht-mensch.ch\/wp-content\/uploads\/2024\/04\/Niki-1-1152x1536.jpg 1152w, https:\/\/www.katze-sucht-mensch.ch\/wp-content\/uploads\/2024\/04\/Niki-1.jpg 1536w\" sizes=\"(max-width: 190px) 100vw, 190px\" \/><\/p>\n<p>\u00a0<\/p>\n<p><strong>Fazi&#8217;s<\/strong> Besitzerin konnte sie nicht mehr versorgen, deswegen z\u00fcgelte die kleine Grautigerin zur Enkelin. Wurde dort aber so gar nicht gl\u00fccklich, der Stress mit den Kleinkindern war ihr doch zu viel. Also musste ein neues Zuhause her, so eins, wie sie&#8217;s von fr\u00fcher kannte. Und das gibt&#8217;s in Boll bei einem pensionierten Ehepaar, ohne Kinder\/Enkelkinder\/Hund\/Katz, aber mit Balkon und viiiiiel Zeit. Das ist es!<\/p>\n<p><img decoding=\"async\" loading=\"lazy\" class=\"alignnone size-full wp-image-2881\" src=\"https:\/\/www.katze-sucht-mensch.ch\/wp-content\/uploads\/2024\/04\/Fazi-2.png\" alt=\"\" width=\"171\" height=\"171\" srcset=\"https:\/\/www.katze-sucht-mensch.ch\/wp-content\/uploads\/2024\/04\/Fazi-2.png 171w, https:\/\/www.katze-sucht-mensch.ch\/wp-content\/uploads\/2024\/04\/Fazi-2-150x150.png 150w\" sizes=\"(max-width: 171px) 100vw, 171px\" \/><\/p>\n<p>\u00a0<\/p>\n<p><strong>Laila<\/strong> suchte ein neues Zuhause, da das Baby in der Familie allergisch reagiert. Und bei der Gelegenheit h\u00e4tte sie auch gern gleich noch ein liebes Gsp\u00e4nli. Ihr bisheriges wollte immer so gar nichts von ihr wissen. Bestellt und geliefert: ein neuer Katzenkumpel wartet schon sehns\u00fcchtig in Basel auf sie. Jetzt m\u00fcssen die beiden sich nur noch beschnuppern und f\u00fcr gut befinden. Das klappt schon, Ihr zwei!<\/p>\n<p><img decoding=\"async\" loading=\"lazy\" class=\"alignnone  wp-image-2823\" src=\"https:\/\/www.katze-sucht-mensch.ch\/wp-content\/uploads\/2024\/04\/Simba-Laila-2-225x300.jpg\" alt=\"\" width=\"183\" height=\"244\" srcset=\"https:\/\/www.katze-sucht-mensch.ch\/wp-content\/uploads\/2024\/04\/Simba-Laila-2-225x300.jpg 225w, https:\/\/www.katze-sucht-mensch.ch\/wp-content\/uploads\/2024\/04\/Simba-Laila-2.jpg 240w\" sizes=\"(max-width: 183px) 100vw, 183px\" \/><\/p>\n<p>\u00a0<\/p>\n<p><strong>Batman&amp;Kimchi<\/strong> hatten doppelt Pech: erst reagiert das Baby in der Familie allergisch auf Katzen, dann passt die Chemie zu den Erstkatzen im neuen Zuhause so gar nicht. Jetzt gab&#8217;s den 3. Versuch: als Alleinprinzen im kinderlosen Haushalt, wo fast immer jemand zuhause ist zum Schm\u00fcsele und Spielen. Das wird jetzt klappen, ganz bestimmt!<\/p>\n<p><img decoding=\"async\" loading=\"lazy\" class=\"alignnone  wp-image-2799\" src=\"https:\/\/www.katze-sucht-mensch.ch\/wp-content\/uploads\/2024\/04\/Batman-Kimchi-1-300x220.png\" alt=\"\" width=\"190\" height=\"139\" srcset=\"https:\/\/www.katze-sucht-mensch.ch\/wp-content\/uploads\/2024\/04\/Batman-Kimchi-1-300x220.png 300w, https:\/\/www.katze-sucht-mensch.ch\/wp-content\/uploads\/2024\/04\/Batman-Kimchi-1.png 359w\" sizes=\"(max-width: 190px) 100vw, 190px\" \/>\u00a0 <img decoding=\"async\" loading=\"lazy\" class=\"alignnone  wp-image-2800\" src=\"https:\/\/www.katze-sucht-mensch.ch\/wp-content\/uploads\/2024\/04\/Batman-Kimchi-2.png\" alt=\"\" width=\"92\" height=\"140\" \/><\/p>\n<p>\u00a0<\/p>\n<p><strong>Mischa<\/strong> ist auch ein Trennungsopfer, keiner hat mehr Zeit f\u00fcr ihn und sein liebstes Hobby: Kunstst\u00fcckchen lehren. Also musste eine neue Familie mit viel Zeit (und m\u00f6glichst einem lieben Gsp\u00e4nli) her. Gibt&#8217;s in Luzern. Jetzt ist Probewohnen angesagt, auf dass der Funke zu seinem neuen Freund \u00fcberspringt!<\/p>\n<p><img decoding=\"async\" loading=\"lazy\" class=\"alignnone  wp-image-2838\" src=\"https:\/\/www.katze-sucht-mensch.ch\/wp-content\/uploads\/2024\/04\/Mischa-3.png\" alt=\"\" width=\"188\" height=\"330\" \/><\/p>\n<p>\u00a0<\/p>\n<p><strong>Nika<\/strong> ist eifers\u00fcchtig auf &#8222;Konkurrenz&#8220;. In der Familie ist ein Baby unterwegs, er sp\u00fcrt das, auch der Zeitmangel macht ihm zu schaffen und er zeigt dies durch Protestmarkieren. Ein neues Zuhause will er, wo er Einzelprinz ist. Gibt&#8217;s: am Dorfrand von Utzensdorf bei einer lieben Familie, Freigang, Schmuseeinheiten und Fellpflege inklusive. Dort stehst Du wieder ganz im Mittelpunkt, Nika!<\/p>\n<p><img decoding=\"async\" loading=\"lazy\" class=\"alignnone  wp-image-2775\" src=\"https:\/\/www.katze-sucht-mensch.ch\/wp-content\/uploads\/2024\/03\/Nika-1-300x225.png\" alt=\"\" width=\"188\" height=\"141\" srcset=\"https:\/\/www.katze-sucht-mensch.ch\/wp-content\/uploads\/2024\/03\/Nika-1-300x225.png 300w, https:\/\/www.katze-sucht-mensch.ch\/wp-content\/uploads\/2024\/03\/Nika-1.png 406w\" sizes=\"(max-width: 188px) 100vw, 188px\" \/><\/p>\n<p>\u00a0<\/p>\n<p><strong>Peachy&amp;Lucky<\/strong> wurden schweren Herzens zur Adoption freigegeben, die Allergie bei den Familienmitgliedern war einfach nicht in den Griff zu bekommen. Jetzt geht&#8217;s f\u00fcr die beiden zu einer ganz tollen Familie nach Cham, zwei Schulkinder zum Spielen und Kunstst\u00fcckchen \u00fcben, erwachsene Dosen\u00f6ffner mit viel Zeit, Wintergarten und sp\u00e4terer Freigang inklusive. Alle W\u00fcnsche erf\u00fcllt!<\/p>\n<p><img decoding=\"async\" loading=\"lazy\" class=\"alignnone  wp-image-2720\" src=\"https:\/\/www.katze-sucht-mensch.ch\/wp-content\/uploads\/2024\/03\/Peachy-Lucky-7-291x300.jpg\" alt=\"\" width=\"183\" height=\"189\" srcset=\"https:\/\/www.katze-sucht-mensch.ch\/wp-content\/uploads\/2024\/03\/Peachy-Lucky-7-291x300.jpg 291w, https:\/\/www.katze-sucht-mensch.ch\/wp-content\/uploads\/2024\/03\/Peachy-Lucky-7-992x1024.jpg 992w, https:\/\/www.katze-sucht-mensch.ch\/wp-content\/uploads\/2024\/03\/Peachy-Lucky-7-768x793.jpg 768w, https:\/\/www.katze-sucht-mensch.ch\/wp-content\/uploads\/2024\/03\/Peachy-Lucky-7-1488x1536.jpg 1488w, https:\/\/www.katze-sucht-mensch.ch\/wp-content\/uploads\/2024\/03\/Peachy-Lucky-7.jpg 1550w\" sizes=\"(max-width: 183px) 100vw, 183px\" \/><\/p>\n<p>\u00a0<\/p>\n<p><strong>George &amp; Moritz<\/strong> waren vermittelt, wurden aber extrem ver\u00e4ngstigt zur\u00fcckgebracht. Dabei waren sie vorher so zutrauliche verschmuste B\u00fcsis. Niemand weiss, was genau zu diesem Wandel gef\u00fchrt hat. Egal, jetzt beginnt der 2. Teil ihres Lebens: im gleichen Kanton, aber einer neuen geduldigen Familie. Das kommt jetzt gut, Ihr 2, Vergangenes einfach vergessen und neu durchstarten!<\/p>\n<p><img decoding=\"async\" loading=\"lazy\" class=\"alignnone  wp-image-2587\" src=\"https:\/\/www.katze-sucht-mensch.ch\/wp-content\/uploads\/2024\/02\/George-Moritz-2-246x300.png\" alt=\"\" width=\"184\" height=\"224\" srcset=\"https:\/\/www.katze-sucht-mensch.ch\/wp-content\/uploads\/2024\/02\/George-Moritz-2-246x300.png 246w, https:\/\/www.katze-sucht-mensch.ch\/wp-content\/uploads\/2024\/02\/George-Moritz-2.png 310w\" sizes=\"(max-width: 184px) 100vw, 184px\" \/>\u00a0 <img decoding=\"async\" loading=\"lazy\" class=\"alignnone  wp-image-2586\" src=\"https:\/\/www.katze-sucht-mensch.ch\/wp-content\/uploads\/2024\/02\/George-Moritz-1-300x276.png\" alt=\"\" width=\"243\" height=\"224\" srcset=\"https:\/\/www.katze-sucht-mensch.ch\/wp-content\/uploads\/2024\/02\/George-Moritz-1-300x276.png 300w, https:\/\/www.katze-sucht-mensch.ch\/wp-content\/uploads\/2024\/02\/George-Moritz-1.png 319w\" sizes=\"(max-width: 243px) 100vw, 243px\" \/><\/p>\n<p>\u00a0<\/p>\n<p><strong>Leo<\/strong> war gestresst von den Kleinkindern der Familie und dann kam auch noch die Allergie eines Familienmitglieds dazu. Ein neues Zuhause musste her f\u00fcr den lieben sozialen Kater: gesucht und gefunden bei einem ganz lieben Paar in Mirchel, incl. gesichertem Balkon zum V\u00f6geli-Beobachten. Und das Beste: ein gleichaltriger Katzenfreund wartet dort auch schon sehns\u00fcchtig auf ihn!\u00a0<\/p>\n<p><img decoding=\"async\" loading=\"lazy\" class=\"alignnone  wp-image-2756\" src=\"https:\/\/www.katze-sucht-mensch.ch\/wp-content\/uploads\/2024\/03\/Leo1.png\" alt=\"\" width=\"195\" height=\"116\" \/><\/p>\n<p>\u00a0<\/p>\n<p><strong>Merlin<\/strong>, der Zauberer, hat sich sein neues Zuhause selbst herbeigezaubert. Lang hat&#8217;s gedauert und dann ist er zum Schwiegervater des Hauses gez\u00fcgelt, wo es endlich wieder seinen uneingeschr\u00e4nkten Freigang via T\u00f6rli und Leiter gibt. Und kaum gez\u00fcgelt kamen sogar noch zwei Anfragen f\u00fcr ihn. Alles oder nichts, aber auf jeden Fall kein Grund mehr reinzubiseln!<\/p>\n<p><img decoding=\"async\" loading=\"lazy\" class=\"alignnone size-medium wp-image-2502\" src=\"https:\/\/www.katze-sucht-mensch.ch\/wp-content\/uploads\/2024\/01\/Merlin-1-168x300.png\" alt=\"\" width=\"168\" height=\"300\" srcset=\"https:\/\/www.katze-sucht-mensch.ch\/wp-content\/uploads\/2024\/01\/Merlin-1-168x300.png 168w, https:\/\/www.katze-sucht-mensch.ch\/wp-content\/uploads\/2024\/01\/Merlin-1.png 202w\" sizes=\"(max-width: 168px) 100vw, 168px\" \/><\/p>\n<p>\u00a0<\/p>\n<p><strong>Lilo&amp;Stitch<\/strong> suchten neue Besitzer, die nicht allergisch reagieren. Ihr W\u00fcnsche: zusammen bleiben, grosse Wohnung, grosser Balkon, keine anderen Haustier-G\u00f6tter neben sich. Kein Problem: Ab Ostern werden die V\u00f6geli in Frauenfeld beobachtet. Und bei schlechtem Wetter gibt&#8217;s da noch 4 streichelnde H\u00e4nde!<\/p>\n<p><img decoding=\"async\" loading=\"lazy\" class=\"alignnone  wp-image-2792\" src=\"https:\/\/www.katze-sucht-mensch.ch\/wp-content\/uploads\/2024\/03\/Lilo-Stitch-2.png\" alt=\"\" width=\"166\" height=\"199\" \/>\u00a0 <img decoding=\"async\" loading=\"lazy\" class=\"alignnone  wp-image-2793\" src=\"https:\/\/www.katze-sucht-mensch.ch\/wp-content\/uploads\/2024\/03\/Lilo-Stitch-3-204x300.png\" alt=\"\" width=\"135\" height=\"199\" srcset=\"https:\/\/www.katze-sucht-mensch.ch\/wp-content\/uploads\/2024\/03\/Lilo-Stitch-3-204x300.png 204w, https:\/\/www.katze-sucht-mensch.ch\/wp-content\/uploads\/2024\/03\/Lilo-Stitch-3.png 276w\" sizes=\"(max-width: 135px) 100vw, 135px\" \/><\/p>\n<p>\u00a0<\/p>\n<p><strong>Elvis&amp;Tara<\/strong> sind die n\u00e4chsten Scheidungswaisen, die ein neues Zuhause gefunden haben. Kurz vor dem Z\u00fcgeltermin ins Tierheim haben sie ihre Traumfamilie gefunden: grosses Haus mit viel Umschwung in l\u00e4ndlicher Umgebung (und viiiielen M\u00e4usen, also in der Umgebung, nicht im Haus!), Katzent\u00f6rli und die Genehmigung, mit im Bett zu schlafen. Alle freuen sich schon auf Euch!<\/p>\n<p><img decoding=\"async\" loading=\"lazy\" class=\"alignnone size-medium wp-image-2593\" src=\"https:\/\/www.katze-sucht-mensch.ch\/wp-content\/uploads\/2024\/02\/Elvis-Tara-1-177x300.png\" alt=\"\" width=\"177\" height=\"300\" srcset=\"https:\/\/www.katze-sucht-mensch.ch\/wp-content\/uploads\/2024\/02\/Elvis-Tara-1-177x300.png 177w, https:\/\/www.katze-sucht-mensch.ch\/wp-content\/uploads\/2024\/02\/Elvis-Tara-1.png 286w\" sizes=\"(max-width: 177px) 100vw, 177px\" \/><\/p>\n<p>\u00a0<\/p>\n<p><strong>Milow&amp;Nala<\/strong> sind best friends, seit der Trennung ihrer Familie noch mehr. Sie haben ja nur noch sich, denn keiner hat mehr Zeit f\u00fcr sie. Ein ganz spezielles Zuhause sollte es sein: auf dem Land, mit vielen M\u00e4usen und vielen streichelnden H\u00e4nden. Und genau das gibt&#8217;s (sogar im gleichen Kanton): auf einem Reiterhof in Thusis, einem kleinen Paradies f\u00fcr B\u00fcsis. Incl. einigen neuen B\u00fcsi-Freunden!<\/p>\n<p><img decoding=\"async\" loading=\"lazy\" class=\"alignnone  wp-image-2741\" src=\"https:\/\/www.katze-sucht-mensch.ch\/wp-content\/uploads\/2024\/03\/Milow-Nala-1.png\" alt=\"\" width=\"192\" height=\"135\" \/><\/p>\n<p>\u00a0<\/p>\n<p><strong>Bobo<\/strong>\u00a0(der ohne &#8222;Die-Tschei&#8220;) konnte nicht mit seinem Frauchen ins Pflegeheim z\u00fcgeln. Ein neues Frauchen musste her. Aber genauso lieb wie das bisherige. Und ein Balkon zum S\u00fcnnele. Solche W\u00fcnsche sind doch leicht zu erf\u00fcllen: es gibt seit dieser Woche ein liebes Frauchen (und gleich noch ein liebes Herrchen dazu), und nat\u00fcrlich Balkon zum S\u00fcnnele. Gez\u00fcgelt, inspiziert und f\u00fcr gut befunden. Hier bleibt er, der Bobo!<\/p>\n<p><img decoding=\"async\" loading=\"lazy\" class=\"alignnone size-full wp-image-2752\" src=\"https:\/\/www.katze-sucht-mensch.ch\/wp-content\/uploads\/2024\/03\/Bobo.png\" alt=\"\" width=\"148\" height=\"207\" \/><\/p>\n<p>\u00a0<\/p>\n<p><strong>Mikesch&amp;Kiwi<\/strong> sind kleine, liebe &#8222;Z\u00fcgelopfer&#8220;. Montag abend gemeldet, dass sie ab Donnerstag morgens obdachlos sein werden, da dann die Wohnung an den Vermieter zur\u00fcckgegeben wird! Also alles dran gesetzt und ein neues und vor allem auch passendes Zuhause gesucht. Und f\u00fcndig geworden! Ein Tierfreund aus dem gleichen Kanton hat sich spontan anerboten, die beiden aufzunehmen. Am Donnerstag gez\u00fcgelt, kommt alles gut, Ihr 2!<\/p>\n<p><img decoding=\"async\" loading=\"lazy\" class=\"alignnone size-medium wp-image-2729\" src=\"https:\/\/www.katze-sucht-mensch.ch\/wp-content\/uploads\/2024\/03\/Mikesch-Kiwi-203x300.jpg\" alt=\"\" width=\"203\" height=\"300\" srcset=\"https:\/\/www.katze-sucht-mensch.ch\/wp-content\/uploads\/2024\/03\/Mikesch-Kiwi-203x300.jpg 203w, https:\/\/www.katze-sucht-mensch.ch\/wp-content\/uploads\/2024\/03\/Mikesch-Kiwi.jpg 693w\" sizes=\"(max-width: 203px) 100vw, 203px\" \/><\/p>\n<p>\u00a0<\/p>\n<p><strong>Mick&amp;Trixie<\/strong> haben kurz hintereinander ihre Dosen\u00f6ffner verloren und wohnten nun beim Sohn der Familie. Aber es wollte und wollte nicht mit der Erstkatze klappen. Also musste ein neues Zuhause her, zu zweit allein oder zu einer netten Zweitkatze. Und pl\u00f6tzlich tat sich was innerhalb der Familie auf, sogar im gleichen Ort, ein paar Strassen weiter, mit 2 lieben Gsp\u00e4nli. Ein Versuch ist&#8217;s wert, Ihr zwei!<\/p>\n<p><img decoding=\"async\" loading=\"lazy\" class=\"alignnone  wp-image-2643\" src=\"https:\/\/www.katze-sucht-mensch.ch\/wp-content\/uploads\/2024\/02\/Mick-Trixie-3.png-225x300.jpg\" alt=\"\" width=\"187\" height=\"250\" srcset=\"https:\/\/www.katze-sucht-mensch.ch\/wp-content\/uploads\/2024\/02\/Mick-Trixie-3.png-225x300.jpg 225w, https:\/\/www.katze-sucht-mensch.ch\/wp-content\/uploads\/2024\/02\/Mick-Trixie-3.png.jpg 240w\" sizes=\"(max-width: 187px) 100vw, 187px\" \/>\u00a0 \u00a0 <img decoding=\"async\" loading=\"lazy\" class=\"alignnone  wp-image-2642\" src=\"https:\/\/www.katze-sucht-mensch.ch\/wp-content\/uploads\/2024\/02\/Mick-Trixie-2.png\" alt=\"\" width=\"162\" height=\"251\" \/><\/p>\n<p>\u00a0<\/p>\n<p><strong>Pascha<\/strong> kam nach dem Umzug seiner Familie mit den Katzengsp\u00e4nli gar nicht mehr klar, &#8222;lieber\u00a0 Allein-prinz&#8220; war sein Motto. Also suchten wir ihm ein neues Reich und wurden f\u00fcndig in Z\u00fcrich: eine katzen-erfahrene Pension\u00e4ren mit viel Zeit &#8222;darf&#8220; ihn ab sofort verw\u00f6hnen, sein neues Reich ist eine grosse Wohnung mit gesichertem Balkon. Und vielen Schubladen und Decken f\u00fcr sein Hobby: Versteckerli!<\/p>\n<p><img decoding=\"async\" loading=\"lazy\" class=\"alignnone size-medium wp-image-2676\" src=\"https:\/\/www.katze-sucht-mensch.ch\/wp-content\/uploads\/2024\/02\/Pascha-1-166x300.jpg\" alt=\"\" width=\"166\" height=\"300\" srcset=\"https:\/\/www.katze-sucht-mensch.ch\/wp-content\/uploads\/2024\/02\/Pascha-1-166x300.jpg 166w, https:\/\/www.katze-sucht-mensch.ch\/wp-content\/uploads\/2024\/02\/Pascha-1.jpg 175w\" sizes=\"(max-width: 166px) 100vw, 166px\" \/><\/p>\n<p>\u00a0<\/p>\n<p><strong>Nala&#8217;s<\/strong>\u00a0Frauchen ist erkrankt und muss ins Pflegeheim z\u00fcgeln. Leider kann Nala da nicht mitgehen. Aber jetzt hat sie ein neues Frauchen gefunden, sogar im gleichen Kanton von Sirnach geht&#8217;s nach T\u00e4gerwilen, zu einer lieben Pension\u00e4rin mit viel Zeit f\u00fcr Schmuseeinheiten mit Nala. Da gibt&#8217;s auch wieder ein Sofa zum sich&#8217;s-gem\u00fctlich-Machen!<\/p>\n<p><img decoding=\"async\" loading=\"lazy\" class=\"alignnone  wp-image-2551\" src=\"https:\/\/www.katze-sucht-mensch.ch\/wp-content\/uploads\/2024\/01\/Nala-Morell-1-225x300.jpg\" alt=\"\" width=\"191\" height=\"255\" srcset=\"https:\/\/www.katze-sucht-mensch.ch\/wp-content\/uploads\/2024\/01\/Nala-Morell-1-225x300.jpg 225w, https:\/\/www.katze-sucht-mensch.ch\/wp-content\/uploads\/2024\/01\/Nala-Morell-1-768x1024.jpg 768w, https:\/\/www.katze-sucht-mensch.ch\/wp-content\/uploads\/2024\/01\/Nala-Morell-1-1152x1536.jpg 1152w, https:\/\/www.katze-sucht-mensch.ch\/wp-content\/uploads\/2024\/01\/Nala-Morell-1.jpg 1200w\" sizes=\"(max-width: 191px) 100vw, 191px\" \/><\/p>\n<p>\u00a0<\/p>\n<p><strong>Holly<\/strong> hat mit den Jahren immer noch kein Vertrauen zu Menschen aufgebaut und eigentlich vor allem Angst. Sie ist &#8222;unsichtbar&#8220;, nur zum Essen kommt sie vor. Deswegen versuchen es die Besitzer mit &#8222;Tapetenwechsel&#8220; bei einer sehr geduldigen katzenerfahrenen Dame, die ihr alle Zeit der Welt gibt und sie einfach Holly sein l\u00e4sst. Und ihr ganz viele R\u00fcckzugsm\u00f6glichkeiten bietet. Da passiert Dir nichts, Holly!<\/p>\n<p><img decoding=\"async\" loading=\"lazy\" class=\"alignnone  wp-image-2665\" src=\"https:\/\/www.katze-sucht-mensch.ch\/wp-content\/uploads\/2024\/02\/Holly.png\" alt=\"\" width=\"199\" height=\"146\" \/><\/p>\n<p>\u00a0<\/p>\n<p><strong>Winnie&amp;Doumbia\u00a0<\/strong>sind keine Kinderfreunde, viel zu stressig und l\u00e4rmig, finden sie. Und das taten sie auch kund, indem sie ins Kinderbett biselten, grad zum Trotz. Wohlf\u00fchlen ist was Anderes. Also gab&#8217;s ein neues Zuhause, von Kehrsatz ging&#8217;s nach Bern in eine 2er-WG: ohne Kinder, aber mit T\u00f6rli in den eigenen Garten und sogar Schreberg\u00e4rten in der N\u00e4he. Endlich in Ruhe s\u00fcnnele!<\/p>\n<p><img decoding=\"async\" loading=\"lazy\" class=\"alignnone  wp-image-2443\" src=\"https:\/\/www.katze-sucht-mensch.ch\/wp-content\/uploads\/2024\/01\/Winnie-Doumbia-2.png\" alt=\"\" width=\"178\" height=\"216\" \/> <img decoding=\"async\" loading=\"lazy\" class=\"alignnone  wp-image-2444\" src=\"https:\/\/www.katze-sucht-mensch.ch\/wp-content\/uploads\/2024\/01\/Winnie-Doumbia-3.png\" alt=\"\" width=\"167\" height=\"209\" \/><\/p>\n<p>\u00a0<\/p>\n<p><strong>Roxy\u00a0<\/strong>war gar nicht mehr gl\u00fccklich mit den Verh\u00e4ltnissen zuhause: Streit mit den Geschwisterkatzen und kein Freigang mehr. Sie protestierte dagegen an, indem sie immer mal wieder ihr Gesch\u00e4ft ausserhalb des Kistlis verrichtete. Das wird jetzt aufh\u00f6ren: ein neues Daheim ist gefunden, wo ihr der grosse Garten ganz allein geh\u00f6rt. Und nat\u00fcrlich auch ihr neuer Mensch, der dank Homeoffice fast immer zuhause ist. Kein Grund mehr f\u00fcr Protestaktionen!<\/p>\n<p><img decoding=\"async\" loading=\"lazy\" class=\"alignnone size-full wp-image-2644\" src=\"https:\/\/www.katze-sucht-mensch.ch\/wp-content\/uploads\/2024\/02\/Roxy-1.png\" alt=\"\" width=\"182\" height=\"154\" \/><\/p>\n<p>\u00a0<\/p>\n<p><strong>Gismo&amp;Nala<\/strong> hatten die N\u00e4schen voll vom Hund der Familie. Ein hundefreies Zuhause mit lieben Kindern zum Spielen und Freigang in l\u00e4ndlicher Umgebung, das hatten die beiden sich gew\u00fcnscht. Wunsch erf\u00fcllt: demn\u00e4chst nennen sie ein Hof ihr Eigen, ohne Hund, daf\u00fcr aber mit Kinder-Spielkameraden. Endlich wieder M\u00e4use fangen!<\/p>\n<p><img decoding=\"async\" loading=\"lazy\" class=\"alignnone  wp-image-2652\" src=\"https:\/\/www.katze-sucht-mensch.ch\/wp-content\/uploads\/2024\/02\/Gismo-Nala-5.JPG.png\" alt=\"\" width=\"189\" height=\"119\" \/><\/p>\n<p>\u00a0<\/p>\n<p><strong>Nala&#8217;s<\/strong> Wunsch ist auch in Erf\u00fcllung gegangen. Nachdem ihr Frauchen verstorben war, wurde sie vom Sohn und seiner Familie herzlich aufgenommen. Leider war sie aber mit der Erstkatze so gar nicht einverstanden. Also z\u00fcgelt sie jetzt in ein paar Tagen nach Bolligen, wo sie bei einer pensionierten Dame endlich wieder Alleinprinzessin sein darf. Jetzt kommt&#8217;s gut, Nala!<\/p>\n<p><img decoding=\"async\" loading=\"lazy\" class=\"alignnone  wp-image-2612\" src=\"https:\/\/www.katze-sucht-mensch.ch\/wp-content\/uploads\/2024\/02\/Nala-Innerberg-1-300x225.jpg\" alt=\"\" width=\"199\" height=\"149\" srcset=\"https:\/\/www.katze-sucht-mensch.ch\/wp-content\/uploads\/2024\/02\/Nala-Innerberg-1-300x225.jpg 300w, https:\/\/www.katze-sucht-mensch.ch\/wp-content\/uploads\/2024\/02\/Nala-Innerberg-1-1024x768.jpg 1024w, https:\/\/www.katze-sucht-mensch.ch\/wp-content\/uploads\/2024\/02\/Nala-Innerberg-1-768x576.jpg 768w, https:\/\/www.katze-sucht-mensch.ch\/wp-content\/uploads\/2024\/02\/Nala-Innerberg-1-1536x1152.jpg 1536w, https:\/\/www.katze-sucht-mensch.ch\/wp-content\/uploads\/2024\/02\/Nala-Innerberg-1-2048x1536.jpg 2048w\" sizes=\"(max-width: 199px) 100vw, 199px\" \/><\/p>\n<p>\u00a0<\/p>\n<p><strong>Easty&amp;Many\u00a0<\/strong>sind im Gurtend\u00f6rfli geboren, das zugelaufene Mami hatte sich genau diesen Ort ausgesucht. War eine gute Idee von ihr, liebevoll aufgezogen waren sie jetzt startklar f\u00fcrs Abenteuer Leben. Und das findet in Jens statt, auf einem kleinen pers\u00f6nlichen Hof in verkehrsarmer Umgebung, bei liebevollem &#8222;Personal&#8220; mit viel Zeit f\u00fcr die beiden. Jetzt k\u00f6nnt Ihr durchstarten!\u00a0<\/p>\n<p><img decoding=\"async\" loading=\"lazy\" class=\"alignnone  wp-image-2522\" src=\"https:\/\/www.katze-sucht-mensch.ch\/wp-content\/uploads\/2024\/01\/Many-und-Easty-4-.jpg-300x200.jpeg\" alt=\"\" width=\"195\" height=\"130\" srcset=\"https:\/\/www.katze-sucht-mensch.ch\/wp-content\/uploads\/2024\/01\/Many-und-Easty-4-.jpg-300x200.jpeg 300w, https:\/\/www.katze-sucht-mensch.ch\/wp-content\/uploads\/2024\/01\/Many-und-Easty-4-.jpg.jpeg 320w\" sizes=\"(max-width: 195px) 100vw, 195px\" \/>\u00a0 <img decoding=\"async\" loading=\"lazy\" class=\"alignnone  wp-image-2523\" src=\"https:\/\/www.katze-sucht-mensch.ch\/wp-content\/uploads\/2024\/01\/Many-und-Easty-6-300x200.jpg\" alt=\"\" width=\"189\" height=\"126\" srcset=\"https:\/\/www.katze-sucht-mensch.ch\/wp-content\/uploads\/2024\/01\/Many-und-Easty-6-300x200.jpg 300w, https:\/\/www.katze-sucht-mensch.ch\/wp-content\/uploads\/2024\/01\/Many-und-Easty-6.jpg 320w\" sizes=\"(max-width: 189px) 100vw, 189px\" \/><\/p>\n<p>\u00a0<\/p>\n<p><strong>Cosima &amp; Mogli<\/strong> wurden von einer Tiersch\u00fctzerin von einem Hof gerettet, die sie dann vermitteln wollte. Aber keine einzige Anfrage f\u00fcr die beiden pflegeleichten B\u00fcsis. Vielleicht, weil Cosima schlecht sieht? Deswegen wandte sie sich an mich und siehe da: schon ging&#8217;s nach Aarburg zu einem lieben Paar mit grosser Wohnung und grossem Balkon und viel Zeit zum Spielen. Endlich eine eigene Familie!<\/p>\n<p><img decoding=\"async\" loading=\"lazy\" class=\"alignnone  wp-image-2576\" src=\"https:\/\/www.katze-sucht-mensch.ch\/wp-content\/uploads\/2024\/02\/Cosima-Mogli.png\" alt=\"\" width=\"193\" height=\"155\" srcset=\"https:\/\/www.katze-sucht-mensch.ch\/wp-content\/uploads\/2024\/02\/Cosima-Mogli.png 232w, https:\/\/www.katze-sucht-mensch.ch\/wp-content\/uploads\/2024\/02\/Cosima-Mogli-100x80.png 100w\" sizes=\"(max-width: 193px) 100vw, 193px\" \/>\u00a0<\/p>\n<p>\u00a0<\/p>\n<p>F\u00fcr <strong>ET &amp; Blue\u00a0<\/strong>hatte sich pl\u00f6tzlich fast alles ge\u00e4ndert: gez\u00fcgelt und kein T\u00f6rli mehr, Trennung in der Familie, Zeitmangel und dann auch noch diese mobbende Nachbarskatze. Einfach zu viel f\u00fcr die friedliebenden Geschwister. Jetzt d\u00fcrft Ihr wieder zur Ruhe kommen, in Frauenfeld bei einer lieben Familie mit Garten rund ums Haus. Das wird schon wieder, ihr zwei!<\/p>\n<p><img decoding=\"async\" loading=\"lazy\" class=\"alignnone  wp-image-2535\" src=\"https:\/\/www.katze-sucht-mensch.ch\/wp-content\/uploads\/2024\/01\/ET-Blue-1.png\" alt=\"\" width=\"190\" height=\"158\" \/><\/p>\n<p>\u00a0<\/p>\n<p><strong>Mika<\/strong> kam aufgrund beruflicher Verpflichtungen seiner Besitzerin leider etwas zu kurz. Und dann stand da noch ein Umzug an, danach h\u00e4tte er nicht mal mehr nach draussen k\u00f6nnen. Mika ist gen\u00fcgsam: Gutes Essen, Freigang im eigenen Garten und ein Mensch mit viel Zeit. Gibt&#8217;s alles f\u00fcr ihn, nur noch mal kurz nach St\u00e4fa z\u00fcgeln. Dort werden Deine W\u00fcnsche erf\u00fcllt, Mika!<\/p>\n<p><img decoding=\"async\" loading=\"lazy\" class=\"alignnone  wp-image-2565\" src=\"https:\/\/www.katze-sucht-mensch.ch\/wp-content\/uploads\/2024\/02\/Mika-1-218x300.jpg\" alt=\"\" width=\"186\" height=\"256\" srcset=\"https:\/\/www.katze-sucht-mensch.ch\/wp-content\/uploads\/2024\/02\/Mika-1-218x300.jpg 218w, https:\/\/www.katze-sucht-mensch.ch\/wp-content\/uploads\/2024\/02\/Mika-1-745x1024.jpg 745w, https:\/\/www.katze-sucht-mensch.ch\/wp-content\/uploads\/2024\/02\/Mika-1-768x1056.jpg 768w, https:\/\/www.katze-sucht-mensch.ch\/wp-content\/uploads\/2024\/02\/Mika-1-1117x1536.jpg 1117w, https:\/\/www.katze-sucht-mensch.ch\/wp-content\/uploads\/2024\/02\/Mika-1.jpg 1164w\" sizes=\"(max-width: 186px) 100vw, 186px\" \/><\/p>\n<p>\u00a0<\/p>\n<p><strong>Grisi<\/strong>&#8217;s Frauchen ist k\u00fcrzlich verstorben, die Wohnung musste ger\u00e4umt werden und jetzt war die \u00e4ltere Katzendame dringend auf der Suche nach einem neuen Zuhause. Und sie hat ein ganz tolles Zuhause, sogar mit Katzent\u00f6rli und eigenem Garten, gefunden. Bei einer lieben Katzenfreundin aus Richterswil, die sie nach allen Regeln der Kunst verw\u00f6hnen wird. Alles wird gut, Grisi!<\/p>\n<p><img decoding=\"async\" loading=\"lazy\" class=\"alignnone  wp-image-2531\" src=\"https:\/\/www.katze-sucht-mensch.ch\/wp-content\/uploads\/2024\/01\/Grisi-300x218.png\" alt=\"\" width=\"195\" height=\"142\" srcset=\"https:\/\/www.katze-sucht-mensch.ch\/wp-content\/uploads\/2024\/01\/Grisi-300x218.png 300w, https:\/\/www.katze-sucht-mensch.ch\/wp-content\/uploads\/2024\/01\/Grisi.png 404w\" sizes=\"(max-width: 195px) 100vw, 195px\" \/><\/p>\n<p>\u00a0<\/p>\n<p><strong>Nala<\/strong> kann mit ihren Besitzern nicht auswandern und suchte daher nach einem neuen Zuhause hier in der Schweiz. Eine neugierige, Fremden gegen\u00fcber offene, gesunde, liebe Katze, die besonders M\u00e4nner mag und mit Wohnung und Balkon v\u00f6llig zufrieden ist, zu vermitteln, ist fast ein Kinderspiel. Da fand sich doch gleich ein tolles Zuhause bei einem tierlieben Paar aus Thalwil, Balkon zum V\u00f6geli- und Nachbarn-Beobachten inklusive. Sogar mit Katzent\u00f6rli!<\/p>\n<p><img decoding=\"async\" loading=\"lazy\" class=\"alignnone  wp-image-2481\" src=\"https:\/\/www.katze-sucht-mensch.ch\/wp-content\/uploads\/2024\/01\/Nala-1.png\" alt=\"\" width=\"190\" height=\"179\" \/><\/p>\n<p>\u00a0<\/p>\n<p><strong>Alma&amp;Dea<\/strong> sind zwei liebe, verschmuste, aber sch\u00fcchterne BKH. Einer von ihnen passt irgendwas nicht im Zuhause und sie zeigt es, dass sie konsequent ihr grosses Gesch\u00e4ft neben&#8217;s Kistli macht. Die Besitzer haben schon wirklich fast alles ausprobiert, ohne Erfolg. Letzte Idee war ein Tapetenwechsel. Raus aus dem &#8222;Hamsterrad&#8220; und rein ins Katzenparadies in Br\u00fcnigsried, bei erfahrenen, geduldigen Menschen. Neues Haus, neues Gl\u00fcck!<\/p>\n<p><img decoding=\"async\" loading=\"lazy\" class=\"alignnone size-medium wp-image-2508\" src=\"https:\/\/www.katze-sucht-mensch.ch\/wp-content\/uploads\/2024\/01\/Alma-Dea-0-300x118.png\" alt=\"\" width=\"300\" height=\"118\" srcset=\"https:\/\/www.katze-sucht-mensch.ch\/wp-content\/uploads\/2024\/01\/Alma-Dea-0-300x118.png 300w, https:\/\/www.katze-sucht-mensch.ch\/wp-content\/uploads\/2024\/01\/Alma-Dea-0.png 694w\" sizes=\"(max-width: 300px) 100vw, 300px\" \/><\/p>\n<p>\u00a0<\/p>\n<p><strong>Schneefl\u00f6ckli<\/strong>, das wohl dunkelste Schneefl\u00f6cchen der Welt, wurde von den neuen Nachbarskatzen so gemobbt, dass sie sich seit einiger Zeit kaum mehr nach draussen traute und immer ungl\u00fccklicher wurde. Das \u00e4ndert sich jetzt bei einem katzenerfahrenen Paar in Saeriswil. In freier und vor allem katzenarmer Natur darf Schneefl\u00f6ckli zuk\u00fcnftig zwischen Wiesen und Pferdeweiden wieder nach Gusto\u00a0 &#8222;pendeln&#8220;, ganz ohne Mobbing!<\/p>\n<p><img decoding=\"async\" loading=\"lazy\" class=\"alignnone  wp-image-2465\" src=\"https:\/\/www.katze-sucht-mensch.ch\/wp-content\/uploads\/2024\/01\/Schneefloeckli-300x296.png\" alt=\"\" width=\"184\" height=\"182\" srcset=\"https:\/\/www.katze-sucht-mensch.ch\/wp-content\/uploads\/2024\/01\/Schneefloeckli-300x296.png 300w, https:\/\/www.katze-sucht-mensch.ch\/wp-content\/uploads\/2024\/01\/Schneefloeckli.png 331w\" sizes=\"(max-width: 184px) 100vw, 184px\" \/>.<\/p>\n<p>\u00a0<\/p>\n<p><strong>Da Vinci<\/strong> war auf der Suche nach neuen Dosen\u00f6ffnern mit mehr Zeit f\u00fcr ihn. Er ist extrem auf seinen Menschen bezogen und folgt ihm auf Schritt und Tritt. 100% Berufst\u00e4tigkeit und viele Abwesenheiten sch\u00e4tzt er so gar nicht. Also gab&#8217;s eine neue Dosen\u00f6ffnerin, die viel zuhause ist, und dazu gleich noch 3 Katzenfreunde und 1 Hundefreund. Da f\u00fchlst Du Dich nie mehr allein, Da Vinci!<\/p>\n<p>Und wie das Schicksal es will: einer seiner neuen Freunde hat ihn so gar nicht m\u00f6gen. Also 2. Versuch bei einem katzenerfahrenen Paar in Beinwil am See. Mal sehen, ob der dort ans\u00e4ssige Kater sich mit Da Vinci die Dachterrasse teilen m\u00f6chte. Daumen dr\u00fccken!<\/p>\n<p><img decoding=\"async\" loading=\"lazy\" class=\"alignnone  wp-image-2487\" src=\"https:\/\/www.katze-sucht-mensch.ch\/wp-content\/uploads\/2024\/01\/da-Vinci-6.png.JPG-141x300.png\" alt=\"\" width=\"187\" height=\"398\" srcset=\"https:\/\/www.katze-sucht-mensch.ch\/wp-content\/uploads\/2024\/01\/da-Vinci-6.png.JPG-141x300.png 141w, https:\/\/www.katze-sucht-mensch.ch\/wp-content\/uploads\/2024\/01\/da-Vinci-6.png.JPG.png 217w\" sizes=\"(max-width: 187px) 100vw, 187px\" \/><\/p>\n<p>\u00a0<\/p>\n<p><strong>Lucy&amp;Roxy<\/strong> kamen aufgrund von beruflich bedingtem Zeitmangel ihrer Besitzerin immer mehr zu kurz. Deswegen zogen sie vor\u00fcbergehend zu ihrer Z\u00fcchterin auf Pflege. Wohlweislich vor\u00fcbergehend, bis sich ein Pl\u00e4tzli in einer neuen Familie gefunden hat. Dort lernten die beiden Familie und Freigang kennen und lieben. Und umgekehrt, die Familie der Besitzerin wollte pl\u00f6tzlich nicht mehr ohne die beiden sein. Warum sie also nicht f\u00fcr immer \u00fcbernehmen? So leicht kann&#8217;s dann pl\u00f6tzlich sein.<\/p>\n<p><img decoding=\"async\" loading=\"lazy\" class=\"alignnone  wp-image-2477\" src=\"https:\/\/www.katze-sucht-mensch.ch\/wp-content\/uploads\/2024\/01\/Lucy-Roxy-3-300x300.png\" alt=\"\" width=\"178\" height=\"178\" srcset=\"https:\/\/www.katze-sucht-mensch.ch\/wp-content\/uploads\/2024\/01\/Lucy-Roxy-3-300x300.png 300w, https:\/\/www.katze-sucht-mensch.ch\/wp-content\/uploads\/2024\/01\/Lucy-Roxy-3-150x150.png 150w, https:\/\/www.katze-sucht-mensch.ch\/wp-content\/uploads\/2024\/01\/Lucy-Roxy-3.png 383w\" sizes=\"(max-width: 178px) 100vw, 178px\" \/>\u00a0 <img decoding=\"async\" loading=\"lazy\" class=\"alignnone  wp-image-2476\" src=\"https:\/\/www.katze-sucht-mensch.ch\/wp-content\/uploads\/2024\/01\/Lucy-Roxy-1-260x300.png\" alt=\"\" width=\"154\" height=\"178\" srcset=\"https:\/\/www.katze-sucht-mensch.ch\/wp-content\/uploads\/2024\/01\/Lucy-Roxy-1-260x300.png 260w, https:\/\/www.katze-sucht-mensch.ch\/wp-content\/uploads\/2024\/01\/Lucy-Roxy-1.png 265w\" sizes=\"(max-width: 154px) 100vw, 154px\" \/><\/p>\n<p>\u00a0<\/p>\n<p><strong>Zorro\u00a0<\/strong>ist ein Freig\u00e4nger par Excellence, \u00fcber Freigang l\u00e4sst er nichts kommen. Leider muss seine Familie demn\u00e4chst z\u00fcgeln und hat kurzfristig nur eine Wohnung an einer stark befahrenen Strasse gefunden. Nichts f\u00fcr Zorro, aber es gibt Ersatz: ein junges Paar aus F\u00fcrstenaubruck hat sich unsterblich in die schwarze Sch\u00f6nheit verliebt. Dort gibt&#8217;s ein &#8222;H\u00f6fli&#8220; mit ungef\u00e4hrdetem Freigang. Und Zwergspitz-Kumpel Josi freut sich auch schon auf Zorro!<\/p>\n<p><img decoding=\"async\" loading=\"lazy\" class=\"alignnone  wp-image-2454\" src=\"https:\/\/www.katze-sucht-mensch.ch\/wp-content\/uploads\/2024\/01\/Zorro-1-208x300.png\" alt=\"\" width=\"193\" height=\"278\" srcset=\"https:\/\/www.katze-sucht-mensch.ch\/wp-content\/uploads\/2024\/01\/Zorro-1-208x300.png 208w, https:\/\/www.katze-sucht-mensch.ch\/wp-content\/uploads\/2024\/01\/Zorro-1.png 281w\" sizes=\"(max-width: 193px) 100vw, 193px\" \/><\/p>\n<p>\u00a0<\/p>\n<p>F\u00fcr <strong>Milla<\/strong> suchten die Besitzer schweren Herzens ein neues Zuhause, da das Enkelkind eine schwere Allergie entwickelte, die durch nichts in den Griff zu bekommen war. Schon bei der ersten Interessentin zeigte sich die sonst so sch\u00fcchterne Milla gar nicht mehr so sch\u00fcchtern, der Funke ist sofort \u00fcbergesprungen. N\u00e4chste Woche ist Z\u00fcgeltermin: eine liebe katzenerfahrene Dame und (nach Eingew\u00f6hnungszeit) Freigang durchs eigene T\u00f6rli. Da wird sich Milla wohlf\u00fchlen!<\/p>\n<p><img decoding=\"async\" loading=\"lazy\" class=\"alignnone  wp-image-2409\" src=\"https:\/\/www.katze-sucht-mensch.ch\/wp-content\/uploads\/2023\/12\/Milla-3.png\" alt=\"\" width=\"186\" height=\"204\" \/><\/p>\n<p>\u00a0<\/p>\n<p><strong>Lola<\/strong>&#8217;s Familie muss z\u00fcgeln und kurzfristig fand sich wirklich keine Wohnung mit Freigangm\u00f6glichkeit f\u00fcr sie. Und Freigang ist Lola heilig. Schweren Herzen wird sie daher abgegeben. Das Sch\u00f6ne: Lola bekommt eine tolle neue Familie mit Gartensitzplatz und Wiese zum V\u00f6geli-Kucken und M\u00e4use Jagen. Grad wird noch eingez\u00e4unt und gesichert, den Lola ist taub und hat daher keinerlei Respekt vor Autos und Verkehr. Aber das kommt gut, kleine Lola!<\/p>\n<p><img decoding=\"async\" loading=\"lazy\" class=\"alignnone  wp-image-2284\" src=\"https:\/\/www.katze-sucht-mensch.ch\/wp-content\/uploads\/2023\/11\/Lola-1-300x167.png\" alt=\"\" width=\"192\" height=\"107\" srcset=\"https:\/\/www.katze-sucht-mensch.ch\/wp-content\/uploads\/2023\/11\/Lola-1-300x167.png 300w, https:\/\/www.katze-sucht-mensch.ch\/wp-content\/uploads\/2023\/11\/Lola-1.png 742w\" sizes=\"(max-width: 192px) 100vw, 192px\" \/><\/p>\n<p>\u00a0<\/p>\n<p>Das Frauchen von <strong>Momo&amp;Lee<\/strong> ist \u00fcberraschend verstorben und jetzt waren die beiden 14j. Kater pl\u00f6tzlich ganz allein auf dieser Welt. Ihr gr\u00f6sster Wunsch: wieder ein liebes Frauchen und etwas Freigang ums Haus herum zum Pfoten Vertreten. Wunsch erf\u00fcllt: sogar 2 liebe Frauchen, eine nigelnagelneue Wohnung und Freigang gibt&#8217;s gratis dazu. Das ist wie Weihnachten f\u00fcr die beiden!<\/p>\n<p><img decoding=\"async\" loading=\"lazy\" class=\"alignnone  wp-image-2000\" src=\"https:\/\/www.katze-sucht-mensch.ch\/wp-content\/uploads\/2023\/08\/Momo-Lee-300x185.jpg\" alt=\"\" width=\"193\" height=\"119\" srcset=\"https:\/\/www.katze-sucht-mensch.ch\/wp-content\/uploads\/2023\/08\/Momo-Lee-300x185.jpg 300w, https:\/\/www.katze-sucht-mensch.ch\/wp-content\/uploads\/2023\/08\/Momo-Lee.jpg 642w\" sizes=\"(max-width: 193px) 100vw, 193px\" \/><\/p>\n<p>\u00a0<\/p>\n<p><strong>Lennox&amp;Karoun<\/strong> waren auf der Suche nach einem eigenen Zuhause, weil die Erstkatze so schreckliche Angst vor den beiden hat. Aber wenn die Katze &#8222;mit den \u00e4lteren Rechten&#8220; nun so ein Angsthase ist &#8230; Also hiess es z\u00fcgeln f\u00fcr die beiden lieben Kater, nach Fribourg zu einem lieben Paar, wo so gut wie immer jemand zuhause ist zum Schm\u00fcselen. Allein zu zweit heisst es f\u00fcr die beiden Kater, keine k\u00e4tzischen Mitbewohner, die sich von den beiden eingesch\u00fcchtert f\u00fchlen!<\/p>\n<p><img decoding=\"async\" loading=\"lazy\" class=\"alignnone  wp-image-2319\" src=\"https:\/\/www.katze-sucht-mensch.ch\/wp-content\/uploads\/2023\/12\/Lennox-Karoun-1-250x300.png\" alt=\"\" width=\"186\" height=\"223\" srcset=\"https:\/\/www.katze-sucht-mensch.ch\/wp-content\/uploads\/2023\/12\/Lennox-Karoun-1-250x300.png 250w, https:\/\/www.katze-sucht-mensch.ch\/wp-content\/uploads\/2023\/12\/Lennox-Karoun-1.png 259w\" sizes=\"(max-width: 186px) 100vw, 186px\" \/><\/p>\n<p>\u00a0<\/p>\n<p><b>Raya&amp;Jenny <\/b>haben&#8217;s grad noch geschafft, im alten Jahr ins neue Zuhause zu z\u00fcgeln. Gestresst von den 3 Kleinkindern trauten sie sich fast nicht mehr nach Hause. Jetzt d\u00fcrfen sie ein ruhiges kinderloses Daheim in Radelfingen ihr Eigen nennen, mit 2 lieben katzenerfahrenen Menschen, von denen so gut wie immer einer zuhause ist: zum Schm\u00fcselen und Spielen. Und erst noch mit Freigangm\u00f6glichkeit!<\/p>\n<p><img decoding=\"async\" loading=\"lazy\" class=\"alignnone  wp-image-2337\" src=\"https:\/\/www.katze-sucht-mensch.ch\/wp-content\/uploads\/2023\/12\/Raya-Jenny-2.png\" alt=\"\" width=\"173\" height=\"208\" \/>\u00a0 \u00a0<img decoding=\"async\" loading=\"lazy\" class=\"alignnone  wp-image-2336\" src=\"https:\/\/www.katze-sucht-mensch.ch\/wp-content\/uploads\/2023\/12\/Raya-Jenny-1-193x300.png\" alt=\"\" width=\"134\" height=\"208\" srcset=\"https:\/\/www.katze-sucht-mensch.ch\/wp-content\/uploads\/2023\/12\/Raya-Jenny-1-193x300.png 193w, https:\/\/www.katze-sucht-mensch.ch\/wp-content\/uploads\/2023\/12\/Raya-Jenny-1.png 257w\" sizes=\"(max-width: 134px) 100vw, 134px\" \/>\u00a0\u00a0 \u00a0<\/p>\n<p>\u00a0<\/p>\n<p><strong>Sisi<\/strong> ist definitiv keine Katze, aber trotzdem auf der Suche nach einem neuen Zuhause. Sie ist Scheidungs- und Z\u00fcgelwaise. Im Rahmen der Vermittlung der beiden Katzen des Hauses kam die Frage auf &#8222;was machen mit Sisi?&#8220;. Also hiess es F\u00fchler ausstrecken und siehe da: eine liebe Reptilienexpertin im Solothurnischen gefunden. Dort wird Sisi vor\u00fcbergehend platziert und artgerecht versorgt und danach gibt&#8217;s ein endg\u00fcltiges Zuhause.<\/p>\n<p><img decoding=\"async\" loading=\"lazy\" class=\"alignnone  wp-image-2392\" src=\"https:\/\/www.katze-sucht-mensch.ch\/wp-content\/uploads\/2023\/12\/Sisi.png\" alt=\"\" width=\"190\" height=\"239\" \/><\/p>\n<p>\u00a0<\/p>\n<p><strong>Tigi<\/strong> ist ein Hofkater aus Chur und ein Notfall und f\u00fcr ihn freut&#8217;s mich ganz besonders: sein Gsp\u00e4nli wurde schwer misshandelt und musste vom Tierarzt wegen gebrochener Wirbels\u00e4ule und 2 Schrot-kugeln erl\u00f6st werden. Eine Tierfreundin bat verzweifelt um Hilfe und nach unz\u00e4hligen Telefonaten fand sich noch gleichentags ein tolles Pl\u00e4tzli auf einem Reiterhof in Graub\u00fcnden. Jetzt muss Tigi sich nur noch einfangen lassen, dann wird alles gut!<\/p>\n<p><img decoding=\"async\" loading=\"lazy\" class=\"alignnone  wp-image-2377\" src=\"https:\/\/www.katze-sucht-mensch.ch\/wp-content\/uploads\/2023\/12\/Tigi-1.png\" alt=\"\" width=\"182\" height=\"228\" \/><\/p>\n<p>\u00a0<\/p>\n<p><strong>Jaro&amp;Leah<\/strong> sind Trennungsopfer. Pl\u00f6tzlich ist keiner mehr zuhause und keiner hat mehr Zeit f\u00fcr die beiden, die dadurch immer ungl\u00fccklicher wurden. Ihr Weihnachtswunsch wurde bereits 1 Woche vor Weihnachten erf\u00fcllt: auf dem Land am Sempachersee bei einer lieben katzenerfahrenen Pension\u00e4rin. Und sie haben sich gleich beim Aussteigen aus der Transportbox wie zuhause gef\u00fchlt!<\/p>\n<p><img decoding=\"async\" loading=\"lazy\" class=\"alignnone  wp-image-2293\" src=\"https:\/\/www.katze-sucht-mensch.ch\/wp-content\/uploads\/2023\/11\/Jaro-Leah-1-185x300.png\" alt=\"\" width=\"115\" height=\"186\" srcset=\"https:\/\/www.katze-sucht-mensch.ch\/wp-content\/uploads\/2023\/11\/Jaro-Leah-1-185x300.png 185w, https:\/\/www.katze-sucht-mensch.ch\/wp-content\/uploads\/2023\/11\/Jaro-Leah-1.png 294w\" sizes=\"(max-width: 115px) 100vw, 115px\" \/> <img decoding=\"async\" loading=\"lazy\" class=\"alignnone  wp-image-2294\" src=\"https:\/\/www.katze-sucht-mensch.ch\/wp-content\/uploads\/2023\/11\/Jaro-Leah-2-300x247.png\" alt=\"\" width=\"177\" height=\"146\" srcset=\"https:\/\/www.katze-sucht-mensch.ch\/wp-content\/uploads\/2023\/11\/Jaro-Leah-2-300x247.png 300w, https:\/\/www.katze-sucht-mensch.ch\/wp-content\/uploads\/2023\/11\/Jaro-Leah-2.png 545w\" sizes=\"(max-width: 177px) 100vw, 177px\" \/><\/p>\n<p>\u00a0<\/p>\n<p><strong>Albus&amp;Riley<\/strong> suchten zusammen ein Zuhause in Wohnungshaltung. Ihr Besitzer ist schwer erkrankt und die beiden d\u00fcrfen nicht in Freigang aufgrund von Albus&#8216; FIV-Positivit\u00e4t. Die beiden unkomplizierten Kater-Kumpels hatten gleich einige Anfragen, aber letztendlich gab es sogar eine L\u00f6sung innerhalb der Familie f\u00fcr die zwei. So m\u00fcssen sie sich gar nicht sooo sehr umstellen. Ende gut, alles gut!<\/p>\n<p><img decoding=\"async\" loading=\"lazy\" class=\"alignnone  wp-image-2262\" src=\"https:\/\/www.katze-sucht-mensch.ch\/wp-content\/uploads\/2023\/11\/Albus-Riley-247x300.png\" alt=\"\" width=\"188\" height=\"229\" srcset=\"https:\/\/www.katze-sucht-mensch.ch\/wp-content\/uploads\/2023\/11\/Albus-Riley-247x300.png 247w, https:\/\/www.katze-sucht-mensch.ch\/wp-content\/uploads\/2023\/11\/Albus-Riley.png 486w\" sizes=\"(max-width: 188px) 100vw, 188px\" \/><\/p>\n<p>\u00a0<\/p>\n<p><strong>Tutto<\/strong> <strong>Nero<\/strong>&#8217;s Zukunft sah kurzfristig ganz schwarz aus: Besitzer verstorben, Angeh\u00f6rige kein Interesse an dem lieben Kater. Also musste ein ganz tolles Zuhause her f\u00fcr den gen\u00fcgsamen Katermann: ein lieber Mensch + Freigang in l\u00e4ndlicher Umgebung. Und das gab&#8217;s als Nikolausgeschenk in Form einer lieben Schwarzer-Kater-Freundin nahe der Grenze zu Frankreich. Aber nicht ohne Pass \u00fcber die gr\u00fcne Grenze, g\u00e4u Tutto Nero!<\/p>\n<p><img decoding=\"async\" loading=\"lazy\" class=\"alignnone size-full wp-image-2273\" src=\"https:\/\/www.katze-sucht-mensch.ch\/wp-content\/uploads\/2023\/11\/Tutto-Nero-1.png\" alt=\"\" width=\"253\" height=\"192\" \/><\/p>\n<p>\u00a0<\/p>\n<p><strong>Nikita&amp;Lago<\/strong> wurden turbom\u00e4ssig vermittelt: nicht mal ausgeschrieben und inseriert und schon jemand aus der Warteliste gefunden! Die beiden waren ein Notfall aus Vernachl\u00e4ssigung. Sie sind gen\u00fcgsam, Wohnung mit gesichertem Balkon und jemand, der sich gut um sie k\u00fcmmert, das reicht ihnen schon. Und jetzt werden sie richtig verw\u00f6hnt in Utzenstorf bei einer lieben erfahrenen Katzenfreundin, die alles daf\u00fcr tut, dass sie wieder richtig gl\u00fccklich werden. Alles wird gut, Ihr zwei!<\/p>\n<p><img decoding=\"async\" loading=\"lazy\" class=\"alignnone size-full wp-image-2316\" src=\"https:\/\/www.katze-sucht-mensch.ch\/wp-content\/uploads\/2023\/12\/Nikita-Lago.png\" alt=\"\" width=\"233\" height=\"256\" \/><\/p>\n<p>\u00a0<\/p>\n<p><strong>Ari<\/strong> war ungl\u00fccklich in der Stadt Z\u00fcrich, durfte er doch nicht mehr seinen geliebten Freigang geniessen, die Hausverwaltung hat nein gesagt zu Freigang. Aber er hat das grosse Los gezogen: f\u00fcr ihn geht es in den Ort mit der h\u00f6chsten Postleitzahl: nach Wildhaus in die Berge. Dort warten schon Hund und Katz und H\u00fchner auf ihn. Das wird ein Fest, Ari wird&#8217;s geniessen!<\/p>\n<p><img decoding=\"async\" loading=\"lazy\" class=\"alignnone  wp-image-2216\" src=\"https:\/\/www.katze-sucht-mensch.ch\/wp-content\/uploads\/2023\/10\/Ari-1-300x225.jpg\" alt=\"\" width=\"195\" height=\"146\" srcset=\"https:\/\/www.katze-sucht-mensch.ch\/wp-content\/uploads\/2023\/10\/Ari-1-300x225.jpg 300w, https:\/\/www.katze-sucht-mensch.ch\/wp-content\/uploads\/2023\/10\/Ari-1.jpg 380w\" sizes=\"(max-width: 195px) 100vw, 195px\" \/><\/p>\n<p>\u00a0<\/p>\n<p><strong>Diya<\/strong> ist eine kleine (grosse) Norwegische Waldkatzen-Diva und wollte ihr Zuhause einfach mit ihren\u00a0 beiden (sehr lieben) k\u00e4tzischen Mitbewohnern. Sie zeigte deutlich ihre Unzufriedenheit, wenn sie mal nicht im Mittelpunkt stand. Schweren Herzens gibt sie ihre Besitzerin in ihr neues EIGENES K\u00f6niginnenreich, zu einem lieben Diva-erfahrenen Paar. Und einen Garten gibt&#8217;s noch als Zugabe drauf. Alles ab sofort Deins, NUR Deins Diya!<\/p>\n<p><img decoding=\"async\" loading=\"lazy\" class=\"alignnone  wp-image-2248\" src=\"https:\/\/www.katze-sucht-mensch.ch\/wp-content\/uploads\/2023\/11\/Diya-169x300.jpg\" alt=\"\" width=\"187\" height=\"332\" srcset=\"https:\/\/www.katze-sucht-mensch.ch\/wp-content\/uploads\/2023\/11\/Diya-169x300.jpg 169w, https:\/\/www.katze-sucht-mensch.ch\/wp-content\/uploads\/2023\/11\/Diya-576x1024.jpg 576w, https:\/\/www.katze-sucht-mensch.ch\/wp-content\/uploads\/2023\/11\/Diya-768x1365.jpg 768w, https:\/\/www.katze-sucht-mensch.ch\/wp-content\/uploads\/2023\/11\/Diya.jpg 844w\" sizes=\"(max-width: 187px) 100vw, 187px\" \/><\/p>\n<p>\u00a0<\/p>\n<p><strong>Jerry&amp;Leo<\/strong> durften nicht mehr ins Freie, da die Hausverwaltung (offensichtlich wegen schlechten Erfahrungen mit anderen Katzen) dies nicht mehr erlaubte. So hiess es auch f\u00fcr die beiden Kater &#8222;K\u00f6fferli packen&#8220;, denn ohne Freigang geht es bei den beiden gar nicht. Aber auch sie fanden schnell ein neues Zuhause, ganz in der N\u00e4he. Jetzt geht&#8217;s endlich wieder nach draussen. Und das noch mit Erlaubnis, ganz offiziell!<\/p>\n<p><img decoding=\"async\" loading=\"lazy\" class=\"alignnone  wp-image-2344\" src=\"https:\/\/www.katze-sucht-mensch.ch\/wp-content\/uploads\/2023\/12\/Jerry-Leo-2-213x300.png\" alt=\"\" width=\"178\" height=\"251\" srcset=\"https:\/\/www.katze-sucht-mensch.ch\/wp-content\/uploads\/2023\/12\/Jerry-Leo-2-213x300.png 213w, https:\/\/www.katze-sucht-mensch.ch\/wp-content\/uploads\/2023\/12\/Jerry-Leo-2.png 268w\" sizes=\"(max-width: 178px) 100vw, 178px\" \/>\u00a0 \u00a0 \u00a0<img decoding=\"async\" loading=\"lazy\" class=\"alignnone  wp-image-2343\" src=\"https:\/\/www.katze-sucht-mensch.ch\/wp-content\/uploads\/2023\/12\/Jerry-Leo-1-291x300.png\" alt=\"\" width=\"242\" height=\"250\" srcset=\"https:\/\/www.katze-sucht-mensch.ch\/wp-content\/uploads\/2023\/12\/Jerry-Leo-1-291x300.png 291w, https:\/\/www.katze-sucht-mensch.ch\/wp-content\/uploads\/2023\/12\/Jerry-Leo-1.png 383w\" sizes=\"(max-width: 242px) 100vw, 242px\" \/><\/p>\n<p>\u00a0<\/p>\n<p><strong>Susi<\/strong> musste sich mit ihren 16 Jahren nochmals auf die Suche nach einem neuen Zuhause machen. Aber sag einer noch &#8222;16 Jahre, Arthrose, schwarz, Freig\u00e4nger&#8220; sei unvermittelbar. Pustekuchen, f\u00fcr sie fand sich eine liebe Katzenfreundin aus Worb, die ihr die gew\u00fcnschten Streicheleinheiten, ein liebes ruhiges Kater-Gsp\u00e4nli und etwas Freigang ums Haus bieten kann. Siehst Du, Susi, &#8222;unvermittelbar&#8220; gibt es nicht!\u00a0<\/p>\n<p><img decoding=\"async\" loading=\"lazy\" class=\"alignnone  wp-image-2256\" src=\"https:\/\/www.katze-sucht-mensch.ch\/wp-content\/uploads\/2023\/11\/Susi-3.png\" alt=\"\" width=\"192\" height=\"187\" \/><\/p>\n<p>\u00a0<\/p>\n<p><strong>Simba<\/strong> &amp; <strong>Mufa<\/strong>(sa) sind Trennungsopfer und suchten deswegen ein neues Reich. Die beiden &#8222;K\u00f6nige der L\u00f6wen&#8220; fanden dies auch ganz schnell und haben ab sofort einen eigenen Dschungel im Garten. Und wie sagte damals Mufasa zu Simba? &#8222;Sieh es dir an Simba. Das ist unser K\u00f6nigreich. Alles was das Licht ber\u00fchrt.&#8220; Genau so ist es auch hier!<\/p>\n<p><img decoding=\"async\" loading=\"lazy\" class=\"alignnone  wp-image-2225\" src=\"https:\/\/www.katze-sucht-mensch.ch\/wp-content\/uploads\/2023\/10\/Simba-mufa-1.png\" alt=\"\" width=\"191\" height=\"145\" \/><\/p>\n<p>\u00a0<\/p>\n<p><strong>Tigro\u00a0<\/strong>&amp;\u00a0<strong>Nerino<\/strong> hatten ihr Frauchen verloren und waren ein wenig durch den Wind. Bei der Tochter konnten sie kurzzeitig unterkommen, hat aber nicht gut geklappt. Die beiden suchten ein ruhiges Zuhause mit viel Verst\u00e4ndnis f\u00fcr 2 sensible Katerjungs. Fanden wir ganz in der N\u00e4he, nicht weit von Basel, bei einer lieben verst\u00e4ndnisvollen Katzenfreundin, die ihnen alle Zeit der Welt zum Ankommen l\u00e4sst. Das Leben wird wieder sch\u00f6n f\u00fcr Euch, versprochen!<\/p>\n<p><img decoding=\"async\" loading=\"lazy\" class=\"alignnone size-full wp-image-2184\" src=\"https:\/\/www.katze-sucht-mensch.ch\/wp-content\/uploads\/2023\/10\/Tigro-Nerino-2.png\" alt=\"\" width=\"171\" height=\"154\" \/>\u00a0 <img decoding=\"async\" loading=\"lazy\" class=\"alignnone  wp-image-2183\" src=\"https:\/\/www.katze-sucht-mensch.ch\/wp-content\/uploads\/2023\/10\/Tigro-Nerino-1.png\" alt=\"\" width=\"190\" height=\"152\" srcset=\"https:\/\/www.katze-sucht-mensch.ch\/wp-content\/uploads\/2023\/10\/Tigro-Nerino-1.png 213w, https:\/\/www.katze-sucht-mensch.ch\/wp-content\/uploads\/2023\/10\/Tigro-Nerino-1-100x80.png 100w\" sizes=\"(max-width: 190px) 100vw, 190px\" \/><\/p>\n<p>\u00a0<\/p>\n<p><strong>Garfield <\/strong>&amp;<strong> Schnurrli<\/strong> haben lange suchen m\u00fcssen nach IHREM Zuhause. Sie kannten bislang nur Wohnungshaltung, aber nachdem sie einmal ausgeb\u00fcxt waren und Freiheit geschnuppert hatten, gab&#8217;s kein Halten mehr f\u00fcr sie. Freigang musste es sein f\u00fcr die beiden. Zwei Monate hat&#8217;s gedauert, bis sich ganz pl\u00f6tzlich im Bekanntenkreis etwas aufgetan hat. Noch die Eingew\u00f6hnungszeit abwarten und dann geht&#8217;s raus in die grosse weite Welt!<\/p>\n<p><img decoding=\"async\" loading=\"lazy\" class=\"alignnone  wp-image-2058\" src=\"https:\/\/www.katze-sucht-mensch.ch\/wp-content\/uploads\/2023\/08\/Garfield-Schnurrli-300x225.jpg\" alt=\"\" width=\"184\" height=\"138\" srcset=\"https:\/\/www.katze-sucht-mensch.ch\/wp-content\/uploads\/2023\/08\/Garfield-Schnurrli-300x225.jpg 300w, https:\/\/www.katze-sucht-mensch.ch\/wp-content\/uploads\/2023\/08\/Garfield-Schnurrli-768x576.jpg 768w, https:\/\/www.katze-sucht-mensch.ch\/wp-content\/uploads\/2023\/08\/Garfield-Schnurrli.jpg 960w\" sizes=\"(max-width: 184px) 100vw, 184px\" \/><\/p>\n<p>\u00a0<\/p>\n<p><strong>Sissi<\/strong> suchte mit 15 Jahren nochmal ein neues Zuhause, da ihre Besitzerin krankheitsbedingt sie nicht mehr l\u00e4nger ausreichend versorgen konnte. Und sie fand es in Wallisellen: grosse Wohnung mit grosser Terrasse und Gartensitzplatz. Endlich wieder Wind ums N\u00e4schen und Gras unter den Pf\u00f6tlis. Und das Beste: ganz liebe Menschen mit viel Zeit, sich mit Sissi zu besch\u00e4ftigen. Das ist das neue Reich von &#8222;Kaiserin&#8220; Sissi!<\/p>\n<p><img decoding=\"async\" loading=\"lazy\" class=\"alignnone  wp-image-2179\" src=\"https:\/\/www.katze-sucht-mensch.ch\/wp-content\/uploads\/2023\/10\/Sissi.png\" alt=\"\" width=\"185\" height=\"154\" \/>\u00a0<\/p>\n<p>\u00a0<\/p>\n<p><strong>Haku<\/strong> und <strong>Yuma<\/strong> suchten zusammen ein neues Zuhause, da ihre Besitzerin stark allergisch auf sie reagierte. Freigang stand ganz oben auf ihrer Wunschliste und dann noch Platz zum Toben und liebe ruhige Menschen zum Spielen und &#8230; Gibt es alles f\u00fcr die beiden: in ihrer neuen Gartenwohnung in Emmenbr\u00fccke bei einem lieben katzenerfahrenen Paar. Das Katzent\u00f6rli ist schon bestellt!\u00a0<\/p>\n<p><img decoding=\"async\" loading=\"lazy\" class=\"alignnone  wp-image-2168\" src=\"https:\/\/www.katze-sucht-mensch.ch\/wp-content\/uploads\/2023\/10\/Haku-Yuma-0.JPEG.png\" alt=\"\" width=\"187\" height=\"127\" \/><\/p>\n<p>\u00a0<\/p>\n<p><strong>Schnurzel<\/strong> stand gar nicht zur Vermittlung, nur sein Gsp\u00e4nli Kessy (s.u.). Kaum war Kessy ausgezogen, f\u00fchlte sich Schnurzel gar nicht mehr wohl, so allein zuhause. Er jammerte und jammerte &#8230; solang, bis seine Besitzerin dies den neuen Besitzern von Kessy erz\u00e4hlte. Und schwupps, durfte Schnurzel Kessy hinterher z\u00fcgeln und ist wieder happy. Jetzt braucht&#8217;s mich schon gar nicht mehr f\u00fcr Vermittlungen!<\/p>\n<p><img decoding=\"async\" loading=\"lazy\" class=\"alignnone size-full wp-image-2191\" src=\"https:\/\/www.katze-sucht-mensch.ch\/wp-content\/uploads\/2023\/10\/S-und-K.jpg\" alt=\"\" width=\"177\" height=\"240\" \/><\/p>\n<p>\u00a0<\/p>\n<p><strong>Vika<\/strong> war als Neuzugang ihrem Erstkatzen-Gsp\u00e4nli suspekt, und das obwohl sie so eine liebe feine Katze ist. Offensichtlich hatte da die Eifersucht mitgespielt. Notgedrungen suchten wir daher f\u00fcr Vika ein eigenes Zuhause, wo niemand auf sie eifers\u00fcchtig sein muss und wo ihr jeder Wunsch von den sch\u00f6nen Augen abgelesen wird. Gesucht und gefunden im Nachbarskanton Schwyz bei einer lieben Katzenfreundin mit grosser Wohnung und grossem Herz und viel Zeit zum Verw\u00f6hnen. Alles Deins, Vika!<\/p>\n<p><img decoding=\"async\" loading=\"lazy\" class=\"alignnone  wp-image-2146\" src=\"https:\/\/www.katze-sucht-mensch.ch\/wp-content\/uploads\/2023\/09\/Vika-3-225x300.jpg\" alt=\"\" width=\"187\" height=\"249\" srcset=\"https:\/\/www.katze-sucht-mensch.ch\/wp-content\/uploads\/2023\/09\/Vika-3-225x300.jpg 225w, https:\/\/www.katze-sucht-mensch.ch\/wp-content\/uploads\/2023\/09\/Vika-3-768x1024.jpg 768w, https:\/\/www.katze-sucht-mensch.ch\/wp-content\/uploads\/2023\/09\/Vika-3.jpg 800w\" sizes=\"(max-width: 187px) 100vw, 187px\" \/><\/p>\n<p>\u00a0<\/p>\n<p><strong>Taj<\/strong> (zu deutsch: K\u00f6nig) suchte wieder ein neues &#8222;K\u00f6nigreich&#8220;, nachdem er als Scheidungswaise leider seinen geliebten Freigang nicht mehr bekommen konnte. Und wir fanden ein ganz tolles Reich in Baden: ein liebes katzenerfahrenes Paar bildet jetzt seinen Hofstaat und durchs eigene Katzent\u00f6rli geht&#8217;s bald hinaus ins eigene Garten-Reich. Und dann werden die Nachbarsk\u00f6nigreiche inspiziert. Es bleibt spannend, und endlich wieder FREIGANG!<\/p>\n<p><img decoding=\"async\" loading=\"lazy\" class=\"alignnone  wp-image-2100\" src=\"https:\/\/www.katze-sucht-mensch.ch\/wp-content\/uploads\/2023\/09\/Taj-2-225x300.jpg\" alt=\"\" width=\"190\" height=\"253\" srcset=\"https:\/\/www.katze-sucht-mensch.ch\/wp-content\/uploads\/2023\/09\/Taj-2-225x300.jpg 225w, https:\/\/www.katze-sucht-mensch.ch\/wp-content\/uploads\/2023\/09\/Taj-2.jpg 240w\" sizes=\"(max-width: 190px) 100vw, 190px\" \/><\/p>\n<p>\u00a0<\/p>\n<p><strong>M\u00f6rli\u00a0<\/strong>ist der Gl\u00fcckskater des Jahres und das, obwohl er schwarz ist. Seine neuen Besitzer suchten bewusst eine Seniorenkatze ab ca. 17j. und tr\u00e4umten von Carmelo, der aber grad schon seine neuen Dosen\u00f6ffner ausgew\u00e4hlt hatte. Also machte ich mich auf die Suche nach &#8222;Ersatz&#8220; und wurde beim Verein Handicapcats f\u00fcndig. Der 18j. M\u00f6rli bekommt jetzt sein eigenes Einfamilienhaus in verkehrsberuhigter Zone. Gl\u00fcck muss man haben!<\/p>\n<p><img decoding=\"async\" loading=\"lazy\" class=\"alignnone size-full wp-image-2151\" src=\"https:\/\/www.katze-sucht-mensch.ch\/wp-content\/uploads\/2023\/09\/Moerli.png\" alt=\"\" width=\"114\" height=\"198\" \/><\/p>\n<p>\u00a0<\/p>\n<p><strong>Linus&amp;Lillie<\/strong> kamen zuhause aufgrund Zeitmangels viel zu kurz und suchten unbedingt zusammen ein neues Zuhause. Das gibt&#8217;s denn auch f\u00fcr die beiden Geschwister: im Aargau bei einer kleinen Familie mit Garten f\u00fcr den geliebten Freigang. Wird jetzt alles katzengerecht hergerichtet und dann kann gez\u00fcgelt werden. F\u00fcr Unterhaltung wird gesorgt, die Tochter m\u00f6chte den beiden Kunstst\u00fcckchen beibringen. Langeweile wird dann ein Fremdwort sein f\u00fcr Linus&amp;Lillie!<\/p>\n<p><img decoding=\"async\" loading=\"lazy\" class=\"alignnone  wp-image-2021\" src=\"https:\/\/www.katze-sucht-mensch.ch\/wp-content\/uploads\/2023\/08\/Linus-Lillie-300x209.jpg\" alt=\"\" width=\"188\" height=\"131\" srcset=\"https:\/\/www.katze-sucht-mensch.ch\/wp-content\/uploads\/2023\/08\/Linus-Lillie-300x209.jpg 300w, https:\/\/www.katze-sucht-mensch.ch\/wp-content\/uploads\/2023\/08\/Linus-Lillie.jpg 703w\" sizes=\"(max-width: 188px) 100vw, 188px\" \/><\/p>\n<p>\u00a0<\/p>\n<p><strong>Finja<\/strong> brauchte ein neues Zuhause, da ihr Frauchen sich aus gesundheitlichen Gr\u00fcnden nicht mehr gen\u00fcgend um sie k\u00fcmmern konnte. Gleich die erste Interessentin war schockverliebt in die kleine, feine Freig\u00e4ngerin. Gesehen und beidseitig verliebt. Die ersten Tage im neuen Zuhause klappen schon prima und nach Eingew\u00f6hnungszeit geht&#8217;s dann auch endlich raus in den Garten. Zusammen mit dem neuen Hundefreund!<\/p>\n<p><img decoding=\"async\" loading=\"lazy\" class=\"alignnone  wp-image-2074\" src=\"https:\/\/www.katze-sucht-mensch.ch\/wp-content\/uploads\/2023\/08\/Finja-3-254x300.jpg\" alt=\"\" width=\"184\" height=\"217\" srcset=\"https:\/\/www.katze-sucht-mensch.ch\/wp-content\/uploads\/2023\/08\/Finja-3-254x300.jpg 254w, https:\/\/www.katze-sucht-mensch.ch\/wp-content\/uploads\/2023\/08\/Finja-3.jpg 688w\" sizes=\"(max-width: 184px) 100vw, 184px\" \/><\/p>\n<p>\u00a0<\/p>\n<p><strong>Shima und Namiri<\/strong> sind Scheidungswaisen und hatten bis Ende des Monats ein vor\u00fcbergehendes Zuhause gefunden. Danach h\u00e4tten sie wegen Umzugstermin ins Tierheim m\u00fcssen. F\u00fcr sie fand sich ganz schnell und vor allem rechtzeitig eine liebe Familie im Nachbarsort. Dort gibt&#8217;s sogar eine eingez\u00e4unte Terrasse und nicht nur Wohnungshaltung. Ab sofort ist S\u00fcnnele angesagt f\u00fcr die 2!<\/p>\n<p><img decoding=\"async\" loading=\"lazy\" class=\"alignnone  wp-image-2013\" src=\"https:\/\/www.katze-sucht-mensch.ch\/wp-content\/uploads\/2023\/08\/Shima-Namiri-1-264x300.jpg\" alt=\"\" width=\"184\" height=\"209\" srcset=\"https:\/\/www.katze-sucht-mensch.ch\/wp-content\/uploads\/2023\/08\/Shima-Namiri-1-264x300.jpg 264w, https:\/\/www.katze-sucht-mensch.ch\/wp-content\/uploads\/2023\/08\/Shima-Namiri-1.jpg 365w\" sizes=\"(max-width: 184px) 100vw, 184px\" \/>\u00a0 <img decoding=\"async\" loading=\"lazy\" class=\"alignnone  wp-image-2014\" src=\"https:\/\/www.katze-sucht-mensch.ch\/wp-content\/uploads\/2023\/08\/Shima-Namiri-2-300x281.jpg\" alt=\"\" width=\"222\" height=\"208\" srcset=\"https:\/\/www.katze-sucht-mensch.ch\/wp-content\/uploads\/2023\/08\/Shima-Namiri-2-300x281.jpg 300w, https:\/\/www.katze-sucht-mensch.ch\/wp-content\/uploads\/2023\/08\/Shima-Namiri-2.jpg 470w\" sizes=\"(max-width: 222px) 100vw, 222px\" \/><\/p>\n<p>\u00a0<\/p>\n<p><strong>Carmelo<\/strong> hatte mit seinen 18 Jahren grad zum 2. Mal sein Zuhause verloren und kam vor\u00fcbergehend bei seiner Vorbesitzerin unter. Allerdings ohne seinen geliebten Freigang. Via Tierarzt fand sich eine liebe Tierfreundin &#8222;MIT FREIGANG&#8220; im eigenem Garten, die sich jetzt r\u00fchrend um den Senior k\u00fcmmert. Das hast Du Dir verdient, Carmelo!<\/p>\n<p><img decoding=\"async\" loading=\"lazy\" class=\"alignnone  wp-image-1992\" src=\"https:\/\/www.katze-sucht-mensch.ch\/wp-content\/uploads\/2023\/08\/Carmelo-1-225x300.jpeg\" alt=\"\" width=\"182\" height=\"243\" srcset=\"https:\/\/www.katze-sucht-mensch.ch\/wp-content\/uploads\/2023\/08\/Carmelo-1-225x300.jpeg 225w, https:\/\/www.katze-sucht-mensch.ch\/wp-content\/uploads\/2023\/08\/Carmelo-1-768x1024.jpeg 768w, https:\/\/www.katze-sucht-mensch.ch\/wp-content\/uploads\/2023\/08\/Carmelo-1-1152x1536.jpeg 1152w, https:\/\/www.katze-sucht-mensch.ch\/wp-content\/uploads\/2023\/08\/Carmelo-1.jpeg 1200w\" sizes=\"(max-width: 182px) 100vw, 182px\" \/><\/p>\n<p>\u00a0<\/p>\n<p><strong>Chouchou<\/strong> ward einfach nicht mehr gewollt in ihrem Zuhause, dabei ist sie eine ganz liebe und pflegeleichte. Auch so etwas gibt es leider. Aber wir schauen nach vorne und haben ihr eine ganz tolle neue Familie gesucht und gefunden, wo sie willkommen ist und verw\u00f6hnt werden wird. Das hat sie verdient nach solch einer Entt\u00e4uschung. Sie ist zwar noch skeptisch nach der Entt\u00e4uschung, verst\u00e4ndlicherweise, aber nur Mut, Chouchou: hier lassen sie Dich nicht im Stich!<\/p>\n<p><img decoding=\"async\" loading=\"lazy\" class=\"alignnone  wp-image-1963\" src=\"https:\/\/www.katze-sucht-mensch.ch\/wp-content\/uploads\/2023\/07\/Chouchou-2-146x300.jpg\" alt=\"\" width=\"182\" height=\"374\" srcset=\"https:\/\/www.katze-sucht-mensch.ch\/wp-content\/uploads\/2023\/07\/Chouchou-2-146x300.jpg 146w, https:\/\/www.katze-sucht-mensch.ch\/wp-content\/uploads\/2023\/07\/Chouchou-2-498x1024.jpg 498w, https:\/\/www.katze-sucht-mensch.ch\/wp-content\/uploads\/2023\/07\/Chouchou-2-768x1580.jpg 768w, https:\/\/www.katze-sucht-mensch.ch\/wp-content\/uploads\/2023\/07\/Chouchou-2-747x1536.jpg 747w, https:\/\/www.katze-sucht-mensch.ch\/wp-content\/uploads\/2023\/07\/Chouchou-2.jpg 980w\" sizes=\"(max-width: 182px) 100vw, 182px\" \/><\/p>\n<p>\u00a0<\/p>\n<p><strong>Kessy <\/strong>war das &#8222;Mobbingopfer&#8220; der dominanten Nachbarskatzen und suchte etwas in katzenarmer Umgebung. Sie residiert jetzt bei einem lieben katzenerfahrenen Paar in einem grossen Haus mit noch gr\u00f6sserem Garten und einem 19j. genauso sch\u00fcchternen Katzengsp\u00e4nli wie sie in Schaffhausen. Am ersten Tag bereits alles inspiziert und probe-geschm\u00fcselt. Hier will sie bleiben, die Kessy!<\/p>\n<p><img decoding=\"async\" loading=\"lazy\" class=\"alignnone  wp-image-1949\" src=\"https:\/\/www.katze-sucht-mensch.ch\/wp-content\/uploads\/2023\/07\/Kessy-2-238x300.jpg\" alt=\"\" width=\"185\" height=\"234\" srcset=\"https:\/\/www.katze-sucht-mensch.ch\/wp-content\/uploads\/2023\/07\/Kessy-2-238x300.jpg 238w, https:\/\/www.katze-sucht-mensch.ch\/wp-content\/uploads\/2023\/07\/Kessy-2.jpg 297w\" sizes=\"(max-width: 185px) 100vw, 185px\" \/><\/p>\n<p>\u00a0<\/p>\n<p><strong>Timon &amp; Pumba\u00a0<\/strong>suchten wieder ein fixes Zuhause, ihre Familie geht auf eine l\u00e4ngere Wohnmobilreise, das ist nichts f\u00fcr die beiden. Vom Kanton Z\u00fcrich in den Kanton Schaffhausen, ja, aber weiter nicht. Dort wartet n\u00e4mlich schon sehns\u00fcchtig ihre neue Dosen\u00f6ffnerin und ihr neues Haus mit Katzent\u00f6rli und eigenem Garten. Ein Sechser im Lotto, der Funke ist sofort \u00fcbergesprungen. Hin und weg waren sie alle!<\/p>\n<p><img decoding=\"async\" loading=\"lazy\" class=\"alignnone  wp-image-1912\" src=\"https:\/\/www.katze-sucht-mensch.ch\/wp-content\/uploads\/2023\/05\/Timon-und-Pumba-2-250x300.jpg\" alt=\"\" width=\"175\" height=\"210\" srcset=\"https:\/\/www.katze-sucht-mensch.ch\/wp-content\/uploads\/2023\/05\/Timon-und-Pumba-2-250x300.jpg 250w, https:\/\/www.katze-sucht-mensch.ch\/wp-content\/uploads\/2023\/05\/Timon-und-Pumba-2.jpg 262w\" sizes=\"(max-width: 175px) 100vw, 175px\" \/>\u00a0 \u00a0 <img decoding=\"async\" loading=\"lazy\" class=\"alignnone  wp-image-1913\" src=\"https:\/\/www.katze-sucht-mensch.ch\/wp-content\/uploads\/2023\/05\/Timon-und-Pumba-3-300x251.jpg\" alt=\"\" width=\"247\" height=\"207\" srcset=\"https:\/\/www.katze-sucht-mensch.ch\/wp-content\/uploads\/2023\/05\/Timon-und-Pumba-3-300x251.jpg 300w, https:\/\/www.katze-sucht-mensch.ch\/wp-content\/uploads\/2023\/05\/Timon-und-Pumba-3.jpg 405w\" sizes=\"(max-width: 247px) 100vw, 247px\" \/><\/p>\n<p>\u00a0<\/p>\n<p><strong>Mimi&#8217;s\u00a0<\/strong>Familie hat sich in alle Winde verstreut und ihr fehlte einfach die Geborgenheit in der Familie. Also musste eine neue Familie her, gefunden in St. Gallen, Vater, Mutter, Kind mit viel Zeit zum Kuscheln und Schm\u00fcselen. Mimi hat&#8217;s gleich bei Ankunft ausprobiert, die machen das richtig gut. Hier will sie bleiben, die Mimi!<\/p>\n<p><img decoding=\"async\" loading=\"lazy\" class=\"alignnone  wp-image-1923\" src=\"https:\/\/www.katze-sucht-mensch.ch\/wp-content\/uploads\/2023\/05\/Mimi-a-300x297.jpg\" alt=\"\" width=\"185\" height=\"183\" srcset=\"https:\/\/www.katze-sucht-mensch.ch\/wp-content\/uploads\/2023\/05\/Mimi-a-300x297.jpg 300w, https:\/\/www.katze-sucht-mensch.ch\/wp-content\/uploads\/2023\/05\/Mimi-a-768x759.jpg 768w, https:\/\/www.katze-sucht-mensch.ch\/wp-content\/uploads\/2023\/05\/Mimi-a.jpg 801w\" sizes=\"(max-width: 185px) 100vw, 185px\" \/><\/p>\n<p>\u00a0<\/p>\n<p><strong>Max<\/strong> war auf der Suche nach einem neuen Zuhause, da &#8222;sein&#8220; Haus verkauft wurde und sich so kurzfristig nichts fand f\u00fcr ihn und die Hunde. Die Gelegenheit nutzte er und suchte sich als Einzelprinz ein neues Zuhause bei einer tierlieben Pension\u00e4rin mit viel Zeit f\u00fcr ihn, mit Gartenwohnung in l\u00e4ndlicher Umgebung und wenig Katzen in der Nachbarschaft. Da musste Max nicht lange nachdenken!<\/p>\n<p><img decoding=\"async\" loading=\"lazy\" class=\"alignnone size-full wp-image-1878\" src=\"https:\/\/www.katze-sucht-mensch.ch\/wp-content\/uploads\/2023\/04\/Max1.png\" alt=\"\" width=\"187\" height=\"222\" \/><\/p>\n<p>\u00a0<\/p>\n<p><strong>Cookie und Fluffy <\/strong>waren seit dem Tod ihrer Besitzerin ganz allein auf dieser Welt. Ganz sch\u00fcchtern sind die zwei und verstehen grad die Welt nicht mehr.\u00a0 Aber das \u00e4ndert sich jetzt. Sie d\u00fcrfen zusammen in ein ganz tolles neues Zuhause z\u00fcgeln, bei verst\u00e4ndnisvollen Katzenfreunden, die ihnen alle Zeit der Welt zum Ankommen und Auftauen geben. Zusammen geht die Eingew\u00f6hnung nochmal so schnell!<\/p>\n<p><img decoding=\"async\" loading=\"lazy\" class=\"alignnone  wp-image-1850\" src=\"https:\/\/www.katze-sucht-mensch.ch\/wp-content\/uploads\/2023\/04\/Cookie-2-267x300.jpg\" alt=\"\" width=\"196\" height=\"220\" srcset=\"https:\/\/www.katze-sucht-mensch.ch\/wp-content\/uploads\/2023\/04\/Cookie-2-267x300.jpg 267w, https:\/\/www.katze-sucht-mensch.ch\/wp-content\/uploads\/2023\/04\/Cookie-2.jpg 475w\" sizes=\"(max-width: 196px) 100vw, 196px\" \/>\u00a0 \u00a0 <img decoding=\"async\" loading=\"lazy\" class=\"alignnone  wp-image-1807\" src=\"https:\/\/www.katze-sucht-mensch.ch\/wp-content\/uploads\/2023\/03\/1-280x300.png\" alt=\"\" width=\"203\" height=\"217\" srcset=\"https:\/\/www.katze-sucht-mensch.ch\/wp-content\/uploads\/2023\/03\/1-280x300.png 280w, https:\/\/www.katze-sucht-mensch.ch\/wp-content\/uploads\/2023\/03\/1.png 604w\" sizes=\"(max-width: 203px) 100vw, 203px\" \/> \u00a0\u00a0 \u00a0<\/p>\n<p>\u00a0<\/p>\n<p><strong>Tigi<\/strong> lebt seit dem Tod ihres Besitzers im Tierheim des Berner Tierschutzes. Seit Jahren schon, keiner interessierte sich f\u00fcr die &#8222;alte Dame&#8220;. Und dabei vermisste sie ihre Streifz\u00fcge in die Natur so sehr und wurde immer trauriger. Das \u00e4ndert sich jetzt: in ein paar Tagen darf sie z\u00fcgeln, aufs Land, in den Jura, jurassisches Gras unter den Pfoten sp\u00fcren. Ein tolles Pl\u00e4tzli, wo sie einfach Tigi sein darf. Wir freuen uns so sehr mit Dir, Tigi!<\/p>\n<p><img decoding=\"async\" loading=\"lazy\" class=\"alignnone  wp-image-1827\" src=\"https:\/\/www.katze-sucht-mensch.ch\/wp-content\/uploads\/2023\/03\/Tigi-300x176.jpg\" alt=\"\" width=\"194\" height=\"114\" srcset=\"https:\/\/www.katze-sucht-mensch.ch\/wp-content\/uploads\/2023\/03\/Tigi-300x176.jpg 300w, https:\/\/www.katze-sucht-mensch.ch\/wp-content\/uploads\/2023\/03\/Tigi.jpg 691w\" sizes=\"(max-width: 194px) 100vw, 194px\" \/><\/p>\n<p>\u00a0<\/p>\n<p><strong>Minusch&amp;Minusch <\/strong>waren Allergieopfer, bei der Tochter des Hauses entwickelte sich eine schwere Katzenhaarallergie. Deswegen sollten die beiden Seniorinnen umziehen. Kaum war ein Pl\u00e4tzli in Aussicht, wurde es der Familie bewusst, was das f\u00fcr sie bedeutete: Umzug f\u00fcr zwei 17- und gut 20j\u00e4hrige Katzen! Und pl\u00f6tzlich fand sich doch familienintern eine gute L\u00f6sung, das Allergieproblem zu minimieren. Und schon d\u00fcrfen die beiden ihren Lebensabend weiterhin zuhause geniessen. Vermittlung der anderen Art, aber mit Happy End!<\/p>\n<p><img decoding=\"async\" loading=\"lazy\" class=\"alignnone  wp-image-1857\" src=\"https:\/\/www.katze-sucht-mensch.ch\/wp-content\/uploads\/2023\/04\/Minusch-4.png\" alt=\"\" width=\"183\" height=\"185\" \/>\u00a0 \u00a0 <img decoding=\"async\" loading=\"lazy\" class=\"alignnone  wp-image-1854\" src=\"https:\/\/www.katze-sucht-mensch.ch\/wp-content\/uploads\/2023\/04\/Minusch-1-300x297.jpg\" alt=\"\" width=\"188\" height=\"186\" srcset=\"https:\/\/www.katze-sucht-mensch.ch\/wp-content\/uploads\/2023\/04\/Minusch-1-300x297.jpg 300w, https:\/\/www.katze-sucht-mensch.ch\/wp-content\/uploads\/2023\/04\/Minusch-1.jpg 426w\" sizes=\"(max-width: 188px) 100vw, 188px\" \/><\/p>\n<p>\u00a0<\/p>\n<p><strong>Smokey <\/strong>suchte ein neues Zuhause, weil sein Frauchen verstorben war. Und hat es schnell gefunden, im Aargau bei einem lieben pensionierten Ehepaar mit katzengerecht eingerichteter Wohnung und gesichertem Balkon. Und das Beste: dort wartet eine neue Katzen-Freundin auf ihn. Zusammen mit Sina wird er seine neuen Besitzer sicher schnell um die Pfote wickeln!<\/p>\n<p><img decoding=\"async\" loading=\"lazy\" class=\"alignnone  wp-image-1808\" src=\"https:\/\/www.katze-sucht-mensch.ch\/wp-content\/uploads\/2023\/03\/2-300x187.png\" alt=\"\" width=\"183\" height=\"114\" srcset=\"https:\/\/www.katze-sucht-mensch.ch\/wp-content\/uploads\/2023\/03\/2-300x187.png 300w, https:\/\/www.katze-sucht-mensch.ch\/wp-content\/uploads\/2023\/03\/2-768x479.png 768w, https:\/\/www.katze-sucht-mensch.ch\/wp-content\/uploads\/2023\/03\/2.png 802w\" sizes=\"(max-width: 183px) 100vw, 183px\" \/><\/p>\n<p>\u00a0<\/p>\n<p><strong>Akira <\/strong>ist eine ganz Liebe, aber soooo \u00e4ngstlich, sie f\u00fcrchtet sich vor allem, vor Hund und Katz und Mensch und &#8230; vor allem vor den Katzen im gleichen Haushalt. Ein eigenes Reich, das stand ganz oben auf ihrem Wunschzettel. Und das hat sie bekommen, ab sofort residiert sie als Einzelprinzessin bei ganz lieben Menschen. Happy End am Z\u00fcrichsee!<\/p>\n<p><img decoding=\"async\" loading=\"lazy\" class=\"alignnone  wp-image-1834\" src=\"https:\/\/www.katze-sucht-mensch.ch\/wp-content\/uploads\/2023\/03\/Akira-2-300x268.jpg\" alt=\"\" width=\"184\" height=\"164\" srcset=\"https:\/\/www.katze-sucht-mensch.ch\/wp-content\/uploads\/2023\/03\/Akira-2-300x268.jpg 300w, https:\/\/www.katze-sucht-mensch.ch\/wp-content\/uploads\/2023\/03\/Akira-2.jpg 327w\" sizes=\"(max-width: 184px) 100vw, 184px\" \/><\/p>\n<p>\u00a0<\/p>\n<p><strong>Jamila&#8217;s <\/strong>Besitzer sind verstorben und so ist die 14j\u00e4hrige im Tierheim gelandet. Seniorin, Diabetikerin, sehbehindert, nicht grad \u00fcberall das Wunschb\u00fcsi. Obwohl sie gaaaaanz lieb ist. Aber in Bern bei einem tierlieben, erfahrenen Paar ist sie willkommen. Sie trauen sich das zu. Dort warten grosse Wohnung, noch gr\u00f6ssere gesicherte Terrasse und 2 katzenfreundliche Mini-Hunde auf das neue Familienmitglied. Und Jamila ist dort im Vergleich zu den Hunden die GR\u00d6SSTE!<\/p>\n<p><img decoding=\"async\" loading=\"lazy\" class=\"alignnone  wp-image-1795\" src=\"https:\/\/www.katze-sucht-mensch.ch\/wp-content\/uploads\/2023\/03\/Jamila-2-300x258.jpg\" alt=\"\" width=\"191\" height=\"164\" srcset=\"https:\/\/www.katze-sucht-mensch.ch\/wp-content\/uploads\/2023\/03\/Jamila-2-300x258.jpg 300w, https:\/\/www.katze-sucht-mensch.ch\/wp-content\/uploads\/2023\/03\/Jamila-2.jpg 439w\" sizes=\"(max-width: 191px) 100vw, 191px\" \/><\/p>\n<p>\u00a0<\/p>\n<p><strong>Negi\u00a0<\/strong>war nur noch ungl\u00fccklich, kein Freigang, nur Balkon. Definitiv zu wenig Frischluft um die Nase und zu wenig Gras unter den Pfoten f\u00fcr den kleinen schwarzen Kater. Er fand Garten, Wiesen und Felder am Ortsrand von Neuenegg. Und gleichzeitig noch eine liebe Familie und ein Katzengsp\u00e4nli, das vor ein paar Wochen seinen besten Katzenkumpel verloren hat und sich wieder einen neuen vierbeinigen Freund w\u00fcnschte. Zu zweit macht Freigang noch mehr Spass!<\/p>\n<p><img decoding=\"async\" loading=\"lazy\" class=\"alignnone  wp-image-1781\" src=\"https:\/\/www.katze-sucht-mensch.ch\/wp-content\/uploads\/2023\/03\/Negi-1-300x167.jpg\" alt=\"\" width=\"194\" height=\"108\" srcset=\"https:\/\/www.katze-sucht-mensch.ch\/wp-content\/uploads\/2023\/03\/Negi-1-300x167.jpg 300w, https:\/\/www.katze-sucht-mensch.ch\/wp-content\/uploads\/2023\/03\/Negi-1-1024x570.jpg 1024w, https:\/\/www.katze-sucht-mensch.ch\/wp-content\/uploads\/2023\/03\/Negi-1-768x428.jpg 768w, https:\/\/www.katze-sucht-mensch.ch\/wp-content\/uploads\/2023\/03\/Negi-1.jpg 1138w\" sizes=\"(max-width: 194px) 100vw, 194px\" \/><\/p>\n<p>\u00a0<\/p>\n<p><strong>Ayla<\/strong> suchte u.a. wegen Zeitmangels ihrer Besitzerin \u00f6ppis Neues. Der 1. Versuch ging schief, mit dem Katzengsp\u00e4nli wollte es so gar nicht klappen. Vielleicht wegen ihrer Taubheit und Sehbehinderung, wer weiss. Damit kann nicht jedes Gsp\u00e4nli umgehen. Aber jetzt: Alleinprinzessin und Herrscherin \u00fcber 2 Balkone bei 2 tollen Katzenfreundinnen, fast immer jemand zuhause zum Spielen. Und gar nicht weit weg, auch in Basel. Alles wird gut!<\/p>\n<p><img decoding=\"async\" loading=\"lazy\" class=\"alignnone  wp-image-1701\" src=\"https:\/\/www.katze-sucht-mensch.ch\/wp-content\/uploads\/2023\/01\/Ayla-1.png\" alt=\"\" width=\"198\" height=\"137\" \/><\/p>\n<p>\u00a0<\/p>\n<p><strong>Teddy &amp; B\u00e4rli<\/strong> waren auf der Suchen nach einem neuen Zuhause, da ihr Frauchen verstorben war. Die beiden sind sehr sozial und wollten zusammen oder zumindest je zu einem weiteren sozialen Gsp\u00e4nli z\u00fcgeln. Ihr Wunsch war Befehl: es geht zusammen von Gstaad ins B\u00fcndnerland, zu einem lieben Paar mit viel Zeit zum Schm\u00fcselen. Mensch und Kater sind happy!<\/p>\n<p><img decoding=\"async\" loading=\"lazy\" class=\"alignnone  wp-image-1757\" src=\"https:\/\/www.katze-sucht-mensch.ch\/wp-content\/uploads\/2023\/03\/Teddy.jpg\" alt=\"\" width=\"186\" height=\"233\" \/>\u00a0 \u00a0<img decoding=\"async\" loading=\"lazy\" class=\"alignnone  wp-image-1756\" src=\"https:\/\/www.katze-sucht-mensch.ch\/wp-content\/uploads\/2023\/03\/Baerli-300x209.jpg\" alt=\"\" width=\"329\" height=\"229\" srcset=\"https:\/\/www.katze-sucht-mensch.ch\/wp-content\/uploads\/2023\/03\/Baerli-300x209.jpg 300w, https:\/\/www.katze-sucht-mensch.ch\/wp-content\/uploads\/2023\/03\/Baerli.jpg 595w\" sizes=\"(max-width: 329px) 100vw, 329px\" \/><\/p>\n<p>\u00a0<\/p>\n<p><strong>Oso<\/strong> wartete so sehnlichst im Tierheim auf ein neues Zuhause. Eine Tierfreundin fragte mich an, ob ich nicht helfen k\u00f6nnte bei der Suche, auch wenn er keine Katze ist und nicht mal Katzen mag. So &#8222;verschlug&#8220; es ihn auf diese Homepage. Lang, sehr lang hat&#8217;s gedauert, aber das Warten hat sich gelohnt. ENDLICH das eigene Sofa bei der eigenen Familie. Alles Deins, Oso!<\/p>\n<p><img decoding=\"async\" loading=\"lazy\" class=\"alignnone  wp-image-1739\" src=\"https:\/\/www.katze-sucht-mensch.ch\/wp-content\/uploads\/2023\/02\/oso-1-300x140.jpg\" alt=\"\" width=\"253\" height=\"118\" srcset=\"https:\/\/www.katze-sucht-mensch.ch\/wp-content\/uploads\/2023\/02\/oso-1-300x140.jpg 300w, https:\/\/www.katze-sucht-mensch.ch\/wp-content\/uploads\/2023\/02\/oso-1-768x359.jpg 768w, https:\/\/www.katze-sucht-mensch.ch\/wp-content\/uploads\/2023\/02\/oso-1.jpg 998w\" sizes=\"(max-width: 253px) 100vw, 253px\" \/><\/p>\n<p>\u00a0<\/p>\n<p><strong>Flocke, Biene &amp; Lumi<\/strong> brauchten ein neues Zuhause, ihr Frauchen war verstorben. Das gem\u00fctliche Trio h\u00e4tte auch getrennt werden k\u00f6nnen, sie sind zwar sch\u00fcchtern, aber pflegeleicht und vertr\u00e4glich mit allem und jedem. Nur: warum trennen, wenn&#8217;s nicht auch zusammengeht? Ihr neue Besitzerin hatte eigentlich nur 2 eingeplant, aber wer kann solchen Knuddelb\u00e4rchen schon widerstehen? Ab sofort d\u00fcrfen die 3 zusammen den Balkon im Aargau belagern. Macht ja auch zu dritt noch mehr Spass als zu zweit!<\/p>\n<p><img decoding=\"async\" loading=\"lazy\" class=\"alignnone  wp-image-1715\" src=\"https:\/\/www.katze-sucht-mensch.ch\/wp-content\/uploads\/2023\/02\/Flocke-300x197.png\" alt=\"\" width=\"230\" height=\"151\" srcset=\"https:\/\/www.katze-sucht-mensch.ch\/wp-content\/uploads\/2023\/02\/Flocke-300x197.png 300w, https:\/\/www.katze-sucht-mensch.ch\/wp-content\/uploads\/2023\/02\/Flocke.png 323w\" sizes=\"(max-width: 230px) 100vw, 230px\" \/> <img decoding=\"async\" loading=\"lazy\" class=\"alignnone  wp-image-1716\" src=\"https:\/\/www.katze-sucht-mensch.ch\/wp-content\/uploads\/2023\/02\/Biene-227x300.png\" alt=\"\" width=\"115\" height=\"152\" srcset=\"https:\/\/www.katze-sucht-mensch.ch\/wp-content\/uploads\/2023\/02\/Biene-227x300.png 227w, https:\/\/www.katze-sucht-mensch.ch\/wp-content\/uploads\/2023\/02\/Biene.png 536w\" sizes=\"(max-width: 115px) 100vw, 115px\" \/> <img decoding=\"async\" loading=\"lazy\" class=\"alignnone  wp-image-1714\" src=\"https:\/\/www.katze-sucht-mensch.ch\/wp-content\/uploads\/2023\/02\/Lumi-300x225.png\" alt=\"\" width=\"205\" height=\"154\" srcset=\"https:\/\/www.katze-sucht-mensch.ch\/wp-content\/uploads\/2023\/02\/Lumi-300x225.png 300w, https:\/\/www.katze-sucht-mensch.ch\/wp-content\/uploads\/2023\/02\/Lumi.png 315w\" sizes=\"(max-width: 205px) 100vw, 205px\" \/><\/p>\n<p>\u00a0<\/p>\n<p><strong>Bibiche &amp; Bonbon<\/strong>, erinnert Ihr Euch? Die beiden 11j\u00e4hrigen, deren Frauchen verstorben war udn die so gern wieder ein eigenes Zuhause und nicht nur ein Pflegestellenpl\u00e4tzli gehabt h\u00e4tten? Ihr Wunsch ist Anfang 2023 endlich in Erf\u00fcllung gegangen. \u00dcber den Verein Anihelp fand sich ein ganz tolles Zuhause in l\u00e4ndlicher Umgebung bei einem grossen Katzenfreund, Und bald gibt&#8217;s auch wieder Gras unter den Pfoten. Endlich!<\/p>\n<p><img decoding=\"async\" loading=\"lazy\" class=\"alignnone  wp-image-1614\" src=\"https:\/\/www.katze-sucht-mensch.ch\/wp-content\/uploads\/2022\/12\/Bibiche-und-Bonbon-2-300x300.jpg\" alt=\"\" width=\"207\" height=\"207\" srcset=\"https:\/\/www.katze-sucht-mensch.ch\/wp-content\/uploads\/2022\/12\/Bibiche-und-Bonbon-2-300x300.jpg 300w, https:\/\/www.katze-sucht-mensch.ch\/wp-content\/uploads\/2022\/12\/Bibiche-und-Bonbon-2-150x150.jpg 150w, https:\/\/www.katze-sucht-mensch.ch\/wp-content\/uploads\/2022\/12\/Bibiche-und-Bonbon-2.jpg 320w\" sizes=\"(max-width: 207px) 100vw, 207px\" \/> \u00a0<img decoding=\"async\" loading=\"lazy\" class=\"alignnone  wp-image-1615\" src=\"https:\/\/www.katze-sucht-mensch.ch\/wp-content\/uploads\/2022\/12\/Bibiche-und-Bonbon-3-300x225.jpg\" alt=\"\" width=\"276\" height=\"207\" srcset=\"https:\/\/www.katze-sucht-mensch.ch\/wp-content\/uploads\/2022\/12\/Bibiche-und-Bonbon-3-300x225.jpg 300w, https:\/\/www.katze-sucht-mensch.ch\/wp-content\/uploads\/2022\/12\/Bibiche-und-Bonbon-3.jpg 320w\" sizes=\"(max-width: 276px) 100vw, 276px\" \/>\u00a0 \u00a0<\/p>\n<p>\u00a0<\/p>\n<p><strong>Coco &amp; Mishu&#8217;s<\/strong> Frauchen ist verstorben und die beiden waren auf der Suche nach ihrem neuen Zuhause. Nichts leichter als das, die beiden pflegeleichten, unkomplizierten Samtpfoten haben sich eine Familie im Solothurnischen ausgesucht, incl. katzenfreundlichem Hund, Garten, Terrasse und Balkon. Alle W\u00fcnsche f\u00fcrs 2023 erf\u00fcllt!<\/p>\n<p><img decoding=\"async\" loading=\"lazy\" class=\"alignnone  wp-image-1609\" src=\"https:\/\/www.katze-sucht-mensch.ch\/wp-content\/uploads\/2022\/12\/Coco-300x225.jpg\" alt=\"\" width=\"205\" height=\"154\" srcset=\"https:\/\/www.katze-sucht-mensch.ch\/wp-content\/uploads\/2022\/12\/Coco-300x225.jpg 300w, https:\/\/www.katze-sucht-mensch.ch\/wp-content\/uploads\/2022\/12\/Coco.jpg 640w\" sizes=\"(max-width: 205px) 100vw, 205px\" \/>\u00a0 <img decoding=\"async\" loading=\"lazy\" class=\"alignnone  wp-image-1610\" src=\"https:\/\/www.katze-sucht-mensch.ch\/wp-content\/uploads\/2022\/12\/Mishu-300x200.jpg\" alt=\"\" width=\"231\" height=\"154\" srcset=\"https:\/\/www.katze-sucht-mensch.ch\/wp-content\/uploads\/2022\/12\/Mishu-300x200.jpg 300w, https:\/\/www.katze-sucht-mensch.ch\/wp-content\/uploads\/2022\/12\/Mishu.jpg 460w\" sizes=\"(max-width: 231px) 100vw, 231px\" \/><\/p>\n<p>\u00a0<\/p>\n<p><strong>Titus <\/strong>suchte ein neues Zuhause als Einzelprinz, seine beiden j\u00fcngeren Gsp\u00e4nli raubten ihm den letzten Nerv. &#8222;Einzelprinz mit Freigang&#8220; stand auf seinem Neujahrswunschzettel. Und wurde erf\u00fcllt von einem befreundeten Ehepaar, auch aus Winterthur, so musste Titus gar nicht sooo weit Autofahren, wo er Autofahren doch gar nicht mag. Kommt alles gut im neuen Jahr, Titus!<\/p>\n<p><img decoding=\"async\" loading=\"lazy\" class=\"alignnone  wp-image-1659\" src=\"https:\/\/www.katze-sucht-mensch.ch\/wp-content\/uploads\/2022\/12\/Titus-1-265x300.png\" alt=\"\" width=\"203\" height=\"230\" srcset=\"https:\/\/www.katze-sucht-mensch.ch\/wp-content\/uploads\/2022\/12\/Titus-1-265x300.png 265w, https:\/\/www.katze-sucht-mensch.ch\/wp-content\/uploads\/2022\/12\/Titus-1.png 516w\" sizes=\"(max-width: 203px) 100vw, 203px\" \/><\/p>\n<p>\u00a0<\/p>\n<p><strong>Tsch\u00e4ggi\u00a0<\/strong>verlor wegen Trennung ihrer Familie den Platz in ihrer Wohnung, in der neuen Wohnung waren Katzen nicht erlaubt. Sie hatte auch schon eine tolle neue Familie in Aussicht, doch ihrer Besitzerin fiel die Trennung pl\u00f6tzlich doch zu schwer. Also nochmal beim Vermieter um eine kleine Mietzinsreduktion angefragt udn gewonnen: Tsch\u00e4ggi darf mit ihrer (Teil)familie wohnen bleiben. Ende gut, alles gut!<\/p>\n<p><img decoding=\"async\" loading=\"lazy\" class=\"alignnone  wp-image-1643\" src=\"https:\/\/www.katze-sucht-mensch.ch\/wp-content\/uploads\/2022\/12\/Tschaeggi-1-300x225.png\" alt=\"\" width=\"211\" height=\"158\" srcset=\"https:\/\/www.katze-sucht-mensch.ch\/wp-content\/uploads\/2022\/12\/Tschaeggi-1-300x225.png 300w, https:\/\/www.katze-sucht-mensch.ch\/wp-content\/uploads\/2022\/12\/Tschaeggi-1-1024x769.png 1024w, https:\/\/www.katze-sucht-mensch.ch\/wp-content\/uploads\/2022\/12\/Tschaeggi-1-768x577.png 768w, https:\/\/www.katze-sucht-mensch.ch\/wp-content\/uploads\/2022\/12\/Tschaeggi-1.png 1273w\" sizes=\"(max-width: 211px) 100vw, 211px\" \/>\u00a0<\/p>\n<p>\u00a0<\/p>\n<p><strong>Tom<\/strong> musste auch lange warten auf sein neues Zuhause, der Katzen-Opa machte es einem aber auch nicht leicht. Er wurde auf seiner Pflegestelle bei der Tierlihilfe aufgep\u00e4ppelt und lernte dort, dass man Medis auch ohne Knurren nehmen kann und Streicheleinheiten gar nicht so \u00fcbel sind. Und endlich fand sich dann doch &#8222;sein&#8220; Pl\u00e4tzli mit Auslauf. Dort lernt er sogar gerade noch, sich auf Senioren-Katzen-Gsp\u00e4ndli einzulassen. Gar nicht so schlecht, g\u00e4u Tom?<\/p>\n<p><img decoding=\"async\" loading=\"lazy\" class=\"alignnone  wp-image-1523\" src=\"https:\/\/www.katze-sucht-mensch.ch\/wp-content\/uploads\/2022\/11\/Tom-1-300x213.jpg\" alt=\"\" width=\"208\" height=\"148\" srcset=\"https:\/\/www.katze-sucht-mensch.ch\/wp-content\/uploads\/2022\/11\/Tom-1-300x213.jpg 300w, https:\/\/www.katze-sucht-mensch.ch\/wp-content\/uploads\/2022\/11\/Tom-1-350x250.jpg 350w, https:\/\/www.katze-sucht-mensch.ch\/wp-content\/uploads\/2022\/11\/Tom-1-420x300.jpg 420w, https:\/\/www.katze-sucht-mensch.ch\/wp-content\/uploads\/2022\/11\/Tom-1.jpg 457w\" sizes=\"(max-width: 208px) 100vw, 208px\" \/><\/p>\n<p>\u00a0<\/p>\n<p><strong>Meiti&amp;Bubi<\/strong> haben lange warten m\u00fcssen auf ihr neues Zuhause. Die zwei sind eher von der sch\u00fcchternen Sorte und suchten eine neues Zuhause ohne Kinderl\u00e4rm, daf\u00fcr aber mit Menschen mit viel Zeit und Geduld f\u00fcr sie. Der 1. Anlauf klappte nicht, zu sch\u00fcchtern seien sie, die zwei. Aber daf\u00fcr gabs ja einen 2. Anlauf und siehe da. Menschen mit Geduld, die die beiden einfach in Ruhe ankommen lassen. So soll das sein!<\/p>\n<p><img decoding=\"async\" loading=\"lazy\" class=\"alignnone  wp-image-1604\" src=\"https:\/\/www.katze-sucht-mensch.ch\/wp-content\/uploads\/2022\/12\/Meiti1-300x231.jpg\" alt=\"\" width=\"216\" height=\"166\" srcset=\"https:\/\/www.katze-sucht-mensch.ch\/wp-content\/uploads\/2022\/12\/Meiti1-300x231.jpg 300w, https:\/\/www.katze-sucht-mensch.ch\/wp-content\/uploads\/2022\/12\/Meiti1.jpg 345w\" sizes=\"(max-width: 216px) 100vw, 216px\" \/>\u00a0 \u00a0<img decoding=\"async\" loading=\"lazy\" class=\"alignnone  wp-image-1605\" src=\"https:\/\/www.katze-sucht-mensch.ch\/wp-content\/uploads\/2022\/12\/Bubi1-300x165.jpg\" alt=\"\" width=\"305\" height=\"168\" srcset=\"https:\/\/www.katze-sucht-mensch.ch\/wp-content\/uploads\/2022\/12\/Bubi1-300x165.jpg 300w, https:\/\/www.katze-sucht-mensch.ch\/wp-content\/uploads\/2022\/12\/Bubi1.jpg 534w\" sizes=\"(max-width: 305px) 100vw, 305px\" \/><\/p>\n<p>\u00a0<\/p>\n<p><strong>Lucky<\/strong> wollte lieber Alleinprinz sein, ohne seinen Bruder, den er pl\u00f6tzlich nicht mehr mochte und versuchte rauszumobben. Alleinprinz darf er sein, f\u00fcr ihn ging&#8217;s gleich mit den ersten Interessenten nach Zollikerberg: zu einem lieben Ehepaar, das k\u00fcrzlich seine Samtpfote gehen lassen musste. Ab sofort hat er seine Familie und seine Wohnung ganz f\u00fcr sich allein, nichts mehr mit Konkurrenz. Genau so wollte es Lucky!<\/p>\n<p><img decoding=\"async\" loading=\"lazy\" class=\"alignnone  wp-image-1586\" src=\"https:\/\/www.katze-sucht-mensch.ch\/wp-content\/uploads\/2022\/11\/Lucky-Schoenbaechler-2-300x247.jpg\" alt=\"\" width=\"211\" height=\"174\" srcset=\"https:\/\/www.katze-sucht-mensch.ch\/wp-content\/uploads\/2022\/11\/Lucky-Schoenbaechler-2-300x247.jpg 300w, https:\/\/www.katze-sucht-mensch.ch\/wp-content\/uploads\/2022\/11\/Lucky-Schoenbaechler-2.jpg 342w\" sizes=\"(max-width: 211px) 100vw, 211px\" \/><\/p>\n<p>\u00a0<\/p>\n<p><strong>Strubeli (ex-Scherwey) <\/strong>wurde in einer Tierklinik abgegeben zum Einschl\u00e4fern. Diabetes, chronische Pankreatitis, Unsauberkeit, hoher Gewichtsverlust, das waren die Gr\u00fcnde. Noch ein Fall f\u00fcr meine eigene Zuckerschnuten-WG. An Diabetes, Pankreatitis und Fellpflege arbeiten wir noch, die ersten Erfolge haben sich aber schon eingestellt. Reinbiseln ist Vergangenheit, wozu gibt&#8217;s Jumbo-Kistlis? Und vor den M\u00e4dels-Gsp\u00e4nli will man ja auch nicht als Bisler dastehen, oder?<\/p>\n<p><img decoding=\"async\" loading=\"lazy\" class=\"alignnone  wp-image-1603\" src=\"https:\/\/www.katze-sucht-mensch.ch\/wp-content\/uploads\/2022\/12\/strubeli-225x300.jpg\" alt=\"\" width=\"201\" height=\"268\" srcset=\"https:\/\/www.katze-sucht-mensch.ch\/wp-content\/uploads\/2022\/12\/strubeli-225x300.jpg 225w, https:\/\/www.katze-sucht-mensch.ch\/wp-content\/uploads\/2022\/12\/strubeli-rotated.jpg 240w\" sizes=\"(max-width: 201px) 100vw, 201px\" \/><\/p>\n<p>\u00a0<\/p>\n<p><strong>Emmi (ex-Ichli, zu deutsch: betrunken!\u00a0 was f\u00fcr ein Name!) <\/strong>wurde mit 15J. im Tierheim abgegeben wegen Diabetes, Unsauberkeit und Allergie des Besitzers. Ein klarer Fall f\u00fcr meine Zuckerschnuten-WG. Sieht sie nicht aus wie eine Mischung aus Lucky+Gina? Die beiden hatten doch da sicher vom Katzenhimmel aus ihre Pfoten im Spiel und sie zu mir geschickt. So eine kleine, liebe, s\u00fcsse Maus. Und das mit dem Diabetes kriegen wir hier hin, ganz bestimmt!<\/p>\n<p><img decoding=\"async\" loading=\"lazy\" class=\"alignnone  wp-image-1602\" src=\"https:\/\/www.katze-sucht-mensch.ch\/wp-content\/uploads\/2022\/12\/Emmi-1.jpg\" alt=\"\" width=\"206\" height=\"206\" srcset=\"https:\/\/www.katze-sucht-mensch.ch\/wp-content\/uploads\/2022\/12\/Emmi-1.jpg 270w, https:\/\/www.katze-sucht-mensch.ch\/wp-content\/uploads\/2022\/12\/Emmi-1-150x150.jpg 150w\" sizes=\"(max-width: 206px) 100vw, 206px\" \/><\/p>\n<p>\u00a0<\/p>\n<p><strong>Fedo und Tatzi<\/strong>, die zwei kleinen gem\u00fctlichen Schmuseb\u00e4rchen suchten ein neues Zuhause ohne andere Haustiere, daf\u00fcr aber mit viel Zeit der neuen Besitzer nur f\u00fcr sie ganz allein. Und sie haben sich ein Einfamilienhaus in Z\u00fcrich ausgesucht, mit T\u00f6rli zum Garten in einem Anwohnerstr\u00e4ssli von Richterswil, bei einem ganz lieben, katzenerfahrenen pensionierten Ehepaar mit ganz viel Zeit f\u00fcr die beiden. Da wird auch der sch\u00fcchterne Fedo bald auftauen!\u00a0<\/p>\n<p><img decoding=\"async\" loading=\"lazy\" class=\"alignnone  wp-image-1478\" src=\"https:\/\/www.katze-sucht-mensch.ch\/wp-content\/uploads\/2022\/10\/Fedo-und-Tatzi-2-300x268.jpg\" alt=\"\" width=\"210\" height=\"188\" srcset=\"https:\/\/www.katze-sucht-mensch.ch\/wp-content\/uploads\/2022\/10\/Fedo-und-Tatzi-2-300x268.jpg 300w, https:\/\/www.katze-sucht-mensch.ch\/wp-content\/uploads\/2022\/10\/Fedo-und-Tatzi-2.jpg 342w\" sizes=\"(max-width: 210px) 100vw, 210px\" \/> <img decoding=\"async\" loading=\"lazy\" class=\"alignnone  wp-image-1477\" src=\"https:\/\/www.katze-sucht-mensch.ch\/wp-content\/uploads\/2022\/10\/Fedo-und-Tatzi-1-280x300.jpg\" alt=\"\" width=\"179\" height=\"192\" srcset=\"https:\/\/www.katze-sucht-mensch.ch\/wp-content\/uploads\/2022\/10\/Fedo-und-Tatzi-1-280x300.jpg 280w, https:\/\/www.katze-sucht-mensch.ch\/wp-content\/uploads\/2022\/10\/Fedo-und-Tatzi-1.jpg 342w\" sizes=\"(max-width: 179px) 100vw, 179px\" \/><\/p>\n<p>\u00a0<\/p>\n<p><strong>Max<\/strong> kam zuhause einfach zu kurz. Seit Neuestem fehlte aufgrund von famili\u00e4ren Ver\u00e4nderungen einfach die Zeit f\u00fcr den unkomplizierten und ruhigen Kater. Er suchte nur jemanden, der in lieb hat und Zeit f\u00fcr ihn hat, so einfach. Und das <span style=\"font-size: 1rem;\">ist schnell gegangen, gleich die ersten Interessenten haben sich in den lieben Max verguckt. Und er sich in sie! Endlich jemand ganz f\u00fcr ihn allein mit ganz viel Ziit zum Buuch-Chr\u00e4bbele! Da hat sogar ein Angsthase wie Max nicht nein sagen k\u00f6nnen.<\/span><\/p>\n<p><img decoding=\"async\" loading=\"lazy\" class=\"alignnone  wp-image-1560\" src=\"https:\/\/www.katze-sucht-mensch.ch\/wp-content\/uploads\/2022\/11\/Max-2-263x300.jpg\" alt=\"\" width=\"202\" height=\"230\" srcset=\"https:\/\/www.katze-sucht-mensch.ch\/wp-content\/uploads\/2022\/11\/Max-2-263x300.jpg 263w, https:\/\/www.katze-sucht-mensch.ch\/wp-content\/uploads\/2022\/11\/Max-2.jpg 317w\" sizes=\"(max-width: 202px) 100vw, 202px\" \/><\/p>\n<p>\u00a0<\/p>\n<p><strong>Kimi <\/strong>wusste, was er will und was ihm guttut. Und vor allem, wer ihm guttut: diese beiden pensionierten Damen aus Hinwil in der EG-Wohnung mit Freigang in verkehrsberuhigter Zone, wo es endlich, endlich keinen Kindertrubel mehr gibt, daf\u00fcr aber ganz viel Aufmerksamkeit f\u00fcr ihn und Zeit zum Schm\u00fcsele. Diese Gelegenheit hat er sich nicht entgehen lassen und seinen ganzen Charme verspr\u00fcht. Gewonnen, n\u00e4chste Woche ist Z\u00fcgeltermin!<\/p>\n<p><img decoding=\"async\" loading=\"lazy\" class=\"alignnone  wp-image-1484\" src=\"https:\/\/www.katze-sucht-mensch.ch\/wp-content\/uploads\/2022\/10\/Kimi1-219x300.jpg\" alt=\"\" width=\"191\" height=\"262\" srcset=\"https:\/\/www.katze-sucht-mensch.ch\/wp-content\/uploads\/2022\/10\/Kimi1-219x300.jpg 219w, https:\/\/www.katze-sucht-mensch.ch\/wp-content\/uploads\/2022\/10\/Kimi1.jpg 258w\" sizes=\"(max-width: 191px) 100vw, 191px\" \/><\/p>\n<p>\u00a0<\/p>\n<p><strong>Cumari<\/strong> und <strong>Liroy<\/strong> suchten zusammen ein neues ruhiges Zuhause mit Freigang in l\u00e4ndlicher verkehrsarmer Umgebung, da ihr Besitzer ihnen aufgrund seiner ver\u00e4nderten Lebenssituation zuk\u00fcnftig nicht mehr gerecht werden konnte. Ausschreibung gemacht und dann gab&#8217;s die einfachste L\u00f6sung der Welt: sie d\u00fcrfen bei den neuen Mietern im Untergeschoss einziehen. So wird die Umstellung gleich viel einfacher: gleiche Umgebung, andere Dosen\u00f6ffner. Das kriegt Ihr hin, Ihr zwei!<\/p>\n<p>\u00a0<img decoding=\"async\" loading=\"lazy\" class=\"alignnone size-medium wp-image-1464\" src=\"https:\/\/www.katze-sucht-mensch.ch\/wp-content\/uploads\/2022\/10\/Cumari-186x300.jpg\" alt=\"\" width=\"186\" height=\"300\" srcset=\"https:\/\/www.katze-sucht-mensch.ch\/wp-content\/uploads\/2022\/10\/Cumari-186x300.jpg 186w, https:\/\/www.katze-sucht-mensch.ch\/wp-content\/uploads\/2022\/10\/Cumari.jpg 236w\" sizes=\"(max-width: 186px) 100vw, 186px\" \/>\u00a0 <img decoding=\"async\" loading=\"lazy\" class=\"alignnone size-medium wp-image-1465\" src=\"https:\/\/www.katze-sucht-mensch.ch\/wp-content\/uploads\/2022\/10\/Liroy-300x176.jpg\" alt=\"\" width=\"300\" height=\"176\" srcset=\"https:\/\/www.katze-sucht-mensch.ch\/wp-content\/uploads\/2022\/10\/Liroy-300x176.jpg 300w, https:\/\/www.katze-sucht-mensch.ch\/wp-content\/uploads\/2022\/10\/Liroy.jpg 552w\" sizes=\"(max-width: 300px) 100vw, 300px\" \/><\/p>\n<p>\u00a0<\/p>\n<p><strong>Aria <\/strong>musste ihren Frust an den Pflanzen auslassen, so gestresst war sie, als sie nicht mehr im Mittelpunkt stand. War da doch einfach zuviel Kind\/Hund\/Katze ausser ihr. Ein eigenes Reich, das war ihr Traum, nur ihre Menschen und sie.\u00a0 Das gibt&#8217;s tats\u00e4chlich, in Biberstein bei einem lieben katzenerfahrenen Paar im 3st\u00f6ckigen &#8222;Schloss&#8220;. Sie werden Dich verg\u00f6ttern, Aria!<\/p>\n<p><img decoding=\"async\" loading=\"lazy\" class=\"alignnone  wp-image-1457\" src=\"https:\/\/www.katze-sucht-mensch.ch\/wp-content\/uploads\/2022\/10\/Aria-243x300.jpg\" alt=\"\" width=\"237\" height=\"293\" srcset=\"https:\/\/www.katze-sucht-mensch.ch\/wp-content\/uploads\/2022\/10\/Aria-243x300.jpg 243w, https:\/\/www.katze-sucht-mensch.ch\/wp-content\/uploads\/2022\/10\/Aria.jpg 376w\" sizes=\"(max-width: 237px) 100vw, 237px\" \/>\u00a0<\/p>\n<p>\u00a0<\/p>\n<p><strong>Charly &amp; Stanly<\/strong>\u00a0suchten ein neues Zuhause mit Freigang, wo man ihnen wieder mehr Zeit und Platz bieten konnte. Die Lebenssituation ihrer bisherigen Besitzerin \u00e4ndert sich grade gravierend. Und die 2 d\u00fcrfen zusammenbleiben, in einer lieben Familie mit Kindern. Da ist immer jemand da zum Spielen und Toben und Kunstst\u00fcckli lehren. Viel Spass Euch zweien (und der Familie nat\u00fcrlich auch)!<\/p>\n<p><img decoding=\"async\" loading=\"lazy\" class=\"alignnone size-full wp-image-1364\" src=\"https:\/\/www.katze-sucht-mensch.ch\/wp-content\/uploads\/2022\/09\/Charly-Stanly-1.jpg\" alt=\"\" width=\"243\" height=\"224\" \/><\/p>\n<p>\u00a0<\/p>\n<p><strong>Leo<\/strong> ist ein Sensibelchen. Wie eben Bengalen so sind. Er suchte einfach seine Ruhe, nur er und seine Besitzer und kein L\u00e4rm von nirgends drumherum, besonders nicht von draussen. Das machte ihm Angst. Brauchst du nicht mehr zu haben, hast Dir ein ganz tolles neues und vor allem RUHIGES Zuhause ausgesucht. Der Funke ist so schnell \u00fcbergesprungen, dass Leo sogar seine Sch\u00fcchternheit gegen\u00fcber Fremden vergessen hat!<\/p>\n<p><img decoding=\"async\" loading=\"lazy\" class=\"alignnone  wp-image-1350\" src=\"https:\/\/www.katze-sucht-mensch.ch\/wp-content\/uploads\/2022\/09\/Leo-2-225x300.jpg\" alt=\"\" width=\"236\" height=\"315\" srcset=\"https:\/\/www.katze-sucht-mensch.ch\/wp-content\/uploads\/2022\/09\/Leo-2-225x300.jpg 225w, https:\/\/www.katze-sucht-mensch.ch\/wp-content\/uploads\/2022\/09\/Leo-2.jpg 480w\" sizes=\"(max-width: 236px) 100vw, 236px\" \/><\/p>\n<p>\u00a0<\/p>\n<p><strong>Balu &amp; Shitan <\/strong>haben ihr Frauchen verloren und waren pl\u00f6tzlich ganz allein in der Wohnung. Da ging mal kurz die Welt unter f\u00fcr zwei B\u00fcsis. Aber ab 1.10. verstehen sie die Welt wieder. Da d\u00fcrfen sie nach Spiez in ihr neues Zuhause z\u00fcgeln: 4.5 Zimmer, 2 gesicherte Balkone (f\u00fcr jeden einer?), Katzenerfahrung, Homeoffice und viel Zeit und Liebe warten auf die beiden. Nur noch ein paar Mal schlafen.<\/p>\n<p><img decoding=\"async\" loading=\"lazy\" class=\"alignnone  wp-image-1411\" src=\"https:\/\/www.katze-sucht-mensch.ch\/wp-content\/uploads\/2022\/09\/Balu-Shitan-300x219.jpg\" alt=\"\" width=\"346\" height=\"253\" srcset=\"https:\/\/www.katze-sucht-mensch.ch\/wp-content\/uploads\/2022\/09\/Balu-Shitan-300x219.jpg 300w, https:\/\/www.katze-sucht-mensch.ch\/wp-content\/uploads\/2022\/09\/Balu-Shitan.jpg 682w\" sizes=\"(max-width: 346px) 100vw, 346px\" \/><\/p>\n<p>\u00a0<\/p>\n<p><strong>Percy &amp; Sheila<\/strong> suchten wegen Zeitmangels ihrer Besitzer zusammen ein neues Zuhause. Und auch das gab&#8217;s nach einigen Suchaktionen in Form einer WG: Freigang in verkehrsberuhigter Umgebung und fast immer jemand da f\u00fcr&#8217;s Lieblingshobby der beiden (Schm\u00fcselen, Schm\u00fcselen, Schm\u00fcselen). Was wollt Ihr mehr, Ihr beiden?<\/p>\n<p><img decoding=\"async\" loading=\"lazy\" class=\"alignnone  wp-image-1260\" src=\"https:\/\/www.katze-sucht-mensch.ch\/wp-content\/uploads\/2022\/07\/Percy-300x280.jpg\" alt=\"\" width=\"219\" height=\"204\" srcset=\"https:\/\/www.katze-sucht-mensch.ch\/wp-content\/uploads\/2022\/07\/Percy-300x280.jpg 300w, https:\/\/www.katze-sucht-mensch.ch\/wp-content\/uploads\/2022\/07\/Percy.jpg 477w\" sizes=\"(max-width: 219px) 100vw, 219px\" \/>\u00a0 <img decoding=\"async\" loading=\"lazy\" class=\"alignnone  wp-image-1261\" src=\"https:\/\/www.katze-sucht-mensch.ch\/wp-content\/uploads\/2022\/07\/Sheila-1-300x252.jpg\" alt=\"\" width=\"240\" height=\"202\" srcset=\"https:\/\/www.katze-sucht-mensch.ch\/wp-content\/uploads\/2022\/07\/Sheila-1-300x252.jpg 300w, https:\/\/www.katze-sucht-mensch.ch\/wp-content\/uploads\/2022\/07\/Sheila-1.jpg 469w\" sizes=\"(max-width: 240px) 100vw, 240px\" \/><\/p>\n<p>\u00a0<\/p>\n<p><strong>Tosimoff<\/strong> hat sehr lange warten m\u00fcssen auf sein neues Pl\u00e4tzli. Nachdem sein Frauchen pl\u00f6tzlich verstorben war, dauerte es seine Zeit, bis ihn der Richtige gefunden hatte. Aber es gibt sie noch, die Katzenliebhaber, die einen \u00e4lteren, schwarzen Charakterkater mit russischem Namen aufnehmen und ihn bis an sein Lebensende verw\u00f6hnen. Siehst Du, Tosimoff, ich hab&#8217;s dir gesagt, es klappt immer, irgendwann, und jetzt geht&#8217;s wieder steil aufw\u00e4rts f\u00fcr Dich!<\/p>\n<p><img decoding=\"async\" loading=\"lazy\" class=\"alignnone  wp-image-1030\" src=\"https:\/\/www.katze-sucht-mensch.ch\/wp-content\/uploads\/2022\/05\/Tosimoff.jpg\" alt=\"\" width=\"235\" height=\"249\" \/><\/p>\n<p>\u00a0<\/p>\n<p><strong>Ulrich &amp; Wastel<\/strong> waren wegen Zeitmangels ihrer Besitzer auf der Suche nach einem neuen Zuhause. Und das haben sie ganz schnell gefunden: in Meikirch bei einer tollen kleinen Familie mit grosser Wohnung und gesichertem Balkon zum V\u00f6geli-Kucken und gaaaanz viel Zeit f\u00fcr Schmusestunden. Los geht&#8217;s, jetzt wird endlich wieder richtig gekuschelt!<\/p>\n<p><img decoding=\"async\" loading=\"lazy\" class=\"alignnone  wp-image-1330\" src=\"https:\/\/www.katze-sucht-mensch.ch\/wp-content\/uploads\/2022\/08\/U7.jpg\" alt=\"\" width=\"233\" height=\"232\" srcset=\"https:\/\/www.katze-sucht-mensch.ch\/wp-content\/uploads\/2022\/08\/U7.jpg 162w, https:\/\/www.katze-sucht-mensch.ch\/wp-content\/uploads\/2022\/08\/U7-150x150.jpg 150w\" sizes=\"(max-width: 233px) 100vw, 233px\" \/><\/p>\n<p>\u00a0<\/p>\n<p><span style=\"font-size: revert; color: initial;\"><strong>Luigi (genannt TschiTschi) <\/strong>ist ein Waisenkater, sein Frauchen ist verstorben. Er kam bei der Tochter und ihrer Katze unter, klappte aber leider nicht, sie (also die Katze) hat furchtbare Angst vor dem lieben schwarzen Kater. Aber das Schicksal meinte es gut mit ihm: er bekommt an seinem Heimatort ein eigenes Haus mit eigenem Garten und zwei lieben Dosen\u00f6ffnern, die sich schon ganz doll auf die Schmusestunden mit ihm freuen. Auf das Schicksal ist eben Verlass!<\/span><\/p>\n<p><img decoding=\"async\" loading=\"lazy\" class=\"alignnone  wp-image-1241\" src=\"https:\/\/www.katze-sucht-mensch.ch\/wp-content\/uploads\/2022\/07\/Luigi-1-300x225.jpg\" alt=\"\" width=\"231\" height=\"173\" srcset=\"https:\/\/www.katze-sucht-mensch.ch\/wp-content\/uploads\/2022\/07\/Luigi-1-300x225.jpg 300w, https:\/\/www.katze-sucht-mensch.ch\/wp-content\/uploads\/2022\/07\/Luigi-1.jpg 320w\" sizes=\"(max-width: 231px) 100vw, 231px\" \/><\/p>\n<p>\u00a0<\/p>\n<p><span style=\"font-size: revert; color: initial;\"><strong>Findus <\/strong>ist zugelaufen und musste sich wegen der extrem sch\u00fcchternen Erstkatze ein neues Zuhause suchen. Kaum war die Suchanzeige aufgeschalten, passierte Unglaubliches: die beiden n\u00e4herten sich einander an, Findus ist nicht mehr so dominant und die Erstkatze nicht mehr so sch\u00fcchtern. Kurz: Findus bleibt einfach in dem Zuhause, das er sich selbst ausgesucht hatte. Weiter so, Ihr 2!<\/span><\/p>\n<p><img decoding=\"async\" loading=\"lazy\" class=\"alignnone  wp-image-1205\" src=\"https:\/\/www.katze-sucht-mensch.ch\/wp-content\/uploads\/2022\/06\/Findus-1.jpg\" alt=\"\" width=\"229\" height=\"160\" \/><\/p>\n<p>\u00a0<\/p>\n<p><span style=\"font-size: revert; color: initial;\"><strong>Hopfi<\/strong> wurde aus gesundheitlichen Gr\u00fcnden der Besitzerin abgegeben. Er braucht jemanden, dem er sich eng anschliessen kann, der mit ihm plaudert und einfach seinen regelm\u00e4ssigen eigenst\u00e4ndigen Freigang bietet. Nicht weit, nur mal schnell in den Garten und aus der sicheren Deckung in den B\u00fcschen V\u00f6geli &amp; Co. beobachten. Hat er gefunden: in Z\u00fcrich bei einer lieben Katzenfreundin, die ihm Vorgarten\/Garten\/ Balkon\/Plauderst\u00fcndli\/Schmuseeinheiten aber auch mal seine Ruhe bietet. Alles wird gut, Hopfi!<\/span><\/p>\n<p><img decoding=\"async\" loading=\"lazy\" class=\"alignnone  wp-image-1168\" src=\"https:\/\/www.katze-sucht-mensch.ch\/wp-content\/uploads\/2022\/05\/Hopfi1.jpg\" alt=\"\" width=\"217\" height=\"152\" \/><\/p>\n<p>\u00a0<\/p>\n<p><strong>Moritz<\/strong> war sein ganzes Leben lang berufst\u00e4tig als &#8222;Gesellschaftskater im Altersheim&#8220;. Seit bei ihm Diabetes diagnostiziert wurde, ist seine Versorgung nicht mehr Moritz-gerecht. Er bekommt einfach zuviele Leckerli von den Bewohnern, die er gar nicht mehr darf. Daher wird er am Montag\u00a0 &#8222;pensioniert&#8220; und darf sich in meiner Zuckerschnuten-WG hoffentlich noch viele Jahre verw\u00f6hnen lassen. Wir freuen uns ganz doll auf Dich, Moritz!\u00a0<\/p>\n<p>Nachtrag: nach 3 Wochen im neuen Zuhause ist er in Remission!<\/p>\n<p><img decoding=\"async\" loading=\"lazy\" class=\"alignnone size-medium wp-image-1270\" src=\"https:\/\/www.katze-sucht-mensch.ch\/wp-content\/uploads\/2022\/07\/Moritzli-225x300.jpg\" alt=\"\" width=\"225\" height=\"300\" srcset=\"https:\/\/www.katze-sucht-mensch.ch\/wp-content\/uploads\/2022\/07\/Moritzli-225x300.jpg 225w, https:\/\/www.katze-sucht-mensch.ch\/wp-content\/uploads\/2022\/07\/Moritzli-rotated.jpg 240w\" sizes=\"(max-width: 225px) 100vw, 225px\" \/><\/p>\n<p>\u00a0<\/p>\n<p><strong>M\u00e4xli&amp;Lotti<\/strong> leben nach dem Motto &#8222;nicht ohne mein Gsp\u00e4nli&#8220;. M\u00fcssen sie auch nicht. Aufgrund von Ver\u00e4nderungen in der bisherigen Wohnsituation h\u00e4tten sie keinen Freigang mehr gehabt. Freigang stand aber ganz oben auf ihrem Wunschzettel und wird geliefert in Form eines\u00a0 denkmalgesch\u00fctzten Hauses in St. Gallen mit ganz lieben Menschen drinnen und einem Paradies aus Wiesen, Wald und Feldern draussen. Auf geht&#8217;s, viel Spass Euch zweien!<\/p>\n<p><img decoding=\"async\" loading=\"lazy\" class=\"alignnone  wp-image-1179\" src=\"https:\/\/www.katze-sucht-mensch.ch\/wp-content\/uploads\/2022\/06\/Maexli-300x182.jpg\" alt=\"\" width=\"219\" height=\"133\" srcset=\"https:\/\/www.katze-sucht-mensch.ch\/wp-content\/uploads\/2022\/06\/Maexli-300x182.jpg 300w, https:\/\/www.katze-sucht-mensch.ch\/wp-content\/uploads\/2022\/06\/Maexli-768x466.jpg 768w, https:\/\/www.katze-sucht-mensch.ch\/wp-content\/uploads\/2022\/06\/Maexli.jpg 947w\" sizes=\"(max-width: 219px) 100vw, 219px\" \/>\u00a0 <img decoding=\"async\" loading=\"lazy\" class=\"alignnone  wp-image-1043\" src=\"https:\/\/www.katze-sucht-mensch.ch\/wp-content\/uploads\/2022\/05\/Nala-231x300.png\" alt=\"\" width=\"148\" height=\"192\" srcset=\"https:\/\/www.katze-sucht-mensch.ch\/wp-content\/uploads\/2022\/05\/Nala-231x300.png 231w, https:\/\/www.katze-sucht-mensch.ch\/wp-content\/uploads\/2022\/05\/Nala.png 252w\" sizes=\"(max-width: 148px) 100vw, 148px\" \/><\/p>\n<p>\u00a0<\/p>\n<p><strong>Peggy&amp;Dixie<\/strong> sind zwei pflegeleichte und liebe Senioren-B\u00fcsis, die sich im quirligen Haushalt mit 2 (bald 3) Kleinkindern nur noch gestresst f\u00fchlten. Sie w\u00fcnschten sich ein gem\u00fctliches Daheim bei Menschen, die viel zuhause sind, viel Zeit mit ihnen verbringen und bei denen es einfach entspannt zugeht. Ohne Kinder und andere Haustiere. Kein Problem, ab sofort wird in Winterthur gechillt, auf dem gesicherten Balkon bei einem pensionierten Paar, &#8222;Ruhe geniessen&#8220; ist jetzt angesagt f\u00fcr Euch 2!<\/p>\n<p><img decoding=\"async\" loading=\"lazy\" class=\"alignnone  wp-image-1121\" src=\"https:\/\/www.katze-sucht-mensch.ch\/wp-content\/uploads\/2022\/05\/Peggy-Dixie-1-300x198.jpg\" alt=\"\" width=\"218\" height=\"144\" srcset=\"https:\/\/www.katze-sucht-mensch.ch\/wp-content\/uploads\/2022\/05\/Peggy-Dixie-1-300x198.jpg 300w, https:\/\/www.katze-sucht-mensch.ch\/wp-content\/uploads\/2022\/05\/Peggy-Dixie-1.jpg 608w\" sizes=\"(max-width: 218px) 100vw, 218px\" \/><\/p>\n<p>\u00a0<\/p>\n<p><strong>Moudi<\/strong> ist mit seinen 17 Jahren ein echter Senior. Er\u00a0 wurde vom Vormieter \u00fcbernommen und suchte dringend ein neues ruhiges Zuhause mit etwas Freigang ums Haus. Und kaum fand sich ein ganz tolles Pl\u00e4tzli bei echten Tierfreunden, merkten die jetzigen Besitzer pl\u00f6tzlich, wie sehr sie an Moudi h\u00e4ngen. Er darf bleiben und seinen Lebensabend bei ihnen verbringen. Einen wundersch\u00f6nen Lebensabend, lieber Moudi!<\/p>\n<p><img decoding=\"async\" loading=\"lazy\" class=\"alignnone  wp-image-1098\" src=\"https:\/\/www.katze-sucht-mensch.ch\/wp-content\/uploads\/2022\/05\/Moudi-1.jpg\" alt=\"\" width=\"213\" height=\"218\" \/><\/p>\n<p>\u00a0<\/p>\n<p><strong>Mops <\/strong>suchte aufgrund von Ver\u00e4nderungen der pers\u00f6nlichen Lebenssituation seiner Besitzerin einen Einzelplatz mit Freigang und lieben Menschen, die viel Zeit mit ihm verbringen. F\u00fcr ihn geht&#8217;s nach Stallikon, dort erwartet ihn sein Reihenhaus mit angrenzenden Wiesen und einem Bach, am Waldrand. Und seine neue Freundin, die Schildkr\u00f6te des Hauses!\u00a0<\/p>\n<p><img decoding=\"async\" loading=\"lazy\" class=\"alignnone  wp-image-1046\" src=\"https:\/\/www.katze-sucht-mensch.ch\/wp-content\/uploads\/2022\/05\/Mops.png\" alt=\"\" width=\"211\" height=\"213\" srcset=\"https:\/\/www.katze-sucht-mensch.ch\/wp-content\/uploads\/2022\/05\/Mops.png 281w, https:\/\/www.katze-sucht-mensch.ch\/wp-content\/uploads\/2022\/05\/Mops-150x150.png 150w\" sizes=\"(max-width: 211px) 100vw, 211px\" \/><\/p>\n<p>\u00a0<\/p>\n<p><strong>Duffy, Bartli &amp; I-Cat<\/strong> sind unzertrennlich und suchten aufgrund von Ver\u00e4nderungen der pers\u00f6nlichen Lebenssituation ihrer Besitzerin unbedingt zusammen ein neues Zuhause mit Freigang. F\u00fcr sie geht&#8217;s von Schaffhausen nach Graub\u00fcnden, zu einem tierlieben Paar. Weit draussen auf dem Land d\u00fcrfen sie zusammen mit Ross, H\u00fchnern, Ch\u00fcngeli und einem katzenfreundlichen Hund wohnen. Ein Paradies f\u00fcr die 3, \u00e4h 4. Ihre Freundin <strong>Nala<\/strong> d\u00fcrfen sie n\u00e4mlich auch noch mitbringen!<\/p>\n<p><img decoding=\"async\" loading=\"lazy\" class=\"alignnone  wp-image-1047\" src=\"https:\/\/www.katze-sucht-mensch.ch\/wp-content\/uploads\/2022\/05\/Duffy-Bartli-300x287.jpg\" alt=\"\" width=\"185\" height=\"177\" srcset=\"https:\/\/www.katze-sucht-mensch.ch\/wp-content\/uploads\/2022\/05\/Duffy-Bartli-300x287.jpg 300w, https:\/\/www.katze-sucht-mensch.ch\/wp-content\/uploads\/2022\/05\/Duffy-Bartli.jpg 490w\" sizes=\"(max-width: 185px) 100vw, 185px\" \/> <img decoding=\"async\" loading=\"lazy\" class=\"alignnone  wp-image-1048\" src=\"https:\/\/www.katze-sucht-mensch.ch\/wp-content\/uploads\/2022\/05\/I-Cat-252x300.png\" alt=\"\" width=\"150\" height=\"179\" srcset=\"https:\/\/www.katze-sucht-mensch.ch\/wp-content\/uploads\/2022\/05\/I-Cat-252x300.png 252w, https:\/\/www.katze-sucht-mensch.ch\/wp-content\/uploads\/2022\/05\/I-Cat.png 498w\" sizes=\"(max-width: 150px) 100vw, 150px\" \/> <img decoding=\"async\" loading=\"lazy\" class=\"alignnone  wp-image-1042\" src=\"https:\/\/www.katze-sucht-mensch.ch\/wp-content\/uploads\/2022\/05\/Lotti-1.png\" alt=\"\" width=\"161\" height=\"178\" \/><\/p>\n<p>\u00a0<\/p>\n<p><strong>Calimera&#8217;s\u00a0<\/strong>Dosen\u00f6ffner zieht in die Stadt um, wo sie keinen Freigang mehr haben kann. Deswegen z\u00fcgelt die gesellige und zutrauliche leidenschaftliche Freig\u00e4ngerin Calimera aus Staad (SG) ganz in die N\u00e4he in Heerbrugg. Nur die Autofahrt dorthin war so gar nicht ihr Ding. Daf\u00fcr wartet aber nach Eingew\u00f6hnungszeit wieder ihr geliebter Freigang auf sie, in ganz neuer, spannender Umgebung. Bleibt zu hoffen, dass ihr neuer Dosen\u00f6ffner wirklich Fr\u00fchaufsteher ist, Calimera!<\/p>\n<p><img decoding=\"async\" loading=\"lazy\" class=\"alignnone  wp-image-1037\" src=\"https:\/\/www.katze-sucht-mensch.ch\/wp-content\/uploads\/2022\/05\/Calimera.jpg\" alt=\"\" width=\"210\" height=\"264\" \/><\/p>\n<p>\u00a0<\/p>\n<p><strong>Leo<\/strong> ist ungl\u00fccklich nach dem Umzug vom l\u00e4ndlichen Gebiet in ein eher lautes Quartier der Stadt Bern. F\u00fcr ihn suchten seine Besitzer ein ruhigeres Daheim. Und pl\u00f6tzlich wurde ihnen bewusst, dass er wohl bald z\u00fcgeln w\u00fcrde. Nicht auszudenken, ab dann ohne Leo! Sicher ist, ein neues ruhigeres Daheim muss her, aber nicht nur f\u00fcr Leo, sondern f\u00fcr Leo + family. Die Wohnungssuche hat begonnen, f\u00fcr Leo + family. Eine &#8222;Vermittlung&#8220; der anderen Art, aber nicht minder sch\u00f6n!<\/p>\n<p><img decoding=\"async\" loading=\"lazy\" class=\"alignnone  wp-image-1084\" src=\"https:\/\/www.katze-sucht-mensch.ch\/wp-content\/uploads\/2022\/05\/20200510-Leo-300x249.jpg\" alt=\"\" width=\"209\" height=\"173\" srcset=\"https:\/\/www.katze-sucht-mensch.ch\/wp-content\/uploads\/2022\/05\/20200510-Leo-300x249.jpg 300w, https:\/\/www.katze-sucht-mensch.ch\/wp-content\/uploads\/2022\/05\/20200510-Leo.jpg 492w\" sizes=\"(max-width: 209px) 100vw, 209px\" \/><\/p>\n<p>\u00a0<\/p>\n<p><strong>Kika<\/strong> ist Freig\u00e4ngerin und M\u00e4usej\u00e4gerin. Aufgrund des anstehenden Umzugs ihrer Familie h\u00e4tte sie ihren Hobbies nicht mehr fr\u00f6nen k\u00f6nnen, da am neuen Ort kein Freigang mehr m\u00f6glich gewesen w\u00e4r. Aber sie hat ihr neues Pl\u00e4tzli gefunden: statt in Diessbach f\u00e4ngt sie zuk\u00fcnftig die M\u00e4use in Stettlen. Viel Spass dabei, Kika!<\/p>\n<p><img decoding=\"async\" loading=\"lazy\" class=\"alignnone  wp-image-1019\" src=\"https:\/\/www.katze-sucht-mensch.ch\/wp-content\/uploads\/2022\/05\/Kika.jpg\" alt=\"\" width=\"212\" height=\"186\" \/><\/p>\n<p>\u00a0<\/p>\n<p><strong>Flip <\/strong>war fr\u00fcher leidenschaftlicher Freig\u00e4nger, zwar nicht weit, nur ums Haus rum, aber immerhin Gras unter den Pfoten. Das war in seinem neuen Zuhause nicht m\u00f6glich und er wurde immer ungl\u00fccklicher. In seinem ersten neuen Zuhause zeigte er sich als schlauer Ausbrecherk\u00f6nig. Jetzt\u00a0 gab&#8217;s einen zweiten Anlauf auf dem Dorf im Solothurnischen. In der Eingew\u00f6hnungszeit wird er bewacht wie die englischen Kronjuwelen. Aber bald geht&#8217;s raus, versprochen, Flip!<\/p>\n<p><img decoding=\"async\" loading=\"lazy\" class=\"alignnone  wp-image-1002\" src=\"https:\/\/www.katze-sucht-mensch.ch\/wp-content\/uploads\/2022\/04\/Flip-1.jpg\" alt=\"\" width=\"206\" height=\"192\" \/><\/p>\n<p>\u00a0<\/p>\n<p><strong>Lilith&#8217;s <\/strong>Frauchens verstarb unerwartet, ein Schock f\u00fcr die fast 16j. Tigerin. Sie verstand die Welt nicht mehr, hat sie doch nach 15 Jahren das gewohnte, liebevolle Daheim verloren!\u00a0 Aber jetzt geht&#8217;s wieder aufw\u00e4rts: Lilith darf ihren Lebensabend in einem nicht minder liebevollen Zuhause verbringen, sie ist heute zu einem \u00e4lteren, katzenerfahrenen Ehepaar an den Thunersee gez\u00fcgelt. Dort l\u00e4sst sich&#8217;s genauso gut leben, versprochen liebe Lilith!<\/p>\n<p><img decoding=\"async\" loading=\"lazy\" class=\"alignnone  wp-image-983\" src=\"https:\/\/www.katze-sucht-mensch.ch\/wp-content\/uploads\/2022\/04\/Lilith-1-225x300.jpg\" alt=\"\" width=\"204\" height=\"272\" srcset=\"https:\/\/www.katze-sucht-mensch.ch\/wp-content\/uploads\/2022\/04\/Lilith-1-225x300.jpg 225w, https:\/\/www.katze-sucht-mensch.ch\/wp-content\/uploads\/2022\/04\/Lilith-1-768x1024.jpg 768w, https:\/\/www.katze-sucht-mensch.ch\/wp-content\/uploads\/2022\/04\/Lilith-1-1152x1536.jpg 1152w, https:\/\/www.katze-sucht-mensch.ch\/wp-content\/uploads\/2022\/04\/Lilith-1.jpg 1200w\" sizes=\"(max-width: 204px) 100vw, 204px\" \/><\/p>\n<p>\u00a0<\/p>\n<p><strong>Mimi <\/strong>war nicht gl\u00fccklich mit der &#8222;unzug\u00e4nglichen&#8220; Erstkatze und dabei wollte sie doch so gern eine Freundin haben. Gibt&#8217;s jetzt in Form von Mui, die ihren Waschi-Freund k\u00fcrzlich gehen lassen musste. Und Balkon, Spielzeug und ein liebes Frauchen gibt&#8217;s noch als Extra dazu. \u00dcbrigens: Mimi heisst eigentlich Lucky und ist ein Bub, aber das tut nichts zur Sache, Hauptsache ein tolles Zuhause. Blau oder rosa ist doch egal, g\u00e4u Mimi-Lucky?<\/p>\n<p><img decoding=\"async\" loading=\"lazy\" class=\"alignnone  wp-image-942\" src=\"https:\/\/www.katze-sucht-mensch.ch\/wp-content\/uploads\/2022\/03\/Mimmi-5-242x300.jpg\" alt=\"\" width=\"196\" height=\"243\" srcset=\"https:\/\/www.katze-sucht-mensch.ch\/wp-content\/uploads\/2022\/03\/Mimmi-5-242x300.jpg 242w, https:\/\/www.katze-sucht-mensch.ch\/wp-content\/uploads\/2022\/03\/Mimmi-5-768x952.jpg 768w, https:\/\/www.katze-sucht-mensch.ch\/wp-content\/uploads\/2022\/03\/Mimmi-5.jpg 826w\" sizes=\"(max-width: 196px) 100vw, 196px\" \/><\/p>\n<p>\u00a0<\/p>\n<p><strong>Lynlyn <\/strong>bedeutet &#8222;Gottesgeschenk&#8220; und so sieht es auch ihre neue Besitzerin. Die erst 2j. Katze ist von Geburt an blind und jetzt auch noch mit einer Futtermittelallergie geplagt. Das war ihrer bisherigen Besitzerin zu viel. F\u00fcr Lynlyn fand sich das optimale Zuhause: Wohnung mit gesichertem Balkon bei 2 lieben, ebenfalls blinden B\u00fcsis, von denen eins auch unter einer Futtermittelallergie leidet. Dort bist Du in besten H\u00e4nden, Lynlyn!<\/p>\n<p><img decoding=\"async\" loading=\"lazy\" class=\"alignnone  wp-image-925\" src=\"https:\/\/www.katze-sucht-mensch.ch\/wp-content\/uploads\/2022\/03\/lynlyn-225x300.jpg\" alt=\"\" width=\"212\" height=\"283\" srcset=\"https:\/\/www.katze-sucht-mensch.ch\/wp-content\/uploads\/2022\/03\/lynlyn-225x300.jpg 225w, https:\/\/www.katze-sucht-mensch.ch\/wp-content\/uploads\/2022\/03\/lynlyn-768x1024.jpg 768w, https:\/\/www.katze-sucht-mensch.ch\/wp-content\/uploads\/2022\/03\/lynlyn-1152x1536.jpg 1152w, https:\/\/www.katze-sucht-mensch.ch\/wp-content\/uploads\/2022\/03\/lynlyn.jpg 1500w\" sizes=\"(max-width: 212px) 100vw, 212px\" \/><\/p>\n<p>\u00a0<\/p>\n<p><strong>Marshmallow <\/strong>ist Scheidungswaise. Aus Zeitmangel und finanziellen Gr\u00fcnden musste sich seine Besitzerin schweren Herzens von ihm trennen. So pflegeleicht wie er ist, so leicht fand sich auch ein neues Zuhause f\u00fcr ihn. Er durfte Fridoline-Fl\u00f6ckli&#8217;s Pl\u00e4tzli \u00fcbernehmen, nachdem sie \u00fcber die Regenbogenbr\u00fccke gegangen ist. S\u00fcss, s\u00fcsser, Marshmallow!<\/p>\n<p><img decoding=\"async\" loading=\"lazy\" class=\"alignnone  wp-image-911\" src=\"https:\/\/www.katze-sucht-mensch.ch\/wp-content\/uploads\/2022\/02\/1-270x300.jpg\" alt=\"\" width=\"203\" height=\"226\" srcset=\"https:\/\/www.katze-sucht-mensch.ch\/wp-content\/uploads\/2022\/02\/1-270x300.jpg 270w, https:\/\/www.katze-sucht-mensch.ch\/wp-content\/uploads\/2022\/02\/1.jpg 696w\" sizes=\"(max-width: 203px) 100vw, 203px\" \/><\/p>\n<p>\u00a0<\/p>\n<p><strong>Moni <\/strong>z\u00fcgelte vor\u00fcbergehend mit ihrer Besitzerin ins Pflegeheim, wo sie jedoch nicht dauerhaft bleiben konnte. Ein neues Pl\u00e4tzli musste her. Und siehe da, nach dem Jahreswechsel darf die 18j. Katzendame im Baselland (nach einer Eingew\u00f6hnungszeit) wieder Gras unter den Pfoten geniessen,\u00a0 bei lieben Menschen mit viel Zeit zum Schm\u00fcsele und noch mehr Umschwung ums Haus zum Abenteuer-Erleben. Guckst Du, gell, liebe Moni!<\/p>\n<p><img decoding=\"async\" loading=\"lazy\" class=\"alignnone  wp-image-906\" src=\"https:\/\/www.katze-sucht-mensch.ch\/wp-content\/uploads\/2022\/01\/Moni-225x300.jpg\" alt=\"\" width=\"208\" height=\"277\" srcset=\"https:\/\/www.katze-sucht-mensch.ch\/wp-content\/uploads\/2022\/01\/Moni-225x300.jpg 225w, https:\/\/www.katze-sucht-mensch.ch\/wp-content\/uploads\/2022\/01\/Moni-rotated.jpg 240w\" sizes=\"(max-width: 208px) 100vw, 208px\" \/><\/p>\n<p>\u00a0<\/p>\n<p><strong>Frida <\/strong>wurde beschlagnahmt und kam ins Tierheim. Vermittlungschance gegen null, kein Wunder, hat sie doch Diabetes und IBD, beides noch nicht eingestellt. Aber da gab&#8217;s ja noch diesen Haushalt in Belp mit 2 Diabetikern und IBD und &#8230; Frida&#8217;s versp\u00e4tetes Nikolausgeschenk: ein lebenslanger Pflegeplatz. Jetzt wird dann mal aufgep\u00e4ppelt. Die neuen Gsp\u00e4nlis sind ihr die ersten Tage zwar noch etwas suspekt, aber das wird noch. Herzlich willkommen, Frida!<\/p>\n<p><img decoding=\"async\" loading=\"lazy\" class=\"alignnone  wp-image-867\" src=\"https:\/\/www.katze-sucht-mensch.ch\/wp-content\/uploads\/2021\/12\/Frida2.jpg\" alt=\"\" width=\"210\" height=\"168\" srcset=\"https:\/\/www.katze-sucht-mensch.ch\/wp-content\/uploads\/2021\/12\/Frida2.jpg 236w, https:\/\/www.katze-sucht-mensch.ch\/wp-content\/uploads\/2021\/12\/Frida2-100x80.jpg 100w\" sizes=\"(max-width: 210px) 100vw, 210px\" \/><\/p>\n<p>\u00a0<\/p>\n<p><strong>Pancho &amp; Ushan <\/strong>waren gestresst vom Kleinkind der Familie. Ein kinder- und katzenfreies Zuhause war ihr gr\u00f6sster Wunsch. Und der wurde ihnen erf\u00fcllt in Z\u00fcrich. &#8222;M\u00e4nnerkater&#8220; Pancho schm\u00fcselt bereits fleissig mit dem Hausherrn, mit SEINEM Hausherrn. Ushan h\u00e4lt sich noch etwas zur\u00fcck und begutachtet erst mal alles Neue, besonders die zwei gesicherten Balkone im neuen Zuhause haben es ihm angetan. Wenn&#8217;s nur nicht so kalt w\u00e4r da draussen!<\/p>\n<p><img decoding=\"async\" loading=\"lazy\" class=\"alignnone  wp-image-671\" src=\"https:\/\/www.katze-sucht-mensch.ch\/wp-content\/uploads\/2021\/11\/Pancho-Ushan-2--230x300.jpg\" alt=\"\" width=\"204\" height=\"266\" srcset=\"https:\/\/www.katze-sucht-mensch.ch\/wp-content\/uploads\/2021\/11\/Pancho-Ushan-2--230x300.jpg 230w, https:\/\/www.katze-sucht-mensch.ch\/wp-content\/uploads\/2021\/11\/Pancho-Ushan-2-.jpg 237w\" sizes=\"(max-width: 204px) 100vw, 204px\" \/><\/p>\n<p>\u00a0<\/p>\n<p><strong>Amy<\/strong> war wie \u00c4ngeli ein Mobbingopfer ihrer 4 Katzen-Gsp\u00e4nli, einfach zu gut f\u00fcr diese Welt. Jetzt hat sie ein ganz tolles Zuhause in Aussicht, wo sie einfach nur Amy sein darf. Es gilt nur noch die Eingew\u00f6hnungszeit &#8222;auszusitzen&#8220; und dann geht&#8217;s sogar in den geliebten Freigang. Ende gut, alles gut f\u00fcr Amy!<\/p>\n<p><img decoding=\"async\" loading=\"lazy\" class=\"alignnone  wp-image-567\" src=\"https:\/\/www.katze-sucht-mensch.ch\/wp-content\/uploads\/2021\/11\/Amy-1-225x300.jpg\" alt=\"\" width=\"192\" height=\"256\" srcset=\"https:\/\/www.katze-sucht-mensch.ch\/wp-content\/uploads\/2021\/11\/Amy-1-225x300.jpg 225w, https:\/\/www.katze-sucht-mensch.ch\/wp-content\/uploads\/2021\/11\/Amy-1.jpg 768w\" sizes=\"(max-width: 192px) 100vw, 192px\" \/><\/p>\n<p>\u00a0<\/p>\n<p><strong>Ciccio<\/strong> (zu deutsch: Dickerchen, wohl wegen seinem Pelz) wollte weg von seinen beiden Kater-Gsp\u00e4nli,\u00a0 3 waren ihm 1 zuviel. Er suchte sich eine Einzelprinz-Stelle aus mit der sp\u00e4teren Option auf eine kleine liebe Katzenfreundin. Aber eins nach dem anderen. Erst mal zur Ruhe kommen, die Ruhe geniessen und dann &#8230; Der Umzug von St. Gallen nach Bern hat sich auf jeden Fall gelohnt, fand er schon am 1. Tag!<\/p>\n<p><img decoding=\"async\" loading=\"lazy\" class=\"alignnone  wp-image-522\" src=\"https:\/\/www.katze-sucht-mensch.ch\/wp-content\/uploads\/2021\/08\/Ciccio-2-225x300.jpeg\" alt=\"\" width=\"182\" height=\"243\" srcset=\"https:\/\/www.katze-sucht-mensch.ch\/wp-content\/uploads\/2021\/08\/Ciccio-2-225x300.jpeg 225w, https:\/\/www.katze-sucht-mensch.ch\/wp-content\/uploads\/2021\/08\/Ciccio-2-768x1024.jpeg 768w, https:\/\/www.katze-sucht-mensch.ch\/wp-content\/uploads\/2021\/08\/Ciccio-2.jpeg 810w\" sizes=\"(max-width: 182px) 100vw, 182px\" \/><\/p>\n<p>\u00a0<\/p>\n<p><strong>Thomas O&#8217;Malley\u00a0<\/strong>(ja genau, wie der aus Aristocats) suchte ein neues Zuhause, da seine Besitzerin aus ungl\u00fccklichen privaten Umst\u00e4nden ihm zeitlich nicht mehr gerecht werden konnte. Und er fand es in Kloten incl. eingez\u00e4untem Garten f\u00fcr Gras unter den Pfoten, bei einem \u00e4lteren Herrn: Senior zu Senior. M\u00e4nnerfreundschaft vom ersten Augenblick an!<\/p>\n<p><img decoding=\"async\" loading=\"lazy\" class=\"alignnone  wp-image-478\" src=\"https:\/\/www.katze-sucht-mensch.ch\/wp-content\/uploads\/2021\/05\/o-Malley-1-225x300.jpg\" alt=\"\" width=\"187\" height=\"250\" srcset=\"https:\/\/www.katze-sucht-mensch.ch\/wp-content\/uploads\/2021\/05\/o-Malley-1-225x300.jpg 225w, https:\/\/www.katze-sucht-mensch.ch\/wp-content\/uploads\/2021\/05\/o-Malley-1-rotated.jpg 480w\" sizes=\"(max-width: 187px) 100vw, 187px\" \/><\/p>\n<p>\u00a0<\/p>\n<p><strong>\u00c4ngeli <\/strong>ist das Mobbingopfer ihrer 4beinigen Kater-Mitbewohner. Als ich ihren Rufnamen h\u00f6rte, war klar: ich muss sie mir selbst vermitteln. Hatte ich doch erst k\u00fcrzlich mein T\u00fc\u00fcfeli gehen lassen m\u00fcssen. Auf T\u00fc\u00fcfeli folgt \u00c4ngeli, wenn das kein Zeichen ist! Und \u00c4ngeli ist endlich happy, weil bei uns gilt: keiner schl\u00e4gt keinen nie nimmer nirgends nicht &#8230; oder so irgendwie &#8230;!<\/p>\n<p><!-- x-tinymce\/html --><img decoding=\"async\" loading=\"lazy\" class=\"wp-image-486 alignleft\" src=\"https:\/\/www.katze-sucht-mensch.ch\/wp-content\/uploads\/2021\/05\/\u00e4ngeli-1-300x225.jpg\" alt=\"\" width=\"263\" height=\"197\" srcset=\"https:\/\/www.katze-sucht-mensch.ch\/wp-content\/uploads\/2021\/05\/\u00e4ngeli-1-300x225.jpg 300w, https:\/\/www.katze-sucht-mensch.ch\/wp-content\/uploads\/2021\/05\/\u00e4ngeli-1.jpg 320w\" sizes=\"(max-width: 263px) 100vw, 263px\" \/><\/p>\n<p>\u00a0<\/p>\n<p>\u00a0<\/p>\n<p>\u00a0<\/p>\n<p>\u00a0<\/p>\n<p>\u00a0<\/p>\n<p><strong>Mischa<\/strong> ist schon 18 und durfte nicht mit seinem geliebten Frauchen ins Pflegeheim z\u00fcgeln. Dank der Mithilfe des Vereins handicapcats fand er kurzfristig eine Pflegestelle und damit gleich noch ein \u00e4lteres Ehepaar, das ihn f\u00fcr seine letzten Jahre nach Strich und Faden dauerhaft verw\u00f6hnen wird. Merci viumau f\u00fcr Eure Unterst\u00fctzung, liebes handicapcats-Team!<\/p>\n<p><!-- x-tinymce\/html --><img decoding=\"async\" loading=\"lazy\" class=\"alignnone  wp-image-459\" src=\"https:\/\/www.katze-sucht-mensch.ch\/wp-content\/uploads\/2021\/01\/Mischa-2-300x224.jpg\" alt=\"\" width=\"261\" height=\"194\" srcset=\"https:\/\/www.katze-sucht-mensch.ch\/wp-content\/uploads\/2021\/01\/Mischa-2-300x224.jpg 300w, https:\/\/www.katze-sucht-mensch.ch\/wp-content\/uploads\/2021\/01\/Mischa-2-768x575.jpg 768w, https:\/\/www.katze-sucht-mensch.ch\/wp-content\/uploads\/2021\/01\/Mischa-2.jpg 1024w\" sizes=\"(max-width: 261px) 100vw, 261px\" \/><\/p>\n<p>\u00a0<\/p>\n<p><strong>Bagheera<\/strong> hatte Epilepsie und das von der schweren Sorte, fast t\u00e4glich Anf\u00e4lle trotz Medikamenten. Aber kaum gez\u00fcgelt in einen ruhigen Haushalt h\u00f6rten die Anf\u00e4lle schlagartig auf. Jetzt noch der Check beim Neurologen und vielleicht sogar eine Reduktion seiner Medikamentendosis und der &#8222;Kleine&#8220; kann ein ganz normales Katerleben f\u00fchren. Vielen, vielen Dank an seine neue Besitzerin, die sich das zugetraut hat!<!-- x-tinymce\/html --><\/p>\n<p><img decoding=\"async\" loading=\"lazy\" class=\"alignnone  wp-image-428\" src=\"https:\/\/www.katze-sucht-mensch.ch\/wp-content\/uploads\/2020\/12\/Bagheera-300x205.jpg\" alt=\"\" width=\"260\" height=\"177\" srcset=\"https:\/\/www.katze-sucht-mensch.ch\/wp-content\/uploads\/2020\/12\/Bagheera-300x205.jpg 300w, https:\/\/www.katze-sucht-mensch.ch\/wp-content\/uploads\/2020\/12\/Bagheera.jpg 316w\" sizes=\"(max-width: 260px) 100vw, 260px\" \/><\/p>\n<p>\u00a0<\/p>\n<p><!-- x-tinymce\/html --><strong>Nora<\/strong>, urspr\u00fcnglich von der Strasse, wurde im Sommer von einer lieben Katzenfreundin zu ihren Vierbeinern aufgenommen, nur leider mag Nora keine anderen Katzen(g\u00f6tter) neben sich. Deswegen wandte sich ihre Besitzerin an mich und siehe da: Nora&#8217;s Nikolausgeschenk ist ein tolles Einzelpl\u00e4tzli bei einem tollen, seniorenkatzenerfahrenen Katzenliebhaber.\u00a0<\/p>\n<p><img decoding=\"async\" loading=\"lazy\" class=\"alignnone  wp-image-419\" src=\"https:\/\/www.katze-sucht-mensch.ch\/wp-content\/uploads\/2020\/12\/Nora-262x300.jpg\" alt=\"\" width=\"199\" height=\"227\" srcset=\"https:\/\/www.katze-sucht-mensch.ch\/wp-content\/uploads\/2020\/12\/Nora-262x300.jpg 262w, https:\/\/www.katze-sucht-mensch.ch\/wp-content\/uploads\/2020\/12\/Nora.jpg 352w\" sizes=\"(max-width: 199px) 100vw, 199px\" \/><\/p>\n<p>\u00a0<\/p>\n<p><strong>Sandiago<\/strong> hatte einen 3t\u00e4gigen Zwischenaufenthalt eingelegt zwischen altem und neuem Zuhause. Wegen Allergie der Besitzer konnte er im alten Zuhause nicht mehr bleiben, aber am Tag 4 durfte er bereits an sein neues Zuhause z\u00fcgeln, wo er schon sehns\u00fcchtig erwartet wurde.\u00a0 Endlich wieder Ruhe und Streicheleinheiten en masse, und das auch noch f\u00fcr ihn ganz alleine!<\/p>\n<p><img decoding=\"async\" loading=\"lazy\" class=\"alignnone  wp-image-403\" src=\"https:\/\/www.katze-sucht-mensch.ch\/wp-content\/uploads\/2020\/08\/Sandiago-300x251.jpg\" alt=\"\" width=\"249\" height=\"209\" srcset=\"https:\/\/www.katze-sucht-mensch.ch\/wp-content\/uploads\/2020\/08\/Sandiago-300x251.jpg 300w, https:\/\/www.katze-sucht-mensch.ch\/wp-content\/uploads\/2020\/08\/Sandiago.jpg 503w\" sizes=\"(max-width: 249px) 100vw, 249px\" \/><\/p>\n<p>\u00a0<\/p>\n<p><strong>Charlie<\/strong> ist &#8222;Ersatzspieler&#8220; f\u00fcr Miggu&#8217;s zweiten Interessenten, der leider leer ausging, weil Miggu gleich seine erste Chance wahrgenommen hat. Aber er ist ein vollwertiger Ersatz: genauso alt und genauso ein verschmuster lieber Schn\u00fcggu. Nur eben cremefarben statt schwarz-weiss!<\/p>\n<p><img decoding=\"async\" loading=\"lazy\" class=\"alignnone  wp-image-397\" src=\"https:\/\/www.katze-sucht-mensch.ch\/wp-content\/uploads\/2020\/08\/Charlie-2-158x300.jpg\" alt=\"\" width=\"192\" height=\"365\" srcset=\"https:\/\/www.katze-sucht-mensch.ch\/wp-content\/uploads\/2020\/08\/Charlie-2-158x300.jpg 158w, https:\/\/www.katze-sucht-mensch.ch\/wp-content\/uploads\/2020\/08\/Charlie-2.jpg 191w\" sizes=\"(max-width: 192px) 100vw, 192px\" \/><\/p>\n<p>\u00a0<\/p>\n<p><strong>Miggu<\/strong> ist ein ganz ein Lieber, Schm\u00fcsele ist sein liebstes Hobby. Und er nutzte seine Chance: gleich die ersten Interessenten hat er mit seinem Charme so um die Pfote gewickelt, dass er sofort mit ins neues Zuhause durfte. Ob sein EIGENER Garten, der auf ihn wartet, ausschlaggebend war?<\/p>\n<p><img decoding=\"async\" loading=\"lazy\" class=\"alignnone  wp-image-374\" src=\"https:\/\/www.katze-sucht-mensch.ch\/wp-content\/uploads\/2020\/08\/Miggu-1-215x300.png\" alt=\"\" width=\"182\" height=\"254\" srcset=\"https:\/\/www.katze-sucht-mensch.ch\/wp-content\/uploads\/2020\/08\/Miggu-1-215x300.png 215w, https:\/\/www.katze-sucht-mensch.ch\/wp-content\/uploads\/2020\/08\/Miggu-1.png 229w\" sizes=\"(max-width: 182px) 100vw, 182px\" \/><\/p>\n<p>\u00a0<\/p>\n<p><strong>Kitty <\/strong>ist eine ganz eine H\u00e4rzige. Sie tauschte den lebhaften Haushalt mit 4 Enkelkindern gegen ein ruhiges Zuhause bei einer \u00e4lteren alleinstehenden Dame. Sie traut dem Frieden und der Ruhe zwar noch nicht ganz und braucht noch etwas Auftauzeit, aber die bekommt sie. Und von Tag zu Tag bl\u00fcht Kitty mehr auf!<\/p>\n<p><img decoding=\"async\" loading=\"lazy\" class=\"alignnone  wp-image-341\" src=\"https:\/\/www.katze-sucht-mensch.ch\/wp-content\/uploads\/2020\/03\/Kitty-2-300x225.jpg\" alt=\"\" width=\"243\" height=\"182\" srcset=\"https:\/\/www.katze-sucht-mensch.ch\/wp-content\/uploads\/2020\/03\/Kitty-2-300x225.jpg 300w, https:\/\/www.katze-sucht-mensch.ch\/wp-content\/uploads\/2020\/03\/Kitty-2.jpg 320w\" sizes=\"(max-width: 243px) 100vw, 243px\" \/><\/p>\n<p>\u00a0<\/p>\n<p><strong>Sammie\u00a0<\/strong>wurde zum Einschl\u00e4fern zum Tierarzt gebracht, obwohl sie gesund ist! Jetzt hat sie zum Trost ein nigelnagelneues eigenes Kissen und eine nigelnagelneue eigene Familie bekommen und geniesst ihren zweiten Anlauf in Sachen &#8222;Familie&#8220;. Endlich angekommen, Sammie!<\/p>\n<p><img decoding=\"async\" loading=\"lazy\" class=\"alignnone  wp-image-190\" src=\"https:\/\/www.katze-sucht-mensch.ch\/wp-content\/uploads\/2020\/01\/Sammie-225x300.jpg\" alt=\"\" width=\"187\" height=\"250\" srcset=\"https:\/\/www.katze-sucht-mensch.ch\/wp-content\/uploads\/2020\/01\/Sammie-225x300.jpg 225w, https:\/\/www.katze-sucht-mensch.ch\/wp-content\/uploads\/2020\/01\/Sammie.jpg 720w\" sizes=\"(max-width: 187px) 100vw, 187px\" \/><\/p>\n<p>\u00a0<\/p>\n<p><strong>Smilla<\/strong> ist Diabetikerin und daher etwas aufwendiger in der Betreuung. Sie hat eine ganz liebe Tierfreundin (incl. Hunde- und Katzen-Gsp\u00e4nlis) gefunden, die diesen Aufwand nicht scheut. Und Smilla macht alles brav mit!<\/p>\n<p><img decoding=\"async\" loading=\"lazy\" class=\"alignnone  wp-image-194\" src=\"https:\/\/www.katze-sucht-mensch.ch\/wp-content\/uploads\/2020\/01\/Smilla-300x245.png\" alt=\"\" width=\"268\" height=\"219\" srcset=\"https:\/\/www.katze-sucht-mensch.ch\/wp-content\/uploads\/2020\/01\/Smilla-300x245.png 300w, https:\/\/www.katze-sucht-mensch.ch\/wp-content\/uploads\/2020\/01\/Smilla.png 471w\" sizes=\"(max-width: 268px) 100vw, 268px\" \/><\/p>\n<p>\u00a0<\/p>\n<p><strong>Mochi + Nori\u00a0<\/strong>wurden beim Tierarzt abgegeben, weil man Angst vor ihnen hatte! Unvorstellbar, Angst vor solch 2 lieben kleinen Knuddelb\u00e4ren. Sie haben sich ein neues Einfamilienhaus (mit Familie) am Sempachersee ausgesucht. Jetzt kann das Katzenleben beginnen, habt Ihr gut ausgew\u00e4hlt, Mochi und Nori!<\/p>\n<p><img decoding=\"async\" loading=\"lazy\" class=\"alignnone  wp-image-186\" src=\"https:\/\/www.katze-sucht-mensch.ch\/wp-content\/uploads\/2020\/01\/Mochi-Nori-300x225.png\" alt=\"\" width=\"271\" height=\"203\" srcset=\"https:\/\/www.katze-sucht-mensch.ch\/wp-content\/uploads\/2020\/01\/Mochi-Nori-300x225.png 300w, https:\/\/www.katze-sucht-mensch.ch\/wp-content\/uploads\/2020\/01\/Mochi-Nori.png 644w\" sizes=\"(max-width: 271px) 100vw, 271px\" \/><\/p>\n<p>\u00a0<\/p>\n<p><strong>Mara<\/strong> wurde aus einem Todesfall \u00fcbernommen, war aber nicht gl\u00fccklich mit der bereits vorhandenen Katze im neuen Zuhause. Sie zog lieber &#8222;weit&#8220; weg, nach Sargans. Dort darf sie endlich wieder Alleinprinzessin sein und hat ihre geliebten Schmuseeinheiten ganz f\u00fcr sich allein. Diese Reise hat sich gelohnt f\u00fcr Mara!<\/p>\n<p><img decoding=\"async\" loading=\"lazy\" class=\"alignnone  wp-image-185\" src=\"https:\/\/www.katze-sucht-mensch.ch\/wp-content\/uploads\/2020\/01\/Mara-225x300.jpg\" alt=\"\" width=\"188\" height=\"250\" srcset=\"https:\/\/www.katze-sucht-mensch.ch\/wp-content\/uploads\/2020\/01\/Mara-225x300.jpg 225w, https:\/\/www.katze-sucht-mensch.ch\/wp-content\/uploads\/2020\/01\/Mara-768x1024.jpg 768w, https:\/\/www.katze-sucht-mensch.ch\/wp-content\/uploads\/2020\/01\/Mara.jpg 960w\" sizes=\"(max-width: 188px) 100vw, 188px\" \/><\/p>\n<p>\u00a0<\/p>\n<p><strong>Waschi + Mui<\/strong> waren bislang der dringendste Notfall, die Besitzerin konnte sich aus gesundheitlichen Gr\u00fcnden nicht mehr um sie k\u00fcmmern. Und dann kam noch dazu, dass die beiden selbst nicht mehr ganz gesund sind. Eine liebe Katzenfreundin, die zudem noch Erfahrung im Gesundheitssektor hat,\u00a0 machte sich sofort auf den Weg: gesehen und verliebt. Die beiden sind bei ihr in den besten H\u00e4nden!<\/p>\n<p><img decoding=\"async\" loading=\"lazy\" class=\"alignnone  wp-image-189\" src=\"https:\/\/www.katze-sucht-mensch.ch\/wp-content\/uploads\/2020\/01\/Waschi-300x225.jpg\" alt=\"\" width=\"265\" height=\"199\" srcset=\"https:\/\/www.katze-sucht-mensch.ch\/wp-content\/uploads\/2020\/01\/Waschi-300x225.jpg 300w, https:\/\/www.katze-sucht-mensch.ch\/wp-content\/uploads\/2020\/01\/Waschi.jpg 320w\" sizes=\"(max-width: 265px) 100vw, 265px\" \/> \u00a0 \u00a0 \u00a0 <img decoding=\"async\" loading=\"lazy\" class=\"alignnone size-medium wp-image-187\" src=\"https:\/\/www.katze-sucht-mensch.ch\/wp-content\/uploads\/2020\/01\/Mui-300x200.jpg\" alt=\"\" width=\"300\" height=\"200\" srcset=\"https:\/\/www.katze-sucht-mensch.ch\/wp-content\/uploads\/2020\/01\/Mui-300x200.jpg 300w, https:\/\/www.katze-sucht-mensch.ch\/wp-content\/uploads\/2020\/01\/Mui.jpg 320w\" sizes=\"(max-width: 300px) 100vw, 300px\" \/><\/p>\n<p>\u00a0<\/p>\n<p><strong>Sahila<\/strong> ist auch ein Allergieopfer und suchte ein ruhiges Zuhause, wo man nicht gegen sie allergisch ist. Sie zog zu einer \u00e4lteren Dame und darf dort so nebenbei italienisch &#8222;lernen&#8220;. Sie h\u00f6rt schon genau zu, wie man sieht. Italienisch schafft Sahila mit links!<\/p>\n<p><img decoding=\"async\" loading=\"lazy\" class=\"alignnone  wp-image-193\" src=\"https:\/\/www.katze-sucht-mensch.ch\/wp-content\/uploads\/2020\/01\/Sahila.png\" alt=\"\" width=\"195\" height=\"224\" \/><\/p>\n<p>\u00a0<\/p>\n<p><strong>Anik<\/strong> ist eine kleine Norwegerin, f\u00fcr die ich ein Einfamilienhaus am Waldrand ausgesucht hab. Besser gesagt, SIE hat es sich ausgesucht via ihre neue Familie. Die Fahrt vom Kanton Schwyz Richtung Biel fand sie zwar noch nicht so lustig. aber daf\u00fcr entsch\u00e4digte sie dann doch das Ziel. Als erstes gab&#8217;s Nasenk\u00fcsschen f\u00fcr den Hausherrn. Wenn das kein guter Anfang ist, Anik!<\/p>\n<p><img decoding=\"async\" loading=\"lazy\" class=\"alignnone  wp-image-639\" src=\"https:\/\/www.katze-sucht-mensch.ch\/wp-content\/uploads\/2021\/11\/Anik-1.jpg\" alt=\"\" width=\"269\" height=\"185\" \/><\/p>\n<p>\u00a0<\/p>\n<p><strong>Queenie<\/strong>, besser gesagt: Ihre Hoheit die 12j. Queenie, hat ihr K\u00f6niginnenreich gefunden und gleich ihren Thron besetzt. Auch an Freigang-L\u00e4ndereien und liebem k\u00f6niglichem Personal mangelt es nicht. Was will eine Queenie mehr?<\/p>\n<p><img decoding=\"async\" loading=\"lazy\" class=\"alignnone  wp-image-648\" src=\"https:\/\/www.katze-sucht-mensch.ch\/wp-content\/uploads\/2021\/11\/Queenie.jpg\" alt=\"\" width=\"198\" height=\"166\" \/><\/p>\n<p>\u00a0<\/p>\n<p><strong>Tara<\/strong> hat heute ihren Hauptpreis gezogen: ein Einfamilienhaus im Solothurnischen, mit Garten und einem lieben Ehepaar, das sie ganz sicher um ihre Pfote wickeln wird. Dort ist sie Alleinprinzessin und darf sich nach einer gewissen Eingew\u00f6hnungszeit den Nachbarskatzen vorstellen. Und noch was Gutes: der Moudi im alten Zuhause, der durch Tara so eingesch\u00fcchtert war, darf sich jetzt auch wieder heraustrauen! 2 sind wieder gl\u00fccklich!<\/p>\n<p><img decoding=\"async\" loading=\"lazy\" class=\"alignnone  wp-image-635\" src=\"https:\/\/www.katze-sucht-mensch.ch\/wp-content\/uploads\/2021\/11\/Tara-alt-1.jpg\" alt=\"\" width=\"204\" height=\"192\" \/><\/p>\n<p>\u00a0<\/p>\n<p><strong>Macho(lino)<\/strong> ist ein kleiner Umzugswaise, seine Familie geht ins Ausland und wollte ihm den Reisestress ersparen. Statt grosse Auslandsreise geht es f\u00fcr ihn auf die kleine Reise von Horw nach Luzern, wo er gleich am ersten Tag ALLES inspiziert (und f\u00fcr gut befunden) hat. Das Bild spricht f\u00fcr sich, oder?<\/p>\n<p><img decoding=\"async\" loading=\"lazy\" class=\"alignnone  wp-image-638\" src=\"https:\/\/www.katze-sucht-mensch.ch\/wp-content\/uploads\/2021\/11\/Macholino.jpg\" alt=\"\" width=\"195\" height=\"210\" \/><\/p>\n<p>\u00a0<\/p>\n<p><strong>Einstein<\/strong> fand \u00fcber 2 Ecken sein neues Zuhause: \u00fcber einen Tierarzt erfuhr ich von einer Kundin, die nach dem Verlust ihrer Katze wieder auf der Suche nach einem B\u00fcsi war. \u00dcber einen anderen Tierarzt erfuhr ich von Einstein, der wegen Auslandsaufenthalt seiner Familie ein neues Zuhause suchte. 1+1 zusammengez\u00e4hlt, es passte. Und seitdem erkundet Einstein (wie einst sein Namens-geber) die Struktur von Materie, Raum und Zeit im neuen Zuhause. Schlauer Einstein!<\/p>\n<p><img decoding=\"async\" loading=\"lazy\" class=\"alignnone  wp-image-602\" src=\"https:\/\/www.katze-sucht-mensch.ch\/wp-content\/uploads\/2021\/11\/Einstein-300x205.jpg\" alt=\"\" width=\"258\" height=\"176\" srcset=\"https:\/\/www.katze-sucht-mensch.ch\/wp-content\/uploads\/2021\/11\/Einstein-300x205.jpg 300w, https:\/\/www.katze-sucht-mensch.ch\/wp-content\/uploads\/2021\/11\/Einstein.jpg 480w\" sizes=\"(max-width: 258px) 100vw, 258px\" \/><\/p>\n<p>\u00a0<\/p>\n<p><strong>Luna<\/strong> hat&#8217;s auch geschafft und ihr Traumzuhause gefunden: Haus mit Wintergarten und gesicherter Terrasse, liebe Menschen mit viel Zeit zum Verw\u00f6hnen und vor allem keine Kinder, hinter denen sie zur\u00fcckstecken muss. Daf\u00fcr aber ein Katzengsp\u00e4nli zum Spielen und Toben. Ab sofort sind die beiden Nr. 1 im Haus und Luna ist happy!<\/p>\n<p><img decoding=\"async\" loading=\"lazy\" class=\"alignnone  wp-image-637\" src=\"https:\/\/www.katze-sucht-mensch.ch\/wp-content\/uploads\/2021\/11\/Luna-1.jpg\" alt=\"\" width=\"193\" height=\"250\" \/><\/p>\n<p>\u00a0<\/p>\n<p><strong>Zoe<\/strong> tr\u00e4umt hier schon mal vom neuen Daheim und ihren &#8222;Streichlern&#8220;. Nur noch ein paar mal schlafen, dann ist &#8230; nein, dann ist noch nicht Weihnachten (obwohl: f\u00fcr Zoe ist das dann fast wie Weihnachten). Dann wird n\u00e4mlich gez\u00fcgelt, gar nicht so weit, nur innerhalb von Z\u00fcrich. Zoe&#8217;s verfr\u00fchter Weihnachtswunsch ist dann erf\u00fcllt!<\/p>\n<p><img decoding=\"async\" loading=\"lazy\" class=\"alignnone  wp-image-643\" src=\"https:\/\/www.katze-sucht-mensch.ch\/wp-content\/uploads\/2021\/11\/Zoe.jpg\" alt=\"\" width=\"195\" height=\"236\" \/><\/p>\n<p>\u00a0<\/p>\n<p><strong>Baylies<\/strong> ist eine Plaudertasche. Sein Gsp\u00e4nli war verstorben und er war den ganzen Tag allein zuhause. Hat ihm gar nicht gefallen, so dass er seinen Besitzer solang zugemiaut hatte, bis dieser ihm jemanden suchte, der mehr Zeit (zum Pl\u00e4uderlen) hatte. Jetzt plaudert er den ganzen Tag mit einer \u00e4lteren Dame und die Themen gehen beiden nicht aus. Gute Unterhaltung, Baylies!<\/p>\n<p><img decoding=\"async\" loading=\"lazy\" class=\"alignnone  wp-image-641\" src=\"https:\/\/www.katze-sucht-mensch.ch\/wp-content\/uploads\/2021\/11\/Baylies.jpg\" alt=\"\" width=\"193\" height=\"250\" \/><\/p>\n<p>\u00a0<\/p>\n<p><strong>Sebi<\/strong> marschiert hier grad los ins neue Zuhause. Nein, er musste nicht auf seinen 4 Pfoten von Z\u00fcrich nach Solothurn laufen, das ging bequem im Auto. Endlich hat er seinen Menschen ganz f\u00fcr sich allein und l\u00e4uft ihm auch schon wie ein H\u00fcndchen hinterher. Wie passend, war doch der kleine Hund des Hauses k\u00fcrzlich verstorben. Aus Altersgr\u00fcnden wollte die Besitzerin auf Katze umstellen. Was f\u00fcr ein Gl\u00fcck f\u00fcr Sebi!<\/p>\n<p><img decoding=\"async\" loading=\"lazy\" class=\"alignnone  wp-image-644\" src=\"https:\/\/www.katze-sucht-mensch.ch\/wp-content\/uploads\/2021\/11\/Sebi.jpg\" alt=\"\" width=\"190\" height=\"265\" \/><\/p>\n<p>\u00a0<\/p>\n<p><strong>Eiko<\/strong> hat zweimal Gl\u00fcck gehabt: er hat sich gleich in seine erste Interessentin unsterblich verliebt (und sie sich in ihn). Leider zwangen aber unvorhergesehene gesundheitliche Probleme die neue Besitzerin, ihn unverz\u00fcglich umzuplatzieren. Interessenten Nummer 2 waren dann schnell Nummer 1: Ehepaar mit grosser Terrasse und 2 netten Katzengsp\u00e4nli. Gl\u00fcck im Ungl\u00fcck f\u00fcr Dich, Eiko!<\/p>\n<p><img decoding=\"async\" loading=\"lazy\" class=\"alignnone  wp-image-642\" src=\"https:\/\/www.katze-sucht-mensch.ch\/wp-content\/uploads\/2021\/11\/Eiko.jpg\" alt=\"\" width=\"195\" height=\"178\" \/><\/p>\n<p>\u00a0<\/p>\n<p><strong>Mona Lisa<\/strong> ist an den Hallwilersee gez\u00fcgelt. Dort gef\u00e4llt es ihr viel besser als in Paris im Louvre, sie l\u00e4sst die &#8222;andere&#8220; Mona Lisa dort einfach h\u00e4ngen. Jetzt ist sie Alleinprinzessin bei einer lieben Dame, die gaaaanz viel Zeit zum Spielen und Streicheln hat. Und das Beste: da gibt es keine Kinder und keine Katzen, vor denen Mona Lisa Angst haben muss. Gl\u00fcckwunsch Mona Lisa, das ganz grosse Los gezogen!<\/p>\n<p><img decoding=\"async\" loading=\"lazy\" class=\"alignnone  wp-image-614\" src=\"https:\/\/www.katze-sucht-mensch.ch\/wp-content\/uploads\/2021\/11\/Mona-Lisa-1-300x228.jpg\" alt=\"\" width=\"258\" height=\"196\" srcset=\"https:\/\/www.katze-sucht-mensch.ch\/wp-content\/uploads\/2021\/11\/Mona-Lisa-1-300x228.jpg 300w, https:\/\/www.katze-sucht-mensch.ch\/wp-content\/uploads\/2021\/11\/Mona-Lisa-1.jpg 506w\" sizes=\"(max-width: 258px) 100vw, 258px\" \/><\/p>\n<p>\u00a0<\/p>\n<p><strong>Tapsy<\/strong> wartete bei einer befreundeten Tierschutzorganisation auf IHREN Freig\u00e4ngerplatz. Und bei mir fragte gerade eine sehr nette Dame f\u00fcr ihre Tante an, die erst k\u00fcrzlich ihr B\u00fcsi gehen lassen musste und deren Garten seitdem verwaist war. Da haben sich 2 gesucht und gefunden. Tante und Tapsy sind happy!<\/p>\n<p><img decoding=\"async\" loading=\"lazy\" class=\"alignnone  wp-image-630\" src=\"https:\/\/www.katze-sucht-mensch.ch\/wp-content\/uploads\/2021\/11\/Tapsy.jpg\" alt=\"\" width=\"260\" height=\"180\" \/><\/p>\n<p>\u00a0<\/p>\n<p><strong>Sugus<\/strong> ist ein ganz ein S\u00fcsser, aber er wollte nicht mit seiner Familie auf Europatour im Camper, schon ein Ausflug in die Ferienwohnung war so gar nicht sein Ding. Statt aufregender Rundreise gibt&#8217;s f\u00fcr ihn jetzt ein Einfamilienhaus in verkehrsberuhigter Zone am Waldrand, Gelegenheit zum M\u00e4usefangen und ganz viel Streicheleinheiten von seiner neuen Familie. Ganz nach Sugus&#8216; Geschmack!<\/p>\n<p><img decoding=\"async\" loading=\"lazy\" class=\"alignnone  wp-image-650\" src=\"https:\/\/www.katze-sucht-mensch.ch\/wp-content\/uploads\/2021\/11\/Sugus-1.jpg\" alt=\"\" width=\"198\" height=\"346\" \/><\/p>\n<p>\u00a0<\/p>\n<p><strong>Chini<\/strong> sollte wegen Allergie der Besitzerin eingeschl\u00e4fert werden, weil ihr ein Umzug in ihrem Alter nicht mehr zumutbar w\u00e4r. Sie ist erst 16! Ihr Gl\u00fcck, dass die Tier\u00e4rztin diesen Wunsch verweigerte und sie an mich verwies. Nach vielen Gespr\u00e4chen war die Besitzerin endlich \u00fcberzeugt, Chini hat eine 2. Chance verdient. Und die hat sie bekommen bei einem lieben Katzenfreund, der sie sogar selbst aus dem Wallis nach Bern holte. Was heisst das? Jede Katze hat eine 2. Chance verdient und Chini ist das beste Beispiel!<\/p>\n<p><img decoding=\"async\" loading=\"lazy\" class=\"alignnone  wp-image-629\" src=\"https:\/\/www.katze-sucht-mensch.ch\/wp-content\/uploads\/2021\/11\/Chini.jpg\" alt=\"\" width=\"259\" height=\"180\" \/><\/p>\n<p>\u00a0<\/p>\n<p><strong>Fridoline<\/strong> wollte keine anderen G\u00f6tter neben sich haben und liess kurzerhand ihr Gsp\u00e4nli nicht mehr ins Haus. Also hiess es, ein eigenes Reich f\u00fcr sie zu finden. Und das gab&#8217;s dann auch bei einer ganz lieben \u00e4lteren Dame, bei der sie am Heiligen Abend noch einziehen durfte. Normalerweise vermittel ich keine Katzen zu Weihnachten, aber in diesem Fall war es perfekt: Weihnachten nur zu zweit mit ganz viel Zeit zum Kennenlernen von Mensch und Fl\u00f6ckli. So wird sie ab sofort genannt, weil sie so klein und weiss hereingeschneit ist!<\/p>\n<p><img decoding=\"async\" loading=\"lazy\" class=\"alignnone  wp-image-604\" src=\"https:\/\/www.katze-sucht-mensch.ch\/wp-content\/uploads\/2021\/11\/Fridoline-300x225.jpg\" alt=\"\" width=\"271\" height=\"203\" srcset=\"https:\/\/www.katze-sucht-mensch.ch\/wp-content\/uploads\/2021\/11\/Fridoline-300x225.jpg 300w, https:\/\/www.katze-sucht-mensch.ch\/wp-content\/uploads\/2021\/11\/Fridoline.jpg 320w\" sizes=\"(max-width: 271px) 100vw, 271px\" \/><\/p>\n<p>\u00a0<\/p>\n<p><strong>Sam<\/strong> und <strong>Finja<\/strong> wurden &#8222;umgekehrt&#8220; vermittelt: Mensch zu Katze, nicht Katze zu Mensch. Auf eine Anfrage eines Paares nach 2-3 B\u00fcsis machte ich mich auf die Suche und wurde in einem Katzenasyl f\u00fcndig.\u00a0 Eigentlich h\u00e4tten sie dort dauerhaft bleiben k\u00f6nnen, aber ein Outdoor-Spielplatz im eigenen Garten ist doch was ganz Anderes, also: die Siebensachen gepackt und los ging&#8217;s f\u00fcr die 2. Platz machen im Katzenasyl f\u00fcr herrenlose B\u00fcsis!<\/p>\n<p><img decoding=\"async\" loading=\"lazy\" class=\"alignnone size-medium wp-image-613\" src=\"https:\/\/www.katze-sucht-mensch.ch\/wp-content\/uploads\/2021\/11\/Sam-189x300.jpg\" alt=\"\" width=\"189\" height=\"300\" srcset=\"https:\/\/www.katze-sucht-mensch.ch\/wp-content\/uploads\/2021\/11\/Sam-189x300.jpg 189w, https:\/\/www.katze-sucht-mensch.ch\/wp-content\/uploads\/2021\/11\/Sam.jpg 339w\" sizes=\"(max-width: 189px) 100vw, 189px\" \/><img decoding=\"async\" loading=\"lazy\" class=\"alignnone size-medium wp-image-603\" src=\"https:\/\/www.katze-sucht-mensch.ch\/wp-content\/uploads\/2021\/11\/Finja-300x197.jpg\" alt=\"\" width=\"300\" height=\"197\" srcset=\"https:\/\/www.katze-sucht-mensch.ch\/wp-content\/uploads\/2021\/11\/Finja-300x197.jpg 300w, https:\/\/www.katze-sucht-mensch.ch\/wp-content\/uploads\/2021\/11\/Finja-768x506.jpg 768w, https:\/\/www.katze-sucht-mensch.ch\/wp-content\/uploads\/2021\/11\/Finja.jpg 793w\" sizes=\"(max-width: 300px) 100vw, 300px\" \/><\/p>\n<p>\u00a0<\/p>\n<p><strong>Amy<\/strong> ist ein kleiner Pechvogel. Erst hatten ihre Besitzer keine Zeit mehr f\u00fcr sie, dann kam dieser bl\u00f6de Tumor dazu und schlussendlich musste auch noch ein Bein abgenommen werden. Der Tumor ist entfernt, nichts hat gestreut, jetzt kann Amy durchstarten. Und das macht sie bei einem jungen Paar, das sich bewusst f\u00fcr ein B\u00fcsi mit Handicap entschieden hat. Ob 3 oder 4 Beine, ist doch egal, Hauptsache happy Amy!<\/p>\n<p><img decoding=\"async\" loading=\"lazy\" class=\"alignnone  wp-image-632\" src=\"https:\/\/www.katze-sucht-mensch.ch\/wp-content\/uploads\/2021\/11\/Amy-alt.jpg\" alt=\"\" width=\"203\" height=\"198\" \/><\/p>\n<p>\u00a0<\/p>\n<p><strong>Mikolajki<\/strong> war mit der Ankunft des 2. Babies im Haus \u00fcberfordert, 2 Kleinkinder waren f\u00fcr sie mindestens eins zu viel. Sie hatte 3 W\u00fcnsche auf einmal: Schokolade, was Spannendes und was zum Spielen? Nicht ganz: lieber einen netten Menschen ohne Kind und Hund, daf\u00fcr mit viel Zeit f\u00fcr Schmuseeinheiten und Freigang. Gab&#8217;s, in Pf\u00e4ffikon bei einer lieben Dame mit park\u00e4hnlichem Anwesen. 3 W\u00fcnsche auf einmal erf\u00fcllt f\u00fcr Mikolajki!<\/p>\n<p><img decoding=\"async\" loading=\"lazy\" class=\"alignnone  wp-image-633\" src=\"https:\/\/www.katze-sucht-mensch.ch\/wp-content\/uploads\/2021\/11\/Mikolajki.jpg\" alt=\"\" width=\"258\" height=\"169\" \/><\/p>\n<p>\u00a0<\/p>\n<p><strong>Gismo<\/strong> und<strong> Gimli <\/strong>sind Scheidungsopfer, aber unzertrennlich, sie waren ihr ganzes 14j\u00e4hriges Leben zusammen. Nicht so einfach, gleich 2 auf einen Schlag zu vermitteln. Ein Ehepaar suchte wieder ein B\u00fcsi, wohlweislich 1 (in Worten: eins). Aber wenn die beiden doch sooooo aneinander h\u00e4ngen. Kurz: besucht, gesehen, verliebt und vermittelt. Vermittlung im Doppelpack!<\/p>\n<p><img decoding=\"async\" loading=\"lazy\" class=\"alignnone  wp-image-634\" src=\"https:\/\/www.katze-sucht-mensch.ch\/wp-content\/uploads\/2021\/11\/Gismo-Gimli.jpg\" alt=\"\" width=\"258\" height=\"135\" \/><\/p>\n<p>\u00a0<\/p>\n<p><strong>Tara <\/strong>winkt hier schon gl\u00fccklich in die Kamera. Sie hat sich ein liebes Pension\u00e4rsehepaar ausgesucht, das sie nach Strich und Faden verw\u00f6hnt. Und ihr dann auch noch nach der Eingew\u00f6hnungszeit den geliebten Freigang erm\u00f6glichen kann. Gl\u00fcckwunsch, Tara, da hast Du dir genau die Richtigen ausgesucht!<\/p>\n<p><img decoding=\"async\" loading=\"lazy\" class=\"alignnone  wp-image-647\" src=\"https:\/\/www.katze-sucht-mensch.ch\/wp-content\/uploads\/2021\/11\/Tara.jpg\" alt=\"\" width=\"209\" height=\"275\" \/><\/p>\n<p>\u00a0<\/p>\n<p><strong>Namira <\/strong>wurde wegen Zeitmangels einfach ihrer Ferienbetreuung zur Weitervermittlung \u00fcbergeben. Manche machen&#8217;s sich wirklich einfach. Aber auch f\u00fcr Namira fand sich ein tolles Pl\u00e4tzli: mitten in Bern mit\u00a0 ein- und ausbruchsicherem Balkon zum S\u00fcnnele. Da wird die sch\u00fcchterne Namira sicher bald auftauen!<\/p>\n<p><img decoding=\"async\" loading=\"lazy\" class=\"alignnone  wp-image-636\" src=\"https:\/\/www.katze-sucht-mensch.ch\/wp-content\/uploads\/2021\/11\/Namira.jpg\" alt=\"\" width=\"255\" height=\"230\" \/><\/p>\n<p>\u00a0<\/p>\n<p><strong>Puf<\/strong> wurde wegen Auswanderung abgegeben, f\u00fchlte sich aber mit dem neuen Gsp\u00e4nli in der neuen Familie nicht wohl. Sie hat jetzt im 2. Anlauf ein ganz besonderes Pl\u00e4tzli gefunden bei einer ganz besonderen Katzenliebhaberin, die sich r\u00fchrend um die Kleine k\u00fcmmert. Ende gut, alles gut f\u00fcr Puf!<\/p>\n<p><img decoding=\"async\" loading=\"lazy\" class=\"alignnone  wp-image-196\" src=\"https:\/\/www.katze-sucht-mensch.ch\/wp-content\/uploads\/2020\/01\/Puf-300x205.png\" alt=\"\" width=\"263\" height=\"180\" srcset=\"https:\/\/www.katze-sucht-mensch.ch\/wp-content\/uploads\/2020\/01\/Puf-300x205.png 300w, https:\/\/www.katze-sucht-mensch.ch\/wp-content\/uploads\/2020\/01\/Puf.png 608w\" sizes=\"(max-width: 263px) 100vw, 263px\" \/><\/p>\n<p>\u00a0<\/p>\n<p><strong>Mo <\/strong>hat sein neues Zuhause gleich zweimal gefunden. Er war gestresst von den Nachbarskatzen und den Kleinkindern im eigenen Zuhause. Und fand ein kleines feines Reihenh\u00e4uschen mit eigenem Garten ohne Katzen und Kinder. Aber dann: einmal nicht aufgepasst, Fenster auf, Mo weg! Die Suchaktion war nervenaufreibend und erst mal ohne Erfolg. Ja und dann war Mo Tage sp\u00e4ter einfach wieder im Garten, als ob nichts gewesen w\u00e4r. Und seitdem ist er nie mehr weggelaufen, er weiss jetzt, wo es toll ist und wo er hingeh\u00f6rt, g\u00e4u Mo!<\/p>\n<p><img decoding=\"async\" loading=\"lazy\" class=\"alignnone  wp-image-610\" src=\"https:\/\/www.katze-sucht-mensch.ch\/wp-content\/uploads\/2021\/11\/mo-2-1-225x300.jpg\" alt=\"\" width=\"198\" height=\"264\" srcset=\"https:\/\/www.katze-sucht-mensch.ch\/wp-content\/uploads\/2021\/11\/mo-2-1-225x300.jpg 225w, https:\/\/www.katze-sucht-mensch.ch\/wp-content\/uploads\/2021\/11\/mo-2-1-768x1024.jpg 768w, https:\/\/www.katze-sucht-mensch.ch\/wp-content\/uploads\/2021\/11\/mo-2-1-1152x1536.jpg 1152w, https:\/\/www.katze-sucht-mensch.ch\/wp-content\/uploads\/2021\/11\/mo-2-1.jpg 1200w\" sizes=\"(max-width: 198px) 100vw, 198px\" \/><\/p>\n<p>\u00a0<\/p>\n<p><strong>Lucy <\/strong>\u00a0wurde beim Tierarzt zum Einschl\u00e4fern abgegeben, nur weil sie sich angeblich nicht mit der Zweitkatze vertrug! Statt Einschl\u00e4fern war Beobachten auf einer Pflegestelle angesagt. Und siehe da: lieb, verschmust, vertr\u00e4glich. Auf ihren Weihnachtswunschzettel hin meldete sich noch gleichentags eine katzenerfahrene Dame und Lucy durfte von Gstaad nach Z\u00fcrich z\u00fcgeln. So einfach kann das gehen, Lucy!<\/p>\n<p><img decoding=\"async\" loading=\"lazy\" class=\"alignnone  wp-image-626\" src=\"https:\/\/www.katze-sucht-mensch.ch\/wp-content\/uploads\/2021\/11\/Lucy-2.jpg\" alt=\"\" width=\"247\" height=\"132\" \/><\/p>\n<p>\u00a0<\/p>\n<p><strong>Pinky <\/strong>\u00a0musste wegen Umzugs abgegeben werden, im neuen Zuhause war ihr geliebter Freigang nicht mehr m\u00f6glich. Nicht einfach eine 15j. Seniorin kurzfristig zu vermitteln. Wenn aber die richtigen Menschen zum richtigen Zeitpunkt &#8230; Und es klappte, schon am n\u00e4chsten Tag durfte Pinky von Z\u00fcrich nach Belp z\u00fcgeln. Turbovermittlung f\u00fcr Pinky mit Happy End!<\/p>\n<p><img decoding=\"async\" loading=\"lazy\" class=\"alignnone  wp-image-599\" src=\"https:\/\/www.katze-sucht-mensch.ch\/wp-content\/uploads\/2021\/11\/Pinky.jpg\" alt=\"\" width=\"261\" height=\"238\" \/><\/p>\n<p>\u00a0<\/p>\n<p><strong>Tom + Zorro<\/strong> sollten umziehen, da ihr Hof verkauft wurde. Eine M\u00f6glichkeit w\u00e4re ein Ziegenhof ganz in der N\u00e4he gewesen, doch die neuen Hofbesitzer waren &#8222;schneller&#8220;. Haben sich doch glatt in die beiden verliebt, jetzt d\u00fcrfen sie bleiben. Die beste L\u00f6sung f\u00fcr Euch 2 Hofkater!<\/p>\n<p><img decoding=\"async\" loading=\"lazy\" class=\"alignnone  wp-image-188\" src=\"https:\/\/www.katze-sucht-mensch.ch\/wp-content\/uploads\/2020\/01\/Tom-Zorro-300x178.jpg\" alt=\"\" width=\"256\" height=\"152\" srcset=\"https:\/\/www.katze-sucht-mensch.ch\/wp-content\/uploads\/2020\/01\/Tom-Zorro-300x178.jpg 300w, https:\/\/www.katze-sucht-mensch.ch\/wp-content\/uploads\/2020\/01\/Tom-Zorro.jpg 479w\" sizes=\"(max-width: 256px) 100vw, 256px\" \/><\/p>\n<p>\u00a0<\/p>\n<p><strong>Kimi + Sina<\/strong> vermissten ihren geliebten Freigang so sehr. Lang haben wir nach dem passenden Zuhause gesucht und pl\u00f6tzlich war es ganz einfach: in der Nachbarschaft h\u00f6rte eine Familie vom Schicksal der beiden 17j., und schon durften die beiden umziehen und geniessen jetzt wieder das Gartenleben. Noch ganz lang ganz viel Spass dabei f\u00fcr Euch beide!<\/p>\n<p><img decoding=\"async\" loading=\"lazy\" class=\"alignnone  wp-image-184\" src=\"https:\/\/www.katze-sucht-mensch.ch\/wp-content\/uploads\/2020\/01\/Kimi-Sina-225x300.jpg\" alt=\"\" width=\"194\" height=\"259\" srcset=\"https:\/\/www.katze-sucht-mensch.ch\/wp-content\/uploads\/2020\/01\/Kimi-Sina-225x300.jpg 225w, https:\/\/www.katze-sucht-mensch.ch\/wp-content\/uploads\/2020\/01\/Kimi-Sina.jpg 480w\" sizes=\"(max-width: 194px) 100vw, 194px\" \/><\/p>\n<p>\u00a0<\/p>\n<p><strong>Lino<\/strong> war meine erste Vermittlung. Der 11j\u00e4hrige Kater wurde bei der Tier\u00e4rztin einfach abgegeben, weil man ihn nicht mehr wollte. Einfach so! Also schnell ein Suchplak\u00e4tli entworfen und verteilt und siehe da &#8230; ein paar Tage sp\u00e4ter durfte er schon ins Aargau z\u00fcgeln, zu einer katzenerfahrenen Dame mit eigenem Garten, mit Lino-Garten. Merci Lino, dank Dir bin ich auf die Idee mit den Privatvermittlungen gekommen!\u00a0<\/p>\n<p><img decoding=\"async\" loading=\"lazy\" class=\"alignnone  wp-image-596\" src=\"https:\/\/www.katze-sucht-mensch.ch\/wp-content\/uploads\/2021\/11\/Lino-183x300.jpg\" alt=\"\" width=\"201\" height=\"330\" srcset=\"https:\/\/www.katze-sucht-mensch.ch\/wp-content\/uploads\/2021\/11\/Lino-183x300.jpg 183w, https:\/\/www.katze-sucht-mensch.ch\/wp-content\/uploads\/2021\/11\/Lino.jpg 396w\" sizes=\"(max-width: 201px) 100vw, 201px\" \/><\/p>\n<p>\u00a0<\/p>\n\n\n<p><\/p>\n\n\n\n\n","protected":false},"excerpt":{"rendered":"<p>Ich freu mich immer riesig, wenn es wieder einmal geklappt hat und sich zwei (oder mehr) gefunden haben. Lesen Sie<\/p>\n","protected":false},"author":2,"featured_media":0,"parent":0,"menu_order":0,"comment_status":"closed","ping_status":"closed","template":"","meta":[],"_links":{"self":[{"href":"https:\/\/www.katze-sucht-mensch.ch\/index.php?rest_route=\/wp\/v2\/pages\/74"}],"collection":[{"href":"https:\/\/www.katze-sucht-mensch.ch\/index.php?rest_route=\/wp\/v2\/pages"}],"about":[{"href":"https:\/\/www.katze-sucht-mensch.ch\/index.php?rest_route=\/wp\/v2\/types\/page"}],"author":[{"embeddable":true,"href":"https:\/\/www.katze-sucht-mensch.ch\/index.php?rest_route=\/wp\/v2\/users\/2"}],"replies":[{"embeddable":true,"href":"https:\/\/www.katze-sucht-mensch.ch\/index.php?rest_route=%2Fwp%2Fv2%2Fcomments&post=74"}],"version-history":[{"count":432,"href":"https:\/\/www.katze-sucht-mensch.ch\/index.php?rest_route=\/wp\/v2\/pages\/74\/revisions"}],"predecessor-version":[{"id":5157,"href":"https:\/\/www.katze-sucht-mensch.ch\/index.php?rest_route=\/wp\/v2\/pages\/74\/revisions\/5157"}],"wp:attachment":[{"href":"https:\/\/www.katze-sucht-mensch.ch\/index.php?rest_route=%2Fwp%2Fv2%2Fmedia&parent=74"}],"curies":[{"name":"wp","href":"https:\/\/api.w.org\/{rel}","templated":true}]}}